{"id":45550,"date":"2026-04-01T02:04:36","date_gmt":"2026-03-31T23:04:36","guid":{"rendered":"https:\/\/kilosorunum.com\/habercim\/wp-content\/uploads\/2026\/04\/1-15-768x201-5.jpg"},"modified":"2026-04-01T02:05:13","modified_gmt":"2026-03-31T23:05:13","slug":"1-15-768x201-2325","status":"inherit","type":"attachment","link":"https:\/\/kilosorunum.com\/habercim\/foto-galeri\/21-yasindaki-universite-ogrencisi-rojin\/attachment\/1-15-768x201-2325\/","title":{"rendered":"21 ya\u015f\u0131ndaki \u00fcniversite \u00f6\u011frencisi Rojin"},"author":2,"comment_status":"open","ping_status":"closed","template":"","meta":[],"description":{"rendered":"<p class=\"attachment\"><a href='https:\/\/kilosorunum.com\/habercim\/wp-content\/uploads\/2026\/04\/1-15-768x201-5.jpg'><img width=\"300\" height=\"79\" src=\"https:\/\/kilosorunum.com\/habercim\/wp-content\/uploads\/2026\/04\/1-15-768x201-5-300x79.jpg\" class=\"attachment-medium size-medium\" alt=\"\" loading=\"lazy\" srcset=\"https:\/\/kilosorunum.com\/habercim\/wp-content\/uploads\/2026\/04\/1-15-768x201-5-300x79.jpg 300w, https:\/\/kilosorunum.com\/habercim\/wp-content\/uploads\/2026\/04\/1-15-768x201-5.jpg 768w\" sizes=\"(max-width: 300px) 100vw, 300px\" \/><\/a><\/p>\n"},"caption":{"rendered":"<p>Van Cumhuriyet Ba\u015fsavc\u0131l\u0131\u011f\u0131nca, Van Y\u00fcz\u00fcnc\u00fc Y\u0131l \u00dcniversitesi Okul \u00d6ncesi \u00d6\u011fretmenli\u011fi B\u00f6l\u00fcm\u00fc \u00f6\u011frencisi Kabai\u015f\u2019in \u00f6l\u00fcm\u00fcne ili\u015fkin y\u00fcr\u00fct\u00fclen soru\u015fturma devam ediyor.<\/p>\n<p>Soru\u015fturma kapsam\u0131nda Adalet Bakanl\u0131\u011f\u0131n\u0131n giri\u015fimleri sonucu Kabai\u015f\u2019in telefonunun incelenmek \u00fczere \u0130spanya\u2019ya g\u00f6nderilmesi s\u00fcreci tamamland\u0131.<\/p>\n<p>\u0130spanya Adalet Bakanl\u0131\u011f\u0131n\u0131n T\u00fcrkiye\u2019nin talebini kabul etmesi \u00fczerine Kabai\u015f\u2019in telefonu, Van Cumhuriyet Ba\u015fsavc\u0131l\u0131\u011f\u0131 g\u00f6revlileri taraf\u0131ndan \u0130spanya\u2019ya g\u00f6t\u00fcr\u00fclerek yetkililere teslim edildi.<\/p>\n<p>Olay<br \/>\nVan\u2019da 27 Eyl\u00fcl 2024\u2019ten itibaren kendisinden haber al\u0131namayan Van Y\u00fcz\u00fcnc\u00fc Y\u0131l \u00dcniversitesi Okul \u00d6ncesi \u00d6\u011fretmenli\u011fi B\u00f6l\u00fcm\u00fc \u00f6\u011frencisi 21 ya\u015f\u0131ndaki Rojin Kabai\u015f, 15 Ekim 2024\u2019te Tu\u015fba il\u00e7esine ba\u011fl\u0131 Mollakas\u0131m Mahallesi\u2019nde Van G\u00f6l\u00fc k\u0131y\u0131s\u0131nda \u00f6l\u00fc bulunmu\u015ftu.<\/p>\n<p>Kabai\u015f\u2019in cenazesi, 16 Ekim\u2019de Diyarbak\u0131r\u2019da topra\u011fa verilmi\u015fti.<\/p>\n<p>Kaynak : trthaber.com<\/p>\n"},"alt_text":"","media_type":"image","mime_type":"image\/jpeg","media_details":{"width":768,"height":201,"file":"2026\/04\/1-15-768x201-5.jpg","sizes":{"medium":{"file":"1-15-768x201-5-300x79.jpg","width":300,"height":79,"mime_type":"image\/jpeg","source_url":"https:\/\/kilosorunum.com\/habercim\/wp-content\/uploads\/2026\/04\/1-15-768x201-5-300x79.jpg"},"thumbnail":{"file":"1-15-768x201-5-150x150.jpg","width":150,"height":150,"mime_type":"image\/jpeg","source_url":"https:\/\/kilosorunum.com\/habercim\/wp-content\/uploads\/2026\/04\/1-15-768x201-5-150x150.jpg"},"kucukResim":{"file":"1-15-768x201-5-80x50.jpg","width":80,"height":50,"mime_type":"image\/jpeg","source_url":"https:\/\/kilosorunum.com\/habercim\/wp-content\/uploads\/2026\/04\/1-15-768x201-5-80x50.jpg"},"sliderResim":{"file":"1-15-768x201-5-670x201.jpg","width":670,"height":201,"mime_type":"image\/jpeg","source_url":"https:\/\/kilosorunum.com\/habercim\/wp-content\/uploads\/2026\/04\/1-15-768x201-5-670x201.jpg"},"resim1":{"file":"1-15-768x201-5-184x140.jpg","width":184,"height":140,"mime_type":"image\/jpeg","source_url":"https:\/\/kilosorunum.com\/habercim\/wp-content\/uploads\/2026\/04\/1-15-768x201-5-184x140.jpg"},"resim2":{"file":"1-15-768x201-5-216x103.jpg","width":216,"height":103,"mime_type":"image\/jpeg","source_url":"https:\/\/kilosorunum.com\/habercim\/wp-content\/uploads\/2026\/04\/1-15-768x201-5-216x103.jpg"},"resim3":{"file":"1-15-768x201-5-145x70.jpg","width":145,"height":70,"mime_type":"image\/jpeg","source_url":"https:\/\/kilosorunum.com\/habercim\/wp-content\/uploads\/2026\/04\/1-15-768x201-5-145x70.jpg"},"sagSlider":{"file":"1-15-768x201-5-300x150.jpg","width":300,"height":150,"mime_type":"image\/jpeg","source_url":"https:\/\/kilosorunum.com\/habercim\/wp-content\/uploads\/2026\/04\/1-15-768x201-5-300x150.jpg"},"yeniSlider":{"file":"1-15-768x201-5-500x201.jpg","width":500,"height":201,"mime_type":"image\/jpeg","source_url":"https:\/\/kilosorunum.com\/habercim\/wp-content\/uploads\/2026\/04\/1-15-768x201-5-500x201.jpg"},"full":{"file":"1-15-768x201-5.jpg","width":768,"height":201,"mime_type":"image\/jpeg","source_url":"https:\/\/kilosorunum.com\/habercim\/wp-content\/uploads\/2026\/04\/1-15-768x201-5.jpg"}},"image_meta":{"aperture":"0","credit":"","camera":"","caption":"","created_timestamp":"0","copyright":"","focal_length":"0","iso":"0","shutter_speed":"0","title":"","orientation":"0","keywords":[]}},"post":45548,"source_url":"https:\/\/kilosorunum.com\/habercim\/wp-content\/uploads\/2026\/04\/1-15-768x201-5.jpg","_links":{"self":[{"href":"https:\/\/kilosorunum.com\/habercim\/wp-json\/wp\/v2\/media\/45550"}],"collection":[{"href":"https:\/\/kilosorunum.com\/habercim\/wp-json\/wp\/v2\/media"}],"about":[{"href":"https:\/\/kilosorunum.com\/habercim\/wp-json\/wp\/v2\/types\/attachment"}],"author":[{"embeddable":true,"href":"https:\/\/kilosorunum.com\/habercim\/wp-json\/wp\/v2\/users\/2"}],"replies":[{"embeddable":true,"href":"https:\/\/kilosorunum.com\/habercim\/wp-json\/wp\/v2\/comments?post=45550"}]}}