{"id":45598,"date":"2026-04-02T01:10:40","date_gmt":"2026-04-01T22:10:40","guid":{"rendered":"https:\/\/kilosorunum.com\/habercim\/wp-content\/uploads\/2026\/04\/1-4.jpg"},"modified":"2026-04-02T01:11:11","modified_gmt":"2026-04-01T22:11:11","slug":"1-5739","status":"inherit","type":"attachment","link":"https:\/\/kilosorunum.com\/habercim\/foto-galeri\/tuvturkte-yasananlar\/attachment\/1-5739\/","title":{"rendered":"T\u00dcVT\u00dcRK\u2019te Ya\u015fananlar"},"author":2,"comment_status":"open","ping_status":"closed","template":"","meta":[],"description":{"rendered":"<p class=\"attachment\"><a href='https:\/\/kilosorunum.com\/habercim\/wp-content\/uploads\/2026\/04\/1-4.jpg'><img width=\"300\" height=\"169\" src=\"https:\/\/kilosorunum.com\/habercim\/wp-content\/uploads\/2026\/04\/1-4-300x169.jpg\" class=\"attachment-medium size-medium\" alt=\"\" loading=\"lazy\" srcset=\"https:\/\/kilosorunum.com\/habercim\/wp-content\/uploads\/2026\/04\/1-4-300x169.jpg 300w, https:\/\/kilosorunum.com\/habercim\/wp-content\/uploads\/2026\/04\/1-4-1024x576.jpg 1024w, https:\/\/kilosorunum.com\/habercim\/wp-content\/uploads\/2026\/04\/1-4-768x432.jpg 768w, https:\/\/kilosorunum.com\/habercim\/wp-content\/uploads\/2026\/04\/1-4.jpg 1200w\" sizes=\"(max-width: 300px) 100vw, 300px\" \/><\/a><\/p>\n"},"caption":{"rendered":"<p>Ankara\u2019daki T\u00dcVT\u00dcRK \u0130vedik Ara\u00e7 Muayene \u0130stasyonu\u2019nda ya\u015fanan kavga sonras\u0131 polis memuru Melih Okan Keskin\u2019in hayat\u0131n\u0131 kaybetmesi \u00fczerine Ula\u015ft\u0131rma ve Altyap\u0131 Bakanl\u0131\u011f\u0131, olay\u0131n t\u00fcm y\u00f6nleriyle incelenmesi i\u00e7in 2 ba\u015fm\u00fcfetti\u015f, 3 denet\u00e7i ve firma b\u00fcnyesinden i\u00e7 denetim uzmanlar\u0131n\u0131n g\u00f6revlendirildi\u011fini a\u00e7\u0131klad\u0131. Ula\u015ft\u0131rma ve Altyap\u0131 Bakanl\u0131\u011f\u0131, Ankara\u2019daki bir ara\u00e7 muayene istasyonunda ya\u015fanan kavgan\u0131n ard\u0131ndan polis memuru Melih Okan Keskin\u2019in ya\u015fam\u0131n\u0131 yitirdi\u011fi olaya ili\u015fkin kapsaml\u0131 bir inceleme ba\u015flat\u0131ld\u0131\u011f\u0131n\u0131 duyurdu. Olay\u0131n t\u00fcm y\u00f6nleriyle ayd\u0131nlat\u0131lmas\u0131 amac\u0131yla bakanl\u0131k taraf\u0131ndan 2 ba\u015fm\u00fcfetti\u015f ve 3 denet\u00e7i g\u00f6revlendirilirken, ilgili firma da s\u00fcrece i\u00e7 denetim uzmanlar\u0131n\u0131 dahil etti.<br \/>\nBakanl\u0131\u011f\u0131n resmi sosyal medya platformu X hesab\u0131 \u00fczerinden yap\u0131lan a\u00e7\u0131klamada, T\u00dcVT\u00dcRK Ankara \u0130vedik Ara\u00e7 Muayene \u0130stasyonu\u2019nda 2 \u015eubat\u2019ta meydana gelen ve polis memuru Keskin\u2019in 6 \u015eubat\u2019ta darp edilerek \u00f6ld\u00fcr\u00fclmesiyle sonu\u00e7lanan olay\u0131n kamuoyunda b\u00fcy\u00fck \u00fcz\u00fcnt\u00fc yaratt\u0131\u011f\u0131 belirtildi. M\u00dcFETT\u0130\u015e G\u00d6REVLEND\u0130R\u0130LD\u0130<br \/>\nA\u00e7\u0131klamada, ya\u015fanan olay\u0131n ard\u0131ndan h\u0131zl\u0131 bir \u015fekilde harekete ge\u00e7ildi\u011fi belirtilerek, \u201cBakanl\u0131\u011f\u0131m\u0131z taraf\u0131ndan s\u00fcrecin t\u00fcm y\u00f6nleriyle incelenmesi ve ayd\u0131nl\u0131\u011fa kavu\u015fturulmas\u0131 amac\u0131yla 2 ba\u015fm\u00fcfetti\u015f ve 3 denet\u00e7i, ilgili firma taraf\u0131ndan da i\u00e7 denetim uzmanlar\u0131 g\u00f6revlendirilmi\u015ftir. Yarg\u0131ya intikal eden olay ile ilgili adli s\u00fcre\u00e7, Adalet Bakanl\u0131\u011f\u0131m\u0131z ve devletimizin ilgili kurumlar\u0131 taraf\u0131ndan hassasiyet ve titizlikle y\u00fcr\u00fct\u00fclmektedir\u201d denildi.<\/p>\n<p>Yarg\u0131 mercilerinin yapaca\u011f\u0131 detayl\u0131 incelemelerin ard\u0131ndan olay\u0131n t\u00fcm boyutlar\u0131yla netlik kazanaca\u011f\u0131na dikkat \u00e7ekilen a\u00e7\u0131klamada, toplumun t\u00fcm kesimlerinin de s\u00fcrece ayn\u0131 duyarl\u0131l\u0131kla yakla\u015fmas\u0131n\u0131n \u00f6nem ta\u015f\u0131d\u0131\u011f\u0131 vurguland\u0131.<\/p>\n<p>Bakanl\u0131k, vatanda\u015flar\u0131n g\u00fcvenli ve huzurlu bir \u015fekilde hizmet alabilmesi i\u00e7in gerekli tedbirlerin kararl\u0131l\u0131kla s\u00fcrd\u00fcr\u00fclece\u011fini belirtirken, s\u00fcrecin yak\u0131ndan takip edilece\u011fini de bildirdi.<\/p>\n<p>A\u00e7\u0131klama, \u201cBakanl\u0131k olarak vatanda\u015flar\u0131m\u0131z\u0131n huzur ve g\u00fcven i\u00e7inde hizmet alabilmesi i\u00e7in gerekli t\u00fcm \u00f6nlemleri bundan \u00f6nce oldu\u011fu gibi bundan sonra da almaya devam edece\u011fiz. S\u00fcrecin sonuna kadar yak\u0131n takip\u00e7isi olaca\u011f\u0131m\u0131z\u0131 belirtir, vefat eden polis memurumuza Allah\u2019tan rahmet, ailesine ve yak\u0131nlar\u0131na sab\u0131rlar dileriz\u201d ifadelerine yer verildi.<\/p>\n<p>Kaynak : halktv.com.tr<\/p>\n"},"alt_text":"","media_type":"image","mime_type":"image\/jpeg","media_details":{"width":1200,"height":675,"file":"2026\/04\/1-4.jpg","sizes":{"medium":{"file":"1-4-300x169.jpg","width":300,"height":169,"mime_type":"image\/jpeg","source_url":"https:\/\/kilosorunum.com\/habercim\/wp-content\/uploads\/2026\/04\/1-4-300x169.jpg"},"large":{"file":"1-4-1024x576.jpg","width":1024,"height":576,"mime_type":"image\/jpeg","source_url":"https:\/\/kilosorunum.com\/habercim\/wp-content\/uploads\/2026\/04\/1-4-1024x576.jpg"},"thumbnail":{"file":"1-4-150x150.jpg","width":150,"height":150,"mime_type":"image\/jpeg","source_url":"https:\/\/kilosorunum.com\/habercim\/wp-content\/uploads\/2026\/04\/1-4-150x150.jpg"},"medium_large":{"file":"1-4-768x432.jpg","width":768,"height":432,"mime_type":"image\/jpeg","source_url":"https:\/\/kilosorunum.com\/habercim\/wp-content\/uploads\/2026\/04\/1-4-768x432.jpg"},"kucukResim":{"file":"1-4-80x50.jpg","width":80,"height":50,"mime_type":"image\/jpeg","source_url":"https:\/\/kilosorunum.com\/habercim\/wp-content\/uploads\/2026\/04\/1-4-80x50.jpg"},"sliderResim":{"file":"1-4-670x330.jpg","width":670,"height":330,"mime_type":"image\/jpeg","source_url":"https:\/\/kilosorunum.com\/habercim\/wp-content\/uploads\/2026\/04\/1-4-670x330.jpg"},"resim1":{"file":"1-4-184x140.jpg","width":184,"height":140,"mime_type":"image\/jpeg","source_url":"https:\/\/kilosorunum.com\/habercim\/wp-content\/uploads\/2026\/04\/1-4-184x140.jpg"},"resim2":{"file":"1-4-216x103.jpg","width":216,"height":103,"mime_type":"image\/jpeg","source_url":"https:\/\/kilosorunum.com\/habercim\/wp-content\/uploads\/2026\/04\/1-4-216x103.jpg"},"resim3":{"file":"1-4-145x70.jpg","width":145,"height":70,"mime_type":"image\/jpeg","source_url":"https:\/\/kilosorunum.com\/habercim\/wp-content\/uploads\/2026\/04\/1-4-145x70.jpg"},"sagSlider":{"file":"1-4-300x150.jpg","width":300,"height":150,"mime_type":"image\/jpeg","source_url":"https:\/\/kilosorunum.com\/habercim\/wp-content\/uploads\/2026\/04\/1-4-300x150.jpg"},"yeniSlider":{"file":"1-4-500x290.jpg","width":500,"height":290,"mime_type":"image\/jpeg","source_url":"https:\/\/kilosorunum.com\/habercim\/wp-content\/uploads\/2026\/04\/1-4-500x290.jpg"},"full":{"file":"1-4.jpg","width":1200,"height":675,"mime_type":"image\/jpeg","source_url":"https:\/\/kilosorunum.com\/habercim\/wp-content\/uploads\/2026\/04\/1-4.jpg"}},"image_meta":{"aperture":"0","credit":"","camera":"","caption":"","created_timestamp":"0","copyright":"","focal_length":"0","iso":"0","shutter_speed":"0","title":"","orientation":"0","keywords":[]}},"post":45596,"source_url":"https:\/\/kilosorunum.com\/habercim\/wp-content\/uploads\/2026\/04\/1-4.jpg","_links":{"self":[{"href":"https:\/\/kilosorunum.com\/habercim\/wp-json\/wp\/v2\/media\/45598"}],"collection":[{"href":"https:\/\/kilosorunum.com\/habercim\/wp-json\/wp\/v2\/media"}],"about":[{"href":"https:\/\/kilosorunum.com\/habercim\/wp-json\/wp\/v2\/types\/attachment"}],"author":[{"embeddable":true,"href":"https:\/\/kilosorunum.com\/habercim\/wp-json\/wp\/v2\/users\/2"}],"replies":[{"embeddable":true,"href":"https:\/\/kilosorunum.com\/habercim\/wp-json\/wp\/v2\/comments?post=45598"}]}}