{"id":45618,"date":"2026-04-02T21:36:38","date_gmt":"2026-04-02T18:36:38","guid":{"rendered":"https:\/\/kilosorunum.com\/habercim\/wp-content\/uploads\/2026\/04\/1-7.jpg"},"modified":"2026-04-02T21:38:29","modified_gmt":"2026-04-02T18:38:29","slug":"1-5742","status":"inherit","type":"attachment","link":"https:\/\/kilosorunum.com\/habercim\/foto-galeri\/emekli-maas\/attachment\/1-5742\/","title":{"rendered":"EMEKL\u0130 MAA\u015e"},"author":2,"comment_status":"open","ping_status":"closed","template":"","meta":[],"description":{"rendered":"<p class=\"attachment\"><a href='https:\/\/kilosorunum.com\/habercim\/wp-content\/uploads\/2026\/04\/1-7.jpg'><img width=\"300\" height=\"169\" src=\"https:\/\/kilosorunum.com\/habercim\/wp-content\/uploads\/2026\/04\/1-7-300x169.jpg\" class=\"attachment-medium size-medium\" alt=\"\" loading=\"lazy\" srcset=\"https:\/\/kilosorunum.com\/habercim\/wp-content\/uploads\/2026\/04\/1-7-300x169.jpg 300w, https:\/\/kilosorunum.com\/habercim\/wp-content\/uploads\/2026\/04\/1-7-1024x576.jpg 1024w, https:\/\/kilosorunum.com\/habercim\/wp-content\/uploads\/2026\/04\/1-7-768x432.jpg 768w, https:\/\/kilosorunum.com\/habercim\/wp-content\/uploads\/2026\/04\/1-7.jpg 1200w\" sizes=\"(max-width: 300px) 100vw, 300px\" \/><\/a><\/p>\n"},"caption":{"rendered":"<p>2 AYLIK ENFLASYON FARKI NETLE\u015eT\u0130!<\/p>\n<p>Ocak ay\u0131nda ger\u00e7ekle\u015fen y\u00fczde 4,84\u2019l\u00fck art\u0131\u015f\u0131n ard\u0131ndan, \u015eubat ay\u0131nda gelen y\u00fczde 2,96\u2019l\u0131k ayl\u0131k enflasyon verisiyle birlikte iki ayl\u0131k enflasyon fark\u0131 y\u00fczde 7,95 olarak hesapland\u0131.<\/p>\n<p>Bu bilgiler \u0131\u015f\u0131\u011f\u0131nda, SSK ve Ba\u011f-Kur emeklileri y\u0131l\u0131n ikinci yar\u0131s\u0131 i\u00e7in \u015fimdiden y\u00fczde 7,95 oran\u0131nda bir zamm\u0131 garantiledi.<\/p>\n<p>2026 TEMMUZ EMEKL\u0130 MAA\u015e ZAMMI Y\u00dcZDE KA\u00c7 OLACAK?<\/p>\n<p>Ocak ve \u015fubat aylar\u0131nda ger\u00e7ekle\u015fen resmi verilerin \u00fczerine T\u00fcrkiye Cumhuriyet Merkez Bankas\u0131 (TCMB) Piyasa Kat\u0131l\u0131mc\u0131lar\u0131 Anketi\u2019ndeki beklentilerin eklenmesiyle birlikte, 5 ayl\u0131k enflasyon tablosu netle\u015fmeye ba\u015flad\u0131. Mart ay\u0131 enflasyon tahmini: Y\u00fczde 2,18,<\/p>\n<p>Nisan ay\u0131 enflasyon tahmini: Y\u00fczde 2,11,<\/p>\n<p>May\u0131s ay\u0131 enflasyon tahmini: Y\u00fczde 1,5.<\/p>\n<p>EMEKL\u0130 ZAM ORANI TAHM\u0130N\u0130<\/p>\n<p>Ocak ay\u0131ndaki y\u00fczde 4,84 ve \u015fubat ay\u0131ndaki y\u00fczde 2,96\u2019l\u0131k ger\u00e7ekle\u015fmelerin ard\u0131ndan; ankete kat\u0131lan ekonomistlerin mart ay\u0131 i\u00e7in y\u00fczde 2,18, nisan ay\u0131 i\u00e7in y\u00fczde 2,11 ve may\u0131s ay\u0131 i\u00e7in y\u00fczde 1,50 oran\u0131ndaki tahminleri k\u00fcm\u00fclatif olarak hesapland\u0131\u011f\u0131nda, 5 ayl\u0131k toplam enflasyon y\u00fczde 14,24 seviyesine ula\u015ft\u0131.<\/p>\n<p>Bu veriler \u0131\u015f\u0131\u011f\u0131nda, haziran ay\u0131 enflasyon rakam\u0131 hen\u00fcz eklenmeden SSK ve Ba\u011f-Kur emeklileri ile memurlar i\u00e7in Temmuz ay\u0131nda yap\u0131lacak art\u0131\u015f\u0131n \u00f6nemli bir b\u00f6l\u00fcm\u00fc \u015fimdiden \u015fekillenmi\u015f oldu.<\/p>\n<p>Ancak haziran ay\u0131 enflasyonuna ili\u015fkin tahmin ankette yer almad\u0131. Net zam oran\u0131 haziran ay\u0131 enflasyonunun eklenmesiyle beraber belli olacak.<\/p>\n<p>Bu kapsamda SSK ve Ba\u011f-Kur emeklileri i\u00e7in Temmuz ay\u0131nda herhangi bir refah pay\u0131 eklenmeksizin y\u00fczde 15 ile y\u00fczde 16 aras\u0131nda bir enflasyon fark\u0131 olu\u015fmas\u0131 en g\u00fc\u00e7l\u00fc ihtimal olarak g\u00f6r\u00fcn\u00fcyor.<\/p>\n<p>EN D\u00dc\u015e\u00dcK EMEKL\u0130 MAA\u015eI NE KADAR OLACAK?<\/p>\n<p>Ocak ay\u0131ndan bu yana 20.000 TL olarak uygulanan taban ayl\u0131\u011f\u0131n, Temmuz ay\u0131nda yap\u0131lacak enflasyon g\u00fcncellemesiyle birlikte 23.000 TL ile 23.600 TL aras\u0131na y\u00fckselmesi bekleniyor. Ancak k\u00f6k maa\u015f\u0131 17.000 TL ve alt\u0131nda olan emekliler i\u00e7in bu art\u0131\u015f\u0131n hayata ge\u00e7mesi, mutlak suretle meclisten \u00e7\u0131kacak yeni bir &#8216;taban ayl\u0131k d\u00fczenlemesine&#8217; ba\u011fl\u0131 olacak.<\/p>\n<p>EMEKL\u0130 ZAM ORANI NE ZAMAN A\u00c7IKLANACAK?<\/p>\n<p>2026 y\u0131l\u0131n\u0131n ikinci yar\u0131s\u0131ndan itibaren ge\u00e7erli olacak emekli maa\u015f\u0131 zamm\u0131 3 Temmuz Cuma g\u00fcn\u00fc a\u00e7\u0131klanacak haziran ay\u0131 enflasyon rakamlar\u0131n\u0131n ard\u0131ndan 6 ayl\u0131k enflasyon fark\u0131na g\u00f6re belli olacak. <\/p>\n<p>Kaynak : uzmanpara.milliyet.com.tr<\/p>\n"},"alt_text":"","media_type":"image","mime_type":"image\/jpeg","media_details":{"width":1200,"height":675,"file":"2026\/04\/1-7.jpg","sizes":{"medium":{"file":"1-7-300x169.jpg","width":300,"height":169,"mime_type":"image\/jpeg","source_url":"https:\/\/kilosorunum.com\/habercim\/wp-content\/uploads\/2026\/04\/1-7-300x169.jpg"},"large":{"file":"1-7-1024x576.jpg","width":1024,"height":576,"mime_type":"image\/jpeg","source_url":"https:\/\/kilosorunum.com\/habercim\/wp-content\/uploads\/2026\/04\/1-7-1024x576.jpg"},"thumbnail":{"file":"1-7-150x150.jpg","width":150,"height":150,"mime_type":"image\/jpeg","source_url":"https:\/\/kilosorunum.com\/habercim\/wp-content\/uploads\/2026\/04\/1-7-150x150.jpg"},"medium_large":{"file":"1-7-768x432.jpg","width":768,"height":432,"mime_type":"image\/jpeg","source_url":"https:\/\/kilosorunum.com\/habercim\/wp-content\/uploads\/2026\/04\/1-7-768x432.jpg"},"kucukResim":{"file":"1-7-80x50.jpg","width":80,"height":50,"mime_type":"image\/jpeg","source_url":"https:\/\/kilosorunum.com\/habercim\/wp-content\/uploads\/2026\/04\/1-7-80x50.jpg"},"sliderResim":{"file":"1-7-670x330.jpg","width":670,"height":330,"mime_type":"image\/jpeg","source_url":"https:\/\/kilosorunum.com\/habercim\/wp-content\/uploads\/2026\/04\/1-7-670x330.jpg"},"resim1":{"file":"1-7-184x140.jpg","width":184,"height":140,"mime_type":"image\/jpeg","source_url":"https:\/\/kilosorunum.com\/habercim\/wp-content\/uploads\/2026\/04\/1-7-184x140.jpg"},"resim2":{"file":"1-7-216x103.jpg","width":216,"height":103,"mime_type":"image\/jpeg","source_url":"https:\/\/kilosorunum.com\/habercim\/wp-content\/uploads\/2026\/04\/1-7-216x103.jpg"},"resim3":{"file":"1-7-145x70.jpg","width":145,"height":70,"mime_type":"image\/jpeg","source_url":"https:\/\/kilosorunum.com\/habercim\/wp-content\/uploads\/2026\/04\/1-7-145x70.jpg"},"sagSlider":{"file":"1-7-300x150.jpg","width":300,"height":150,"mime_type":"image\/jpeg","source_url":"https:\/\/kilosorunum.com\/habercim\/wp-content\/uploads\/2026\/04\/1-7-300x150.jpg"},"yeniSlider":{"file":"1-7-500x290.jpg","width":500,"height":290,"mime_type":"image\/jpeg","source_url":"https:\/\/kilosorunum.com\/habercim\/wp-content\/uploads\/2026\/04\/1-7-500x290.jpg"},"full":{"file":"1-7.jpg","width":1200,"height":675,"mime_type":"image\/jpeg","source_url":"https:\/\/kilosorunum.com\/habercim\/wp-content\/uploads\/2026\/04\/1-7.jpg"}},"image_meta":{"aperture":"0","credit":"","camera":"","caption":"","created_timestamp":"0","copyright":"","focal_length":"0","iso":"0","shutter_speed":"0","title":"","orientation":"0","keywords":[]}},"post":45616,"source_url":"https:\/\/kilosorunum.com\/habercim\/wp-content\/uploads\/2026\/04\/1-7.jpg","_links":{"self":[{"href":"https:\/\/kilosorunum.com\/habercim\/wp-json\/wp\/v2\/media\/45618"}],"collection":[{"href":"https:\/\/kilosorunum.com\/habercim\/wp-json\/wp\/v2\/media"}],"about":[{"href":"https:\/\/kilosorunum.com\/habercim\/wp-json\/wp\/v2\/types\/attachment"}],"author":[{"embeddable":true,"href":"https:\/\/kilosorunum.com\/habercim\/wp-json\/wp\/v2\/users\/2"}],"replies":[{"embeddable":true,"href":"https:\/\/kilosorunum.com\/habercim\/wp-json\/wp\/v2\/comments?post=45618"}]}}