{"id":45643,"date":"2026-04-03T16:32:22","date_gmt":"2026-04-03T13:32:22","guid":{"rendered":"https:\/\/kilosorunum.com\/habercim\/wp-content\/uploads\/2026\/04\/1-12.jpg"},"modified":"2026-04-03T16:34:36","modified_gmt":"2026-04-03T13:34:36","slug":"1-5747","status":"inherit","type":"attachment","link":"https:\/\/kilosorunum.com\/habercim\/foto-galeri\/otvsiz-alinacak-otomobiller\/attachment\/1-5747\/","title":{"rendered":"\u00d6TV\u2019siz al\u0131nacak otomobiller"},"author":2,"comment_status":"open","ping_status":"closed","template":"","meta":[],"description":{"rendered":"<p class=\"attachment\"><a href='https:\/\/kilosorunum.com\/habercim\/wp-content\/uploads\/2026\/04\/1-12.jpg'><img width=\"300\" height=\"169\" src=\"https:\/\/kilosorunum.com\/habercim\/wp-content\/uploads\/2026\/04\/1-12-300x169.jpg\" class=\"attachment-medium size-medium\" alt=\"\" loading=\"lazy\" srcset=\"https:\/\/kilosorunum.com\/habercim\/wp-content\/uploads\/2026\/04\/1-12-300x169.jpg 300w, https:\/\/kilosorunum.com\/habercim\/wp-content\/uploads\/2026\/04\/1-12-1024x576.jpg 1024w, https:\/\/kilosorunum.com\/habercim\/wp-content\/uploads\/2026\/04\/1-12-768x432.jpg 768w, https:\/\/kilosorunum.com\/habercim\/wp-content\/uploads\/2026\/04\/1-12.jpg 1200w\" sizes=\"(max-width: 300px) 100vw, 300px\" \/><\/a><\/p>\n"},"caption":{"rendered":"<p>\u00d6TV\u2019siz ara\u00e7 d\u00fczenlemesi ve hurda te\u015fvikiyle ilgili geli\u015fmeler, milyonlarca vatanda\u015f\u0131n g\u00fcndeminde yeniden ilk s\u0131ralara y\u00fckseldi. T\u00fcrkiye B\u00fcy\u00fck Millet Meclisi Genel Kurulu\u2019nda g\u00f6r\u00fc\u015f\u00fclen kanun teklifi kapsam\u0131nda yeni maddelerin kabul edilmesi ve d\u00fczenlemenin kapsam\u0131n\u0131n geni\u015fletilmesi, \u00f6zellikle 25 ya\u015f \u00fcst\u00fc ara\u00e7 sahipleri ile ilk kez ara\u00e7 almay\u0131 planlayanlar a\u00e7\u0131s\u0131ndan dikkat \u00e7ekici bir s\u00fcreci ba\u015flatt\u0131.<br \/>\nAra\u00e7 sahibi olmak isteyenler ve eski ara\u00e7lar\u0131n\u0131 yenilemeyi planlayanlar i\u00e7in kritik s\u00fcre\u00e7 ba\u015flad\u0131. T\u00fcrkiye B\u00fcy\u00fck Millet Meclisi\u2019nde ele al\u0131nan \u00d6TV d\u00fczenlemesine ili\u015fkin kanun teklifine eklenen yeni maddeler, hurda te\u015fviki ve vergi indirimi beklentilerini yeniden g\u00fcndeme ta\u015f\u0131rken, d\u00fczenlemeden kimlerin yararlanabilece\u011fi sorusu \u00f6ne \u00e7\u0131kt\u0131.<br \/>\n\u00d6TV&#8217;S\u0130Z ARA\u00c7 D\u00dcZENLEMES\u0130 MECL\u0130S&#8217;TE ONAYLANDI!<\/p>\n<p>T\u00fcrkiye B\u00fcy\u00fck Millet Meclisi Genel Kurulu\u2019nda yap\u0131lan g\u00f6r\u00fc\u015fmeler kapsam\u0131nda, ekonomiye y\u00f6nelik d\u00fczenlemeleri de i\u00e7eren Baz\u0131 Kanunlarda De\u011fi\u015fiklik Yap\u0131lmas\u0131na Dair Kanun Teklifi\u2019nin \u00fc\u00e7 maddesi daha kabul edilerek yasama s\u00fcrecinde \u00f6nemli bir a\u015fama kaydedildi. G\u00f6r\u00fc\u015fmeler s\u0131ras\u0131nda kabul edilen bir \u00f6nergeyle, Anayasa Mahkemesi\u2019nin daha \u00f6nce verdi\u011fi iptal karar\u0131 dikkate al\u0131narak kanun teklifine yeni bir madde eklendi ve d\u00fczenleme bu do\u011frultuda yeniden \u015fekillendirildi. \u00d6TV muafiyeti kapsam\u0131nda sat\u0131n al\u0131nan ara\u00e7lar i\u00e7in sat\u0131\u015f s\u0131n\u0131rlamas\u0131 da bulunuyor ve bu ta\u015f\u0131tlar belirlenen s\u00fcre dolmadan elden \u00e7\u0131kar\u0131lam\u0131yor. S\u00fcre tamamlanmadan yap\u0131lan sat\u0131\u015flarda, ba\u015flang\u0131\u00e7ta \u00f6denmeyen \u00d6TV\u2019nin sonradan talep edilebilmesi nedeniyle ara\u00e7 al\u0131m s\u00fcrecinin dikkatli \u015fekilde planlanmas\u0131 gerekiyor. Yeni d\u00fczenlemeyle birlikte, ortopedik engeli bulunan ve bu engeli nedeniyle s\u00fcr\u00fcc\u00fc belgesi alamayan, engel oran\u0131 y\u00fczde 40 ve \u00fczeri olan bireylerin de \u00d6TV muafiyetiyle ara\u00e7 sat\u0131n alabilmesinin \u00f6n\u00fc a\u00e7\u0131lm\u0131\u015f oldu; b\u00f6ylece muafiyetin kapsam\u0131 daha geni\u015f bir grubu kapsayacak \u015fekilde geni\u015fletildi.<br \/>\n\u00d6TV&#8217;S\u0130Z ARA\u00c7 KAMPANYASINDAN K\u0130MLER FAYDALANAB\u0130LECEK?<\/p>\n<p>\u00d6zel T\u00fcketim Vergisi Kanunu\u2019nda yap\u0131lan yeni d\u00fczenleme ile ortopedik engel oran\u0131 y\u00fczde 40 ve \u00fczerinde bulunan ki\u015filer i\u00e7in \u00d6TV muafiyetinin kapsam\u0131 geni\u015fletildi. Buna g\u00f6re, ortopedik engeli nedeniyle s\u00fcr\u00fcc\u00fc belgesi alamayaca\u011f\u0131na dair resmi sa\u011fl\u0131k kurulu karar\u0131 bulunan engelli bireyler de, Kanun\u2019da belirtilen ta\u015f\u0131tlar\u0131n ilk sat\u0131n al\u0131m\u0131nda on y\u0131lda bir kez olmak \u00fczere \u00d6TV istisnas\u0131ndan yararlanabilecek. B\u00f6ylece s\u00fcr\u00fcc\u00fc belgesi alamayan ortopedik engellilerin de ara\u00e7 edinirken vergi avantaj\u0131ndan faydalanmas\u0131n\u0131n \u00f6n\u00fc a\u00e7\u0131lm\u0131\u015f oldu.<\/p>\n<p>T\u00fcrkiye\u2019de engellilik oran\u0131 y\u00fczde 90 ve \u00fczerinde olan bireyler, belirlenen \u00fcst fiyat s\u0131n\u0131rlar\u0131 \u00e7er\u00e7evesinde \u00d6zel T\u00fcketim Vergisi \u00f6demeden otomobil sat\u0131n alma hakk\u0131na sahip bulunuyor. Engel oran\u0131 bu seviyenin alt\u0131nda olan ki\u015filer i\u00e7in ise vergi muafiyetinden yararlanabilmenin temel \u015fart\u0131, arac\u0131n engel durumuna uygun \u00f6zel tertibatla donat\u0131lmas\u0131 olarak uygulan\u0131yor. Bu d\u00fczenleme, engelli bireylerin ula\u015f\u0131m ihtiya\u00e7lar\u0131n\u0131 daha eri\u015filebilir h\u00e2le getirmeyi ama\u00e7larken, her engel grubuna g\u00f6re farkl\u0131 kriterler i\u00e7eriyor.<br \/>\n\u00d6TV&#8217;S\u0130Z ARA\u00c7 ALIMI KAMPANYASINDA HANG\u0130 ARA\u00c7LAR ALINAB\u0130LECEK?<\/p>\n<p>Hazine ve Maliye Bakanl\u0131\u011f\u0131\u2019na ba\u011fl\u0131 Gelir \u0130daresi Ba\u015fkanl\u0131\u011f\u0131 taraf\u0131ndan 30 Aral\u0131k 2023 tarihinde Resmi Gazete\u2019nin 29330 say\u0131l\u0131 n\u00fcshas\u0131nda yay\u0131mlanan \u00d6zel T\u00fcketim Vergisi (II) Say\u0131l\u0131 Liste Uygulama Genel Tebli\u011fi uyar\u0131nca, 1 Ocak 2026 itibar\u0131yla \u00d6TV ve Motorlu Ta\u015f\u0131tlar Vergisi\u2019nden muaf \u015fekilde sat\u0131n al\u0131nabilecek otomobillere ili\u015fkin \u015fartlar netle\u015ftirildi. Buna g\u00f6re, ara\u00e7lar\u0131n motor silindir hacmi dikkate al\u0131nmaks\u0131z\u0131n, \u00d6zel T\u00fcketim Vergisi ile birlikte t\u00fcm vergi kalemleri dahil sat\u0131\u015f bedelinin 2 milyon 873 bin 900 T\u00fcrk Liras\u0131\u2019n\u0131n alt\u0131nda olmas\u0131 gerekiyor. Ayr\u0131ca s\u00f6z konusu ara\u00e7lar\u0131n, belirlenen kriterler do\u011frultusunda en az y\u00fczde 40 yerlilik oran\u0131n\u0131 sa\u011flamas\u0131 \u015fart\u0131 bulunuyor; bu iki kriteri kar\u015f\u0131layan otomobiller, 2026 y\u0131l\u0131 itibar\u0131yla \u00d6TV ve MTV muafiyeti kapsam\u0131nda sat\u0131n al\u0131nabilecek.<br \/>\n\u00d6TV&#8217;S\u0130Z ARA\u00c7LAR L\u0130STES\u0130<\/p>\n<p>TOGG: T10X, T10F<\/p>\n<p>Fiat: Egea Sedan, Egea Cross<\/p>\n<p>Renault: Clio, Megane Sedan, Duster<\/p>\n<p>Toyota: Corolla, Corolla Hybrid, C-HR<\/p>\n<p>Hyundai: i20, Bayon, i10<\/p>\n<p>Dacia: Sandero Stepway<\/p>\n<p>Togg T10X<\/p>\n<p>Liste Fiyat\u0131: 1.862.000 TL<\/p>\n<p>\u00d6TV&#8217;siz Fiyat: 1.692.727 TL<\/p>\n<p>Toyota Corolla<\/p>\n<p>Liste Fiyat\u0131: 1.650.000 TL<\/p>\n<p>\u00d6TV&#8217;siz Fiyat: 916.667 TL<\/p>\n<p>Fiat Egea Sedan<\/p>\n<p>Liste Fiyat\u0131: 1.150.000 TL<\/p>\n<p>\u00d6TV&#8217;siz Fiyat: 638.889 TL<\/p>\n<p>Renault Megane<\/p>\n<p>Liste Fiyat\u0131: 1.950.000 TL<\/p>\n<p>\u00d6TV&#8217;siz Fiyat: 1.083.333 TL<\/p>\n<p>Hyundai Bayon<\/p>\n<p>Liste Fiyat\u0131: 1.450.000 TL<\/p>\n<p>\u00d6TV&#8217;siz Fiyat: 805.556 TL<\/p>\n<p>Kaynak : yenisafak.com<\/p>\n"},"alt_text":"","media_type":"image","mime_type":"image\/jpeg","media_details":{"width":1200,"height":675,"file":"2026\/04\/1-12.jpg","sizes":{"medium":{"file":"1-12-300x169.jpg","width":300,"height":169,"mime_type":"image\/jpeg","source_url":"https:\/\/kilosorunum.com\/habercim\/wp-content\/uploads\/2026\/04\/1-12-300x169.jpg"},"large":{"file":"1-12-1024x576.jpg","width":1024,"height":576,"mime_type":"image\/jpeg","source_url":"https:\/\/kilosorunum.com\/habercim\/wp-content\/uploads\/2026\/04\/1-12-1024x576.jpg"},"thumbnail":{"file":"1-12-150x150.jpg","width":150,"height":150,"mime_type":"image\/jpeg","source_url":"https:\/\/kilosorunum.com\/habercim\/wp-content\/uploads\/2026\/04\/1-12-150x150.jpg"},"medium_large":{"file":"1-12-768x432.jpg","width":768,"height":432,"mime_type":"image\/jpeg","source_url":"https:\/\/kilosorunum.com\/habercim\/wp-content\/uploads\/2026\/04\/1-12-768x432.jpg"},"kucukResim":{"file":"1-12-80x50.jpg","width":80,"height":50,"mime_type":"image\/jpeg","source_url":"https:\/\/kilosorunum.com\/habercim\/wp-content\/uploads\/2026\/04\/1-12-80x50.jpg"},"sliderResim":{"file":"1-12-670x330.jpg","width":670,"height":330,"mime_type":"image\/jpeg","source_url":"https:\/\/kilosorunum.com\/habercim\/wp-content\/uploads\/2026\/04\/1-12-670x330.jpg"},"resim1":{"file":"1-12-184x140.jpg","width":184,"height":140,"mime_type":"image\/jpeg","source_url":"https:\/\/kilosorunum.com\/habercim\/wp-content\/uploads\/2026\/04\/1-12-184x140.jpg"},"resim2":{"file":"1-12-216x103.jpg","width":216,"height":103,"mime_type":"image\/jpeg","source_url":"https:\/\/kilosorunum.com\/habercim\/wp-content\/uploads\/2026\/04\/1-12-216x103.jpg"},"resim3":{"file":"1-12-145x70.jpg","width":145,"height":70,"mime_type":"image\/jpeg","source_url":"https:\/\/kilosorunum.com\/habercim\/wp-content\/uploads\/2026\/04\/1-12-145x70.jpg"},"sagSlider":{"file":"1-12-300x150.jpg","width":300,"height":150,"mime_type":"image\/jpeg","source_url":"https:\/\/kilosorunum.com\/habercim\/wp-content\/uploads\/2026\/04\/1-12-300x150.jpg"},"yeniSlider":{"file":"1-12-500x290.jpg","width":500,"height":290,"mime_type":"image\/jpeg","source_url":"https:\/\/kilosorunum.com\/habercim\/wp-content\/uploads\/2026\/04\/1-12-500x290.jpg"},"full":{"file":"1-12.jpg","width":1200,"height":675,"mime_type":"image\/jpeg","source_url":"https:\/\/kilosorunum.com\/habercim\/wp-content\/uploads\/2026\/04\/1-12.jpg"}},"image_meta":{"aperture":"0","credit":"","camera":"","caption":"","created_timestamp":"0","copyright":"","focal_length":"0","iso":"0","shutter_speed":"0","title":"","orientation":"0","keywords":[]}},"post":45641,"source_url":"https:\/\/kilosorunum.com\/habercim\/wp-content\/uploads\/2026\/04\/1-12.jpg","_links":{"self":[{"href":"https:\/\/kilosorunum.com\/habercim\/wp-json\/wp\/v2\/media\/45643"}],"collection":[{"href":"https:\/\/kilosorunum.com\/habercim\/wp-json\/wp\/v2\/media"}],"about":[{"href":"https:\/\/kilosorunum.com\/habercim\/wp-json\/wp\/v2\/types\/attachment"}],"author":[{"embeddable":true,"href":"https:\/\/kilosorunum.com\/habercim\/wp-json\/wp\/v2\/users\/2"}],"replies":[{"embeddable":true,"href":"https:\/\/kilosorunum.com\/habercim\/wp-json\/wp\/v2\/comments?post=45643"}]}}