{"id":45665,"date":"2026-04-04T00:59:28","date_gmt":"2026-04-03T21:59:28","guid":{"rendered":"https:\/\/kilosorunum.com\/habercim\/wp-content\/uploads\/2026\/04\/1-17.jpg"},"modified":"2026-04-04T01:01:15","modified_gmt":"2026-04-03T22:01:15","slug":"1-5752","status":"inherit","type":"attachment","link":"https:\/\/kilosorunum.com\/habercim\/foto-galeri\/esma-esad\/attachment\/1-5752\/","title":{"rendered":"Esma Esad"},"author":2,"comment_status":"open","ping_status":"closed","template":"","meta":[],"description":{"rendered":"<p class=\"attachment\"><a href='https:\/\/kilosorunum.com\/habercim\/wp-content\/uploads\/2026\/04\/1-17.jpg'><img width=\"300\" height=\"169\" src=\"https:\/\/kilosorunum.com\/habercim\/wp-content\/uploads\/2026\/04\/1-17-300x169.jpg\" class=\"attachment-medium size-medium\" alt=\"\" loading=\"lazy\" srcset=\"https:\/\/kilosorunum.com\/habercim\/wp-content\/uploads\/2026\/04\/1-17-300x169.jpg 300w, https:\/\/kilosorunum.com\/habercim\/wp-content\/uploads\/2026\/04\/1-17-1024x576.jpg 1024w, https:\/\/kilosorunum.com\/habercim\/wp-content\/uploads\/2026\/04\/1-17-768x432.jpg 768w, https:\/\/kilosorunum.com\/habercim\/wp-content\/uploads\/2026\/04\/1-17.jpg 1200w\" sizes=\"(max-width: 300px) 100vw, 300px\" \/><\/a><\/p>\n"},"caption":{"rendered":"<p>Suriye\u2019nin devrik lideri Be\u015far Esad\u2019\u0131n, \u015eam\u2019daki y\u00f6netimin \u00e7\u00f6kmesinin ard\u0131ndan s\u0131\u011f\u0131nd\u0131\u011f\u0131 Rusya\u2019da zor bir d\u00f6nem ge\u00e7irdi\u011fi \u00f6ne s\u00fcr\u00fcld\u00fc. Son iddialara g\u00f6re e\u015fi Esma Esad\u2019\u0131n bo\u015fanma karar\u0131 ald\u0131\u011f\u0131 ve \u00e7iftin evlili\u011finin fiilen sona ermi\u015f olabilece\u011fi ifade ediliyor.<\/p>\n<p>Alman bas\u0131n\u0131nda yer alan haberlere g\u00f6re, Esma Esad\u2019\u0131n e\u015finden ayr\u0131lmak istedi\u011fi ileri s\u00fcr\u00fcld\u00fc. Bild gazetesi, saha kaynaklar\u0131na dayand\u0131rd\u0131\u011f\u0131 haberinde bu geli\u015fmenin Esad\u2019\u0131n \u00f6zel hayat\u0131nda yeni bir k\u0131r\u0131lma yaratt\u0131\u011f\u0131n\u0131 ve eski liderin psikolojik a\u00e7\u0131dan a\u011f\u0131r bir bunal\u0131m i\u00e7inde olabilece\u011fini yazd\u0131.<\/p>\n<p>\u00d6te yandan Esma Esad hakk\u0131nda dikkat \u00e7eken ba\u015fka iddialar da g\u00fcndeme geldi. Birle\u015fik Krall\u0131k merkezli UK Declassified taraf\u0131ndan yay\u0131mland\u0131\u011f\u0131 belirtilen baz\u0131 belgelere g\u00f6re, Esma Esad\u2019\u0131n 1990\u2019l\u0131 y\u0131llardan itibaren \u0130ngiliz i\u00e7 istihbarat servisi MI5 ile temas kurdu\u011fu \u00f6ne s\u00fcr\u00fcld\u00fc. Ancak s\u00f6z konusu iddialar\u0131n ba\u011f\u0131ms\u0131z kaynaklar taraf\u0131ndan do\u011frulanmad\u0131\u011f\u0131 belirtildi. Benzer s\u00f6ylentiler daha \u00f6nce de g\u00fcndeme gelmi\u015fti. Ge\u00e7en y\u0131l ortaya at\u0131lan bo\u015fanma iddialar\u0131na ili\u015fkin Kremlin S\u00f6zc\u00fcs\u00fc Dmitri Peskov a\u00e7\u0131klama yaparak bu haberlerin ger\u00e7e\u011fi yans\u0131tmad\u0131\u011f\u0131n\u0131 s\u00f6ylemi\u015fti. <\/p>\n<p>Kaynak : t24.com.tr<\/p>\n"},"alt_text":"","media_type":"image","mime_type":"image\/jpeg","media_details":{"width":1200,"height":675,"file":"2026\/04\/1-17.jpg","sizes":{"medium":{"file":"1-17-300x169.jpg","width":300,"height":169,"mime_type":"image\/jpeg","source_url":"https:\/\/kilosorunum.com\/habercim\/wp-content\/uploads\/2026\/04\/1-17-300x169.jpg"},"large":{"file":"1-17-1024x576.jpg","width":1024,"height":576,"mime_type":"image\/jpeg","source_url":"https:\/\/kilosorunum.com\/habercim\/wp-content\/uploads\/2026\/04\/1-17-1024x576.jpg"},"thumbnail":{"file":"1-17-150x150.jpg","width":150,"height":150,"mime_type":"image\/jpeg","source_url":"https:\/\/kilosorunum.com\/habercim\/wp-content\/uploads\/2026\/04\/1-17-150x150.jpg"},"medium_large":{"file":"1-17-768x432.jpg","width":768,"height":432,"mime_type":"image\/jpeg","source_url":"https:\/\/kilosorunum.com\/habercim\/wp-content\/uploads\/2026\/04\/1-17-768x432.jpg"},"kucukResim":{"file":"1-17-80x50.jpg","width":80,"height":50,"mime_type":"image\/jpeg","source_url":"https:\/\/kilosorunum.com\/habercim\/wp-content\/uploads\/2026\/04\/1-17-80x50.jpg"},"sliderResim":{"file":"1-17-670x330.jpg","width":670,"height":330,"mime_type":"image\/jpeg","source_url":"https:\/\/kilosorunum.com\/habercim\/wp-content\/uploads\/2026\/04\/1-17-670x330.jpg"},"resim1":{"file":"1-17-184x140.jpg","width":184,"height":140,"mime_type":"image\/jpeg","source_url":"https:\/\/kilosorunum.com\/habercim\/wp-content\/uploads\/2026\/04\/1-17-184x140.jpg"},"resim2":{"file":"1-17-216x103.jpg","width":216,"height":103,"mime_type":"image\/jpeg","source_url":"https:\/\/kilosorunum.com\/habercim\/wp-content\/uploads\/2026\/04\/1-17-216x103.jpg"},"resim3":{"file":"1-17-145x70.jpg","width":145,"height":70,"mime_type":"image\/jpeg","source_url":"https:\/\/kilosorunum.com\/habercim\/wp-content\/uploads\/2026\/04\/1-17-145x70.jpg"},"sagSlider":{"file":"1-17-300x150.jpg","width":300,"height":150,"mime_type":"image\/jpeg","source_url":"https:\/\/kilosorunum.com\/habercim\/wp-content\/uploads\/2026\/04\/1-17-300x150.jpg"},"yeniSlider":{"file":"1-17-500x290.jpg","width":500,"height":290,"mime_type":"image\/jpeg","source_url":"https:\/\/kilosorunum.com\/habercim\/wp-content\/uploads\/2026\/04\/1-17-500x290.jpg"},"full":{"file":"1-17.jpg","width":1200,"height":675,"mime_type":"image\/jpeg","source_url":"https:\/\/kilosorunum.com\/habercim\/wp-content\/uploads\/2026\/04\/1-17.jpg"}},"image_meta":{"aperture":"0","credit":"","camera":"","caption":"","created_timestamp":"0","copyright":"","focal_length":"0","iso":"0","shutter_speed":"0","title":"","orientation":"0","keywords":[]}},"post":45663,"source_url":"https:\/\/kilosorunum.com\/habercim\/wp-content\/uploads\/2026\/04\/1-17.jpg","_links":{"self":[{"href":"https:\/\/kilosorunum.com\/habercim\/wp-json\/wp\/v2\/media\/45665"}],"collection":[{"href":"https:\/\/kilosorunum.com\/habercim\/wp-json\/wp\/v2\/media"}],"about":[{"href":"https:\/\/kilosorunum.com\/habercim\/wp-json\/wp\/v2\/types\/attachment"}],"author":[{"embeddable":true,"href":"https:\/\/kilosorunum.com\/habercim\/wp-json\/wp\/v2\/users\/2"}],"replies":[{"embeddable":true,"href":"https:\/\/kilosorunum.com\/habercim\/wp-json\/wp\/v2\/comments?post=45665"}]}}