{"id":45675,"date":"2026-04-04T01:10:15","date_gmt":"2026-04-03T22:10:15","guid":{"rendered":"https:\/\/kilosorunum.com\/habercim\/wp-content\/uploads\/2026\/04\/1-15-768x201-34.jpg"},"modified":"2026-04-04T01:10:44","modified_gmt":"2026-04-03T22:10:44","slug":"1-15-768x201-2354","status":"inherit","type":"attachment","link":"https:\/\/kilosorunum.com\/habercim\/foto-galeri\/5-il-bunlar\/attachment\/1-15-768x201-2354\/","title":{"rendered":"5 il bunlar"},"author":2,"comment_status":"open","ping_status":"closed","template":"","meta":[],"description":{"rendered":"<p class=\"attachment\"><a href='https:\/\/kilosorunum.com\/habercim\/wp-content\/uploads\/2026\/04\/1-15-768x201-34.jpg'><img width=\"300\" height=\"79\" src=\"https:\/\/kilosorunum.com\/habercim\/wp-content\/uploads\/2026\/04\/1-15-768x201-34-300x79.jpg\" class=\"attachment-medium size-medium\" alt=\"\" loading=\"lazy\" srcset=\"https:\/\/kilosorunum.com\/habercim\/wp-content\/uploads\/2026\/04\/1-15-768x201-34-300x79.jpg 300w, https:\/\/kilosorunum.com\/habercim\/wp-content\/uploads\/2026\/04\/1-15-768x201-34.jpg 768w\" sizes=\"(max-width: 300px) 100vw, 300px\" \/><\/a><\/p>\n"},"caption":{"rendered":"<p>Yer bilimci Prof. Dr. Naci G\u00f6r\u00fcr, canl\u0131 yay\u0131nda olas\u0131 \u0130stanbul depremiyle ilgili uyar\u0131da bulunarak, \u201cBurada sismik bir bo\u015fluk. Bu bo\u015fluk dolacak, b\u00fcy\u00fck bir Marmara depremini olu\u015fturacak\u201d dedi. G\u00f6r\u00fcr, \u201cKimi yerlerde 10 \u015fiddeti bile g\u00f6r\u00fclecek\u201d diyerek uyard\u0131.<br \/>\nYer bilimci Prof. Dr. Naci G\u00f6r\u00fcr, \u0130lker Karag\u00f6z\u2019\u00fcn sundu\u011fu \u00c7alar Saat program\u0131na konuk oldu. G\u00f6r\u00fcr, olas\u0131 \u0130stanbul depremiyle ilgili, \u201cBurada deprem olacak, iki kere iki d\u00f6rt m\u00fc? Sebebi burada 99\u2019da deprem var. \u015eark\u00f6y\u2019de 1912\u2019de var. \u0130kisinin aras\u0131ndaki \u015fu b\u00f6l\u00fcmde 1766\u2019tan beri deprem yok. Burada sismik bir bo\u015fluk. Bu bo\u015fluk dolacak, b\u00fcy\u00fck bir Marmara depremini olu\u015fturacak\u201d uyar\u0131s\u0131n\u0131 yapt\u0131.<\/p>\n<p>Prof. Dr. Naci G\u00f6r\u00fcr\u2019\u00fcn programda yapt\u0131\u011f\u0131 konu\u015fmadan \u00f6ne \u00e7\u0131kanlar \u015f\u00f6yle oldu: \u201dYani ben hi\u00e7 olmad\u0131m. Duyunca da \u015fa\u015f\u0131rd\u0131m. Bu zaten K\u0131z\u0131lay\u2019\u0131n mal varl\u0131\u011f\u0131 ve \u00e7ad\u0131r, kan o t\u00fcr \u015feyler afet durumunda halka ula\u015ft\u0131r\u0131lmak i\u00e7in yine halk taraf\u0131ndan verilen \u015feyler. Biz \u00e7ocukken de \u00f6yleydi. K\u0131z\u0131lay \u015fark\u0131lar\u0131, bir sevgisi, rozetleri vard\u0131. Yani K\u0131z\u0131lay haftalar\u0131 vard\u0131 okullarda kutlanan\u2026 Bu muhabbeti eksiltecek, azaltacak \u015feyleri yapmamak laz\u0131m. Bu sat\u0131\u015f nas\u0131l oluyor ben bunu anlamad\u0131m. En az\u0131ndan etik bulmad\u0131m. Yasal m\u0131d\u0131r onu da bilmiyorum. Herhalde gere\u011fi yap\u0131lacakt\u0131r e\u011fer yasal olmayan bir davran\u0131\u015f \u015fekliyse\u2026<br \/>\nYani y\u00f6netimler diyelim b\u00f6yle deprem, afet y\u00f6netimiyle ilgili tabii y\u00f6netimlerin sorumluluktan ka\u00e7mas\u0131 m\u00fcmk\u00fcn de\u011fil. En \u00f6nemli sorumluluk o. Belli \u00f6l\u00e7\u00fcde o y\u00f6netim i\u00e7erisinde olan, g\u00f6rev yapan insanlar da elbette sorumlu. B\u00f6yle afet i\u015fi olunca binalar\u0131 yapan, \u00fcretenler de belli \u00f6l\u00e7\u00fc de sorumlu. Bu sorumluluklar\u0131 \u00fcstlenmek laz\u0131m.<br \/>\nBu Marmara b\u00f6lgesinde deprem, Marmara Denizi\u2019nin i\u00e7erisinde olacak. Yani Kuzey Anadolu fay\u0131n\u0131n Marmara\u2019n\u0131n i\u00e7 k\u0131sm\u0131nda olacak. Biz art\u0131k fay tart\u0131\u015fmas\u0131n\u0131 b\u0131rakal\u0131m. \u0130BB Ba\u015fkan\u0131 \u00e7ok iyi bir strateji s\u00f6yledi. Dedi ki; \u2018\u0130stanbul\u2019da art\u0131k deprem olaca\u011f\u0131 bir ger\u00e7eklik. Fay tart\u0131\u015fmalar\u0131n\u0131 bilim adamlar\u0131na b\u0131rakal\u0131m, onlar bilim platformlar\u0131nda o i\u015fi tart\u0131\u015fs\u0131nlar.\u2019 Burada deprem olacak, iki kere iki d\u00f6rt m\u00fc? Sebebi burada 99\u2019da deprem var. \u015eark\u00f6y\u2019de 1912\u2019de var. \u0130kisinin aras\u0131ndaki \u015fu b\u00f6l\u00fcmde 1766\u2019tan beri deprem yok. Buras\u0131 sismik bir bo\u015fluk. Bu bo\u015fluk dolacak, b\u00fcy\u00fck bir Marmara depremini olu\u015fturacak. Asya Yakas\u0131 g\u00f6receli olarak, Avrupa Yakas\u0131 nazaran daha az etkilenecek. \u00c7\u00fcnk\u00fc burada jeolojik formasyon zemin itibar\u0131yla daha g\u00fc\u00e7l\u00fc. Dolas\u0131yla burada hasar g\u00f6receli olarak daha fazla. K\u0131yya yak\u0131n, k\u0131y\u0131dan 10 kilometre i\u00e7eriye do\u011fru gitti\u011fi yerlerde \u00e7o\u011funlukla depremin \u015fiddeti 9 olacak. Kuzeye do\u011fru \u00e7\u0131k\u0131nca bu d\u00fc\u015fecek. Ayn\u0131 \u015fekilde Anadolu Yakas\u0131\u2019nda da k\u0131y\u0131ya paralel kesimlerde 9 \u015fiddeti ve Kuzeye do\u011fru azalacak. Kimi yerlerde 10 \u015fiddeti bile g\u00f6r\u00fclecek. Bu ciddi bir deprem \u015fiddetidir.<br \/>\n\u00c7orum tam Kuzey Anadolu fay hatt\u0131n\u0131n \u00fczerinde. Bu ku\u015fa\u011f\u0131n tamam\u0131, T\u00fcrkiye\u2019nin tamam\u0131, hatta d\u00fcnyan\u0131n en aktif b\u00fcy\u00fck depremler olu\u015fturabilen ku\u015fa\u011f\u0131 i\u00e7erisinde. Bu ku\u015fak a\u015fa\u011f\u0131 yukar\u0131 Bing\u00f6l-Karl\u0131ova\u2019dan \u00e7ok b\u00fcy\u00fck \u00f6l\u00e7\u00fcde Marmara Denizi\u2019ne kadar enerjisini t\u00fcketti. B\u00fcy\u00fck deprem \u00fcretme enerjisini bo\u015faltt\u0131. \u015eimdi Marmara\u2019y\u0131 bekliyoruz. Bir de Erzincan ile Karl\u0131ova aras\u0131ndaki bu kesimi bekliyoruz. Burada P\u00fcl\u00fcm\u00fcr\u2019\u00fcn oldu\u011fu yer a\u015fa\u011f\u0131 yukar\u0131 7.4 b\u00fcy\u00fckl\u00fc\u011f\u00fcnde belki deprem olabilir. Yedisu fay\u0131 \u00fczerinde. Bunu zaten hep s\u00f6yl\u00fcyoruz.<br \/>\nTunceli-P\u00fcl\u00fcm\u00fcr 7.4 b\u00fcy\u00fckl\u00fc\u011f\u00fcnde deprem olabilir. Burada en son deprem 1794\u2019te. Dolay\u0131s\u0131yla epey zaman ge\u00e7ti. Erzincan depremi buraya muhtemelen enerji de transfer etmi\u015f olabilir. Bu Do\u011fu Anadolu fay\u0131ndaki hareketler de belli \u00f6l\u00e7\u00fcde buray\u0131 biraz etkilemi\u015f olabilir. Endi\u015fe etti\u011fimiz yerlerden biri bu.\u201d<\/p>\n<p>Kaynak : cumhuriyet.com.tr<\/p>\n"},"alt_text":"","media_type":"image","mime_type":"image\/jpeg","media_details":{"width":768,"height":201,"file":"2026\/04\/1-15-768x201-34.jpg","sizes":{"medium":{"file":"1-15-768x201-34-300x79.jpg","width":300,"height":79,"mime_type":"image\/jpeg","source_url":"https:\/\/kilosorunum.com\/habercim\/wp-content\/uploads\/2026\/04\/1-15-768x201-34-300x79.jpg"},"thumbnail":{"file":"1-15-768x201-34-150x150.jpg","width":150,"height":150,"mime_type":"image\/jpeg","source_url":"https:\/\/kilosorunum.com\/habercim\/wp-content\/uploads\/2026\/04\/1-15-768x201-34-150x150.jpg"},"kucukResim":{"file":"1-15-768x201-34-80x50.jpg","width":80,"height":50,"mime_type":"image\/jpeg","source_url":"https:\/\/kilosorunum.com\/habercim\/wp-content\/uploads\/2026\/04\/1-15-768x201-34-80x50.jpg"},"sliderResim":{"file":"1-15-768x201-34-670x201.jpg","width":670,"height":201,"mime_type":"image\/jpeg","source_url":"https:\/\/kilosorunum.com\/habercim\/wp-content\/uploads\/2026\/04\/1-15-768x201-34-670x201.jpg"},"resim1":{"file":"1-15-768x201-34-184x140.jpg","width":184,"height":140,"mime_type":"image\/jpeg","source_url":"https:\/\/kilosorunum.com\/habercim\/wp-content\/uploads\/2026\/04\/1-15-768x201-34-184x140.jpg"},"resim2":{"file":"1-15-768x201-34-216x103.jpg","width":216,"height":103,"mime_type":"image\/jpeg","source_url":"https:\/\/kilosorunum.com\/habercim\/wp-content\/uploads\/2026\/04\/1-15-768x201-34-216x103.jpg"},"resim3":{"file":"1-15-768x201-34-145x70.jpg","width":145,"height":70,"mime_type":"image\/jpeg","source_url":"https:\/\/kilosorunum.com\/habercim\/wp-content\/uploads\/2026\/04\/1-15-768x201-34-145x70.jpg"},"sagSlider":{"file":"1-15-768x201-34-300x150.jpg","width":300,"height":150,"mime_type":"image\/jpeg","source_url":"https:\/\/kilosorunum.com\/habercim\/wp-content\/uploads\/2026\/04\/1-15-768x201-34-300x150.jpg"},"yeniSlider":{"file":"1-15-768x201-34-500x201.jpg","width":500,"height":201,"mime_type":"image\/jpeg","source_url":"https:\/\/kilosorunum.com\/habercim\/wp-content\/uploads\/2026\/04\/1-15-768x201-34-500x201.jpg"},"full":{"file":"1-15-768x201-34.jpg","width":768,"height":201,"mime_type":"image\/jpeg","source_url":"https:\/\/kilosorunum.com\/habercim\/wp-content\/uploads\/2026\/04\/1-15-768x201-34.jpg"}},"image_meta":{"aperture":"0","credit":"","camera":"","caption":"","created_timestamp":"0","copyright":"","focal_length":"0","iso":"0","shutter_speed":"0","title":"","orientation":"0","keywords":[]}},"post":45673,"source_url":"https:\/\/kilosorunum.com\/habercim\/wp-content\/uploads\/2026\/04\/1-15-768x201-34.jpg","_links":{"self":[{"href":"https:\/\/kilosorunum.com\/habercim\/wp-json\/wp\/v2\/media\/45675"}],"collection":[{"href":"https:\/\/kilosorunum.com\/habercim\/wp-json\/wp\/v2\/media"}],"about":[{"href":"https:\/\/kilosorunum.com\/habercim\/wp-json\/wp\/v2\/types\/attachment"}],"author":[{"embeddable":true,"href":"https:\/\/kilosorunum.com\/habercim\/wp-json\/wp\/v2\/users\/2"}],"replies":[{"embeddable":true,"href":"https:\/\/kilosorunum.com\/habercim\/wp-json\/wp\/v2\/comments?post=45675"}]}}