{"id":45685,"date":"2026-04-04T14:25:20","date_gmt":"2026-04-04T11:25:20","guid":{"rendered":"https:\/\/kilosorunum.com\/habercim\/wp-content\/uploads\/2026\/04\/1-22.jpg"},"modified":"2026-04-04T14:27:47","modified_gmt":"2026-04-04T11:27:47","slug":"1-5757","status":"inherit","type":"attachment","link":"https:\/\/kilosorunum.com\/habercim\/foto-galeri\/ulkemiz-hakkinda\/attachment\/1-5757\/","title":{"rendered":"\u00dclkemiz Hakk\u0131nda"},"author":2,"comment_status":"open","ping_status":"closed","template":"","meta":[],"description":{"rendered":"<p class=\"attachment\"><a href='https:\/\/kilosorunum.com\/habercim\/wp-content\/uploads\/2026\/04\/1-22.jpg'><img width=\"300\" height=\"169\" src=\"https:\/\/kilosorunum.com\/habercim\/wp-content\/uploads\/2026\/04\/1-22-300x169.jpg\" class=\"attachment-medium size-medium\" alt=\"\" loading=\"lazy\" srcset=\"https:\/\/kilosorunum.com\/habercim\/wp-content\/uploads\/2026\/04\/1-22-300x169.jpg 300w, https:\/\/kilosorunum.com\/habercim\/wp-content\/uploads\/2026\/04\/1-22-1024x576.jpg 1024w, https:\/\/kilosorunum.com\/habercim\/wp-content\/uploads\/2026\/04\/1-22-768x432.jpg 768w, https:\/\/kilosorunum.com\/habercim\/wp-content\/uploads\/2026\/04\/1-22.jpg 1200w\" sizes=\"(max-width: 300px) 100vw, 300px\" \/><\/a><\/p>\n"},"caption":{"rendered":"<p>Kremlin: T\u00fcrkiye&#8217;nin talebiyle oldu | Erdo\u011fan ve Putin telefonda g\u00f6r\u00fc\u015ft\u00fc; &#8220;\u0130ran&#8217;a y\u00f6nelik sald\u0131r\u0131lar\u0131 da \u0130ran&#8217;dan gelen sald\u0131r\u0131lar\u0131 da onaylam\u0131yoruz&#8221; mesaj\u0131<br \/>\nCumhurba\u015fkan\u0131 Recep Tayyip Erdo\u011fan, Rusya Devlet Ba\u015fkan\u0131 Vladimir Putin ile telefonda g\u00f6r\u00fc\u015ft\u00fc. G\u00f6r\u00fc\u015fmede, T\u00fcrkiye-Rusya ikili ili\u015fkileri ile b\u00f6lgesel ve k\u00fcresel konular ele al\u0131nd\u0131. Cumhurba\u015fkan\u0131 Erdo\u011fan g\u00f6r\u00fc\u015fmede, &#8220;T\u00fcrkiye&#8217;nin \u0130ran\u2019a y\u00f6nelik sald\u0131r\u0131lar\u0131 onaylamad\u0131\u011f\u0131n\u0131, \u0130ran&#8217;\u0131n b\u00f6lge \u00fclkelerine mukabelesini de tasvip etmedi\u011fini&#8221; belirtti. Kremlin&#8217;in a\u00e7\u0131klamas\u0131na g\u00f6re g\u00f6r\u00fc\u015fme T\u00fcrkiye&#8217;nin iste\u011fi \u00fczerine ger\u00e7ekle\u015fti. <\/p>\n<p>Cumhurba\u015fkanl\u0131\u011f\u0131 \u0130leti\u015fim Ba\u015fkanl\u0131\u011f\u0131, Erdo\u011fan ve Putin&#8217;in telefonda g\u00f6r\u00fc\u015ft\u00fc\u011f\u00fcn\u00fc duyurarak liderlerin T\u00fcrkiye ile Rusya ikili ili\u015fkileri, b\u00f6lgesel ve k\u00fcresel konular\u0131 ele ald\u0131\u011f\u0131n\u0131 a\u00e7\u0131klad\u0131.<\/p>\n<p>\u0130leti\u015fim Ba\u015fkanl\u0131\u011f\u0131&#8217;n\u0131n duyurusuna g\u00f6re Cumhurba\u015fkan\u0131 Erdo\u011fan g\u00f6r\u00fc\u015fmede, &#8220;T\u00fcrkiye\u2019nin \u0130ran\u2019a y\u00f6nelik sald\u0131r\u0131lar\u0131 onaylamad\u0131\u011f\u0131n\u0131, \u0130ran\u2019\u0131n b\u00f6lge \u00fclkelerine mukabelesini de tasvip etmedi\u011fini, sava\u015f\u0131n daha fazla kontrolden \u00e7\u0131kmamas\u0131 i\u00e7in t\u00fcm taraflarla bar\u0131\u015f ve istikrar odakl\u0131 temaslar\u0131n s\u00fcrd\u00fc\u011f\u00fcn\u00fc&#8221; ifade etti. Cumhurba\u015fkan\u0131 Erdo\u011fan, \u0130srail Ba\u015fbakan\u0131 Binyamin Netanyahu h\u00fck\u00fbmetinin b\u00f6lge genelindeki sald\u0131rgan politikalar\u0131n\u0131n \u00f6n\u00fcn\u00fcn al\u0131nmas\u0131 gerekti\u011fini, \u0130srail\u2019in Kud\u00fcs\u2019\u00fcn stat\u00fcs\u00fcn\u00fcn a\u015f\u0131nd\u0131r\u0131lmas\u0131na y\u00f6nelik ad\u0131mlar\u0131na m\u00fcsaade edilemeyece\u011fini belirtti.<\/p>\n<p>Erdo\u011fan ayr\u0131ca &#8220;Suriye\u2019deki son durumu yak\u0131ndan takip etti\u011fini, Suriye\u2019de istikrar\u0131 g\u00fc\u00e7lendirecek her ad\u0131m\u0131n T\u00fcrkiye ve Rusya\u2019n\u0131n ortak menfaatine oldu\u011funu, buradaki kazan\u0131mlar\u0131n riske at\u0131lmamas\u0131n\u0131n \u00f6nemini&#8221; ifade etti.<\/p>\n<p>Rusya-Ukrayna sava\u015f\u0131<br \/>\nCumhurba\u015fkan\u0131 Erdo\u011fan, Rusya-Ukrayna sava\u015f\u0131n\u0131n bar\u0131\u015fla neticelenmesi i\u00e7in T\u00fcrkiye\u2019nin aray\u0131\u015flar\u0131n\u0131n sekteye u\u011frat\u0131lmamas\u0131n\u0131n \u00f6nemli oldu\u011funu, T\u00fcrkiye\u2019nin t\u00fcm taraflara gerilimi t\u0131rmand\u0131racak ad\u0131mlardan uzak durmalar\u0131n\u0131 tavsiye etti\u011fini, Karadeniz\u2019deki sivil gemilere sald\u0131r\u0131lar\u0131n istikrar ortam\u0131na zarar verdi\u011fini, \u0130ran sava\u015f\u0131n\u0131n Rusya-Ukrayna krizinde yeni \u00e7at\u0131\u015fma alanlar\u0131 olu\u015fturmamas\u0131 gerekti\u011fini belirtti.<\/p>\n<p>Kremlin: T\u00fcrkiye&#8217;nin iste\u011fi \u00fczerine ger\u00e7ekle\u015fti<br \/>\nG\u00f6r\u00fc\u015fmenin ard\u0131ndan Kremlin&#8217;den de a\u00e7\u0131klama geldi. Kremlin a\u00e7\u0131klamas\u0131na g\u00f6re Erdo\u011fan-Putin g\u00f6r\u00fc\u015fmesi, T\u00fcrkiye&#8217;nin iste\u011fi \u00fczerine ger\u00e7ekle\u015fti. <\/p>\n<p>Kremlin&#8217;den yap\u0131lan a\u00e7\u0131klamaya g\u00f6re Putin ve Erdo\u011fan, &#8220;yo\u011fun \u00e7at\u0131\u015fmalar\u0131n ba\u015fta enerji, ticaret ve lojistik sekt\u00f6rleri olmak \u00fczere t\u00fcm k\u00fcresel ekonomi i\u00e7in ciddi olumsuz sonu\u00e7lara yol a\u00e7t\u0131\u011f\u0131 konusunda hemfikir oldu&#8221;. Liderler ayr\u0131ca h\u0131zl\u0131 bir ate\u015fkes ve b\u00f6lgedeki t\u00fcm devletlerin \u00e7\u0131karlar\u0131n\u0131 dikkate alan bir bar\u0131\u015f anla\u015fmas\u0131n\u0131n gerekli\u011fi oldu\u011funu konu\u015ftu.<\/p>\n<p>Rusya taraf\u0131ndan yap\u0131lan a\u00e7\u0131klamaya g\u00f6re Putin, Erdo\u011fan&#8217;a Rusya-Ukrayna sava\u015f\u0131 konusundaki m\u00fczakere s\u00fcrecine verdi\u011fi s\u00fcrekli destekten dolay\u0131 te\u015fekk\u00fcr etti.<\/p>\n<p>Rusya Devlet Ba\u015fkan\u0131 ayr\u0131ca Ukrayna&#8217;n\u0131n Rusya ve T\u00fcrkiye&#8217;yi birbirine ba\u011flayan do\u011falgaz ta\u015f\u0131ma altyap\u0131s\u0131na ve Karadeniz&#8217;deki ticaret gemilerine y\u00f6nelik sald\u0131r\u0131 giri\u015fimlerine de dikkat \u00e7ekti. Bu ba\u011flamda, liderler Karadeniz b\u00f6lgesinde kapsaml\u0131 g\u00fcvenli\u011fin sa\u011flanmas\u0131 i\u00e7in ortak \u00e7abalar\u0131n \u00f6nemini vurgulad\u0131. <\/p>\n<p>Kaynak : t24.com.tr<\/p>\n"},"alt_text":"","media_type":"image","mime_type":"image\/jpeg","media_details":{"width":1200,"height":675,"file":"2026\/04\/1-22.jpg","sizes":{"medium":{"file":"1-22-300x169.jpg","width":300,"height":169,"mime_type":"image\/jpeg","source_url":"https:\/\/kilosorunum.com\/habercim\/wp-content\/uploads\/2026\/04\/1-22-300x169.jpg"},"large":{"file":"1-22-1024x576.jpg","width":1024,"height":576,"mime_type":"image\/jpeg","source_url":"https:\/\/kilosorunum.com\/habercim\/wp-content\/uploads\/2026\/04\/1-22-1024x576.jpg"},"thumbnail":{"file":"1-22-150x150.jpg","width":150,"height":150,"mime_type":"image\/jpeg","source_url":"https:\/\/kilosorunum.com\/habercim\/wp-content\/uploads\/2026\/04\/1-22-150x150.jpg"},"medium_large":{"file":"1-22-768x432.jpg","width":768,"height":432,"mime_type":"image\/jpeg","source_url":"https:\/\/kilosorunum.com\/habercim\/wp-content\/uploads\/2026\/04\/1-22-768x432.jpg"},"kucukResim":{"file":"1-22-80x50.jpg","width":80,"height":50,"mime_type":"image\/jpeg","source_url":"https:\/\/kilosorunum.com\/habercim\/wp-content\/uploads\/2026\/04\/1-22-80x50.jpg"},"sliderResim":{"file":"1-22-670x330.jpg","width":670,"height":330,"mime_type":"image\/jpeg","source_url":"https:\/\/kilosorunum.com\/habercim\/wp-content\/uploads\/2026\/04\/1-22-670x330.jpg"},"resim1":{"file":"1-22-184x140.jpg","width":184,"height":140,"mime_type":"image\/jpeg","source_url":"https:\/\/kilosorunum.com\/habercim\/wp-content\/uploads\/2026\/04\/1-22-184x140.jpg"},"resim2":{"file":"1-22-216x103.jpg","width":216,"height":103,"mime_type":"image\/jpeg","source_url":"https:\/\/kilosorunum.com\/habercim\/wp-content\/uploads\/2026\/04\/1-22-216x103.jpg"},"resim3":{"file":"1-22-145x70.jpg","width":145,"height":70,"mime_type":"image\/jpeg","source_url":"https:\/\/kilosorunum.com\/habercim\/wp-content\/uploads\/2026\/04\/1-22-145x70.jpg"},"sagSlider":{"file":"1-22-300x150.jpg","width":300,"height":150,"mime_type":"image\/jpeg","source_url":"https:\/\/kilosorunum.com\/habercim\/wp-content\/uploads\/2026\/04\/1-22-300x150.jpg"},"yeniSlider":{"file":"1-22-500x290.jpg","width":500,"height":290,"mime_type":"image\/jpeg","source_url":"https:\/\/kilosorunum.com\/habercim\/wp-content\/uploads\/2026\/04\/1-22-500x290.jpg"},"full":{"file":"1-22.jpg","width":1200,"height":675,"mime_type":"image\/jpeg","source_url":"https:\/\/kilosorunum.com\/habercim\/wp-content\/uploads\/2026\/04\/1-22.jpg"}},"image_meta":{"aperture":"0","credit":"","camera":"","caption":"","created_timestamp":"0","copyright":"","focal_length":"0","iso":"0","shutter_speed":"0","title":"","orientation":"0","keywords":[]}},"post":45683,"source_url":"https:\/\/kilosorunum.com\/habercim\/wp-content\/uploads\/2026\/04\/1-22.jpg","_links":{"self":[{"href":"https:\/\/kilosorunum.com\/habercim\/wp-json\/wp\/v2\/media\/45685"}],"collection":[{"href":"https:\/\/kilosorunum.com\/habercim\/wp-json\/wp\/v2\/media"}],"about":[{"href":"https:\/\/kilosorunum.com\/habercim\/wp-json\/wp\/v2\/types\/attachment"}],"author":[{"embeddable":true,"href":"https:\/\/kilosorunum.com\/habercim\/wp-json\/wp\/v2\/users\/2"}],"replies":[{"embeddable":true,"href":"https:\/\/kilosorunum.com\/habercim\/wp-json\/wp\/v2\/comments?post=45685"}]}}