{"id":45695,"date":"2026-04-04T17:31:26","date_gmt":"2026-04-04T14:31:26","guid":{"rendered":"https:\/\/kilosorunum.com\/habercim\/wp-content\/uploads\/2026\/04\/1-25.jpg"},"modified":"2026-04-04T17:32:55","modified_gmt":"2026-04-04T14:32:55","slug":"1-5760","status":"inherit","type":"attachment","link":"https:\/\/kilosorunum.com\/habercim\/genel\/hasar-alan-binalar\/attachment\/1-5760\/","title":{"rendered":"Hasar alan binalar"},"author":2,"comment_status":"open","ping_status":"closed","template":"","meta":[],"description":{"rendered":"<p class=\"attachment\"><a href='https:\/\/kilosorunum.com\/habercim\/wp-content\/uploads\/2026\/04\/1-25.jpg'><img width=\"300\" height=\"169\" src=\"https:\/\/kilosorunum.com\/habercim\/wp-content\/uploads\/2026\/04\/1-25-300x169.jpg\" class=\"attachment-medium size-medium\" alt=\"\" loading=\"lazy\" srcset=\"https:\/\/kilosorunum.com\/habercim\/wp-content\/uploads\/2026\/04\/1-25-300x169.jpg 300w, https:\/\/kilosorunum.com\/habercim\/wp-content\/uploads\/2026\/04\/1-25-1024x576.jpg 1024w, https:\/\/kilosorunum.com\/habercim\/wp-content\/uploads\/2026\/04\/1-25-768x432.jpg 768w, https:\/\/kilosorunum.com\/habercim\/wp-content\/uploads\/2026\/04\/1-25.jpg 1200w\" sizes=\"(max-width: 300px) 100vw, 300px\" \/><\/a><\/p>\n"},"caption":{"rendered":"<p>Van&#8217;\u0131n Tu\u015fba il\u00e7esinde 5,2 b\u00fcy\u00fckl\u00fc\u011f\u00fcnde deprem oldu. Deprem; A\u011fr\u0131, Bitlis, I\u011fd\u0131r ve Hakkari&#8217;de de hissedildi.<br \/>\nVan&#8217;da \u015fiddetli bir deprem meydana geldi.<\/p>\n<p>Afet ve Acil Durum Y\u00f6netimi Ba\u015fkanl\u0131\u011f\u0131 (AFAD) verilerine g\u00f6re, saat 08.52&#8217;de Van&#8217;\u0131n Tu\u015fba il\u00e7esinde deprem oldu. Depreminde 7 kilometre derinlikte ger\u00e7ekle\u015fti\u011fi \u00f6\u011frenildi.<br \/>\n\u00c7ok say\u0131da vatanda\u015f, sosyal medya hesaplar\u0131ndan depremi hissettiklerine dair payla\u015f\u0131m yaparken sars\u0131nt\u0131; Van, A\u011fr\u0131, Bitlis, I\u011fd\u0131r, Hakkari&#8217;de de hissedildi.<\/p>\n<p>Saat 09.00&#8217;de 3,2 b\u00fcy\u00fckl\u00fc\u011f\u00fcnde art\u00e7\u0131 bir deprem daha oldu. AFAD&#8217;dan depreme ili\u015fkin a\u00e7\u0131klama geldi. Saha tarama \u00e7al\u0131\u015fman\u0131n devam etti\u011fini bildiren AFAD, olumsuz bir durumun olmad\u0131\u011f\u0131n\u0131 duyurdu. <\/p>\n<p>EK\u0130PLER SAHADA<\/p>\n<p>\u0130\u00e7i\u015fleri Bakan\u0131 Mustafa \u00c7ift\u00e7i de sosyal medya hesab\u0131ndan a\u00e7\u0131klama yapt\u0131. <\/p>\n<p>\u201cAFAD, Jandarma, Emniyet ve di\u011fer g\u00f6revli personelimizin saha taramalar\u0131 devam etmektedir.\u201d a\u00e7\u0131klamas\u0131nda bulunan \u00c7ift\u00e7i, \u201c\u015eu ana kadar 112 Acil \u00c7a\u011fr\u0131 Merkezi&#8217;ne gelen ihbarlar\u0131n de\u011ferlendirilmesi sonucunda herhangi bir can kayb\u0131 ve olumsuzluk bulunmamaktad\u0131r.\u201d dedi. NAC\u0130 G\u00d6R\u00dcR: B\u00dcY\u00dcK DEPREM BEKLEM\u0130YORUZ<\/p>\n<p>Yer Bilimcisi Prof. Dr. Naci G\u00f6r\u00fcr, sosyal medya hesab\u0131ndan depreme ili\u015fkin a\u00e7\u0131klama yapt\u0131. <\/p>\n<p>Van-Ye\u015fik\u00f6\u015fk Fay Zonu&#8217;nda meydana gelen depremin bindirme zonunda oldu\u011funu ifade eden G\u00f6r\u00fcr, &#8220;Daha \u00f6nce depremin oldu\u011fu bir yer. 7 b\u00fcy\u00fckl\u00fc\u011f\u00fcnde deprem \u00fcretebilir.&#8221; dedi.<\/p>\n<p>G\u00f6r\u00fcr, b\u00f6lgede \u015fu an i\u00e7in 5,2 b\u00fcy\u00fckl\u00fc\u011f\u00fcnden b\u00fcy\u00fck bir deprem beklemedi\u011fini dile getirdi.<\/p>\n<p>\u201cY\u00dcZEYE YAKIN OLMASINDAN DOLAYI \u015e\u0130DDETL\u0130 H\u0130SSED\u0130LD\u0130\u201d<\/p>\n<p>Jeolog Prof. Dr. Okan T\u00fcys\u00fcz, b\u00f6lgedeki son geli\u015fmeleri NTV yay\u0131n\u0131nda de\u011ferlendirdi. Depremi ili\u015fkin a\u00e7\u0131klama yapan T\u00fcys\u00fcz, depremin y\u00fczeye yak\u0131n olmas\u0131ndan dolay\u0131 \u015fiddetli hissedildi\u011fini dile getirdi. <\/p>\n<p>&#8220;B\u00f6lgede 4,2 b\u00fcy\u00fckl\u00fc\u011f\u00fcne varana art\u00e7\u0131lar\u0131n olmas\u0131n\u0131 bekliyoruz.&#8221; diye konu\u015fan T\u00fcys\u00fcz, \u201cGenellikle ilk 3 g\u00fcnde olabilecek art\u00e7\u0131lar s\u00f6z konusu. Hasar g\u00f6rm\u00fc\u015f yap\u0131lar\u0131n yetkili taraf\u0131ndan incelenip girilmesi gerekiyor.\u201d uyar\u0131s\u0131nda bulundu. <\/p>\n<p>B\u00f6lge yak\u0131n\u0131nda k\u00fc\u00e7\u00fck faylar oldu\u011fundan bahseden T\u00fcys\u00fcz, \u201cBu depremin oldu\u011fu b\u00f6lgede haritalarda diri fay hatt\u0131 g\u00f6stermiyor. 5,2 b\u00fcy\u00fckl\u00fc\u011f\u00fcndeki deprem, \u00e7evre illerde de hissedildi. Bu b\u00f6lgede deprem olmas\u0131 bizim i\u00e7in \u015fa\u015f\u0131rt\u0131c\u0131 de\u011fil.\u201d dedi.<\/p>\n<p>B\u00dcY\u00dcK DEPREM BEKLENT\u0130S\u0130 VAR MI?<\/p>\n<p>T\u00fcys\u00fcz, bu b\u00f6lge i\u00e7in b\u00fcy\u00fck deprem beklentisi i\u00e7inde olmad\u0131\u011f\u0131n\u0131 da s\u00f6zlerine ekleyerek. \u201cB\u00f6lgede \u00e7ok say\u0131da fay var. Ne zaman deprem \u00fcretece\u011fi konusunda net bir bilgi yok.\u201d a\u00e7\u0131klamas\u0131nda bulundu. <\/p>\n<p>B\u00dcY\u00dcK DEPREM\u0130N OLDU\u011eU FAYIN KUZEY\u0130NDE GER\u00c7EKLE\u015eT\u0130<\/p>\n<p>Kocaeli \u00dcniversitesi \u00d6\u011fretim \u00dcyesi Prof. Dr. \u015eerif Bar\u0131\u015f, NTV yay\u0131n\u0131nda depreme ili\u015fkin de\u011ferlendirmelerde bulundu.<\/p>\n<p>Bu sabah meydana gelen depremin 2011&#8217;deki b\u00fcy\u00fck depremin oldu\u011fu b\u00f6lgenin daha kuzeyinde ger\u00e7ekle\u015fti\u011fini s\u00f6yleyen Bar\u0131\u015f, &#8220;O depremlerin aktard\u0131\u011f\u0131 gerilimlerin oldu\u011fu b\u00f6lgede ger\u00e7ekle\u015fen bir deprem.&#8221; dedi.<\/p>\n<p>&#8220;Bu t\u00fcr depremlerin ana fay dedi\u011fimiz b\u00fcy\u00fck faylarda olmad\u0131\u011f\u0131n\u0131 hat\u0131rlatmak \u00f6nemli.&#8221; diyen Bar\u0131\u015f, &#8220;\u0130nsanlar tedirgin olup daha b\u00fcy\u00fck bir deprem i\u00e7erisine girebilirler ama sismolojik a\u00e7\u0131dan bunu s\u00f6ylemek m\u00fcmk\u00fcn de\u011fil.&#8221; \u015feklinde konu\u015ftu.<\/p>\n<p>ART\u00c7I DEPREMLER NE KADAR S\u00dcRECEK?<\/p>\n<p>B\u00f6lgedeki art\u00e7\u0131lar\u0131n 4,2 b\u00fcy\u00fckl\u00fc\u011f\u00fcne kadar \u00e7\u0131kabilece\u011fini ve bir ay boyunca s\u00fcrebilece\u011fini s\u00f6yleyen Bar\u0131\u015f, bu durumun gayet normal oldu\u011funu belirterek, tedirgin olunmamas\u0131 gerekti\u011fini ifade etti.<\/p>\n<p>\u015eerif Bar\u0131\u015f, Van&#8217;da daha b\u00fcy\u00fck bir deprem olup olmayaca\u011f\u0131na y\u00f6nelik soruyu da yan\u0131tlad\u0131.<\/p>\n<p>&#8220;Daha b\u00fcy\u00fck bir deprem bunun arkas\u0131ndan gelir mi, bunu sismolojik olarak s\u00f6ylemek m\u00fcmk\u00fcn de\u011fil.&#8221; ifadesini kullanan \u015eerif Bar\u0131\u015f, &#8220;Daha \u00f6nceki 7,2 depremi \u00f6nc\u00fc bir deprem olmadan meydana geldi. T\u00fcrkiye&#8217;deki depremlerin y\u00fczde 95&#8217;i b\u00fcy\u00fck deprem oluyor, art\u00e7\u0131lar\u0131 devam ediyor. Bu b\u00f6lgede daha \u00f6nceki depremde bir \u00f6nc\u00fc yoktu.&#8221; diye konu\u015ftu.<\/p>\n<p>B\u00f6lgedeki yap\u0131 stokuna dikkat \u00e7eken Bar\u0131\u015f, &#8220;B\u00f6lgede derme \u00e7atma yap\u0131lar var. Basit yap\u0131larda hasar yapabilir. Merkez \u00fcss\u00fcne yak\u0131n k\u00f6ylerde orta hasar beklenebilir.&#8221; dedi.<\/p>\n<p>\u201c\u015e\u0130DDETL\u0130 H\u0130SSETT\u0130K\u201d<\/p>\n<p>NTV yay\u0131n\u0131nda \u015fehirdeki son duruma ili\u015fkin bilgi veren Van DHA muhabiri G\u00fclay Kuyucu, &#8220;Depremi \u015fiddetli hissettik. Vatanda\u015flar kendilerini korkuyla d\u0131\u015far\u0131 att\u0131. AFAD ekipleri b\u00f6lgede incelemelerini s\u00fcrd\u00fcr\u00fcyor. \u015eu ana kadar olumsuz bir durumun olmad\u0131\u011f\u0131n\u0131 s\u00f6yleyebiliriz.&#8221; dedi.<\/p>\n<p>Kuyucu, binada olan vatanda\u015flar\u0131n kendilerini d\u0131\u015far\u0131 att\u0131\u011f\u0131n\u0131 dile getirdi.<\/p>\n<p>Kaynak : ntv.com.tr<\/p>\n"},"alt_text":"","media_type":"image","mime_type":"image\/jpeg","media_details":{"width":1200,"height":675,"file":"2026\/04\/1-25.jpg","sizes":{"medium":{"file":"1-25-300x169.jpg","width":300,"height":169,"mime_type":"image\/jpeg","source_url":"https:\/\/kilosorunum.com\/habercim\/wp-content\/uploads\/2026\/04\/1-25-300x169.jpg"},"large":{"file":"1-25-1024x576.jpg","width":1024,"height":576,"mime_type":"image\/jpeg","source_url":"https:\/\/kilosorunum.com\/habercim\/wp-content\/uploads\/2026\/04\/1-25-1024x576.jpg"},"thumbnail":{"file":"1-25-150x150.jpg","width":150,"height":150,"mime_type":"image\/jpeg","source_url":"https:\/\/kilosorunum.com\/habercim\/wp-content\/uploads\/2026\/04\/1-25-150x150.jpg"},"medium_large":{"file":"1-25-768x432.jpg","width":768,"height":432,"mime_type":"image\/jpeg","source_url":"https:\/\/kilosorunum.com\/habercim\/wp-content\/uploads\/2026\/04\/1-25-768x432.jpg"},"kucukResim":{"file":"1-25-80x50.jpg","width":80,"height":50,"mime_type":"image\/jpeg","source_url":"https:\/\/kilosorunum.com\/habercim\/wp-content\/uploads\/2026\/04\/1-25-80x50.jpg"},"sliderResim":{"file":"1-25-670x330.jpg","width":670,"height":330,"mime_type":"image\/jpeg","source_url":"https:\/\/kilosorunum.com\/habercim\/wp-content\/uploads\/2026\/04\/1-25-670x330.jpg"},"resim1":{"file":"1-25-184x140.jpg","width":184,"height":140,"mime_type":"image\/jpeg","source_url":"https:\/\/kilosorunum.com\/habercim\/wp-content\/uploads\/2026\/04\/1-25-184x140.jpg"},"resim2":{"file":"1-25-216x103.jpg","width":216,"height":103,"mime_type":"image\/jpeg","source_url":"https:\/\/kilosorunum.com\/habercim\/wp-content\/uploads\/2026\/04\/1-25-216x103.jpg"},"resim3":{"file":"1-25-145x70.jpg","width":145,"height":70,"mime_type":"image\/jpeg","source_url":"https:\/\/kilosorunum.com\/habercim\/wp-content\/uploads\/2026\/04\/1-25-145x70.jpg"},"sagSlider":{"file":"1-25-300x150.jpg","width":300,"height":150,"mime_type":"image\/jpeg","source_url":"https:\/\/kilosorunum.com\/habercim\/wp-content\/uploads\/2026\/04\/1-25-300x150.jpg"},"yeniSlider":{"file":"1-25-500x290.jpg","width":500,"height":290,"mime_type":"image\/jpeg","source_url":"https:\/\/kilosorunum.com\/habercim\/wp-content\/uploads\/2026\/04\/1-25-500x290.jpg"},"full":{"file":"1-25.jpg","width":1200,"height":675,"mime_type":"image\/jpeg","source_url":"https:\/\/kilosorunum.com\/habercim\/wp-content\/uploads\/2026\/04\/1-25.jpg"}},"image_meta":{"aperture":"0","credit":"","camera":"","caption":"","created_timestamp":"0","copyright":"","focal_length":"0","iso":"0","shutter_speed":"0","title":"","orientation":"0","keywords":[]}},"post":45693,"source_url":"https:\/\/kilosorunum.com\/habercim\/wp-content\/uploads\/2026\/04\/1-25.jpg","_links":{"self":[{"href":"https:\/\/kilosorunum.com\/habercim\/wp-json\/wp\/v2\/media\/45695"}],"collection":[{"href":"https:\/\/kilosorunum.com\/habercim\/wp-json\/wp\/v2\/media"}],"about":[{"href":"https:\/\/kilosorunum.com\/habercim\/wp-json\/wp\/v2\/types\/attachment"}],"author":[{"embeddable":true,"href":"https:\/\/kilosorunum.com\/habercim\/wp-json\/wp\/v2\/users\/2"}],"replies":[{"embeddable":true,"href":"https:\/\/kilosorunum.com\/habercim\/wp-json\/wp\/v2\/comments?post=45695"}]}}