{"id":45700,"date":"2026-04-04T18:59:29","date_gmt":"2026-04-04T15:59:29","guid":{"rendered":"https:\/\/kilosorunum.com\/habercim\/wp-content\/uploads\/2026\/04\/1-15-768x201-38.jpg"},"modified":"2026-04-04T19:03:36","modified_gmt":"2026-04-04T16:03:36","slug":"1-15-768x201-2358","status":"inherit","type":"attachment","link":"https:\/\/kilosorunum.com\/habercim\/foto-galeri\/ekrem-imamoglu-ile-ilgili\/attachment\/1-15-768x201-2358\/","title":{"rendered":"Ekrem \u0130mamo\u011flu ile ilgili"},"author":2,"comment_status":"open","ping_status":"closed","template":"","meta":[],"description":{"rendered":"<p class=\"attachment\"><a href='https:\/\/kilosorunum.com\/habercim\/wp-content\/uploads\/2026\/04\/1-15-768x201-38.jpg'><img width=\"300\" height=\"79\" src=\"https:\/\/kilosorunum.com\/habercim\/wp-content\/uploads\/2026\/04\/1-15-768x201-38-300x79.jpg\" class=\"attachment-medium size-medium\" alt=\"\" loading=\"lazy\" srcset=\"https:\/\/kilosorunum.com\/habercim\/wp-content\/uploads\/2026\/04\/1-15-768x201-38-300x79.jpg 300w, https:\/\/kilosorunum.com\/habercim\/wp-content\/uploads\/2026\/04\/1-15-768x201-38.jpg 768w\" sizes=\"(max-width: 300px) 100vw, 300px\" \/><\/a><\/p>\n"},"caption":{"rendered":"<p>Ekim 2024&#8217;ten beri s\u00fcren operasyonlarda toplamda 22 belediye ba\u015fkan\u0131 tutuklan\u0131rken, yaln\u0131zca ikisi bu s\u00fcre\u00e7te tahliye edildi! \u015eaibeli kurultay davas\u0131nda &#8216;tan\u0131k&#8217; olarak ifade veren eski CHP Bitlis \u0130l Ba\u015fkan\u0131 Veysi Uyan\u0131k, SABAH&#8217;a konu\u015ftu. Ekrem \u0130mamo\u011flu&#8217;nun CHP Genel Ba\u015fkan\u0131 \u00d6zg\u00fcr \u00d6zel&#8217;e New York&#8217;ta 3 milyon dolarl\u0131k ev ald\u0131\u011f\u0131n\u0131 iddia eden Uyan\u0131k, &#8220;CHP bir \u00e7ete taraf\u0131ndan rehin al\u0131nm\u0131\u015f durumda. \u00dclkeyi ele ge\u00e7irmeye \u00e7al\u0131\u015ft\u0131lar. \u0130mamo\u011flu&#8217;nun getirdi\u011fi paralar olmasa \u00d6zg\u00fcr \u00d6zel kurultayda 150 oyu zor al\u0131rd\u0131. Ak\u0131n G\u00fcrlek \u00fclkeyi belki de u\u00e7urumun kenar\u0131ndan ald\u0131&#8221; dedi. Son dakika&#8230; CHP&#8217;nin 38. Ola\u011fan Kurultay\u0131&#8217;nda usuls\u00fczl\u00fck yap\u0131ld\u0131\u011f\u0131 iddias\u0131yla a\u00e7\u0131lan davada tan\u0131k olarak dinlenen eski CHP Bitlis \u0130l Ba\u015fkan\u0131 Veysi Uyan\u0131k, &#8220;CHP Genel Ba\u015fkan Yard\u0131mc\u0131s\u0131 \u00d6zg\u00fcr Karabat&#8217;tan 100 bin lira ald\u0131m, 20&#8217;\u015fer bin lira olarak delegelere da\u011f\u0131tt\u0131m&#8221; itiraf\u0131yla g\u00fcndem olmu\u015ftu. Ses getiren itiraf sonras\u0131 Uyan\u0131k, bu kez SABAH&#8217;a \u00f6zel a\u00e7\u0131klamalarda bulundu.<br \/>\nZamanla &#8216;de\u011fi\u015fim&#8217; hareketinin CHP ve \u00fclke i\u00e7in ne kadar tehlikeli bir proje oldu\u011funu g\u00f6rd\u00fc\u011f\u00fcn\u00fc kaydeden Uyan\u0131k, &#8220;Benim mahkemede dile getirdi\u011fim iddialar\u0131 kimse yalanlayamaz. Bana kar\u015f\u0131 tek dava a\u00e7am\u0131yorlar. A\u00e7amazlar. \u00c7\u00fcnk\u00fc onlar\u0131n bildikleri her \u015feyi ben de biliyorum&#8221; dedi. Uyan\u0131k&#8217;\u0131n a\u00e7\u0131klamalar\u0131nda \u015fu c\u00fcmleler \u00f6n plana \u00e7\u0131kt\u0131:<\/p>\n<p>&#8216;\u00d6ZG\u00dcR \u00d6ZEL 150 OYU ZOR ALIRDI&#8217;<\/p>\n<p>Kurultayda \u0130mamo\u011flu&#8217;nun \u0130BB&#8217;den getirdi\u011fi paralar olmasa \u00d6zg\u00fcr \u00d6zel 150 oyu zor al\u0131rd\u0131. Kemal Bey fark atar, yoluna devam ederdi. Bunda \u015f\u00fcphe yok. K\u0131l\u0131\u00e7daro\u011flu&#8217;nu yan\u0131ndaki insanlar da \u00e7ok yan\u0131ltt\u0131lar. Hepsi \u00e7ift tarafl\u0131 \u00e7al\u0131\u015ft\u0131, ihanet ettiler. &#8216;800 oyla kazan\u0131yoruz&#8217; diye kand\u0131rd\u0131lar. Olan CHP&#8217;ye oldu. &#8216;AYD\u00d6NER&#8217;\u0130 D\u00d6VECEKT\u0130M&#8217;<\/p>\n<p>CHP&#8217;deki bu sistemin i\u00e7inde \u00d6zg\u00fcr Karabat da var, G\u00f6kan Zeybek de var, G\u00f6khan G\u00fcnayd\u0131n da var, Baki Ayd\u00f6ner de var. Ama esas kasan\u0131n ba\u015f\u0131 Baki Ayd\u00f6ner&#8217;di. O bu sistemin birinci halkas\u0131d\u0131r. Ekrem Bey&#8217;in adam\u0131d\u0131r. Adam PM&#8217;ye girdi genel ba\u015fkan yard\u0131mc\u0131lar\u0131na talimat vermeye ba\u015flad\u0131. Parayla partiyi sat\u0131n ald\u0131klar\u0131 i\u00e7in bu cesareti g\u00f6sterebiliyor. Herkesi maa\u015fa ba\u011flam\u0131\u015flar, herkese emir veriyorlar. Genel ba\u015fkan yard\u0131mc\u0131lar\u0131 Baki Ayd\u00f6ner&#8217;in yan\u0131nda konu\u015fmaya cesaret edemezdi. Bana da tepeden bakmaya \u00e7al\u0131\u015ft\u0131, d\u00f6vecektim elimden zor ald\u0131lar. Buras\u0131 CHP, siz kimsiniz? &#8216;\u0130MAMO\u011eLU ABD&#8217;DE \u00d6ZEL&#8217;E EV ALDI&#8217;<\/p>\n<p>\u00d6zg\u00fcr \u00d6zel \u00e7\u0131k\u0131yor, &#8216;Mafya m\u0131s\u0131n\u0131z siz?&#8217; diyor. Art\u0131k g\u00fcl\u00fcyorum. Ekrem \u0130mamo\u011flu, \u00d6zg\u00fcr \u00d6zel&#8217;e New York Manhattan&#8217;da 3 milyon dolara ev ald\u0131. Bu evi ald\u0131n m\u0131, almad\u0131n m\u0131? Bu evi nerenin kayna\u011f\u0131yla ald\u0131n\u0131z? \u015eu an evin kayd\u0131 bir avukat\u0131n \u00fczerinde mi? \u00c7\u0131k bunlar\u0131 a\u00e7\u0131kla. Ben New York&#8217;tan yeni geldim. O evin i\u00e7 tasar\u0131m\u0131n\u0131 kime yapt\u0131rd\u0131n\u0131z siz? A\u00e7\u0131kla. Siz ancak \u00d6zkan Yal\u0131m gibilerle i\u015f tutars\u0131n\u0131z. Mafya, \u00e7ete as\u0131l sizsiniz. CHP \u015fu an bir \u015febeke taraf\u0131ndan rehin al\u0131nm\u0131\u015f durumda. Bunlar CHP&#8217;li de\u011fil. Bunlar\u0131n nereden geldi\u011fi bile belli de\u011fil. Partiyi ele ge\u00e7irdiler. Her sabah televizyonu utanarak a\u00e7\u0131yoruz. Her sabah bir pislikleri ortaya \u00e7\u0131k\u0131yor. Bunun i\u00e7in mi de\u011fi\u015fim yapt\u0131n\u0131z siz? CHP istila edildi. \u00dclkeyi talan etmek i\u00e7in ele ge\u00e7irmeye \u00e7al\u0131\u015ft\u0131lar. CHP&#8217;yi y\u00f6netenler bug\u00fcn \u0130ngilizlere gidiyor benim \u00fclkemi onlara \u015fik\u00e2yet ediyor. Sizin ipiniz kimin elinde?<br \/>\nCHP&#8217;liler bu y\u00f6netime tepki g\u00f6steremiyor \u00e7\u00fcnk\u00fc neredeyse hepsinin bir yerden rant\u0131 var. CHP y\u00f6netiminin T\u00fcrkiye umurunda falan de\u011fil. Bunlar bu \u00fclkeye ait insanlar bile de\u011fil benim g\u00f6z\u00fcmde. Ben bunlar\u0131n i\u015flerine g\u00f6z yumsam \u015fu an en rahat insan ben olurdum. Bunlar\u0131n i\u00e7indeydim, \u00fcst d\u00fczey sayg\u0131 g\u00f6r\u00fcyordum. Bunu vatanda\u015flar\u0131m\u0131z anlas\u0131n art\u0131k. Bizim dilimizde t\u00fcy bitti. Bu insanlar\u0131 tan\u0131m\u0131yorlar. Ben tan\u0131yorum, bas bas da ba\u011f\u0131rarak anlat\u0131yorum. Bunlara \u00fclke teslim edilmez.<br \/>\n\u00d6zg\u00fcr \u00d6zel&#8217;in eskiden partide hi\u00e7bir a\u011f\u0131rl\u0131\u011f\u0131 yoktu. CHP&#8217;yi \u00d6zg\u00fcr \u00d6zel y\u00f6netmiyor zaten \u015fu anda. \u0130mamo\u011flu ad\u0131na Selin Sayek B\u00f6ke y\u00f6netiyor. Buna ek olarak \u00d6nder Sav ve Veli A\u011fbaba y\u00f6netiyor. Allah muhafaza CHP&#8217;nin \u015fu y\u00f6netimine \u00fclke mi emanet edilir? B\u00f6yle bir olu\u015fuma \u00fclke mi b\u0131rak\u0131l\u0131r?<br \/>\n&#8216;KEMAL BEY&#8217;\u0130 ANLAYAMADIK&#8217;<\/p>\n<p>Kemal Bey, &#8216;Gemiyi g\u00fcvenli limana yana\u015ft\u0131raca\u011f\u0131m&#8217; diyordu o d\u00f6nem. Bu laf\u0131 o g\u00fcn hi\u00e7 kimse anlayamad\u0131. Ama bug\u00fcn o laf\u0131 t\u00fcm CHP&#8217;liler anl\u0131yor. G\u00fcvenli limana maalesef yana\u015famad\u0131 CHP. \u0130\u015fte bu haldeyiz. Ben Kemal Bey&#8217;e kar\u015f\u0131 3 sene m\u00fccadele ettim. Ama bug\u00fcn bunlar\u0131 s\u00f6ylemekten de asla \u00e7ekinmem.<\/p>\n<p>&#8216;ALLAH&#8217;TAN AKIN G\u00dcRLEK VAR&#8217;<\/p>\n<p>Allah&#8217;tan bu \u00fclkede Ak\u0131n G\u00fcrlek gibi vatan evlatlar\u0131 var. Ben onu siyaset \u00fcst\u00fc g\u00f6r\u00fcyorum. Geldi bir tu\u011fla \u00e7ekti. Ak\u0131n G\u00fcrlek bu yap\u0131ya dokunmam\u0131\u015f olsayd\u0131 belki de ilerleyen s\u00fcre\u00e7te \u00fclke elden gidecekti. Allah \u00fclkenin y\u00fcz\u00fcne bakt\u0131, Ak\u0131n G\u00fcrlek bu i\u015fe m\u00fcdahale etti. \u00dclkeyi u\u00e7urumun kenar\u0131ndan ald\u0131lar. Bu bir beka meselesiydi.<\/p>\n<p>Kaynak : sabah.com.tr<\/p>\n"},"alt_text":"","media_type":"image","mime_type":"image\/jpeg","media_details":{"width":768,"height":201,"file":"2026\/04\/1-15-768x201-38.jpg","sizes":{"medium":{"file":"1-15-768x201-38-300x79.jpg","width":300,"height":79,"mime_type":"image\/jpeg","source_url":"https:\/\/kilosorunum.com\/habercim\/wp-content\/uploads\/2026\/04\/1-15-768x201-38-300x79.jpg"},"thumbnail":{"file":"1-15-768x201-38-150x150.jpg","width":150,"height":150,"mime_type":"image\/jpeg","source_url":"https:\/\/kilosorunum.com\/habercim\/wp-content\/uploads\/2026\/04\/1-15-768x201-38-150x150.jpg"},"kucukResim":{"file":"1-15-768x201-38-80x50.jpg","width":80,"height":50,"mime_type":"image\/jpeg","source_url":"https:\/\/kilosorunum.com\/habercim\/wp-content\/uploads\/2026\/04\/1-15-768x201-38-80x50.jpg"},"sliderResim":{"file":"1-15-768x201-38-670x201.jpg","width":670,"height":201,"mime_type":"image\/jpeg","source_url":"https:\/\/kilosorunum.com\/habercim\/wp-content\/uploads\/2026\/04\/1-15-768x201-38-670x201.jpg"},"resim1":{"file":"1-15-768x201-38-184x140.jpg","width":184,"height":140,"mime_type":"image\/jpeg","source_url":"https:\/\/kilosorunum.com\/habercim\/wp-content\/uploads\/2026\/04\/1-15-768x201-38-184x140.jpg"},"resim2":{"file":"1-15-768x201-38-216x103.jpg","width":216,"height":103,"mime_type":"image\/jpeg","source_url":"https:\/\/kilosorunum.com\/habercim\/wp-content\/uploads\/2026\/04\/1-15-768x201-38-216x103.jpg"},"resim3":{"file":"1-15-768x201-38-145x70.jpg","width":145,"height":70,"mime_type":"image\/jpeg","source_url":"https:\/\/kilosorunum.com\/habercim\/wp-content\/uploads\/2026\/04\/1-15-768x201-38-145x70.jpg"},"sagSlider":{"file":"1-15-768x201-38-300x150.jpg","width":300,"height":150,"mime_type":"image\/jpeg","source_url":"https:\/\/kilosorunum.com\/habercim\/wp-content\/uploads\/2026\/04\/1-15-768x201-38-300x150.jpg"},"yeniSlider":{"file":"1-15-768x201-38-500x201.jpg","width":500,"height":201,"mime_type":"image\/jpeg","source_url":"https:\/\/kilosorunum.com\/habercim\/wp-content\/uploads\/2026\/04\/1-15-768x201-38-500x201.jpg"},"full":{"file":"1-15-768x201-38.jpg","width":768,"height":201,"mime_type":"image\/jpeg","source_url":"https:\/\/kilosorunum.com\/habercim\/wp-content\/uploads\/2026\/04\/1-15-768x201-38.jpg"}},"image_meta":{"aperture":"0","credit":"","camera":"","caption":"","created_timestamp":"0","copyright":"","focal_length":"0","iso":"0","shutter_speed":"0","title":"","orientation":"0","keywords":[]}},"post":45698,"source_url":"https:\/\/kilosorunum.com\/habercim\/wp-content\/uploads\/2026\/04\/1-15-768x201-38.jpg","_links":{"self":[{"href":"https:\/\/kilosorunum.com\/habercim\/wp-json\/wp\/v2\/media\/45700"}],"collection":[{"href":"https:\/\/kilosorunum.com\/habercim\/wp-json\/wp\/v2\/media"}],"about":[{"href":"https:\/\/kilosorunum.com\/habercim\/wp-json\/wp\/v2\/types\/attachment"}],"author":[{"embeddable":true,"href":"https:\/\/kilosorunum.com\/habercim\/wp-json\/wp\/v2\/users\/2"}],"replies":[{"embeddable":true,"href":"https:\/\/kilosorunum.com\/habercim\/wp-json\/wp\/v2\/comments?post=45700"}]}}