{"id":45757,"date":"2026-04-05T18:07:47","date_gmt":"2026-04-05T15:07:47","guid":{"rendered":"https:\/\/kilosorunum.com\/habercim\/wp-content\/uploads\/2026\/04\/1-15-768x201-51.jpg"},"modified":"2026-04-05T18:09:29","modified_gmt":"2026-04-05T15:09:29","slug":"1-15-768x201-2371","status":"inherit","type":"attachment","link":"https:\/\/kilosorunum.com\/habercim\/foto-galeri\/25-genelkurmay-baskani\/attachment\/1-15-768x201-2371\/","title":{"rendered":"25. Genelkurmay Ba\u015fkan\u0131"},"author":2,"comment_status":"open","ping_status":"closed","template":"","meta":[],"description":{"rendered":"<p class=\"attachment\"><a href='https:\/\/kilosorunum.com\/habercim\/wp-content\/uploads\/2026\/04\/1-15-768x201-51.jpg'><img width=\"300\" height=\"79\" src=\"https:\/\/kilosorunum.com\/habercim\/wp-content\/uploads\/2026\/04\/1-15-768x201-51-300x79.jpg\" class=\"attachment-medium size-medium\" alt=\"\" loading=\"lazy\" srcset=\"https:\/\/kilosorunum.com\/habercim\/wp-content\/uploads\/2026\/04\/1-15-768x201-51-300x79.jpg 300w, https:\/\/kilosorunum.com\/habercim\/wp-content\/uploads\/2026\/04\/1-15-768x201-51.jpg 768w\" sizes=\"(max-width: 300px) 100vw, 300px\" \/><\/a><\/p>\n"},"caption":{"rendered":"<p>T\u00fcrk Silahl\u0131 Kuvvetleri&#8217;nin 25. Genelkurmay Ba\u015fkanl\u0131\u011f\u0131 g\u00f6revini \u00fcstlenen Ya\u015far B\u00fcy\u00fckan\u0131t, 78 ya\u015f\u0131nda hayata veda etti. Bir s\u00fcredir hastanede yo\u011fun bak\u0131mda bulunan, hastanede tedavi alt\u0131nda olmas\u0131 dolay\u0131s\u0131yla birka\u00e7 g\u00fcn \u00f6nce vefat eden kar\u0131s\u0131n\u0131n cenazesine de gidemeyen Ya\u015far B\u00fcy\u00fckan\u0131t, 21 Kas\u0131m tarihinde hayata g\u00f6zlerini yumdu. Peki, Ya\u015far B\u00fcy\u00fckan\u0131t kimdir? \u0130\u015fte, hayat\u0131 hakk\u0131nda baz\u0131 bilgiler<br \/>\nT\u00fcrk Silahl\u0131 Kuvvetlerinin 25&#8217;inci Genelkurmay Ba\u015fkan\u0131 olan, Orgeneral Ya\u015far B\u00dcY\u00dcKANIT, 1940 y\u0131l\u0131nda \u0130stanbul&#8217;da do\u011fmu\u015f, 1961 y\u0131l\u0131nda Kara Harp Okulundan, 1963 y\u0131l\u0131nda Piyade Okulundan mezun olmu\u015ftur.<br \/>\n1970 y\u0131l\u0131na kadar Kara Kuvvetleri Komutanl\u0131\u011f\u0131na ba\u011fl\u0131 \u00e7e\u015fitli birliklerde Tak\u0131m ve B\u00f6l\u00fck Komutanl\u0131\u011f\u0131 yapan Orgeneral B\u00dcY\u00dcKANIT, 1972 y\u0131l\u0131nda Kara Harp Akademisini kurmay subay olarak bitirdikten sonra; 6&#8217;nc\u0131 Piyade T\u00fcmeninde Harek\u00e2t \u015eube M\u00fcd\u00fcrl\u00fc\u011f\u00fc, Kara Harp Akademisinde \u00d6\u011fretim \u00dcyeli\u011fi, Bel\u00e7ika\/Mons&#8217;ta Avrupa M\u00fcttefik Kuvvetler Komutanl\u0131\u011f\u0131 Y\u00fcksek Kararg\u00e2h\u0131nda (SHAPE) \u0130stihbarat Daire Temel \u0130stihbarat \u015eubesi Kuvvet ve Sistem K\u0131s\u0131m Amirli\u011fi, Genelkurmay Personel Daire General-Amiral \u015eubesinde K\u0131s\u0131m Amirli\u011fi ve \u015eube M\u00fcd\u00fcrl\u00fc\u011f\u00fc, Kuleli Asker\u00ee Lisesi Komutanl\u0131\u011f\u0131 ve Cumhurba\u015fkanl\u0131\u011f\u0131 Muhaf\u0131z Alay Komutanl\u0131\u011f\u0131 g\u00f6revlerini y\u00fcr\u00fctm\u00fc\u015ft\u00fcr.<br \/>\n1988 y\u0131l\u0131nda Tu\u011fgeneralli\u011fe terfi etmi\u015ftir. Tu\u011fgeneral r\u00fctbesi ile 2&#8217;nci Z\u0131rhl\u0131 Tugay Komutanl\u0131\u011f\u0131 ve \u0130talya\/Napoli&#8217;de NATO G\u00fcney Avrupa M\u00fcttefik Kuvvetler Komutanl\u0131\u011f\u0131nda (AFSOUTH) \u0130stihbarat Daire Ba\u015fkanl\u0131\u011f\u0131 yapm\u0131\u015f, 1992 y\u0131l\u0131nda T\u00fcmgeneralli\u011fe terfi etmi\u015ftir. T\u00fcmgeneral r\u00fctbesi ile Genelkurmay Genel Sekreterli\u011fi ve Kara Harp Okulu Komutanl\u0131\u011f\u0131 g\u00f6revlerinde bulunmu\u015f, 1996 y\u0131l\u0131nda Korgeneralli\u011fe terfi etmi\u015ftir. Korgeneral r\u00fctbesi ile 7&#8217;nci Kolordu Komutanl\u0131\u011f\u0131 ve Genelkurmay Harek\u00e2t Ba\u015fkanl\u0131\u011f\u0131 g\u00f6revlerinde bulunduktan sonra 2000 y\u0131l\u0131nda Orgeneralli\u011fe terfi etmi\u015ftir. Orgeneral r\u00fctbesi ile Genelkurmay II&#8217;nci Ba\u015fkanl\u0131\u011f\u0131, 1&#8217;inci Ordu Komutanl\u0131\u011f\u0131 ve Kara Kuvvetleri Komutanl\u0131\u011f\u0131 g\u00f6revlerinde bulunmu\u015f, 28 A\u011fustos 2006 tarihinde atand\u0131\u011f\u0131 Genelkurmay Ba\u015fkanl\u0131\u011f\u0131 g\u00f6revinden 30 A\u011fustos 2008 tarihinde emekliye ayr\u0131lm\u0131\u015ft\u0131r.<br \/>\nOrgeneral B\u00dcY\u00dcKANIT; TSK \u015eeref Madalyas\u0131, TSK \u00dcst\u00fcn Cesaret ve Feragat Madalyas\u0131, TSK \u00dcst\u00fcn Hizmet Madalyas\u0131, \u0130talya \u015eeref Ni\u015fan\u0131, ABD Liyakat Madalyas\u0131, Pakistan \u0130mtiyaz Ni\u015fan\u0131 ve Kore Cumhuriyeti Tongil Liyakat Madalyas\u0131 sahibidir.<br \/>\nBayan Filiz B\u00dcY\u00dcKANIT ile evli olan Orgeneral Ya\u015far B\u00dcY\u00dcKANIT&#8217;\u0131n bir \u00e7ocu\u011fu vard\u0131r. \u0130ngilizce bilmektedir.<\/p>\n<p>Kaynak : hurriyet.com.tr<\/p>\n"},"alt_text":"","media_type":"image","mime_type":"image\/jpeg","media_details":{"width":768,"height":201,"file":"2026\/04\/1-15-768x201-51.jpg","sizes":{"medium":{"file":"1-15-768x201-51-300x79.jpg","width":300,"height":79,"mime_type":"image\/jpeg","source_url":"https:\/\/kilosorunum.com\/habercim\/wp-content\/uploads\/2026\/04\/1-15-768x201-51-300x79.jpg"},"thumbnail":{"file":"1-15-768x201-51-150x150.jpg","width":150,"height":150,"mime_type":"image\/jpeg","source_url":"https:\/\/kilosorunum.com\/habercim\/wp-content\/uploads\/2026\/04\/1-15-768x201-51-150x150.jpg"},"kucukResim":{"file":"1-15-768x201-51-80x50.jpg","width":80,"height":50,"mime_type":"image\/jpeg","source_url":"https:\/\/kilosorunum.com\/habercim\/wp-content\/uploads\/2026\/04\/1-15-768x201-51-80x50.jpg"},"sliderResim":{"file":"1-15-768x201-51-670x201.jpg","width":670,"height":201,"mime_type":"image\/jpeg","source_url":"https:\/\/kilosorunum.com\/habercim\/wp-content\/uploads\/2026\/04\/1-15-768x201-51-670x201.jpg"},"resim1":{"file":"1-15-768x201-51-184x140.jpg","width":184,"height":140,"mime_type":"image\/jpeg","source_url":"https:\/\/kilosorunum.com\/habercim\/wp-content\/uploads\/2026\/04\/1-15-768x201-51-184x140.jpg"},"resim2":{"file":"1-15-768x201-51-216x103.jpg","width":216,"height":103,"mime_type":"image\/jpeg","source_url":"https:\/\/kilosorunum.com\/habercim\/wp-content\/uploads\/2026\/04\/1-15-768x201-51-216x103.jpg"},"resim3":{"file":"1-15-768x201-51-145x70.jpg","width":145,"height":70,"mime_type":"image\/jpeg","source_url":"https:\/\/kilosorunum.com\/habercim\/wp-content\/uploads\/2026\/04\/1-15-768x201-51-145x70.jpg"},"sagSlider":{"file":"1-15-768x201-51-300x150.jpg","width":300,"height":150,"mime_type":"image\/jpeg","source_url":"https:\/\/kilosorunum.com\/habercim\/wp-content\/uploads\/2026\/04\/1-15-768x201-51-300x150.jpg"},"yeniSlider":{"file":"1-15-768x201-51-500x201.jpg","width":500,"height":201,"mime_type":"image\/jpeg","source_url":"https:\/\/kilosorunum.com\/habercim\/wp-content\/uploads\/2026\/04\/1-15-768x201-51-500x201.jpg"},"full":{"file":"1-15-768x201-51.jpg","width":768,"height":201,"mime_type":"image\/jpeg","source_url":"https:\/\/kilosorunum.com\/habercim\/wp-content\/uploads\/2026\/04\/1-15-768x201-51.jpg"}},"image_meta":{"aperture":"0","credit":"","camera":"","caption":"","created_timestamp":"0","copyright":"","focal_length":"0","iso":"0","shutter_speed":"0","title":"","orientation":"0","keywords":[]}},"post":45755,"source_url":"https:\/\/kilosorunum.com\/habercim\/wp-content\/uploads\/2026\/04\/1-15-768x201-51.jpg","_links":{"self":[{"href":"https:\/\/kilosorunum.com\/habercim\/wp-json\/wp\/v2\/media\/45757"}],"collection":[{"href":"https:\/\/kilosorunum.com\/habercim\/wp-json\/wp\/v2\/media"}],"about":[{"href":"https:\/\/kilosorunum.com\/habercim\/wp-json\/wp\/v2\/types\/attachment"}],"author":[{"embeddable":true,"href":"https:\/\/kilosorunum.com\/habercim\/wp-json\/wp\/v2\/users\/2"}],"replies":[{"embeddable":true,"href":"https:\/\/kilosorunum.com\/habercim\/wp-json\/wp\/v2\/comments?post=45757"}]}}