{"id":46053,"date":"2026-04-10T13:52:40","date_gmt":"2026-04-10T10:52:40","guid":{"rendered":"https:\/\/kilosorunum.com\/habercim\/wp-content\/uploads\/2026\/04\/1-102.jpg"},"modified":"2026-04-10T13:53:53","modified_gmt":"2026-04-10T10:53:53","slug":"1-5837","status":"inherit","type":"attachment","link":"https:\/\/kilosorunum.com\/habercim\/foto-galeri\/ateskes-ihlali\/attachment\/1-5837\/","title":{"rendered":"Ate\u015fkes \u0130hlali"},"author":2,"comment_status":"open","ping_status":"closed","template":"","meta":[],"description":{"rendered":"<p class=\"attachment\"><a href='https:\/\/kilosorunum.com\/habercim\/wp-content\/uploads\/2026\/04\/1-102.jpg'><img width=\"300\" height=\"169\" src=\"https:\/\/kilosorunum.com\/habercim\/wp-content\/uploads\/2026\/04\/1-102-300x169.jpg\" class=\"attachment-medium size-medium\" alt=\"\" loading=\"lazy\" srcset=\"https:\/\/kilosorunum.com\/habercim\/wp-content\/uploads\/2026\/04\/1-102-300x169.jpg 300w, https:\/\/kilosorunum.com\/habercim\/wp-content\/uploads\/2026\/04\/1-102-1024x576.jpg 1024w, https:\/\/kilosorunum.com\/habercim\/wp-content\/uploads\/2026\/04\/1-102-768x432.jpg 768w, https:\/\/kilosorunum.com\/habercim\/wp-content\/uploads\/2026\/04\/1-102.jpg 1200w\" sizes=\"(max-width: 300px) 100vw, 300px\" \/><\/a><\/p>\n"},"caption":{"rendered":"<p>ABD ile \u0130ran aras\u0131nda Pakistan arabuluculu\u011funda var\u0131lan ve \u0130srail&#8217;i de kapsayan ate\u015fkesin ard\u0131ndan taraflar \u0130slamabad&#8217;da bir araya gelinmesi konusunda anla\u015ft\u0131.<br \/>\nPakistan&#8217;da 11 Nisan&#8217;da yap\u0131lmas\u0131 planlanan g\u00f6r\u00fc\u015fmelerde \u0130ran heyetine Meclis Ba\u015fkan\u0131 Muhammed Bak\u0131r Kalibaf&#8217;\u0131n ba\u015fkanl\u0131k etmesi, ABD\u2019yi de Ba\u015fkan Yard\u0131mc\u0131s\u0131 James David Vance&#8217;in temsil etmesi \u00f6ng\u00f6r\u00fcl\u00fcyor.<\/p>\n<p>G\u00f6r\u00fc\u015fmelerde, \u00e7ok boyutlu bir krize d\u00f6n\u00fc\u015fen sava\u015f\u0131n ard\u0131ndan ilan edilen ge\u00e7ici ate\u015fkesin kal\u0131c\u0131 hale getirilmesi hedeflenirken, taraflar\u0131n birbirine sundu\u011fu kar\u015f\u0131 metinler ve sahada ya\u015fanan \u00e7eli\u015fkili a\u00e7\u0131klamalar, g\u00f6r\u00fc\u015fmelerin ger\u00e7ekle\u015fme ihtimalini zora sokarken bar\u0131\u015f umutlar\u0131n\u0131 da ciddi \u015fekilde sars\u0131yor.<\/p>\n<p>Trump\u2019\u0131n 15 maddelik taleplerinde belirsizlik, \u0130ran\u2019\u0131n 10 maddede \u0131srar\u0131<br \/>\nS\u00fcrecin fitili, ABD Ba\u015fkan\u0131 Donald Trump\u2019\u0131n &#8220;sava\u015f\u0131 bitirmek&#8221; ad\u0131na masaya s\u00fcrd\u00fc\u011f\u00fc 15 maddelik sert bir &#8220;\u00e7\u00f6z\u00fcm paketiyle&#8221; ate\u015flendi.<\/p>\n<p>Trump\u2019\u0131n &#8220;nihai teklif&#8221; olarak sundu\u011fu bu metin; \u0130ran\u2019\u0131n t\u00fcm n\u00fckleer tesislerinin s\u00f6k\u00fclmesini, mevcut uranyum stoklar\u0131n\u0131n yurt d\u0131\u015f\u0131na transferini, balistik f\u00fcze program\u0131n\u0131n k\u0131s\u0131tlanmas\u0131 ve H\u00fcrm\u00fcz Bo\u011faz\u0131\u2019n\u0131n hi\u00e7bir \u00fccret talep edilmeksizin derhal d\u00fcnya trafi\u011fine a\u00e7\u0131lmas\u0131n\u0131 \u015fart ko\u015fuyordu.<\/p>\n<p>Ancak Tahran y\u00f6netimi, bu maddeleri &#8220;ulusal egemenli\u011fe bir sald\u0131r\u0131 ve teslimiyet belgesi&#8221; \u015feklinde nitelendirerek reddetti. \u0130ran, Trump\u2019\u0131n 15 maddelik teklifine yan\u0131t olarak kendi 10 maddelik kar\u015f\u0131 metnini masaya koydu.<\/p>\n<p>Tahran\u2019\u0131n bu kar\u015f\u0131 hamlesi, topraklar\u0131na y\u00f6nelik bir daha sald\u0131r\u0131 d\u00fczenlenmeyece\u011fine dair kesin garanti verilmesini, yapt\u0131r\u0131mlar\u0131n kald\u0131r\u0131lmas\u0131n\u0131, sivil n\u00fckleer program\u0131n\u0131n tan\u0131nmas\u0131n\u0131 ve dondurulan varl\u0131klar\u0131n iadesi ve tazminat gibi maddeleri i\u00e7eriyor.<\/p>\n<p>\u0130ran&#8217;\u0131n teklifinde en dikkati \u00e7ekici madde ise &#8220;H\u00fcrm\u00fcz Bo\u011faz\u0131 i\u00e7in yeni ge\u00e7i\u015f protokol\u00fcn\u00fc&#8221; i\u00e7eriyor. \u0130ran, bu s\u00fcre\u00e7te H\u00fcrm\u00fcz Bo\u011faz\u0131&#8217;ndaki gemilerden ge\u00e7i\u015f \u00fccreti al\u0131nmas\u0131n\u0131 \u00f6ng\u00f6ren yasa tasar\u0131s\u0131 haz\u0131rlad\u0131\u011f\u0131n\u0131 duyurdu.<\/p>\n<p>ABD y\u00f6netiminin ate\u015fkesin hemen \u00f6ncesinde 15 maddelik plan\u0131nda ne t\u00fcr de\u011fi\u015fiklikler yapt\u0131\u011f\u0131 ise tam olarak bilinmiyor.<\/p>\n<p>ABD&#8217;den \u0130ran&#8217;\u0131n 10 maddelik teklifine ili\u015fkin \u00e7eli\u015fkili a\u00e7\u0131klamalar<br \/>\nDiplomatik belirsizli\u011fi zirveye ta\u015f\u0131yan geli\u015fme ABD kanad\u0131nda ya\u015fand\u0131.<\/p>\n<p>Ate\u015fkesin duyurulmas\u0131n\u0131n ard\u0131ndan Trump, sosyal medya \u00fczerinden \u0130ran\u2019\u0131n 10 maddelik kar\u015f\u0131 teklifini &#8220;mant\u0131kl\u0131 ve \u00fczerinde konu\u015fulabilir bir zemin&#8221; \u015feklinde niteleyerek &#8220;bar\u0131\u015fa&#8221; ye\u015fil \u0131\u015f\u0131k yakt\u0131.<\/p>\n<p>Trump\u2019\u0131n bu iyimser mesaj\u0131 piyasalarda k\u0131sa s\u00fcreli bir rahatlama sa\u011flasa da Ba\u015fkan Yard\u0131mc\u0131s\u0131 Vance ve Beyaz Saray S\u00f6zc\u00fcl\u00fc\u011f\u00fc\u2019nden taban tabana z\u0131t \u00e7\u0131k\u0131\u015flar geldi.<\/p>\n<p>Beyaz Saray \u0130ran\u2019\u0131n taleplerinin mevcut haliyle &#8220;kesinlikle kabul edilemez&#8221; oldu\u011funu ve Trump\u2019\u0131n &#8220;mant\u0131kl\u0131&#8221; dedi\u011fi teklifin masada yer alamayaca\u011f\u0131n\u0131 savunarak Trump&#8217;\u0131n a\u00e7\u0131klamalar\u0131n\u0131 adeta tekzip etti.<\/p>\n<p>Vance de talepleri &#8220;kabul edilemez&#8221; olarak niteledi.<\/p>\n<p>Ate\u015fkesin L\u00fcbnan&#8217;\u0131 da kapsamas\u0131 gereklili\u011fi<br \/>\nAte\u015fkesin ilan edilmesinden sonra ilk b\u00fcy\u00fck anla\u015fmazl\u0131k, arabulucu Pakistan Ba\u015fbakan\u0131 \u015eahbaz \u015eerif\u2019in a\u00e7\u0131klamas\u0131 sonras\u0131nda ya\u015fand\u0131.<\/p>\n<p>\u015eerif, \u0130ran&#8217;\u0131n da 10 maddelik teklifinde yer ald\u0131\u011f\u0131 \u015fekilde mutabakat\u0131n &#8220;L\u00fcbnan dahil her yerde&#8221; ge\u00e7erli olaca\u011f\u0131n\u0131 duyurarak Hizbullah-\u0130srail cephesinde de silahlar\u0131n susaca\u011f\u0131n\u0131 ilan etti.<\/p>\n<p>Bu a\u00e7\u0131klama b\u00f6lgede sevin\u00e7le kar\u015f\u0131lan\u0131rken masada ABD&#8217;yi temsil edecek Ba\u015fkan Yard\u0131mc\u0131s\u0131 Vance\u2019den yalanlama geldi. Vance, \u0130srail\u2019in L\u00fcbnan&#8217;a sald\u0131r\u0131lar\u0131n\u0131n \u0130ran\u2019la yap\u0131lan ge\u00e7ici ate\u015fkesin bir par\u00e7as\u0131 olmad\u0131\u011f\u0131n\u0131 savunarak Pakistan\u2019\u0131n a\u00e7\u0131klamas\u0131n\u0131 inkar etti.<\/p>\n<p>Washington\u2019daki kafa kar\u0131\u015f\u0131kl\u0131\u011f\u0131n\u0131n perde arkas\u0131 ise d\u00fcn CBS News\u2019in Amerikal\u0131 yetkililere dayand\u0131rd\u0131\u011f\u0131 bir haberle netle\u015fti.<\/p>\n<p>Habere g\u00f6re Trump, ba\u015flang\u0131\u00e7ta ate\u015fkesin b\u00f6lge geneline yay\u0131lmas\u0131 i\u00e7in L\u00fcbnan\u2019\u0131n da kapsama dahil edilmesine onay verdi ancak bu tutum, \u0130srail Ba\u015fbakan\u0131 Binyamin Netanyahu ile yapt\u0131\u011f\u0131 kritik telefon g\u00f6r\u00fc\u015fmesinin ard\u0131ndan de\u011fi\u015fti.<\/p>\n<p>Netanyahu\u2019nun, L\u00fcbnan&#8217;a y\u00f6nelik sald\u0131r\u0131lar\u0131n durmas\u0131n\u0131n \u0130srail\u2019in g\u00fcvenli\u011fini tehlikeye ataca\u011f\u0131 y\u00f6n\u00fcndeki bask\u0131s\u0131 \u00fczerine Trump, d\u00f6n\u00fc\u015f yaparak L\u00fcbnan\u2019\u0131n ate\u015fkes d\u0131\u015f\u0131nda tutulmas\u0131 gerekti\u011fini kabul etti.<\/p>\n<p>Trump, daha sonra PBS&#8217;e yapt\u0131\u011f\u0131 a\u00e7\u0131klamada, &#8220;L\u00fcbnan, Hizbullah nedeniyle dahil edilmedi. O mesele ayr\u0131ca halledilecek.&#8221; diyerek bu geri ad\u0131m\u0131 do\u011frulad\u0131.<\/p>\n<p>\u0130ran ile birlikte T\u00fcrkiye, \u0130spanya, Fransa, \u0130ngiltere, \u00c7in, Rusya ba\u015fta olmak \u00fczere bir\u00e7ok \u00fclke de ate\u015fkesin L\u00fcbnan&#8217;\u0131 kapsamas\u0131 gerekti\u011fini vurgularken \u0130srail, L\u00fcbnan&#8217;a sald\u0131r\u0131lar\u0131n\u0131 s\u00fcrd\u00fcr\u00fcyor.<\/p>\n<p>\u0130srail&#8217;in L\u00fcbnan&#8217;a sald\u0131r\u0131lar\u0131 ve ABD&#8217;den gelen \u00e7eli\u015fkili a\u00e7\u0131klamalar g\u00f6r\u00fc\u015fmeleri belirsizle\u015ftiriyor<br \/>\nTahran y\u00f6netimi, ate\u015fkesin devam\u0131n\u0131n, \u0130srail&#8217;in L\u00fcbnan&#8217;a sald\u0131r\u0131lar\u0131n\u0131n durdurulmas\u0131na ba\u011fl\u0131 olaca\u011f\u0131na dair a\u00e7\u0131klamalar yapt\u0131.<\/p>\n<p>Son olarak Cumhurba\u015fkan\u0131 Mesud Peze\u015fkiyan, \u0130srail&#8217;in L\u00fcbnan&#8217;a sald\u0131r\u0131lar\u0131n\u0131n, ABD ile var\u0131lan ate\u015fkes anla\u015fmas\u0131n\u0131n ihlali oldu\u011funu belirterek, ate\u015fkesi ihlal eden sald\u0131r\u0131lar\u0131n devam\u0131n\u0131n, \u0130ran ve ABD aras\u0131nda planlanan m\u00fczakereleri &#8220;anlams\u0131z&#8221; hale getirece\u011fi uyar\u0131s\u0131nda bulunarak g\u00f6r\u00fc\u015fmelerin iptal olabilece\u011fine i\u015faret etti.<\/p>\n<p>Meclis Ba\u015fkan\u0131 Kalibaf da d\u00fcn yapt\u0131\u011f\u0131 a\u00e7\u0131klamada, ge\u00e7ici ate\u015fkesin L\u00fcbnan&#8217;\u0131 da kapsad\u0131\u011f\u0131n\u0131 ve ate\u015fkes ihlallerinin &#8220;g\u00fc\u00e7l\u00fc tepkiler&#8221; do\u011furaca\u011f\u0131n\u0131 ifade ederek, ABD&#8217;ye &#8220;Ate\u015fi hemen s\u00f6nd\u00fcr\u00fcn.&#8221; \u00e7a\u011fr\u0131s\u0131nda bulundu.<\/p>\n<p>Kalibaf, daha sonra tekrar yapt\u0131\u011f\u0131 a\u00e7\u0131klamas\u0131nda, ayn\u0131 \u00e7a\u011fr\u0131lar\u0131n\u0131 &#8220;Zaman daral\u0131yor.&#8221; ifadeleriyle yeniden payla\u015ft\u0131.<\/p>\n<p>T\u00fcm bu geli\u015fmeler \u0131\u015f\u0131\u011f\u0131nda, 11 Nisan\u2019da \u0130slamabad\u2019da yap\u0131lmas\u0131 planlanan g\u00f6r\u00fc\u015fmeler kritik bir d\u00f6n\u00fcm noktas\u0131 olarak g\u00f6r\u00fclse de hem L\u00fcbnan&#8217;a devam eden sald\u0131r\u0131lar hem ABD taraf\u0131ndaki \u00e7eli\u015fkili a\u00e7\u0131klamalar, diplomatik zemini zay\u0131flat\u0131rken m\u00fczakerelerin ger\u00e7ekle\u015fip ger\u00e7ekle\u015fmeyece\u011fini bile belirsiz hale getiriyor. <\/p>\n<p>Kaynak : trthaber.com<\/p>\n"},"alt_text":"","media_type":"image","mime_type":"image\/jpeg","media_details":{"width":1200,"height":675,"file":"2026\/04\/1-102.jpg","sizes":{"medium":{"file":"1-102-300x169.jpg","width":300,"height":169,"mime_type":"image\/jpeg","source_url":"https:\/\/kilosorunum.com\/habercim\/wp-content\/uploads\/2026\/04\/1-102-300x169.jpg"},"large":{"file":"1-102-1024x576.jpg","width":1024,"height":576,"mime_type":"image\/jpeg","source_url":"https:\/\/kilosorunum.com\/habercim\/wp-content\/uploads\/2026\/04\/1-102-1024x576.jpg"},"thumbnail":{"file":"1-102-150x150.jpg","width":150,"height":150,"mime_type":"image\/jpeg","source_url":"https:\/\/kilosorunum.com\/habercim\/wp-content\/uploads\/2026\/04\/1-102-150x150.jpg"},"medium_large":{"file":"1-102-768x432.jpg","width":768,"height":432,"mime_type":"image\/jpeg","source_url":"https:\/\/kilosorunum.com\/habercim\/wp-content\/uploads\/2026\/04\/1-102-768x432.jpg"},"kucukResim":{"file":"1-102-80x50.jpg","width":80,"height":50,"mime_type":"image\/jpeg","source_url":"https:\/\/kilosorunum.com\/habercim\/wp-content\/uploads\/2026\/04\/1-102-80x50.jpg"},"sliderResim":{"file":"1-102-670x330.jpg","width":670,"height":330,"mime_type":"image\/jpeg","source_url":"https:\/\/kilosorunum.com\/habercim\/wp-content\/uploads\/2026\/04\/1-102-670x330.jpg"},"resim1":{"file":"1-102-184x140.jpg","width":184,"height":140,"mime_type":"image\/jpeg","source_url":"https:\/\/kilosorunum.com\/habercim\/wp-content\/uploads\/2026\/04\/1-102-184x140.jpg"},"resim2":{"file":"1-102-216x103.jpg","width":216,"height":103,"mime_type":"image\/jpeg","source_url":"https:\/\/kilosorunum.com\/habercim\/wp-content\/uploads\/2026\/04\/1-102-216x103.jpg"},"resim3":{"file":"1-102-145x70.jpg","width":145,"height":70,"mime_type":"image\/jpeg","source_url":"https:\/\/kilosorunum.com\/habercim\/wp-content\/uploads\/2026\/04\/1-102-145x70.jpg"},"sagSlider":{"file":"1-102-300x150.jpg","width":300,"height":150,"mime_type":"image\/jpeg","source_url":"https:\/\/kilosorunum.com\/habercim\/wp-content\/uploads\/2026\/04\/1-102-300x150.jpg"},"yeniSlider":{"file":"1-102-500x290.jpg","width":500,"height":290,"mime_type":"image\/jpeg","source_url":"https:\/\/kilosorunum.com\/habercim\/wp-content\/uploads\/2026\/04\/1-102-500x290.jpg"},"full":{"file":"1-102.jpg","width":1200,"height":675,"mime_type":"image\/jpeg","source_url":"https:\/\/kilosorunum.com\/habercim\/wp-content\/uploads\/2026\/04\/1-102.jpg"}},"image_meta":{"aperture":"0","credit":"","camera":"","caption":"","created_timestamp":"0","copyright":"","focal_length":"0","iso":"0","shutter_speed":"0","title":"","orientation":"0","keywords":[]}},"post":46051,"source_url":"https:\/\/kilosorunum.com\/habercim\/wp-content\/uploads\/2026\/04\/1-102.jpg","_links":{"self":[{"href":"https:\/\/kilosorunum.com\/habercim\/wp-json\/wp\/v2\/media\/46053"}],"collection":[{"href":"https:\/\/kilosorunum.com\/habercim\/wp-json\/wp\/v2\/media"}],"about":[{"href":"https:\/\/kilosorunum.com\/habercim\/wp-json\/wp\/v2\/types\/attachment"}],"author":[{"embeddable":true,"href":"https:\/\/kilosorunum.com\/habercim\/wp-json\/wp\/v2\/users\/2"}],"replies":[{"embeddable":true,"href":"https:\/\/kilosorunum.com\/habercim\/wp-json\/wp\/v2\/comments?post=46053"}]}}