{"id":46078,"date":"2026-04-10T19:04:07","date_gmt":"2026-04-10T16:04:07","guid":{"rendered":"https:\/\/kilosorunum.com\/habercim\/wp-content\/uploads\/2026\/04\/1-107.jpg"},"modified":"2026-04-10T19:06:01","modified_gmt":"2026-04-10T16:06:01","slug":"1-5842","status":"inherit","type":"attachment","link":"https:\/\/kilosorunum.com\/habercim\/foto-galeri\/kararini-degistiren-telefon\/attachment\/1-5842\/","title":{"rendered":"Karar\u0131n\u0131 de\u011fi\u015ftiren telefon"},"author":2,"comment_status":"open","ping_status":"closed","template":"","meta":[],"description":{"rendered":"<p class=\"attachment\"><a href='https:\/\/kilosorunum.com\/habercim\/wp-content\/uploads\/2026\/04\/1-107.jpg'><img width=\"300\" height=\"169\" src=\"https:\/\/kilosorunum.com\/habercim\/wp-content\/uploads\/2026\/04\/1-107-300x169.jpg\" class=\"attachment-medium size-medium\" alt=\"\" loading=\"lazy\" srcset=\"https:\/\/kilosorunum.com\/habercim\/wp-content\/uploads\/2026\/04\/1-107-300x169.jpg 300w, https:\/\/kilosorunum.com\/habercim\/wp-content\/uploads\/2026\/04\/1-107-1024x576.jpg 1024w, https:\/\/kilosorunum.com\/habercim\/wp-content\/uploads\/2026\/04\/1-107-768x432.jpg 768w, https:\/\/kilosorunum.com\/habercim\/wp-content\/uploads\/2026\/04\/1-107.jpg 1200w\" sizes=\"(max-width: 300px) 100vw, 300px\" \/><\/a><\/p>\n"},"caption":{"rendered":"<p>Trump&#8217;\u0131n \u0130ran&#8217;da yap\u0131lan ate\u015fkesin L\u00fcbnan&#8217;\u0131 da kapsamas\u0131na \u00f6nce onay verdi\u011fi ancak Netanyahu ile yapt\u0131\u011f\u0131 telefon g\u00f6r\u00fc\u015fmesinden sonra karar\u0131ndan d\u00f6nd\u00fc\u011f\u00fc bildirildi.<br \/>\nABD bas\u0131n\u0131nda yer alan haberler g\u00f6re; ABD Ba\u015fkan\u0131 Donald Trump, ABD-\u0130ran ge\u00e7ici ate\u015fkesinin L\u00fcbnan&#8217;\u0131 da kapsamas\u0131na ba\u015flang\u0131\u00e7ta onay verdi. Ancak sonras\u0131nda \u0130srail Ba\u015fbakan\u0131 Binyamin Netanyahu ile yapt\u0131\u011f\u0131 telefon g\u00f6r\u00fc\u015fmesi, onu bu karar\u0131ndan d\u00f6nd\u00fcrd\u00fc. Bir Amerikan kanal\u0131na konu\u015fan iki kaynak Trump&#8217;\u0131n L\u00fcbnan konusundaki karar\u0131n\u0131 nas\u0131l de\u011fi\u015ftirdi\u011fini anlatt\u0131. Trump, \u0130ran ile iki haftal\u0131k ate\u015fkes ilan ettikten sonra \u0130srail&#8217;in de bu anla\u015fmaya ba\u011fl\u0131 oldu\u011fu bildirilmi\u015fti. Aktar\u0131lan bilgilere g\u00f6re; \u0130srail&#8217;de Pakistan arabuluculu\u011funda sa\u011flanan anla\u015fma \u015fartlar\u0131n\u0131 kabul etti.<br \/>\nNETANYAHU \u0130LE G\u00d6R\u00dc\u015eT\u00dc, TUTUMU DE\u011e\u0130\u015eT\u0130<br \/>\nAyn\u0131 g\u00fcn, bu a\u00e7\u0131klamalar yap\u0131ld\u0131ktan k\u0131sa s\u00fcre sonra Trump ve Netanyahu&#8217;nun bir telefon g\u00f6r\u00fc\u015fmesi ger\u00e7ekle\u015ftirdi\u011fi bildirildi. \u0130ddiaya g\u00f6re, bu g\u00f6r\u00fc\u015fmeden sonra Trump&#8217;\u0131n tavr\u0131 de\u011fi\u015fti. Trump, daha sonraki a\u00e7\u0131klamalar\u0131nda &#8220;L\u00fcbnan&#8217;\u0131n Hizbullah&#8217;tan dolay\u0131 anla\u015fmaya dahil edilmedi\u011fini&#8221; ifade etti. Trump, L\u00fcbnan&#8217;\u0131n ate\u015fkese dahil edilmemesi hakk\u0131nda ABD medyas\u0131na yapt\u0131\u011f\u0131 a\u00e7\u0131klamada &#8220;Hizbullah y\u00fcz\u00fcnden. Anla\u015fmaya dahil edilmediler. O mesele de halledilecek. Sorun yok.&#8221; dedi.<\/p>\n<p>\u0130ran D\u0131\u015fi\u015fleri Bakan Yard\u0131mc\u0131s\u0131 Said Hatipzade, L\u00fcbnan&#8217;a y\u00f6nelik sald\u0131r\u0131lar\u0131 &#8220;a\u011f\u0131r bir ihlal&#8221; olarak nitelendirerek &#8220;ABD&#8217;nin &#8220;sava\u015f ve ate\u015fkes aras\u0131nda se\u00e7im yapmas\u0131 gerekti\u011fini, ikisini ayn\u0131 anda elde edemeyece\u011fini&#8221; vurgulad\u0131. \u0130srail&#8217;in \u00c7ar\u015famba g\u00fcn\u00fc L\u00fcbnan&#8217;a y\u00f6nelik a\u011f\u0131r sald\u0131r\u0131s\u0131n\u0131n ard\u0131ndan ABD&#8217;yi hedef alarak, &#8220;Ate\u015fkes isteyip, \u015fartlar\u0131n\u0131 ve ko\u015fullar\u0131n\u0131 kabul edip, ate\u015fkesin uygulanaca\u011f\u0131 b\u00f6lgeleri kabul edip, \u00f6zellikle L\u00fcbnan&#8217;\u0131 i\u015faret ettikten sonra m\u00fcttefikinizin katliama ba\u015flamas\u0131 kabul edilemez&#8221; dedi. ABD Ba\u015fkan Yard\u0131mc\u0131s\u0131 JD Vance, L\u00fcbnan konusunu &#8220;bir yanl\u0131\u015f anlama&#8221; olarak nitelendirerek \u0130ran&#8217;\u0131n iddialar\u0131na ra\u011fmen ABD&#8217;nin L\u00fcbnan&#8217;\u0131 ate\u015fkes anla\u015fmas\u0131na dahil edece\u011fine dair hi\u00e7bir zaman s\u00f6z vermedi\u011fini s\u00f6yledi.<\/p>\n<p>BBC&#8217;nin bildirdi\u011fine g\u00f6re; Netanyahu&#8217;nun biyografisini yazan \u0130srailli gazeteci Anshel Pfeffer, Netanyahu&#8217;nun belirtti\u011fi hedeflere ula\u015famamas\u0131n\u0131n kendisi i\u00e7in &#8220;iyi olmad\u0131\u011f\u0131n\u0131&#8221; ve ate\u015fkesin \u0130srail&#8217;in fazla s\u00f6z hakk\u0131 olmadan kabul edilmesi durumunda &#8220;Amerikal\u0131larla bir t\u00fcr ayr\u0131l\u0131k \u00e7\u0131kabilece\u011fini&#8221; s\u00f6yledi. \u00c7\u00fcnk\u00fc ABD&#8217;li Ba\u015fkan\u0131n Netanyahu&#8217;ya sadece \u00e7at\u0131\u015fmalar\u0131n ask\u0131ya al\u0131nmas\u0131ndan bahsetti\u011fi; sava\u015f\u0131n bitti\u011fini kabul etmedi\u011fini s\u00f6yledi\u011fi kaydedildi. \u00d6te yandan Netanyahu \u00f6nce L\u00fcbnan ile ate\u015fkes m\u00fczakeresi y\u00fcr\u00fct\u00fclece\u011fine dair talimat verdi\u011fini duyurdu. Ancak hemen ard\u0131ndan Hizbullah hedeflerini hedef ald\u0131klar\u0131n\u0131 ve L\u00fcbnan&#8217;daki sald\u0131r\u0131lara devam edeceklerini a\u00e7\u0131klad\u0131.<\/p>\n<p>Kaynak : haber7.com<\/p>\n"},"alt_text":"","media_type":"image","mime_type":"image\/jpeg","media_details":{"width":1200,"height":675,"file":"2026\/04\/1-107.jpg","sizes":{"medium":{"file":"1-107-300x169.jpg","width":300,"height":169,"mime_type":"image\/jpeg","source_url":"https:\/\/kilosorunum.com\/habercim\/wp-content\/uploads\/2026\/04\/1-107-300x169.jpg"},"large":{"file":"1-107-1024x576.jpg","width":1024,"height":576,"mime_type":"image\/jpeg","source_url":"https:\/\/kilosorunum.com\/habercim\/wp-content\/uploads\/2026\/04\/1-107-1024x576.jpg"},"thumbnail":{"file":"1-107-150x150.jpg","width":150,"height":150,"mime_type":"image\/jpeg","source_url":"https:\/\/kilosorunum.com\/habercim\/wp-content\/uploads\/2026\/04\/1-107-150x150.jpg"},"medium_large":{"file":"1-107-768x432.jpg","width":768,"height":432,"mime_type":"image\/jpeg","source_url":"https:\/\/kilosorunum.com\/habercim\/wp-content\/uploads\/2026\/04\/1-107-768x432.jpg"},"kucukResim":{"file":"1-107-80x50.jpg","width":80,"height":50,"mime_type":"image\/jpeg","source_url":"https:\/\/kilosorunum.com\/habercim\/wp-content\/uploads\/2026\/04\/1-107-80x50.jpg"},"sliderResim":{"file":"1-107-670x330.jpg","width":670,"height":330,"mime_type":"image\/jpeg","source_url":"https:\/\/kilosorunum.com\/habercim\/wp-content\/uploads\/2026\/04\/1-107-670x330.jpg"},"resim1":{"file":"1-107-184x140.jpg","width":184,"height":140,"mime_type":"image\/jpeg","source_url":"https:\/\/kilosorunum.com\/habercim\/wp-content\/uploads\/2026\/04\/1-107-184x140.jpg"},"resim2":{"file":"1-107-216x103.jpg","width":216,"height":103,"mime_type":"image\/jpeg","source_url":"https:\/\/kilosorunum.com\/habercim\/wp-content\/uploads\/2026\/04\/1-107-216x103.jpg"},"resim3":{"file":"1-107-145x70.jpg","width":145,"height":70,"mime_type":"image\/jpeg","source_url":"https:\/\/kilosorunum.com\/habercim\/wp-content\/uploads\/2026\/04\/1-107-145x70.jpg"},"sagSlider":{"file":"1-107-300x150.jpg","width":300,"height":150,"mime_type":"image\/jpeg","source_url":"https:\/\/kilosorunum.com\/habercim\/wp-content\/uploads\/2026\/04\/1-107-300x150.jpg"},"yeniSlider":{"file":"1-107-500x290.jpg","width":500,"height":290,"mime_type":"image\/jpeg","source_url":"https:\/\/kilosorunum.com\/habercim\/wp-content\/uploads\/2026\/04\/1-107-500x290.jpg"},"full":{"file":"1-107.jpg","width":1200,"height":675,"mime_type":"image\/jpeg","source_url":"https:\/\/kilosorunum.com\/habercim\/wp-content\/uploads\/2026\/04\/1-107.jpg"}},"image_meta":{"aperture":"0","credit":"","camera":"","caption":"","created_timestamp":"0","copyright":"","focal_length":"0","iso":"0","shutter_speed":"0","title":"","orientation":"0","keywords":[]}},"post":46076,"source_url":"https:\/\/kilosorunum.com\/habercim\/wp-content\/uploads\/2026\/04\/1-107.jpg","_links":{"self":[{"href":"https:\/\/kilosorunum.com\/habercim\/wp-json\/wp\/v2\/media\/46078"}],"collection":[{"href":"https:\/\/kilosorunum.com\/habercim\/wp-json\/wp\/v2\/media"}],"about":[{"href":"https:\/\/kilosorunum.com\/habercim\/wp-json\/wp\/v2\/types\/attachment"}],"author":[{"embeddable":true,"href":"https:\/\/kilosorunum.com\/habercim\/wp-json\/wp\/v2\/users\/2"}],"replies":[{"embeddable":true,"href":"https:\/\/kilosorunum.com\/habercim\/wp-json\/wp\/v2\/comments?post=46078"}]}}