{"id":46089,"date":"2026-04-10T22:14:17","date_gmt":"2026-04-10T19:14:17","guid":{"rendered":"https:\/\/kilosorunum.com\/habercim\/wp-content\/uploads\/2026\/04\/1-110.jpg"},"modified":"2026-04-10T22:15:59","modified_gmt":"2026-04-10T19:15:59","slug":"1-5845","status":"inherit","type":"attachment","link":"https:\/\/kilosorunum.com\/habercim\/foto-galeri\/yeni-partisi-belli-oldu\/attachment\/1-5845\/","title":{"rendered":"Yeni partisi belli oldu"},"author":2,"comment_status":"open","ping_status":"closed","template":"","meta":[],"description":{"rendered":"<p class=\"attachment\"><a href='https:\/\/kilosorunum.com\/habercim\/wp-content\/uploads\/2026\/04\/1-110.jpg'><img width=\"300\" height=\"169\" src=\"https:\/\/kilosorunum.com\/habercim\/wp-content\/uploads\/2026\/04\/1-110-300x169.jpg\" class=\"attachment-medium size-medium\" alt=\"\" loading=\"lazy\" srcset=\"https:\/\/kilosorunum.com\/habercim\/wp-content\/uploads\/2026\/04\/1-110-300x169.jpg 300w, https:\/\/kilosorunum.com\/habercim\/wp-content\/uploads\/2026\/04\/1-110-1024x576.jpg 1024w, https:\/\/kilosorunum.com\/habercim\/wp-content\/uploads\/2026\/04\/1-110-768x432.jpg 768w, https:\/\/kilosorunum.com\/habercim\/wp-content\/uploads\/2026\/04\/1-110.jpg 1200w\" sizes=\"(max-width: 300px) 100vw, 300px\" \/><\/a><\/p>\n"},"caption":{"rendered":"<p>Isparta&#8217;da \u0130yi Parti&#8217;den istifa eden Belediye Meclisi&#8217;nin iki \u00fcyesi AKP\u2019ye kat\u0131ld\u0131. \u0130yi Parti&#8217;den bir s\u00fcre \u00f6nce istifa eden Isparta Belediye Meclisi \u00dcyeleri Fehmi Gezer ve Muhammet B\u00fcy\u00fckleblebi AKP&#8217;ye kat\u0131ld\u0131.<\/p>\n<p>Gezer ve B\u00fcy\u00fckleblebi i\u00e7in AKP Isparta \u0130l Ba\u015fkanl\u0131\u011f\u0131&#8217;nda rozet takma t\u00f6reni d\u00fczenlendi.<\/p>\n<p>B\u00fcy\u00fckleblebi, burada yapt\u0131\u011f\u0131 a\u00e7\u0131klamada, &#8220;kendilerini benimsedikleri ve onurland\u0131rd\u0131klar\u0131&#8221; i\u00e7in AKP&#8217;ye te\u015fekk\u00fcr etti. B\u00fcy\u00fckleblebi, &#8220;memleketlerine hay\u0131rlar getirmesi gayesiyle bulu\u015ftuklar\u0131n\u0131&#8221; ifade etti.<\/p>\n<p>Fehmi Gezer ise, \u201cBa\u015fta il ba\u015fkan\u0131m\u0131za, vekilimize, belediye ba\u015fkan\u0131m\u0131za ve siz de\u011ferli meclis \u00fcyelerine bizi burada onurland\u0131rd\u0131\u011f\u0131n\u0131z i\u00e7in te\u015fekk\u00fcr ederiz. Biz bug\u00fcne kadar belediyede yap\u0131lan b\u00fct\u00fcn \u00e7al\u0131\u015fmalarda \u015feffaf oldu\u011fu i\u00e7in hep beraber olduk ve bundan sonra da bu beraber oldu\u011fumuz \u015feyin i\u00e7inde olmak istedik. Halk\u0131m\u0131za biraz daha fazla hizmet etmek istedik. Gururland\u0131k, onurland\u0131k, \u00e7ok te\u015fekk\u00fcr ederiz\u201d dedi. G\u00fcncel tabloya g\u00f6re Isparta Belediye Meclisi&#8217;nde AKP&#8217;nin 27, CHP&#8217;nin 8, MHP ve \u0130yi Parti\u2019nin ise 2&#8217;\u015fer \u00fcyesi bulunuyor.<\/p>\n<p>Isparta&#8217;da ge\u00e7en g\u00fcnlerde de Isparta \u0130l Ba\u015fkanl\u0131\u011f\u0131 g\u00f6revinden al\u0131nan \u0130brahim Tekeli \u0130yi Parti&#8217;den istifa etti\u011fini a\u00e7\u0131klam\u0131\u015ft\u0131. (ANKA)<\/p>\n<p>Kaynak : t24.com.tr<\/p>\n"},"alt_text":"","media_type":"image","mime_type":"image\/jpeg","media_details":{"width":1200,"height":675,"file":"2026\/04\/1-110.jpg","sizes":{"medium":{"file":"1-110-300x169.jpg","width":300,"height":169,"mime_type":"image\/jpeg","source_url":"https:\/\/kilosorunum.com\/habercim\/wp-content\/uploads\/2026\/04\/1-110-300x169.jpg"},"large":{"file":"1-110-1024x576.jpg","width":1024,"height":576,"mime_type":"image\/jpeg","source_url":"https:\/\/kilosorunum.com\/habercim\/wp-content\/uploads\/2026\/04\/1-110-1024x576.jpg"},"thumbnail":{"file":"1-110-150x150.jpg","width":150,"height":150,"mime_type":"image\/jpeg","source_url":"https:\/\/kilosorunum.com\/habercim\/wp-content\/uploads\/2026\/04\/1-110-150x150.jpg"},"medium_large":{"file":"1-110-768x432.jpg","width":768,"height":432,"mime_type":"image\/jpeg","source_url":"https:\/\/kilosorunum.com\/habercim\/wp-content\/uploads\/2026\/04\/1-110-768x432.jpg"},"kucukResim":{"file":"1-110-80x50.jpg","width":80,"height":50,"mime_type":"image\/jpeg","source_url":"https:\/\/kilosorunum.com\/habercim\/wp-content\/uploads\/2026\/04\/1-110-80x50.jpg"},"sliderResim":{"file":"1-110-670x330.jpg","width":670,"height":330,"mime_type":"image\/jpeg","source_url":"https:\/\/kilosorunum.com\/habercim\/wp-content\/uploads\/2026\/04\/1-110-670x330.jpg"},"resim1":{"file":"1-110-184x140.jpg","width":184,"height":140,"mime_type":"image\/jpeg","source_url":"https:\/\/kilosorunum.com\/habercim\/wp-content\/uploads\/2026\/04\/1-110-184x140.jpg"},"resim2":{"file":"1-110-216x103.jpg","width":216,"height":103,"mime_type":"image\/jpeg","source_url":"https:\/\/kilosorunum.com\/habercim\/wp-content\/uploads\/2026\/04\/1-110-216x103.jpg"},"resim3":{"file":"1-110-145x70.jpg","width":145,"height":70,"mime_type":"image\/jpeg","source_url":"https:\/\/kilosorunum.com\/habercim\/wp-content\/uploads\/2026\/04\/1-110-145x70.jpg"},"sagSlider":{"file":"1-110-300x150.jpg","width":300,"height":150,"mime_type":"image\/jpeg","source_url":"https:\/\/kilosorunum.com\/habercim\/wp-content\/uploads\/2026\/04\/1-110-300x150.jpg"},"yeniSlider":{"file":"1-110-500x290.jpg","width":500,"height":290,"mime_type":"image\/jpeg","source_url":"https:\/\/kilosorunum.com\/habercim\/wp-content\/uploads\/2026\/04\/1-110-500x290.jpg"},"full":{"file":"1-110.jpg","width":1200,"height":675,"mime_type":"image\/jpeg","source_url":"https:\/\/kilosorunum.com\/habercim\/wp-content\/uploads\/2026\/04\/1-110.jpg"}},"image_meta":{"aperture":"0","credit":"","camera":"","caption":"","created_timestamp":"0","copyright":"","focal_length":"0","iso":"0","shutter_speed":"0","title":"","orientation":"0","keywords":[]}},"post":46087,"source_url":"https:\/\/kilosorunum.com\/habercim\/wp-content\/uploads\/2026\/04\/1-110.jpg","_links":{"self":[{"href":"https:\/\/kilosorunum.com\/habercim\/wp-json\/wp\/v2\/media\/46089"}],"collection":[{"href":"https:\/\/kilosorunum.com\/habercim\/wp-json\/wp\/v2\/media"}],"about":[{"href":"https:\/\/kilosorunum.com\/habercim\/wp-json\/wp\/v2\/types\/attachment"}],"author":[{"embeddable":true,"href":"https:\/\/kilosorunum.com\/habercim\/wp-json\/wp\/v2\/users\/2"}],"replies":[{"embeddable":true,"href":"https:\/\/kilosorunum.com\/habercim\/wp-json\/wp\/v2\/comments?post=46089"}]}}