{"id":46099,"date":"2026-04-11T00:15:45","date_gmt":"2026-04-10T21:15:45","guid":{"rendered":"https:\/\/kilosorunum.com\/habercim\/wp-content\/uploads\/2026\/04\/1-114.jpg"},"modified":"2026-04-11T00:17:29","modified_gmt":"2026-04-10T21:17:29","slug":"1-5849","status":"inherit","type":"attachment","link":"https:\/\/kilosorunum.com\/habercim\/foto-galeri\/yeni-karari-duyurdu\/attachment\/1-5849\/","title":{"rendered":"Yeni karar\u0131 duyurdu"},"author":2,"comment_status":"open","ping_status":"closed","template":"","meta":[],"description":{"rendered":"<p class=\"attachment\"><a href='https:\/\/kilosorunum.com\/habercim\/wp-content\/uploads\/2026\/04\/1-114.jpg'><img width=\"300\" height=\"169\" src=\"https:\/\/kilosorunum.com\/habercim\/wp-content\/uploads\/2026\/04\/1-114-300x169.jpg\" class=\"attachment-medium size-medium\" alt=\"\" loading=\"lazy\" srcset=\"https:\/\/kilosorunum.com\/habercim\/wp-content\/uploads\/2026\/04\/1-114-300x169.jpg 300w, https:\/\/kilosorunum.com\/habercim\/wp-content\/uploads\/2026\/04\/1-114-1024x576.jpg 1024w, https:\/\/kilosorunum.com\/habercim\/wp-content\/uploads\/2026\/04\/1-114-768x432.jpg 768w, https:\/\/kilosorunum.com\/habercim\/wp-content\/uploads\/2026\/04\/1-114.jpg 1200w\" sizes=\"(max-width: 300px) 100vw, 300px\" \/><\/a><\/p>\n"},"caption":{"rendered":"<p>2026 y\u0131l\u0131 Kurban Bayram\u0131 i\u00e7in geri say\u0131m s\u00fcrerken, milyonlarca emekli bayram ikramiyesi \u00f6deme takvimine odakland\u0131. Her y\u0131l oldu\u011fu gibi bu y\u0131l da \u00f6demelerin bayram \u00f6ncesinde hesaplara yat\u0131r\u0131lmas\u0131 bekleniyor.<br \/>\n2026 y\u0131l\u0131nda Kurban Bayram\u0131 27 May\u0131s \u00c7ar\u015famba g\u00fcn\u00fc ba\u015flayacak ve 30 May\u0131s Cumartesi g\u00fcn\u00fc sona erecek. Bayramdan bir g\u00fcn \u00f6nce olan arefe g\u00fcn\u00fc ise 26 May\u0131s Sal\u0131 g\u00fcn\u00fc idrak edilecek. Bu takvim do\u011frultusunda bayram tatili, arefe g\u00fcn\u00fc ile birlikte yakla\u015f\u0131k 4,5 g\u00fcn s\u00fcrecek.<br \/>\n26 May\u0131s 2026 Sal\u0131: Arefe G\u00fcn\u00fc<\/p>\n<p>27 May\u0131s 2026 \u00c7ar\u015famba: Bayram\u0131n 1. G\u00fcn\u00fc<\/p>\n<p>28 May\u0131s 2026 Per\u015fembe: Bayram\u0131n 2. G\u00fcn\u00fc<\/p>\n<p>29 May\u0131s 2026 Cuma: Bayram\u0131n 3. G\u00fcn\u00fc<\/p>\n<p>30 May\u0131s 2026 Cumartesi: Bayram\u0131n 4. G\u00fcn\u00fc<br \/>\nBayram tarihinin netle\u015fmesiyle birlikte emeklilerin g\u00f6zleri ikramiye \u00f6deme g\u00fcnlerine \u00e7evrildi. Her y\u0131l bayram \u00f6ncesine denk getirilen \u00f6demeler, emeklilerin haz\u0131rl\u0131klar\u0131n\u0131 rahat \u015fekilde yapabilmeleri a\u00e7\u0131s\u0131ndan belirli bir d\u00fczen i\u00e7inde ger\u00e7ekle\u015ftiriliyor.<br \/>\nResmi \u00f6deme takvimi hen\u00fcz a\u00e7\u0131klanm\u0131\u015f de\u011fil. Ancak ge\u00e7mi\u015f y\u0131llardaki uygulamalar dikkate al\u0131nd\u0131\u011f\u0131nda, emekli bayram ikramiyelerinin bayramdan yakla\u015f\u0131k bir hafta \u00f6nce hesaplara yat\u0131r\u0131lmas\u0131 bekleniyor. Bu \u00e7er\u00e7evede 2026 Kurban Bayram\u0131 i\u00e7in \u00f6demelerin 18-22 May\u0131s tarihleri aras\u0131nda yap\u0131lmas\u0131 \u00f6ng\u00f6r\u00fcl\u00fcyor. \u00d6demelerin yine emeklilik t\u00fcr\u00fcne g\u00f6re kademeli \u015fekilde ger\u00e7ekle\u015fmesi bekleniyor. SSK (4A), Ba\u011f-Kur (4B) ve Emekli Sand\u0131\u011f\u0131 (4C) kapsam\u0131ndaki emeklilere farkl\u0131 g\u00fcnlerde \u00f6deme yap\u0131lmas\u0131 son y\u0131llarda uygulanan bir y\u00f6ntem olmu\u015ftu. 2025 Kurban Bayram\u0131\u2019nda \u00f6demeler 31 May\u0131s ile 4 Haziran tarihleri aras\u0131nda ger\u00e7ekle\u015ftirilmi\u015fti. Benzer \u015fekilde 2026 y\u0131l\u0131nda da \u00f6demelerin bayram arifesine yak\u0131n g\u00fcnlerde tamamlanmas\u0131 bekleniyor. 2026 y\u0131l\u0131 i\u00e7in emekli bayram ikramiyesinde art\u0131\u015f yap\u0131lmas\u0131na y\u00f6nelik bir d\u00fczenleme bulunmuyor. Ramazan Bayram\u0131 \u00f6ncesi Mart 2026\u2019da yap\u0131lan a\u00e7\u0131klamalarda, Meclis\u2019e sunulan mali d\u00fczenleme paketinde ikramiye art\u0131\u015f\u0131na yer verilmedi\u011fi belirtildi. Bu kapsamda ikramiye tutar\u0131n\u0131n Kurban Bayram\u0131\u2019nda da 4.000 TL olarak uygulanmaya devam edece\u011fi bekleniyor. Ge\u00e7mi\u015f y\u0131llarda ikramiye tutarlar\u0131nda art\u0131\u015f yap\u0131lm\u0131\u015ft\u0131. 2024\u2019ten 2025\u2019e ge\u00e7i\u015fte 3 bin TL olan \u00f6deme 4 bin TL\u2019ye y\u00fckseltilmi\u015fti. Ancak 2026 y\u0131l\u0131 i\u00e7in b\u00fct\u00e7e dengeleri nedeniyle yeni bir art\u0131\u015f yap\u0131lmas\u0131 planlanmad\u0131. Bu nedenle emeklilere \u00f6denecek bayram ikramiyesinin mevcut tutar \u00fczerinden devam edece\u011fi tahmin edilmekte.<\/p>\n<p>Kaynak : tgrthaber.com<\/p>\n"},"alt_text":"","media_type":"image","mime_type":"image\/jpeg","media_details":{"width":1200,"height":675,"file":"2026\/04\/1-114.jpg","sizes":{"medium":{"file":"1-114-300x169.jpg","width":300,"height":169,"mime_type":"image\/jpeg","source_url":"https:\/\/kilosorunum.com\/habercim\/wp-content\/uploads\/2026\/04\/1-114-300x169.jpg"},"large":{"file":"1-114-1024x576.jpg","width":1024,"height":576,"mime_type":"image\/jpeg","source_url":"https:\/\/kilosorunum.com\/habercim\/wp-content\/uploads\/2026\/04\/1-114-1024x576.jpg"},"thumbnail":{"file":"1-114-150x150.jpg","width":150,"height":150,"mime_type":"image\/jpeg","source_url":"https:\/\/kilosorunum.com\/habercim\/wp-content\/uploads\/2026\/04\/1-114-150x150.jpg"},"medium_large":{"file":"1-114-768x432.jpg","width":768,"height":432,"mime_type":"image\/jpeg","source_url":"https:\/\/kilosorunum.com\/habercim\/wp-content\/uploads\/2026\/04\/1-114-768x432.jpg"},"kucukResim":{"file":"1-114-80x50.jpg","width":80,"height":50,"mime_type":"image\/jpeg","source_url":"https:\/\/kilosorunum.com\/habercim\/wp-content\/uploads\/2026\/04\/1-114-80x50.jpg"},"sliderResim":{"file":"1-114-670x330.jpg","width":670,"height":330,"mime_type":"image\/jpeg","source_url":"https:\/\/kilosorunum.com\/habercim\/wp-content\/uploads\/2026\/04\/1-114-670x330.jpg"},"resim1":{"file":"1-114-184x140.jpg","width":184,"height":140,"mime_type":"image\/jpeg","source_url":"https:\/\/kilosorunum.com\/habercim\/wp-content\/uploads\/2026\/04\/1-114-184x140.jpg"},"resim2":{"file":"1-114-216x103.jpg","width":216,"height":103,"mime_type":"image\/jpeg","source_url":"https:\/\/kilosorunum.com\/habercim\/wp-content\/uploads\/2026\/04\/1-114-216x103.jpg"},"resim3":{"file":"1-114-145x70.jpg","width":145,"height":70,"mime_type":"image\/jpeg","source_url":"https:\/\/kilosorunum.com\/habercim\/wp-content\/uploads\/2026\/04\/1-114-145x70.jpg"},"sagSlider":{"file":"1-114-300x150.jpg","width":300,"height":150,"mime_type":"image\/jpeg","source_url":"https:\/\/kilosorunum.com\/habercim\/wp-content\/uploads\/2026\/04\/1-114-300x150.jpg"},"yeniSlider":{"file":"1-114-500x290.jpg","width":500,"height":290,"mime_type":"image\/jpeg","source_url":"https:\/\/kilosorunum.com\/habercim\/wp-content\/uploads\/2026\/04\/1-114-500x290.jpg"},"full":{"file":"1-114.jpg","width":1200,"height":675,"mime_type":"image\/jpeg","source_url":"https:\/\/kilosorunum.com\/habercim\/wp-content\/uploads\/2026\/04\/1-114.jpg"}},"image_meta":{"aperture":"0","credit":"","camera":"","caption":"","created_timestamp":"0","copyright":"","focal_length":"0","iso":"0","shutter_speed":"0","title":"","orientation":"0","keywords":[]}},"post":46097,"source_url":"https:\/\/kilosorunum.com\/habercim\/wp-content\/uploads\/2026\/04\/1-114.jpg","_links":{"self":[{"href":"https:\/\/kilosorunum.com\/habercim\/wp-json\/wp\/v2\/media\/46099"}],"collection":[{"href":"https:\/\/kilosorunum.com\/habercim\/wp-json\/wp\/v2\/media"}],"about":[{"href":"https:\/\/kilosorunum.com\/habercim\/wp-json\/wp\/v2\/types\/attachment"}],"author":[{"embeddable":true,"href":"https:\/\/kilosorunum.com\/habercim\/wp-json\/wp\/v2\/users\/2"}],"replies":[{"embeddable":true,"href":"https:\/\/kilosorunum.com\/habercim\/wp-json\/wp\/v2\/comments?post=46099"}]}}