{"id":46114,"date":"2026-04-11T13:24:33","date_gmt":"2026-04-11T10:24:33","guid":{"rendered":"https:\/\/kilosorunum.com\/habercim\/wp-content\/uploads\/2026\/04\/1-15-768x201-112.jpg"},"modified":"2026-04-11T13:25:33","modified_gmt":"2026-04-11T10:25:33","slug":"1-15-768x201-2432","status":"inherit","type":"attachment","link":"https:\/\/kilosorunum.com\/habercim\/foto-galeri\/emekliler-icin-yeni-mutluluk\/attachment\/1-15-768x201-2432\/","title":{"rendered":"Emekliler i\u00e7in yeni mutluluk"},"author":2,"comment_status":"open","ping_status":"closed","template":"","meta":[],"description":{"rendered":"<p class=\"attachment\"><a href='https:\/\/kilosorunum.com\/habercim\/wp-content\/uploads\/2026\/04\/1-15-768x201-112.jpg'><img width=\"300\" height=\"79\" src=\"https:\/\/kilosorunum.com\/habercim\/wp-content\/uploads\/2026\/04\/1-15-768x201-112-300x79.jpg\" class=\"attachment-medium size-medium\" alt=\"\" loading=\"lazy\" srcset=\"https:\/\/kilosorunum.com\/habercim\/wp-content\/uploads\/2026\/04\/1-15-768x201-112-300x79.jpg 300w, https:\/\/kilosorunum.com\/habercim\/wp-content\/uploads\/2026\/04\/1-15-768x201-112.jpg 768w\" sizes=\"(max-width: 300px) 100vw, 300px\" \/><\/a><\/p>\n"},"caption":{"rendered":"<p>Milyonlarca emekli seyyayen zam bekliyor. SGK Ba\u015fuzman\u0131 \u0130sa Karaka\u015f, TGRT Haber canl\u0131 yay\u0131n\u0131nda asgari \u00fccret ve emekli maa\u015flar\u0131na ili\u015fkin dikkat \u00e7eken a\u00e7\u0131klamalarda bulundu. Karaka\u015f, yasaya ve hayat\u0131n ola\u011fan ak\u0131\u015f\u0131na g\u00f6re asgari \u00fccretin bekar bir i\u015f\u00e7inin t\u00fcm temel giderlerini kar\u015f\u0131layacak seviyede olmas\u0131 gerekti\u011fini hat\u0131rlatt\u0131. Mevcut 28.000 TL&#8217;lik rakam\u0131n a\u00e7l\u0131k s\u0131n\u0131r\u0131n\u0131n alt\u0131nda kald\u0131\u011f\u0131n\u0131 belirten Karaka\u015f, ger\u00e7ek bir asgari \u00fccretin Mart ay\u0131 itibar\u0131yla 42.585 TL olmas\u0131 gerekti\u011fini vurgulad\u0131. Bu rakama ula\u015f\u0131lmas\u0131 i\u00e7in %51.7 oran\u0131nda bir art\u0131\u015f\u0131n \u015fart oldu\u011funu ifade eden uzman, Temmuz ay\u0131nda bir ara zam yap\u0131lmas\u0131n\u0131n \u00f6n\u00fcnde hi\u00e7bir kanuni engel bulunmad\u0131\u011f\u0131n\u0131 ve ge\u00e7mi\u015f y\u0131llardaki uygulamalar\u0131n buna \u00f6rnek te\u015fkil etti\u011fini s\u00f6yledi.Uzman ismin konuyla ilgili de\u011ferlendirmesi \u015fu \u015fekilde oldu: &#8220;\u0130nsanlar\u0131m\u0131z\u0131n rahatlat\u0131lmas\u0131 i\u00e7in \u00f6n\u00fcm\u00fczdeki g\u00fcnlerde asgari \u00fccret g\u00fcndeme gelebilir. Ankara&#8217;n\u0131n tek g\u00fcndemi sava\u015ft\u0131 biliyorsunuz. Ate\u015fkes oldu. Bu ate\u015fkesten sonra biraz bir rahatlama olursa elbette ki az \u00f6nceki s\u00f6yledi\u011fimiz ma\u011fdurlar da konu\u015fulacak, asgari \u00fccret de konu\u015fulacak ama asgari \u00fccretlerin yo\u011fun bir tepkisi var&#8221; Emekli maa\u015flar\u0131 konusundaki belirsizli\u011fe de de\u011finen Karaka\u015f, masadaki iki ana senaryoyu \u015fu \u015fekilde \u00f6zetledi: En iyimser senaryoyla yani bu sava\u015f mava\u015f olay\u0131 bitti. Ekonomi yeniden ray\u0131na girerse geriye kalan 3 ayl\u0131k s\u00fcre i\u00e7erisinde 1,5 oran\u0131nda bir enflasyon beklentisi olursa yani Nisan, May\u0131s, Haziran ortalama olarak, en d\u00fc\u015f\u00fck SSK- Ba\u011fkur emeklisi zamm\u0131 %15.08 oran\u0131nda olmas\u0131 muhtemel. Peki memur emeklisi ne kadar olur? 10.95 oran\u0131nda olur bu senaryoya g\u00f6re. En iyi senaryoya g\u00f6re.Her \u015fey \u00e7ok k\u00f6t\u00fcye giderse, \u00e7ok k\u00f6t\u00fcye giderse bu sava\u015f da uzarsa, enflasyon y\u00fckselirse bu kez 2.50 oran\u0131nda bir ortalama enflasyon s\u00f6z konusu olabilir Bu durumda 6 ayl\u0131k en y\u00fcksek senaryoda %18.54&#8217;l\u00fck bir enflasyon ger\u00e7ekle\u015fmi\u015f olur. 18.54, SSK &#8211; Ba\u011fkur emeklerine yans\u0131yabilir ama yine memur ve memur emeklilerin T\u00dcK&#8217;in a\u00e7\u0131klayaca\u011f\u0131 enflasyonun alt\u0131nda olacak&#8221; EMEKL\u0130YE SEYYANEN ZAM OLACAK MI? Milyonlarca emeklinin beklentisi olan seyyanen zam konusuna da a\u00e7\u0131kl\u0131k getiren \u0130sa Karaka\u015f, mevcut ekonomik sars\u0131nt\u0131lar nedeniyle bu Temmuz ay\u0131nda seyyanen bir d\u00fczenlemenin zor g\u00f6r\u00fcnd\u00fc\u011f\u00fcn\u00fc ifade etti.Ancak sistemin fabrika ayarlar\u0131na d\u00f6nmesi ve 17 milyon emeklinin nefes alabilmesi i\u00e7in bu zamm\u0131n ka\u00e7\u0131n\u0131lmaz oldu\u011funu ekledi. Karaka\u015f, seyyanen zam i\u00e7in en g\u00fc\u00e7l\u00fc ihtimalin se\u00e7im s\u00fcrecine yakla\u015f\u0131lmas\u0131yla birlikte 2027 y\u0131l\u0131 olaca\u011f\u0131n\u0131 \u00f6ng\u00f6rd\u00fc\u011f\u00fcn\u00fc dile getirdi.Karaka\u015f&#8217;\u0131n a\u00e7\u0131klamas\u0131 \u015f\u00f6yle: &#8220;Bu 2026 Temmuz&#8217;da de\u011fil ama 2027&#8217;de seyyanen zamm\u0131n mutlaka yapaca\u011f\u0131 inanc\u0131nday\u0131m. Ben onu \u00f6ng\u00f6r\u00fcyorum. \u00c7\u00fcnk\u00fc neden? 17 milyona yak\u0131n emekli ve hak sahibi var. Bunlar\u0131n durumu son derece k\u00f6t\u00fcle\u015fti. Sistemin fabrika ayarlar\u0131na i\u00e7in, emeklilerin rahat nefes almas\u0131 i\u00e7in seyyanen zamm\u0131n mutlaka yap\u0131lmas\u0131 elzem. Ancak bu Temmuz ay\u0131nda biraz zor. \u00c7\u00fcnk\u00fc neden? Ekonominin dengeleri sars\u0131ld\u0131. Bu sava\u015f nedeniyle maalesef b\u00fct\u00fcn d\u00fcnyada oldu\u011fu gibi bizim ekonominin dengeleri de sars\u0131ld\u0131. Dolay\u0131s\u0131yla bu Temmuz&#8217;da bir beklentimizin olmad\u0131\u011f\u0131n\u0131 rahatl\u0131kla s\u00f6yleyebiliriz&#8221;<\/p>\n<p>Kaynak : haberzamani.com<\/p>\n"},"alt_text":"","media_type":"image","mime_type":"image\/jpeg","media_details":{"width":768,"height":201,"file":"2026\/04\/1-15-768x201-112.jpg","sizes":{"medium":{"file":"1-15-768x201-112-300x79.jpg","width":300,"height":79,"mime_type":"image\/jpeg","source_url":"https:\/\/kilosorunum.com\/habercim\/wp-content\/uploads\/2026\/04\/1-15-768x201-112-300x79.jpg"},"thumbnail":{"file":"1-15-768x201-112-150x150.jpg","width":150,"height":150,"mime_type":"image\/jpeg","source_url":"https:\/\/kilosorunum.com\/habercim\/wp-content\/uploads\/2026\/04\/1-15-768x201-112-150x150.jpg"},"kucukResim":{"file":"1-15-768x201-112-80x50.jpg","width":80,"height":50,"mime_type":"image\/jpeg","source_url":"https:\/\/kilosorunum.com\/habercim\/wp-content\/uploads\/2026\/04\/1-15-768x201-112-80x50.jpg"},"sliderResim":{"file":"1-15-768x201-112-670x201.jpg","width":670,"height":201,"mime_type":"image\/jpeg","source_url":"https:\/\/kilosorunum.com\/habercim\/wp-content\/uploads\/2026\/04\/1-15-768x201-112-670x201.jpg"},"resim1":{"file":"1-15-768x201-112-184x140.jpg","width":184,"height":140,"mime_type":"image\/jpeg","source_url":"https:\/\/kilosorunum.com\/habercim\/wp-content\/uploads\/2026\/04\/1-15-768x201-112-184x140.jpg"},"resim2":{"file":"1-15-768x201-112-216x103.jpg","width":216,"height":103,"mime_type":"image\/jpeg","source_url":"https:\/\/kilosorunum.com\/habercim\/wp-content\/uploads\/2026\/04\/1-15-768x201-112-216x103.jpg"},"resim3":{"file":"1-15-768x201-112-145x70.jpg","width":145,"height":70,"mime_type":"image\/jpeg","source_url":"https:\/\/kilosorunum.com\/habercim\/wp-content\/uploads\/2026\/04\/1-15-768x201-112-145x70.jpg"},"sagSlider":{"file":"1-15-768x201-112-300x150.jpg","width":300,"height":150,"mime_type":"image\/jpeg","source_url":"https:\/\/kilosorunum.com\/habercim\/wp-content\/uploads\/2026\/04\/1-15-768x201-112-300x150.jpg"},"yeniSlider":{"file":"1-15-768x201-112-500x201.jpg","width":500,"height":201,"mime_type":"image\/jpeg","source_url":"https:\/\/kilosorunum.com\/habercim\/wp-content\/uploads\/2026\/04\/1-15-768x201-112-500x201.jpg"},"full":{"file":"1-15-768x201-112.jpg","width":768,"height":201,"mime_type":"image\/jpeg","source_url":"https:\/\/kilosorunum.com\/habercim\/wp-content\/uploads\/2026\/04\/1-15-768x201-112.jpg"}},"image_meta":{"aperture":"0","credit":"","camera":"","caption":"","created_timestamp":"0","copyright":"","focal_length":"0","iso":"0","shutter_speed":"0","title":"","orientation":"0","keywords":[]}},"post":46112,"source_url":"https:\/\/kilosorunum.com\/habercim\/wp-content\/uploads\/2026\/04\/1-15-768x201-112.jpg","_links":{"self":[{"href":"https:\/\/kilosorunum.com\/habercim\/wp-json\/wp\/v2\/media\/46114"}],"collection":[{"href":"https:\/\/kilosorunum.com\/habercim\/wp-json\/wp\/v2\/media"}],"about":[{"href":"https:\/\/kilosorunum.com\/habercim\/wp-json\/wp\/v2\/types\/attachment"}],"author":[{"embeddable":true,"href":"https:\/\/kilosorunum.com\/habercim\/wp-json\/wp\/v2\/users\/2"}],"replies":[{"embeddable":true,"href":"https:\/\/kilosorunum.com\/habercim\/wp-json\/wp\/v2\/comments?post=46114"}]}}