{"id":46149,"date":"2026-04-11T19:20:41","date_gmt":"2026-04-11T16:20:41","guid":{"rendered":"https:\/\/kilosorunum.com\/habercim\/wp-content\/uploads\/2026\/04\/1-130.jpg"},"modified":"2026-04-11T19:21:14","modified_gmt":"2026-04-11T16:21:14","slug":"1-5865","status":"inherit","type":"attachment","link":"https:\/\/kilosorunum.com\/habercim\/foto-galeri\/verilecek-destek-paketi\/attachment\/1-5865\/","title":{"rendered":"Verilecek destek paketi"},"author":2,"comment_status":"open","ping_status":"closed","template":"","meta":[],"description":{"rendered":"<p class=\"attachment\"><a href='https:\/\/kilosorunum.com\/habercim\/wp-content\/uploads\/2026\/04\/1-130.jpg'><img width=\"300\" height=\"169\" src=\"https:\/\/kilosorunum.com\/habercim\/wp-content\/uploads\/2026\/04\/1-130-300x169.jpg\" class=\"attachment-medium size-medium\" alt=\"\" loading=\"lazy\" srcset=\"https:\/\/kilosorunum.com\/habercim\/wp-content\/uploads\/2026\/04\/1-130-300x169.jpg 300w, https:\/\/kilosorunum.com\/habercim\/wp-content\/uploads\/2026\/04\/1-130-1024x576.jpg 1024w, https:\/\/kilosorunum.com\/habercim\/wp-content\/uploads\/2026\/04\/1-130-768x432.jpg 768w, https:\/\/kilosorunum.com\/habercim\/wp-content\/uploads\/2026\/04\/1-130.jpg 1200w\" sizes=\"(max-width: 300px) 100vw, 300px\" \/><\/a><\/p>\n"},"caption":{"rendered":"<p>Emeklilerin y\u00fcz\u00fc g\u00fclecek: Emeklilere verilecek destek paketi resmiyet kazan\u0131yor. \u0130\u015fte detaylar\u2026 Emeklilere y\u00f6nelik destekler art\u0131k resmiyet kazan\u0131yor. Son g\u00fcnlerde emeklilerin ya\u015fam standartlar\u0131n\u0131 iyile\u015ftirmeye y\u00f6nelik olarak yap\u0131lan \u00e7al\u0131\u015fmalar\u0131n ard\u0131ndan, iktidar taraf\u0131ndan emeklilere y\u00f6nelik yeni destek paketi detaylar\u0131 netle\u015fti. AK Parti Grup Ba\u015fkan Vekili Muhammed Emin Akba\u015fo\u011flu, Nisan ay\u0131nda yap\u0131lacak T\u00fcrkiye B\u00fcy\u00fck Millet Meclisi (TBMM) toplant\u0131lar\u0131nda emeklilere y\u00f6nelik d\u00fczenlemelerin \u00f6ncelikli g\u00fcndem maddelerinden biri olaca\u011f\u0131n\u0131 duyurdu. Yeni d\u00fczenleme, emeklilere \u00e7e\u015fitli desteklerin sunulmas\u0131 ve h\u00fck\u00fcmetin emeklilerle ilgili \u00e7al\u0131\u015fmalar\u0131na somut bir ad\u0131m olacak. Bu kapsamda, emeklilere su faturalar\u0131nda indirim veya \u00fccretsiz destek sa\u011flanmas\u0131 gibi ad\u0131mlar planlan\u0131yor. Ayr\u0131ca, yerel y\u00f6netimlerle i\u015f birli\u011fi i\u00e7inde \u00e7e\u015fitli destek paketleri \u00fczerinde de \u00e7al\u0131\u015fmalar y\u00fcr\u00fct\u00fcl\u00fcyor. Bu d\u00fczenlemeyle birlikte, emeklilere \u015fehir i\u00e7inde indirimli toplu ta\u015f\u0131ma hizmeti ve belediye tesislerinden \u00f6zel ayr\u0131cal\u0131klar sa\u011flanmas\u0131 gibi konular da g\u00fcndeme gelecek. Emeklilere sunulan bu desteklerin uygulanmas\u0131 i\u00e7in yerel y\u00f6netimlerle i\u015f birli\u011fi i\u00e7inde protokoller imzalanacak. Bu desteklerin, emeklilerin g\u00fcnl\u00fck ya\u015famlar\u0131n\u0131 kolayla\u015ft\u0131rmas\u0131 ve ya\u015fam standartlar\u0131n\u0131 art\u0131rmas\u0131 bekleniyor. Ayr\u0131ca, emeklilerin sosyal hayata daha aktif kat\u0131l\u0131mlar\u0131n\u0131 te\u015fvik ederek toplumun refah seviyesinin y\u00fckselmesine katk\u0131 sa\u011flayabilece\u011fi d\u00fc\u015f\u00fcn\u00fcl\u00fcyor.<\/p>\n<p>Kaynak : haberzamani.com<\/p>\n"},"alt_text":"","media_type":"image","mime_type":"image\/jpeg","media_details":{"width":1200,"height":675,"file":"2026\/04\/1-130.jpg","sizes":{"medium":{"file":"1-130-300x169.jpg","width":300,"height":169,"mime_type":"image\/jpeg","source_url":"https:\/\/kilosorunum.com\/habercim\/wp-content\/uploads\/2026\/04\/1-130-300x169.jpg"},"large":{"file":"1-130-1024x576.jpg","width":1024,"height":576,"mime_type":"image\/jpeg","source_url":"https:\/\/kilosorunum.com\/habercim\/wp-content\/uploads\/2026\/04\/1-130-1024x576.jpg"},"thumbnail":{"file":"1-130-150x150.jpg","width":150,"height":150,"mime_type":"image\/jpeg","source_url":"https:\/\/kilosorunum.com\/habercim\/wp-content\/uploads\/2026\/04\/1-130-150x150.jpg"},"medium_large":{"file":"1-130-768x432.jpg","width":768,"height":432,"mime_type":"image\/jpeg","source_url":"https:\/\/kilosorunum.com\/habercim\/wp-content\/uploads\/2026\/04\/1-130-768x432.jpg"},"kucukResim":{"file":"1-130-80x50.jpg","width":80,"height":50,"mime_type":"image\/jpeg","source_url":"https:\/\/kilosorunum.com\/habercim\/wp-content\/uploads\/2026\/04\/1-130-80x50.jpg"},"sliderResim":{"file":"1-130-670x330.jpg","width":670,"height":330,"mime_type":"image\/jpeg","source_url":"https:\/\/kilosorunum.com\/habercim\/wp-content\/uploads\/2026\/04\/1-130-670x330.jpg"},"resim1":{"file":"1-130-184x140.jpg","width":184,"height":140,"mime_type":"image\/jpeg","source_url":"https:\/\/kilosorunum.com\/habercim\/wp-content\/uploads\/2026\/04\/1-130-184x140.jpg"},"resim2":{"file":"1-130-216x103.jpg","width":216,"height":103,"mime_type":"image\/jpeg","source_url":"https:\/\/kilosorunum.com\/habercim\/wp-content\/uploads\/2026\/04\/1-130-216x103.jpg"},"resim3":{"file":"1-130-145x70.jpg","width":145,"height":70,"mime_type":"image\/jpeg","source_url":"https:\/\/kilosorunum.com\/habercim\/wp-content\/uploads\/2026\/04\/1-130-145x70.jpg"},"sagSlider":{"file":"1-130-300x150.jpg","width":300,"height":150,"mime_type":"image\/jpeg","source_url":"https:\/\/kilosorunum.com\/habercim\/wp-content\/uploads\/2026\/04\/1-130-300x150.jpg"},"yeniSlider":{"file":"1-130-500x290.jpg","width":500,"height":290,"mime_type":"image\/jpeg","source_url":"https:\/\/kilosorunum.com\/habercim\/wp-content\/uploads\/2026\/04\/1-130-500x290.jpg"},"full":{"file":"1-130.jpg","width":1200,"height":675,"mime_type":"image\/jpeg","source_url":"https:\/\/kilosorunum.com\/habercim\/wp-content\/uploads\/2026\/04\/1-130.jpg"}},"image_meta":{"aperture":"0","credit":"","camera":"","caption":"","created_timestamp":"0","copyright":"","focal_length":"0","iso":"0","shutter_speed":"0","title":"","orientation":"0","keywords":[]}},"post":46147,"source_url":"https:\/\/kilosorunum.com\/habercim\/wp-content\/uploads\/2026\/04\/1-130.jpg","_links":{"self":[{"href":"https:\/\/kilosorunum.com\/habercim\/wp-json\/wp\/v2\/media\/46149"}],"collection":[{"href":"https:\/\/kilosorunum.com\/habercim\/wp-json\/wp\/v2\/media"}],"about":[{"href":"https:\/\/kilosorunum.com\/habercim\/wp-json\/wp\/v2\/types\/attachment"}],"author":[{"embeddable":true,"href":"https:\/\/kilosorunum.com\/habercim\/wp-json\/wp\/v2\/users\/2"}],"replies":[{"embeddable":true,"href":"https:\/\/kilosorunum.com\/habercim\/wp-json\/wp\/v2\/comments?post=46149"}]}}