{"id":46172,"date":"2026-04-11T23:16:30","date_gmt":"2026-04-11T20:16:30","guid":{"rendered":"https:\/\/kilosorunum.com\/habercim\/wp-content\/uploads\/2026\/04\/1-15-768x201-115.jpg"},"modified":"2026-04-11T23:18:23","modified_gmt":"2026-04-11T20:18:23","slug":"1-15-768x201-2435","status":"inherit","type":"attachment","link":"https:\/\/kilosorunum.com\/habercim\/foto-galeri\/af-icin-duyurusu\/attachment\/1-15-768x201-2435\/","title":{"rendered":"Af i\u00e7in duyurusu"},"author":2,"comment_status":"open","ping_status":"closed","template":"","meta":[],"description":{"rendered":"<p class=\"attachment\"><a href='https:\/\/kilosorunum.com\/habercim\/wp-content\/uploads\/2026\/04\/1-15-768x201-115.jpg'><img width=\"300\" height=\"79\" src=\"https:\/\/kilosorunum.com\/habercim\/wp-content\/uploads\/2026\/04\/1-15-768x201-115-300x79.jpg\" class=\"attachment-medium size-medium\" alt=\"\" loading=\"lazy\" srcset=\"https:\/\/kilosorunum.com\/habercim\/wp-content\/uploads\/2026\/04\/1-15-768x201-115-300x79.jpg 300w, https:\/\/kilosorunum.com\/habercim\/wp-content\/uploads\/2026\/04\/1-15-768x201-115.jpg 768w\" sizes=\"(max-width: 300px) 100vw, 300px\" \/><\/a><\/p>\n"},"caption":{"rendered":"<p>12. Yarg\u0131 Paketi tasla\u011f\u0131 son durum a\u00e7\u0131klamas\u0131 Bakan G\u00fcrlek&#8217;ten geldi. Y\u0131lba\u015f\u0131 \u00f6nce 11. Yarg\u0131 Paketi&#8217;nin y\u00fcr\u00fcrl\u00fc\u011fe girmesinin ard\u0131ndan, Adalet Bakanl\u0131\u011f\u0131 12. Yarg\u0131 Paketi maddeleri i\u00e7in d\u00fc\u011fmeye basm\u0131\u015ft\u0131. 12. Yarg\u0131 Paketi d\u00fczenlemesi maddeleri kamuoyunda takip edilirken, Adalet Bakan\u0131 Ak\u0131n G\u00fcrlek, konuya dair \u00f6nemli a\u00e7\u0131klamalarda bulundu. G\u00fcrlek, yapt\u0131\u011f\u0131 son a\u00e7\u0131klamada, su\u00e7a s\u00fcr\u00fcklenen \u00e7ocuklar konusunun 12. Yarg\u0131 Paketi&#8217;nde yer alaca\u011f\u0131n\u0131 s\u00f6yledi. G\u00fcrlek, \u00d6zellikle su\u00e7a s\u00fcr\u00fcklenen \u00e7ocuk kavram\u0131n\u0131 en temelden de\u011fi\u015ftirerek, toplumdaki hassasiyetler de dikkate al\u0131narak bu konuda gerekli uygulamalar i\u00e7in bir kanun \u00e7al\u0131\u015fmas\u0131 yapaca\u011f\u0131z.&#8221; dedi. Adalet Bakanl\u0131\u011f\u0131 taraf\u0131ndan yap\u0131lan \u00e7al\u0131\u015fmalar devam ederken, 12. Yarg\u0131 Paketi ile af \u00e7\u0131kacak m\u0131? \u0130nfaz d\u00fczenlemesi gelecek mi? sorular\u0131 da mahkum yak\u0131nlar\u0131n\u0131n yo\u011funla\u015ft\u0131\u011f\u0131 konulardan oldu.<br \/>\nAdalet Bakan\u0131 Ak\u0131n G\u00fcrlek, toplumdaki hassasiyetleri dikkate alarak su\u00e7a s\u00fcr\u00fcklenen \u00e7ocuklarla ilgili bir kanun \u00e7al\u0131\u015fmas\u0131 yapacaklar\u0131n\u0131 bildirdi.<\/p>\n<p>Bakan G\u00fcrlek, TBMM Su\u00e7a S\u00fcr\u00fcklenen \u00c7ocuklara \u0130li\u015fkin Ara\u015ft\u0131rma Komisyonu Ba\u015fkan\u0131 ve AK Parti \u0130stanbul Milletvekili M\u00fc\u015ferref Pervin Tuba Durgut ile Sar\u0131yer Hakimevi&#8217;nde su\u00e7a s\u00fcr\u00fcklenen \u00e7ocuklar\u0131n ma\u011fdur etti\u011fi ailelerle bir araya geldi.<\/p>\n<p>Programda konu\u015fan Bakan G\u00fcrlek, ailelerle bir arada olmaktan duydu\u011fu memnuniyeti dile getirerek, hayat\u0131n\u0131 kaybedenlerin ailelerine ba\u015fsa\u011fl\u0131\u011f\u0131 diledi.<\/p>\n<p>Yarg\u0131n\u0131n uygulama noktas\u0131ndan geldi\u011fini, ma\u011fdur ailelerin yer ald\u0131\u011f\u0131 dosyalar\u0131n \u00e7o\u011funun yarg\u0131lamas\u0131n\u0131 yapt\u0131\u011f\u0131n\u0131 belirten G\u00fcrlek, bu konuda Durgut ile k\u0131sa s\u00fcrede yak\u0131n \u00e7al\u0131\u015fma imkanlar\u0131n\u0131n oldu\u011funu anlatt\u0131.<\/p>\n<p>Bakan G\u00fcrlek, hem TBMM Komisyonu hem de Bakanl\u0131\u011f\u0131n 12. Yarg\u0131 Paketi i\u00e7in \u00e7al\u0131\u015ft\u0131\u011f\u0131n\u0131 vurgulayarak, &#8220;\u00d6zellikle su\u00e7a s\u00fcr\u00fcklenen \u00e7ocuk kavram\u0131n\u0131 en temelden de\u011fi\u015ftirerek, toplumdaki hassasiyetler de dikkate al\u0131narak bu konuda gerekli uygulamalar i\u00e7in bir kanun \u00e7al\u0131\u015fmas\u0131 yapaca\u011f\u0131z. Bu toplant\u0131 bu y\u00fczden \u00e7ok k\u0131ymetli. \u00d6zellikle ben sizlerin ac\u0131s\u0131n\u0131 en derinden hissediyorum. Sizlerin ma\u011fdur oldu\u011funuz dosyalar, kat\u0131ld\u0131\u011f\u0131n\u0131z dosyalarla ilgili g\u00f6zlemlerimi Say\u0131n Ba\u015fkan&#8217;\u0131m\u0131zla birlikte de isti\u015fare ederek kanunun yasala\u015fma a\u015famas\u0131nda dikkate alaca\u011f\u0131z.&#8221; ifadelerini kulland\u0131. Konuyla ilgili daha \u00f6nce a\u00e7\u0131klamalarda bulunan Adalet Bakan\u0131 Ak\u0131n G\u00fcrlek, T\u00fcrkiye Barolar Birli\u011fi Ba\u015fkan\u0131 Erin\u00e7 Sa\u011fkan ve beraberindeki heyetle bir araya geldi. Bakanl\u0131ktan yap\u0131lan a\u00e7\u0131klamaya g\u00f6re, G\u00fcrlek, kabulde yapt\u0131\u011f\u0131 konu\u015fmada, 12. Yarg\u0131 Paketi&#8217;nde avukatlar\u0131n \u00f6zl\u00fck haklar\u0131n\u0131n g\u00fc\u00e7lendirilmesine y\u00f6nelik \u00e7al\u0131\u015fmalar\u0131 hayata ge\u00e7irmeyi hedeflediklerini belirtti.<\/p>\n<p>G\u00fcrlek, avukatlar\u0131n ya\u015fad\u0131\u011f\u0131 maddi s\u0131k\u0131nt\u0131lar\u0131 12. Yarg\u0131 Paketi ile \u00e7\u00f6z\u00fcme kavu\u015fturmay\u0131 hedeflediklerine dikkati \u00e7ekerek, \u015funlar\u0131 kaydetti:<\/p>\n<p>&#8220;12. Yarg\u0131 Paketi&#8217;nde avukatlar\u0131m\u0131za \u00f6zel d\u00fczenlemelerin \u00e7al\u0131\u015fmalar\u0131n\u0131 yap\u0131yoruz. Avukatlar\u0131m\u0131z\u0131n maddi anlamda zorluk ya\u015fad\u0131\u011f\u0131n\u0131 biliyoruz, bu hususla ilgili de pakette \u00e7al\u0131\u015fmalar olacak. \u00d6zellikle avukatlar\u0131m\u0131z\u0131n maddi anlamda onlar\u0131n hissedebilece\u011fi, onlara da bir fayda sa\u011flayabilecek d\u00fczenlemeler yapmak istiyoruz. Bu konuyu zaten kamuoyu ile de payla\u015ft\u0131k. Tapu i\u015flemlerinde 30 milyon lira \u00fcst\u00fc i\u015flemlerde iki taraf i\u00e7in avukat zorunlulu\u011fu getirilecek.&#8221; \u00d6te yandan konuyla ilgili Bakan G\u00fcrlek bir ba\u015fka a\u00e7\u0131klamada daha bulundu. G\u00fcrlek, 12. Yarg\u0131 Paketi&#8217;yle hakim, savc\u0131 takviyesi, \u00e7al\u0131\u015fma \u015fartlar\u0131n\u0131n geli\u015ftirilmesi konular\u0131nda \u00e7al\u0131\u015fma yapacaklar\u0131n\u0131 anlatarak, \u015funlar\u0131 kaydetti:<\/p>\n<p>&#8220;\u0130kinci problem biliyorsunuz, asl\u0131nda \u00f6yle de de\u011fil ama maalesef b\u00f6yle bir alg\u0131 var. Yarg\u0131 her zaman g\u00fc\u00e7l\u00fcden yanad\u0131r alg\u0131s\u0131 var. Bu yanl\u0131\u015f. Bunu siz de biliyorsunuz. Biz de biliyoruz. \u0130stanbul&#8217;da g\u00f6rev yapt\u0131k, sizler de biliyorsunuz. Hakim, savc\u0131 dosyadaki delillere g\u00f6re bakar. Dosyan\u0131n taraflar\u0131n\u0131n stat\u00fcleri, makamlar\u0131, mevkileri \u00f6nemli de\u011fildir. O \u015fahs\u0131n g\u00fc\u00e7l\u00fc olmas\u0131 ya da \u00f6nemli pozisyonda olmas\u0131, maddi durumu \u00f6nemli de\u011fildir. Bu konuda da de\u011ferli meslekta\u015flar\u0131m elinizden geldi\u011fince sizlerden de ihtimam g\u00f6stermenizi istiyoruz.&#8221; Adalet Bakan\u0131 Ak\u0131n G\u00fcrlek, ge\u00e7ti\u011fimiz haftalarda Ankara Hakimevi&#8217;nde bas\u0131n kurulu\u015flar\u0131n\u0131n Ankara temsilcileriyle iftarda bir araya geldi.<\/p>\n<p>12. Yarg\u0131 Paketiyle ilgili bilgi veren G\u00fcrlek, &#8220;11. yarg\u0131 paketi yasala\u015ft\u0131, 25 Aral\u0131k&#8217;ta y\u00fcr\u00fcrl\u00fc\u011fe girdi. 12. Yarg\u0131 Paketi Meclis&#8217;teydi. Adalet Bakan\u0131 olarak atand\u0131ktan sonra bu paketi geri \u00e7ektik \u00e7\u00fcnk\u00fc bir k\u0131s\u0131m eksiklikler oldu\u011funu hissettim. &#8216;Adalete g\u00fcven neden eksik&#8217; deyince ilk soru \u015fu ortaya \u00e7\u0131k\u0131yor, yarg\u0131laman\u0131n uzun s\u00fcre s\u00fcrmesi noktas\u0131nda vatanda\u015flar\u0131m\u0131z\u0131n bir memnuniyetsizli\u011fi var. Bunun temeline indik. Direkt icraata ge\u00e7mek istiyorum. Burada \u00e7e\u015fitli arkada\u015flarla birlikte form\u00fcller \u00fczerinde \u00e7al\u0131\u015ft\u0131k.&#8221; diye konu\u015ftu. G\u00fcrlek, \u015fu an 12,5 milyon dosyan\u0131n oldu\u011funu bildirerek, &#8220;Bu dosya say\u0131s\u0131 \u00e7ok fazla. 12,5 milyon dosya d\u00fcnyada hi\u00e7bir yerde yok. \u00d6ncelikli olarak her dosyan\u0131n, her uyu\u015fmazl\u0131\u011f\u0131n yarg\u0131n\u0131n \u00f6n\u00fcne gitmemesi i\u00e7in gerekli ad\u0131mlar atmam\u0131z gerekiyor. Uzla\u015ft\u0131rma m\u00fcessesesi geni\u015fletildi, arabuluculuk m\u00fcessesesi geni\u015fletildi ama vatanda\u015f\u0131m\u0131z mutlaka hakim savc\u0131n\u0131n y\u00fcz\u00fcn\u00fc g\u00f6rmek istiyor. Bu konuda yeni d\u00fczenleyece\u011fimiz pakette de tekrardan uzla\u015fma ve arabuluculuk kapsam\u0131n\u0131 geni\u015fletmek istiyoruz.&#8221; ifadelerini kulland\u0131.<\/p>\n<p>Bo\u015fanma davalar\u0131n\u0131n \u00e7ok uzun s\u00fcre devam etti\u011fini belirten G\u00fcrlek, &#8220;Sekiz y\u0131l, on y\u0131l bu davalar s\u00fcr\u00fcyor. Bu s\u00fcre\u00e7te vatanda\u015flar\u0131m\u0131z nafaka \u00f6d\u00fcyor. Kendine yeni bir hayat kuram\u0131yor. \u0130n\u015fallah 12. Yarg\u0131 Paketinde \u00e7eki\u015fmeli bo\u015fanma davalar\u0131nda arabuluculuk h\u00fck\u00fcmlerinin uygulanmas\u0131 olarak getirmek istiyoruz. Birinci konumuz bu.&#8221; dedi.<\/p>\n<p>G\u00fcrlek, yarg\u0131lanmalar\u0131n h\u0131zlanmas\u0131yla ilgili, &#8220;Yarg\u0131lamalar\u0131n h\u0131zlanmas\u0131 konusunda bu konuda faaliyetlerimiz var. \u0130n\u015fallah 12. Yarg\u0131 Paketine koyaca\u011f\u0131z. Atlamal\u0131 temyiz m\u00fcessesesi var. Yani bir dosya hem istinafa hem Yarg\u0131tay&#8217;a gitmeyecek. Bunu da 12. Yarg\u0131 Paketinde yarg\u0131n\u0131n h\u0131zlanmas\u0131 i\u00e7in getirmeyi d\u00fc\u015f\u00fcn\u00fcyoruz. Hakim arkada\u015flar\u0131m\u0131z\u0131 biraz zorlayaca\u011f\u0131z. Atama, terfi de belirli bir karar ve o karar\u0131n Yarg\u0131tay&#8217;dan onanmas\u0131n\u0131 art\u0131k mutlak kriter olarak arayaca\u011f\u0131z.&#8221; a\u00e7\u0131klamas\u0131n\u0131 yapt\u0131. Son zamanlarda \u00e7ocuklar\u0131n i\u015fledi\u011fi su\u00e7lar\u0131n artt\u0131\u011f\u0131na dikkati \u00e7eken G\u00fcrlek, &#8220;\u00c7ocuklarla ilgili cezalar\u0131 yetersiz buluyorum. \u00d6zellikle \u00e7ocuklar\u0131n adam \u00f6ld\u00fcrme ya da di\u011fer su\u00e7larda yeti\u015fkinler gibi a\u011f\u0131rla\u015fm\u0131\u015f m\u00fcebbet hapis cezas\u0131 gerekiyorsa onlar\u0131n almas\u0131n\u0131 sa\u011flayaca\u011f\u0131z. Bu d\u00fczenlemede Meclis&#8217;te bir komisyon kuruldu. O komisyonda da zaman zaman g\u00f6r\u00fc\u015f\u00fcyoruz. Bu d\u00fczenlemeyi de hayata ge\u00e7irece\u011fiz.&#8221; bilgisini verdi.<\/p>\n<p>Bununla 11. Yarg\u0131 Paketinde de d\u00fczenlemelerin yap\u0131ld\u0131\u011f\u0131n\u0131 hat\u0131rlatan G\u00fcrlek, \u015funlar\u0131 kaydetti:<\/p>\n<p>&#8220;\u00d6zellikle su\u00e7 \u00f6rg\u00fctlerinin, \u00f6rg\u00fct y\u00f6neticilerinin, \u00f6rg\u00fct \u00fcyelerinin, \u00e7ocuklar\u0131 su\u00e7larda kullanmas\u0131 durumunda verilecek cezalar\u0131 artt\u0131rd\u0131k. 12. Yarg\u0131 Paketinde bu cezalar\u0131 tekrar artt\u0131rmay\u0131 d\u00fc\u015f\u00fcn\u00fcyoruz. \u00c7\u00fcnk\u00fc \u00e7ocuklar bize emanet. Gelece\u011fini korumakla y\u00fck\u00fcml\u00fcy\u00fcz. Yani devlet sadece su\u00e7 i\u015flemeyi \u00f6nlemez. Ayn\u0131 zamanda ki\u015fiye sosyal anlamda bir gelecekte vaat eder. Biz de \u00e7ocuklar\u0131m\u0131z\u0131n gelece\u011fi i\u00e7in bu \u00f6nlemleri almam\u0131z gerekiyor. \u00c7ocuklarla ilgili de bu \u015fekilde d\u00fczenleme yapmak istiyoruz.&#8221; 12\u2019nci Yarg\u0131 Paketi \u00e7al\u0131\u015fmalar\u0131 devam ediyor. Adalet Bakanl\u0131\u011f\u0131 taraf\u0131ndan \u00e7al\u0131\u015fmalar tamamland\u0131ktan sonra 12. Yarg\u0131 Paketi&#8217;nin AK Parti Grup Ba\u015fkanl\u0131\u011f\u0131 taraf\u0131ndan Meclis Ba\u015fkanl\u0131\u011f\u0131\u2019na sunulmas\u0131 \u00f6ng\u00f6r\u00fcl\u00fcyor.<\/p>\n<p>Kaynak : hurriyet.com.tr<\/p>\n"},"alt_text":"","media_type":"image","mime_type":"image\/jpeg","media_details":{"width":768,"height":201,"file":"2026\/04\/1-15-768x201-115.jpg","sizes":{"medium":{"file":"1-15-768x201-115-300x79.jpg","width":300,"height":79,"mime_type":"image\/jpeg","source_url":"https:\/\/kilosorunum.com\/habercim\/wp-content\/uploads\/2026\/04\/1-15-768x201-115-300x79.jpg"},"thumbnail":{"file":"1-15-768x201-115-150x150.jpg","width":150,"height":150,"mime_type":"image\/jpeg","source_url":"https:\/\/kilosorunum.com\/habercim\/wp-content\/uploads\/2026\/04\/1-15-768x201-115-150x150.jpg"},"kucukResim":{"file":"1-15-768x201-115-80x50.jpg","width":80,"height":50,"mime_type":"image\/jpeg","source_url":"https:\/\/kilosorunum.com\/habercim\/wp-content\/uploads\/2026\/04\/1-15-768x201-115-80x50.jpg"},"sliderResim":{"file":"1-15-768x201-115-670x201.jpg","width":670,"height":201,"mime_type":"image\/jpeg","source_url":"https:\/\/kilosorunum.com\/habercim\/wp-content\/uploads\/2026\/04\/1-15-768x201-115-670x201.jpg"},"resim1":{"file":"1-15-768x201-115-184x140.jpg","width":184,"height":140,"mime_type":"image\/jpeg","source_url":"https:\/\/kilosorunum.com\/habercim\/wp-content\/uploads\/2026\/04\/1-15-768x201-115-184x140.jpg"},"resim2":{"file":"1-15-768x201-115-216x103.jpg","width":216,"height":103,"mime_type":"image\/jpeg","source_url":"https:\/\/kilosorunum.com\/habercim\/wp-content\/uploads\/2026\/04\/1-15-768x201-115-216x103.jpg"},"resim3":{"file":"1-15-768x201-115-145x70.jpg","width":145,"height":70,"mime_type":"image\/jpeg","source_url":"https:\/\/kilosorunum.com\/habercim\/wp-content\/uploads\/2026\/04\/1-15-768x201-115-145x70.jpg"},"sagSlider":{"file":"1-15-768x201-115-300x150.jpg","width":300,"height":150,"mime_type":"image\/jpeg","source_url":"https:\/\/kilosorunum.com\/habercim\/wp-content\/uploads\/2026\/04\/1-15-768x201-115-300x150.jpg"},"yeniSlider":{"file":"1-15-768x201-115-500x201.jpg","width":500,"height":201,"mime_type":"image\/jpeg","source_url":"https:\/\/kilosorunum.com\/habercim\/wp-content\/uploads\/2026\/04\/1-15-768x201-115-500x201.jpg"},"full":{"file":"1-15-768x201-115.jpg","width":768,"height":201,"mime_type":"image\/jpeg","source_url":"https:\/\/kilosorunum.com\/habercim\/wp-content\/uploads\/2026\/04\/1-15-768x201-115.jpg"}},"image_meta":{"aperture":"0","credit":"","camera":"","caption":"","created_timestamp":"0","copyright":"","focal_length":"0","iso":"0","shutter_speed":"0","title":"","orientation":"0","keywords":[]}},"post":46170,"source_url":"https:\/\/kilosorunum.com\/habercim\/wp-content\/uploads\/2026\/04\/1-15-768x201-115.jpg","_links":{"self":[{"href":"https:\/\/kilosorunum.com\/habercim\/wp-json\/wp\/v2\/media\/46172"}],"collection":[{"href":"https:\/\/kilosorunum.com\/habercim\/wp-json\/wp\/v2\/media"}],"about":[{"href":"https:\/\/kilosorunum.com\/habercim\/wp-json\/wp\/v2\/types\/attachment"}],"author":[{"embeddable":true,"href":"https:\/\/kilosorunum.com\/habercim\/wp-json\/wp\/v2\/users\/2"}],"replies":[{"embeddable":true,"href":"https:\/\/kilosorunum.com\/habercim\/wp-json\/wp\/v2\/comments?post=46172"}]}}