{"id":46277,"date":"2026-04-13T15:58:35","date_gmt":"2026-04-13T12:58:35","guid":{"rendered":"https:\/\/kilosorunum.com\/habercim\/wp-content\/uploads\/2026\/04\/1-15-768x201-133.jpg"},"modified":"2026-04-13T16:01:18","modified_gmt":"2026-04-13T13:01:18","slug":"1-15-768x201-2453","status":"inherit","type":"attachment","link":"https:\/\/kilosorunum.com\/habercim\/foto-galeri\/hodri-meydan\/attachment\/1-15-768x201-2453\/","title":{"rendered":"Hodri meydan"},"author":2,"comment_status":"open","ping_status":"closed","template":"","meta":[],"description":{"rendered":"<p class=\"attachment\"><a href='https:\/\/kilosorunum.com\/habercim\/wp-content\/uploads\/2026\/04\/1-15-768x201-133.jpg'><img width=\"300\" height=\"79\" src=\"https:\/\/kilosorunum.com\/habercim\/wp-content\/uploads\/2026\/04\/1-15-768x201-133-300x79.jpg\" class=\"attachment-medium size-medium\" alt=\"\" loading=\"lazy\" srcset=\"https:\/\/kilosorunum.com\/habercim\/wp-content\/uploads\/2026\/04\/1-15-768x201-133-300x79.jpg 300w, https:\/\/kilosorunum.com\/habercim\/wp-content\/uploads\/2026\/04\/1-15-768x201-133.jpg 768w\" sizes=\"(max-width: 300px) 100vw, 300px\" \/><\/a><\/p>\n"},"caption":{"rendered":"<p>\u0130srail bas\u0131n\u0131nda yer alan Maariv\u2019e g\u00f6re, Cumhurba\u015fkan\u0131 Erdo\u011fan\u2019\u0131n \u201chodri meydan\u201d \u00e7\u0131k\u0131\u015f\u0131 \u0130srail bas\u0131n\u0131nda geni\u015f yer buldu. Haberde yer alan detaylarda, \u0130srail\u2019i durduran g\u00fcc\u00fcn T\u00fcrk savunma sanayi oldu\u011fu vurguland\u0131.<br \/>\nOrtado\u011fu&#8217;yu ad\u0131m ad\u0131m b\u00fcy\u00fck bir felakete s\u00fcr\u00fckleyen, Gazze\u2019de soyk\u0131r\u0131m yap\u0131p L\u00fcbnan\u2019\u0131 i\u015fgale kalk\u0131\u015fan \u0130srail\u2019in kirli ajandas\u0131nda T\u00fcrkiye\u2019nin oldu\u011fu art\u0131k y\u00fcksek sesle konu\u015fulmaya ba\u015fland\u0131.<\/p>\n<p>\u0130srail\u2019in bir sonraki hedefi T\u00fcrkiye\u2019dir a\u00e7\u0131klamas\u0131, \u0130srail medyas\u0131nda geni\u015f yank\u0131 bulurken, b\u00f6lgedeki sinsi plan\u0131n detaylar\u0131n\u0131 da bir kez daha g\u00fcn y\u00fcz\u00fcne \u00e7\u0131kard\u0131. \u0130srail\u2019in \u00f6nde gelen yay\u0131n organlar\u0131ndan Maariv gazetesi, Cumhurba\u015fkan\u0131 Erdo\u011fan\u2019\u0131n ileri devlet ak\u0131l\u0131n\u0131n ne denli oldu\u011funu kan\u0131tlar nitelikte \u00e7arp\u0131c\u0131 bir analiz yay\u0131mlad\u0131. Cumhurba\u015fkan\u0131 Erdo\u011fan\u2019\u0131n Meclis k\u00fcrs\u00fcs\u00fcnden t\u00fcm d\u00fcnyaya hayk\u0131rd\u0131\u011f\u0131, \u201cKim olursa olsun, hi\u00e7bir \u00fclkenin egemenli\u011finde, topraklar\u0131nda g\u00f6z\u00fcm\u00fcz yok. Ama topraklar\u0131m\u0131za g\u00f6z diken, egemenli\u011fimize kasteden ve dahi macera arayan olursa evelallah ona da &#8216;hodri meydan&#8217; demekten \u00e7ekinmeyiz&#8221; uyar\u0131s\u0131 sadece bir siyasi s\u00f6ylem de\u011fil, b\u00f6lgedeki jeopolitik ger\u00e7ekli\u011fin bir yans\u0131mas\u0131 olarak de\u011ferlendiriliyor.<br \/>\nMaariv gazetesinin haberine g\u00f6re, \u0130srail\u2019in a\u015f\u0131r\u0131 sa\u011fc\u0131 h\u00fck\u00fcmetinin ve kabinedeki radikal isimlerin Arz-\u0131 Mevud yani vadedilmi\u015f topraklar hayalinin T\u00fcrkiye\u2019nin g\u00fcney illerini de kapsad\u0131\u011f\u0131 ger\u00e7e\u011fi tart\u0131\u015fmaya a\u00e7\u0131ld\u0131. Haberde, \u0130srail ordusunun Gazze ve L\u00fcbnan\u2019dan sonra rotay\u0131 nereye k\u0131raca\u011f\u0131 sorusu sorulurken, T\u00fcrk liderli\u011finin bu tehdidi ciddiyetle kar\u015f\u0131lad\u0131\u011f\u0131 ve savunma hatt\u0131n\u0131 buna g\u00f6re \u015fekillendirdi\u011fi vurguland\u0131.<br \/>\n\u0130srail\u2019in yay\u0131lmac\u0131 politikas\u0131n\u0131n ard\u0131ndaki dini motivasyonun, yani Nil\u2019den F\u0131rat\u2019a kadar uzanan b\u00fcy\u00fck bir Yahudi devleti kurma idealinin, Ankara taraf\u0131ndan en b\u00fcy\u00fck tehdit olarak g\u00f6r\u00fcld\u00fc\u011f\u00fc belirtilen haberde, T\u00fcrkiye\u2019nin i\u00e7 cepheyi g\u00fc\u00e7lendirme hamlesine dikkat \u00e7ekildi. Cumhurba\u015fkan\u0131 Erdo\u011fan\u2019\u0131n siyasi g\u00f6r\u00fc\u015f ayr\u0131l\u0131klar\u0131n\u0131 bir kenara b\u0131rakarak \u0130srail tehdidine kar\u015f\u0131 milli bir duru\u015f sergileme \u00e7a\u011fr\u0131s\u0131 yapmas\u0131, \u0130srail taraf\u0131nda T\u00fcrkiye\u2019nin olas\u0131 bir \u00e7at\u0131\u015fmaya her anlamda haz\u0131rland\u0131\u011f\u0131 \u015feklinde yorumland\u0131.<br \/>\nNetanyahu h\u00fck\u00fcmetinin b\u00f6lgesel kaosu derinle\u015ftirerek s\u0131n\u0131rlar\u0131 yeniden \u00e7izme arzusunun, T\u00fcrkiye\u2019nin egemenlik haklar\u0131yla do\u011frudan \u00e7at\u0131\u015ft\u0131\u011f\u0131 ifade edildi. Haberde ge\u00e7en detaylara g\u00f6re, \u0130srail\u2019deki baz\u0131 radikal gruplar\u0131n ve siyasi fig\u00fcrlerin a\u00e7\u0131k\u00e7a T\u00fcrkiye\u2019nin bir k\u0131sm\u0131n\u0131 da i\u00e7ine alan haritalar payla\u015fmas\u0131, Ankara\u2019n\u0131n elindeki istihbari bilgilerin ne kadar somut oldu\u011funu kan\u0131tl\u0131yor. Maariv, T\u00fcrk h\u00fck\u00fcmetinin bu durumu bir beka meselesi olarak kodlad\u0131\u011f\u0131n\u0131 ve b\u00f6lgesel ittifaklar\u0131n\u0131 da bu tehdit alg\u0131s\u0131 \u00fczerinden yeniden g\u00fcncelledi\u011fini yazd\u0131.<\/p>\n<p>\u00d6zellikle L\u00fcbnan\u2019daki sald\u0131r\u0131lar\u0131n ard\u0131ndan s\u0131ran\u0131n Suriye ve ard\u0131ndan do\u011frudan T\u00fcrkiye\u2019ye gelebilece\u011fi y\u00f6n\u00fcndeki stratejik analizler, b\u00f6lgedeki gerilimi en \u00fcst d\u00fczeye \u00e7\u0131karm\u0131\u015f durumda. Cumhurba\u015fkan\u0131 Erdo\u011fan\u2019\u0131n \u0130srail y\u00f6netimini defalarca uyararak bu \u00e7\u0131lg\u0131nl\u0131\u011fa dur deyin \u00e7a\u011fr\u0131s\u0131nda bulunmas\u0131, asl\u0131nda sadece T\u00fcrkiye\u2019nin de\u011fil t\u00fcm b\u00f6lgenin g\u00fcvenli\u011fini koruma \u00e7abas\u0131 olarak g\u00f6r\u00fcl\u00fcyor. \u0130srail medyas\u0131ndaki hakim g\u00f6r\u00fc\u015f, Netanyahu ve ekibinin durmaya niyetinin olmad\u0131\u011f\u0131 y\u00f6n\u00fcnde. T\u00fcrkiye\u2019nin savunma sanayiindeki at\u0131l\u0131mlar\u0131n\u0131n ve yerli m\u00fchimmat \u00fcretim kapasitesinin, \u0130srail\u2019in bu sinsi planlar\u0131 \u00f6n\u00fcndeki en b\u00fcy\u00fck engel oldu\u011fu da itiraf ediliyor.<\/p>\n<p>Kaynak : haber7.com<\/p>\n"},"alt_text":"","media_type":"image","mime_type":"image\/jpeg","media_details":{"width":768,"height":201,"file":"2026\/04\/1-15-768x201-133.jpg","sizes":{"medium":{"file":"1-15-768x201-133-300x79.jpg","width":300,"height":79,"mime_type":"image\/jpeg","source_url":"https:\/\/kilosorunum.com\/habercim\/wp-content\/uploads\/2026\/04\/1-15-768x201-133-300x79.jpg"},"thumbnail":{"file":"1-15-768x201-133-150x150.jpg","width":150,"height":150,"mime_type":"image\/jpeg","source_url":"https:\/\/kilosorunum.com\/habercim\/wp-content\/uploads\/2026\/04\/1-15-768x201-133-150x150.jpg"},"kucukResim":{"file":"1-15-768x201-133-80x50.jpg","width":80,"height":50,"mime_type":"image\/jpeg","source_url":"https:\/\/kilosorunum.com\/habercim\/wp-content\/uploads\/2026\/04\/1-15-768x201-133-80x50.jpg"},"sliderResim":{"file":"1-15-768x201-133-670x201.jpg","width":670,"height":201,"mime_type":"image\/jpeg","source_url":"https:\/\/kilosorunum.com\/habercim\/wp-content\/uploads\/2026\/04\/1-15-768x201-133-670x201.jpg"},"resim1":{"file":"1-15-768x201-133-184x140.jpg","width":184,"height":140,"mime_type":"image\/jpeg","source_url":"https:\/\/kilosorunum.com\/habercim\/wp-content\/uploads\/2026\/04\/1-15-768x201-133-184x140.jpg"},"resim2":{"file":"1-15-768x201-133-216x103.jpg","width":216,"height":103,"mime_type":"image\/jpeg","source_url":"https:\/\/kilosorunum.com\/habercim\/wp-content\/uploads\/2026\/04\/1-15-768x201-133-216x103.jpg"},"resim3":{"file":"1-15-768x201-133-145x70.jpg","width":145,"height":70,"mime_type":"image\/jpeg","source_url":"https:\/\/kilosorunum.com\/habercim\/wp-content\/uploads\/2026\/04\/1-15-768x201-133-145x70.jpg"},"sagSlider":{"file":"1-15-768x201-133-300x150.jpg","width":300,"height":150,"mime_type":"image\/jpeg","source_url":"https:\/\/kilosorunum.com\/habercim\/wp-content\/uploads\/2026\/04\/1-15-768x201-133-300x150.jpg"},"yeniSlider":{"file":"1-15-768x201-133-500x201.jpg","width":500,"height":201,"mime_type":"image\/jpeg","source_url":"https:\/\/kilosorunum.com\/habercim\/wp-content\/uploads\/2026\/04\/1-15-768x201-133-500x201.jpg"},"full":{"file":"1-15-768x201-133.jpg","width":768,"height":201,"mime_type":"image\/jpeg","source_url":"https:\/\/kilosorunum.com\/habercim\/wp-content\/uploads\/2026\/04\/1-15-768x201-133.jpg"}},"image_meta":{"aperture":"0","credit":"","camera":"","caption":"","created_timestamp":"0","copyright":"","focal_length":"0","iso":"0","shutter_speed":"0","title":"","orientation":"0","keywords":[]}},"post":46275,"source_url":"https:\/\/kilosorunum.com\/habercim\/wp-content\/uploads\/2026\/04\/1-15-768x201-133.jpg","_links":{"self":[{"href":"https:\/\/kilosorunum.com\/habercim\/wp-json\/wp\/v2\/media\/46277"}],"collection":[{"href":"https:\/\/kilosorunum.com\/habercim\/wp-json\/wp\/v2\/media"}],"about":[{"href":"https:\/\/kilosorunum.com\/habercim\/wp-json\/wp\/v2\/types\/attachment"}],"author":[{"embeddable":true,"href":"https:\/\/kilosorunum.com\/habercim\/wp-json\/wp\/v2\/users\/2"}],"replies":[{"embeddable":true,"href":"https:\/\/kilosorunum.com\/habercim\/wp-json\/wp\/v2\/comments?post=46277"}]}}