{"id":46318,"date":"2026-04-14T01:25:25","date_gmt":"2026-04-13T22:25:25","guid":{"rendered":"https:\/\/kilosorunum.com\/habercim\/wp-content\/uploads\/2026\/04\/1-15-768x201-140.jpg"},"modified":"2026-04-14T01:26:16","modified_gmt":"2026-04-13T22:26:16","slug":"1-15-768x201-2460","status":"inherit","type":"attachment","link":"https:\/\/kilosorunum.com\/habercim\/foto-galeri\/4-ilimiz-uyarildi\/attachment\/1-15-768x201-2460\/","title":{"rendered":"4 ilimiz uyar\u0131ld\u0131"},"author":2,"comment_status":"open","ping_status":"closed","template":"","meta":[],"description":{"rendered":"<p class=\"attachment\"><a href='https:\/\/kilosorunum.com\/habercim\/wp-content\/uploads\/2026\/04\/1-15-768x201-140.jpg'><img width=\"300\" height=\"79\" src=\"https:\/\/kilosorunum.com\/habercim\/wp-content\/uploads\/2026\/04\/1-15-768x201-140-300x79.jpg\" class=\"attachment-medium size-medium\" alt=\"\" loading=\"lazy\" srcset=\"https:\/\/kilosorunum.com\/habercim\/wp-content\/uploads\/2026\/04\/1-15-768x201-140-300x79.jpg 300w, https:\/\/kilosorunum.com\/habercim\/wp-content\/uploads\/2026\/04\/1-15-768x201-140.jpg 768w\" sizes=\"(max-width: 300px) 100vw, 300px\" \/><\/a><\/p>\n"},"caption":{"rendered":"<p>Prof. Dr. Naci G\u00f6r\u00fcr\u2019den sert uyar\u0131: 4 milyon insan \u00f6l\u00fcmle burun buruna, \u0130stanbul bizi \u00e7\u00f6kertir, \u015faka yapm\u0131yorum!<br \/>\nProf. Dr. Naci G\u00f6r\u00fcr, \u201c\u0130stanbul bizi \u00e7\u00f6kertir beyler \u015faka yapm\u0131yorum. \u0130stanbul Marmara B\u00f6lgesi \u00e7\u00f6kerse b\u00fct\u00fcn T\u00fcrkiye diz \u00fcst\u00fc \u00e7\u00f6ker\u201d dedi. Prof. Dr. Naci G\u00f6r\u00fcr\u2019den \u2018Marmara depremi\u2019 a\u00e7\u0131klamas\u0131: \u2018Her an b\u00fcy\u00fck bir deprem olabilir\u2019 Prof. Dr. Naci G\u00f6r\u00fcr, sosyal medya hesab\u0131ndan yapt\u0131\u011f\u0131 de\u011ferlendirmede, \u201cMarmara\u2019da 4,0 (veya 5 ,0) deprem oldu. Arkada\u015flar, bu fay aktif ve KAF\u2019\u0131n kuzey kolu. Her an b\u00fcy\u00fck bir deprem olabilir. 14 milyon senedir oluyor, daha da olacak. Beklenen Marmara depremi a\u00e7\u0131s\u0131ndan diyorsan\u0131z maalesef olacak. Er veya ge\u00e7 haz\u0131r olun ve \u0130stanbul\u2019u deprem haz\u0131rlay\u0131n\u201d ifadelerini kulland\u0131.<br \/>\nAvustralyal\u0131 g\u00f6kbilimci Frank Hoogerbeets, Twitter hesab\u0131 \u00fczerinden \u0130stanbul depremiyle ilgili \u00e7arp\u0131c\u0131 bir a\u00e7\u0131klamada bulundu. 6 \u015eubat 2023 tarihinde meydana Kahramanmara\u015f depremini bilen Hoogerbeets, depremi 3 g\u00fcn \u00f6ncesinden yapt\u0131\u011f\u0131 payla\u015f\u0131mla tahmin etmi\u015f ve sosyal medyan\u0131n g\u00fcndemine oturmu\u015ftu. Hoogerbeets \u015fimdi de 23 Nisan\u2019da \u0130stanbul\u2019da meydana gelen depremlerin ard\u0131ndan yeni tahminde bulundu. Deprem uzman\u0131 Frank Hoogerbeets, \u0130stanbul\u2019da ya\u015fanan 6.2 \u015fiddetindeki depremin ard\u0131ndan yeni a\u00e7\u0131klamada bulundu. Sosyal medya hesab\u0131 \u00fczerinden payla\u015f\u0131m yapan Hoogerbeets, 7.0-7.6 aral\u0131\u011f\u0131ndaki depremlere dikkat \u00e7ekti. \u201cT\u00fcrkiye\u2019nin bat\u0131s\u0131nda meydana gelen Mw 6.2 b\u00fcy\u00fckl\u00fc\u011f\u00fcndeki deprem, Marmara Denizi\u2019nde, 12 km derinlikte ger\u00e7ekle\u015fti. Bu b\u00f6lge, 1509 y\u0131l\u0131nda \u0130stanbul\u2019un do\u011fusunda meydana gelen 7.2 ve 1766 y\u0131l\u0131nda bat\u0131s\u0131nda meydana gelen 7.6 b\u00fcy\u00fckl\u00fc\u011f\u00fcndeki depremler gibi 7.0-7.6 aral\u0131\u011f\u0131nda depremler \u00fcretebilecek potansiyele sahiptir. Bug\u00fcnk\u00fc deprem g\u00fc\u00e7l\u00fcyd\u00fc ve art\u00e7\u0131 sars\u0131nt\u0131lar ya\u015fanabilir.<\/p>\n"},"alt_text":"","media_type":"image","mime_type":"image\/jpeg","media_details":{"width":768,"height":201,"file":"2026\/04\/1-15-768x201-140.jpg","sizes":{"medium":{"file":"1-15-768x201-140-300x79.jpg","width":300,"height":79,"mime_type":"image\/jpeg","source_url":"https:\/\/kilosorunum.com\/habercim\/wp-content\/uploads\/2026\/04\/1-15-768x201-140-300x79.jpg"},"thumbnail":{"file":"1-15-768x201-140-150x150.jpg","width":150,"height":150,"mime_type":"image\/jpeg","source_url":"https:\/\/kilosorunum.com\/habercim\/wp-content\/uploads\/2026\/04\/1-15-768x201-140-150x150.jpg"},"kucukResim":{"file":"1-15-768x201-140-80x50.jpg","width":80,"height":50,"mime_type":"image\/jpeg","source_url":"https:\/\/kilosorunum.com\/habercim\/wp-content\/uploads\/2026\/04\/1-15-768x201-140-80x50.jpg"},"sliderResim":{"file":"1-15-768x201-140-670x201.jpg","width":670,"height":201,"mime_type":"image\/jpeg","source_url":"https:\/\/kilosorunum.com\/habercim\/wp-content\/uploads\/2026\/04\/1-15-768x201-140-670x201.jpg"},"resim1":{"file":"1-15-768x201-140-184x140.jpg","width":184,"height":140,"mime_type":"image\/jpeg","source_url":"https:\/\/kilosorunum.com\/habercim\/wp-content\/uploads\/2026\/04\/1-15-768x201-140-184x140.jpg"},"resim2":{"file":"1-15-768x201-140-216x103.jpg","width":216,"height":103,"mime_type":"image\/jpeg","source_url":"https:\/\/kilosorunum.com\/habercim\/wp-content\/uploads\/2026\/04\/1-15-768x201-140-216x103.jpg"},"resim3":{"file":"1-15-768x201-140-145x70.jpg","width":145,"height":70,"mime_type":"image\/jpeg","source_url":"https:\/\/kilosorunum.com\/habercim\/wp-content\/uploads\/2026\/04\/1-15-768x201-140-145x70.jpg"},"sagSlider":{"file":"1-15-768x201-140-300x150.jpg","width":300,"height":150,"mime_type":"image\/jpeg","source_url":"https:\/\/kilosorunum.com\/habercim\/wp-content\/uploads\/2026\/04\/1-15-768x201-140-300x150.jpg"},"yeniSlider":{"file":"1-15-768x201-140-500x201.jpg","width":500,"height":201,"mime_type":"image\/jpeg","source_url":"https:\/\/kilosorunum.com\/habercim\/wp-content\/uploads\/2026\/04\/1-15-768x201-140-500x201.jpg"},"full":{"file":"1-15-768x201-140.jpg","width":768,"height":201,"mime_type":"image\/jpeg","source_url":"https:\/\/kilosorunum.com\/habercim\/wp-content\/uploads\/2026\/04\/1-15-768x201-140.jpg"}},"image_meta":{"aperture":"0","credit":"","camera":"","caption":"","created_timestamp":"0","copyright":"","focal_length":"0","iso":"0","shutter_speed":"0","title":"","orientation":"0","keywords":[]}},"post":46316,"source_url":"https:\/\/kilosorunum.com\/habercim\/wp-content\/uploads\/2026\/04\/1-15-768x201-140.jpg","_links":{"self":[{"href":"https:\/\/kilosorunum.com\/habercim\/wp-json\/wp\/v2\/media\/46318"}],"collection":[{"href":"https:\/\/kilosorunum.com\/habercim\/wp-json\/wp\/v2\/media"}],"about":[{"href":"https:\/\/kilosorunum.com\/habercim\/wp-json\/wp\/v2\/types\/attachment"}],"author":[{"embeddable":true,"href":"https:\/\/kilosorunum.com\/habercim\/wp-json\/wp\/v2\/users\/2"}],"replies":[{"embeddable":true,"href":"https:\/\/kilosorunum.com\/habercim\/wp-json\/wp\/v2\/comments?post=46318"}]}}