{"id":46363,"date":"2026-04-14T22:06:16","date_gmt":"2026-04-14T19:06:16","guid":{"rendered":"https:\/\/kilosorunum.com\/habercim\/wp-content\/uploads\/2026\/04\/1-177.jpg"},"modified":"2026-04-14T22:07:42","modified_gmt":"2026-04-14T19:07:42","slug":"1-5912","status":"inherit","type":"attachment","link":"https:\/\/kilosorunum.com\/habercim\/genel\/yunanistan-neler-planliyor\/attachment\/1-5912\/","title":{"rendered":"Yunanistan neler planl\u0131yor"},"author":2,"comment_status":"open","ping_status":"closed","template":"","meta":[],"description":{"rendered":"<p class=\"attachment\"><a href='https:\/\/kilosorunum.com\/habercim\/wp-content\/uploads\/2026\/04\/1-177.jpg'><img width=\"300\" height=\"169\" src=\"https:\/\/kilosorunum.com\/habercim\/wp-content\/uploads\/2026\/04\/1-177-300x169.jpg\" class=\"attachment-medium size-medium\" alt=\"\" loading=\"lazy\" srcset=\"https:\/\/kilosorunum.com\/habercim\/wp-content\/uploads\/2026\/04\/1-177-300x169.jpg 300w, https:\/\/kilosorunum.com\/habercim\/wp-content\/uploads\/2026\/04\/1-177-1024x576.jpg 1024w, https:\/\/kilosorunum.com\/habercim\/wp-content\/uploads\/2026\/04\/1-177-768x432.jpg 768w, https:\/\/kilosorunum.com\/habercim\/wp-content\/uploads\/2026\/04\/1-177.jpg 1200w\" sizes=\"(max-width: 300px) 100vw, 300px\" \/><\/a><\/p>\n"},"caption":{"rendered":"<p>BBC\u2019nin haberine g\u00f6re Yunanistan\u2019\u0131n kulland\u0131\u011f\u0131 d\u00fczensiz g\u00f6\u00e7menler, \u00fclkeye yasa d\u0131\u015f\u0131 yollarla giren ki\u015fileri T\u00fcrkiye\u2019ye geri g\u00f6nderirken i\u015fkence ve cinsel sald\u0131r\u0131 gibi su\u00e7lar i\u015fliyor.<br \/>\n\u0130ngiliz kamu yay\u0131nc\u0131s\u0131 BBC, Yunanistan\u2019\u0131n d\u00fczensiz g\u00f6\u00e7menleri T\u00fcrkiye\u2019ye geri g\u00f6ndermek i\u00e7in yine d\u00fczensiz g\u00f6\u00e7menleri kulland\u0131\u011f\u0131n\u0131 ve bu ki\u015filerin yakalad\u0131klar\u0131 di\u011fer g\u00f6\u00e7menlere i\u015fkence ederek e\u015fyalar\u0131n\u0131 \u00e7ald\u0131\u011f\u0131n\u0131 ortaya \u00e7\u0131kard\u0131.<\/p>\n<p>BBC\u2019nin \u00e7ok say\u0131da ifade, bilgi ve belgeye dayand\u0131rd\u0131\u011f\u0131 haberinde, Yunan polisinin \u00fclkeye yasa d\u0131\u015f\u0131 yollarla giri\u015f yapan d\u00fczensiz g\u00f6\u00e7menleri T\u00fcrkiye\u2019ye geri g\u00f6ndermeye zorlamak amac\u0131yla yine d\u00fczensiz g\u00f6\u00e7menleri kulland\u0131\u011f\u0131 iddias\u0131 yer ald\u0131.<\/p>\n<p>Habere g\u00f6re polis i\u00e7i yaz\u0131\u015fmalarda &#8220;paral\u0131 asker&#8221; olarak an\u0131lan ve emirleri \u00fcst d\u00fczey polis yetkililerinden ald\u0131\u011f\u0131 belirtilen grup, 2020\u2019den bu yana gayriresmi \u015fekilde d\u00fczensiz g\u00f6\u00e7le m\u00fccadelede kullan\u0131l\u0131yor.<\/p>\n<p>S\u00f6z konusu ki\u015filerin g\u00f6\u00e7menlere fiziksel \u015fiddet uygulad\u0131\u011f\u0131, cinsel istismarda bulundu\u011fu ve e\u015fyalar\u0131n\u0131 \u00e7ald\u0131\u011f\u0131 aktar\u0131l\u0131rken, Yunan makamlar\u0131 iddialar\u0131 reddediyor ancak tan\u0131k ifadeleri ve baz\u0131 resmi belgeler bunun aksini g\u00f6steriyor.<\/p>\n<p>\u0130ddiaya g\u00f6re bir Yunan s\u0131n\u0131r g\u00f6revlisi, &#8220;paral\u0131 asker&#8221; olarak an\u0131lan ki\u015filerin bir g\u00f6\u00e7men kad\u0131na tecav\u00fcz etti\u011fini \u00fcstlerine bildirdi. Bir ba\u015fka olayda ise iki g\u00f6\u00e7men ve eski bir &#8220;paral\u0131 asker&#8221;, hem bu gruplar hem de Yunan polisi taraf\u0131ndan bay\u0131lana kadar darbedildiklerini anlatt\u0131.<\/p>\n<p>Bir ba\u015fka g\u00f6\u00e7men de \u00fczerlerindeki de\u011ferli e\u015fyalar\u0131 arayan bir ki\u015finin bir bebe\u011fin bezini dahi \u00e7\u0131kard\u0131\u011f\u0131n\u0131 belirtirken, ortak anlat\u0131larda paral\u0131 askerlerin maske takt\u0131klar\u0131 ifadesi yer ald\u0131.<\/p>\n<p>BBC&#8217;ye konu\u015fan bir polis muhbiri, maskeli paral\u0131 askerlerin her hafta y\u00fczlerce d\u00fczensiz g\u00f6\u00e7meni T\u00fcrkiye&#8217;ye geri itti\u011fini, bunun da t\u00fcm Avrupa Birli\u011fi&#8217;nin (AB) s\u0131n\u0131r koruma ajans\u0131 Frontex, Yunan askeri ve polisi taraf\u0131ndan bilindi\u011fini \u00f6ne s\u00fcrd\u00fc.<\/p>\n<p>Zorla T\u00fcrkiye&#8217;ye g\u00f6nderildiler<br \/>\nYapt\u0131klar\u0131 g\u00f6rev kar\u015f\u0131l\u0131\u011f\u0131nda para ve d\u00fczensiz g\u00f6\u00e7menlerden ele ge\u00e7irilen telefonlar verildi\u011fi iddia edilen paral\u0131 askerlere Yunanistan&#8217;dan ge\u00e7i\u015flerini kolayla\u015ft\u0131racak belgeler de sa\u011fland\u0131\u011f\u0131 kaydedildi.<\/p>\n<p>Haberde, Frontex&#8217;in elindeki kan\u0131tlar do\u011frultusunda haz\u0131rlanan bir rapor da yer ald\u0131. Raporda 2023 tarihli bir olayda &#8220;\u00dc\u00e7\u00fcnc\u00fc \u00fclke vatanda\u015f\u0131&#8221; olarak an\u0131lan 10 ila 20 aras\u0131 ki\u015finin Yunan yetkililerin talimat\u0131yla hareket etti\u011fi, yakalanan d\u00fczensiz g\u00f6\u00e7menlerin \u015fiddete maruz kald\u0131\u011f\u0131, \u00e7e\u015fitli tehditler ald\u0131\u011f\u0131, uygunsuz \u015fekilde arand\u0131\u011f\u0131 ve e\u015fyalar\u0131n\u0131n \u00e7al\u0131nd\u0131\u011f\u0131 belirtildi.<\/p>\n<p>Raporda ayr\u0131ca yakalanan d\u00fczensiz g\u00f6\u00e7menlerin AB&#8217;nin insan haklar\u0131 yasalar\u0131n\u0131 ihlal edecek bi\u00e7imde zorla T\u00fcrkiye&#8217;ye geri g\u00f6nderildi\u011fi yer ald\u0131.<\/p>\n<p>D\u00fczensiz g\u00f6\u00e7menler de iddialar\u0131 do\u011frulayan ifadeler verdi. Ger\u00e7ek ismi verilmeyen ve &#8220;Amal&#8221; olarak an\u0131lan Suriyeli g\u00f6\u00e7men, 2025&#8217;te ailesiyle birlikte Yunanistan&#8217;\u0131n T\u00fcrkiye s\u0131n\u0131r\u0131ndaki Orestiada kentinde polis taraf\u0131ndan g\u00f6zalt\u0131na al\u0131nd\u0131\u011f\u0131n\u0131 s\u00f6yledi.<\/p>\n<p>Polisin d\u00fczensiz g\u00f6\u00e7menleri iki maskeli ki\u015fiye teslim etti\u011fini anlatan Amal, cam\u0131 olmayan bir minib\u00fcse bindirildikten sonra T\u00fcrkiye s\u0131n\u0131r\u0131na g\u00f6t\u00fcr\u00fcld\u00fcklerini ifade etti.<\/p>\n<p>Amal, elinde sopalar olan 7 maskeli \u015fahs\u0131n yakla\u015f\u0131k 20 ki\u015filik d\u00fczensiz g\u00f6\u00e7men grubunu y\u00fcr\u00fctt\u00fc\u011f\u00fcn\u00fc belirtirken, bu ki\u015filerin bebe\u011finin bezini \u00e7\u0131kartarak arad\u0131\u011f\u0131n\u0131, bir g\u00f6\u00e7meni d\u00f6verek bay\u0131ltt\u0131\u011f\u0131n\u0131 anlatt\u0131.<\/p>\n<p>Bir ba\u015fka Suriyeli d\u00fczensiz g\u00f6\u00e7men Ahmed ise Yunan polisi taraf\u0131ndan d\u00f6v\u00fcld\u00fckten sonra onlarca g\u00f6\u00e7menle birlikte bir kamyona bindirildiklerini s\u00f6yledi.<\/p>\n<p>Kalabal\u0131k ve koku y\u00fcz\u00fcnden nefes alamad\u0131klar\u0131n\u0131 belirten Ahmed, Meri\u00e7 Nehri k\u0131y\u0131s\u0131na getirildikten sonra erkeklerin 5-6 ki\u015filik paral\u0131 asker grubu taraf\u0131ndan \u00e7\u0131plak \u015fekilde arand\u0131\u011f\u0131n\u0131 ifade etti.<\/p>\n<p>Paralar\u0131n\u0131n al\u0131nd\u0131\u011f\u0131n\u0131, paralar\u0131n\u0131 saklayanlar\u0131n ise sopalarla d\u00f6v\u00fcld\u00fc\u011f\u00fcn\u00fc belirten Ahmed, zorla \u015fi\u015fme bota bindirilen g\u00f6\u00e7menlerin nehrin ortas\u0131na kadar g\u00f6t\u00fcr\u00fcl\u00fcp b\u0131rak\u0131ld\u0131\u011f\u0131n\u0131 kaydetti.<\/p>\n<p>Afgan bir kad\u0131n ise Yunanistan&#8217;dan T\u00fcrkiye&#8217;ye geri g\u00f6nderildi\u011fi 2023&#8217;te Fars\u00e7a konu\u015fan birinin tecav\u00fcz\u00fcne u\u011frad\u0131\u011f\u0131 iddias\u0131yla Avrupa \u0130nsan Haklar\u0131 Mahkemesi&#8217;ne ba\u015fvuru yapt\u0131.<\/p>\n<p>Avrolar Yunan polisine, T\u00fcrk ve Arap paralar\u0131n\u0131 paral\u0131 askerlere<br \/>\nBBC, &#8220;Paral\u0131 asker&#8221; olarak \u00e7al\u0131\u015ft\u0131\u011f\u0131n\u0131 s\u00f6yleyen bir Fasl\u0131n\u0131n a\u00e7\u0131klamalar\u0131n\u0131 da payla\u015ft\u0131. Haberde ismi Marwan olarak ge\u00e7en \u015fah\u0131s, bir Yunan polisinden birlikte \u00e7al\u0131\u015fma teklifi ald\u0131\u011f\u0131n\u0131, korktu\u011fu i\u00e7in kabul etti\u011fini belirtti.<\/p>\n<p>&#8220;Suriyelilerden nefret eden bir Afgan&#8221; liderli\u011findeki bir ekipte yer ald\u0131\u011f\u0131n\u0131 s\u00f6yleyen Marwan, 10 hafta yapt\u0131\u011f\u0131 g\u00f6rev s\u0131ras\u0131nda i\u015fini d\u00fczensiz g\u00f6\u00e7menleri botlara koyarak T\u00fcrkiye&#8217;ye g\u00f6ndermek, botlar\u0131 kontrol etmek, g\u00f6\u00e7menlerden kalanlar\u0131 delil b\u0131rakmamak i\u00e7in yakmak olarak a\u00e7\u0131klad\u0131.<\/p>\n<p>D\u00fczensiz g\u00f6\u00e7menlerden kalan avro ve telefonlar\u0131 polisin ald\u0131\u011f\u0131n\u0131, paral\u0131 askerlerin ise T\u00fcrk paras\u0131 ve Arap paralar\u0131n\u0131 ald\u0131\u011f\u0131n\u0131 kaydeden Marwan, d\u00fczensiz g\u00f6\u00e7menlere yap\u0131lan muamelenin kendisini \u00e7ok \u00fczd\u00fc\u011f\u00fcn\u00fc belirtti.<\/p>\n<p>Marwan, kimseye \u015fiddet uygulamad\u0131\u011f\u0131n\u0131 ancak hem polis hem de di\u011fer paral\u0131 askerlerin uygulad\u0131\u011f\u0131 \u015fiddete \u015fahit oldu\u011funu ileri s\u00fcrd\u00fc.<\/p>\n<p>Yunan makamlar\u0131 ise iddialar\u0131 reddetti. Mart&#8217;ta BBC&#8217;ye konu\u015fan Yunanistan Ba\u015fbakan\u0131 Kiryakos Mi\u00e7otakis, iddialardan habersiz oldu\u011funu belirtirken, Frontex ise hak ihlallerine g\u00f6z yumduklar\u0131 su\u00e7lamas\u0131na kar\u015f\u0131 \u00e7\u0131kt\u0131.<\/p>\n<p>Kaynak : aa.com.tr<\/p>\n"},"alt_text":"","media_type":"image","mime_type":"image\/jpeg","media_details":{"width":1200,"height":675,"file":"2026\/04\/1-177.jpg","sizes":{"medium":{"file":"1-177-300x169.jpg","width":300,"height":169,"mime_type":"image\/jpeg","source_url":"https:\/\/kilosorunum.com\/habercim\/wp-content\/uploads\/2026\/04\/1-177-300x169.jpg"},"large":{"file":"1-177-1024x576.jpg","width":1024,"height":576,"mime_type":"image\/jpeg","source_url":"https:\/\/kilosorunum.com\/habercim\/wp-content\/uploads\/2026\/04\/1-177-1024x576.jpg"},"thumbnail":{"file":"1-177-150x150.jpg","width":150,"height":150,"mime_type":"image\/jpeg","source_url":"https:\/\/kilosorunum.com\/habercim\/wp-content\/uploads\/2026\/04\/1-177-150x150.jpg"},"medium_large":{"file":"1-177-768x432.jpg","width":768,"height":432,"mime_type":"image\/jpeg","source_url":"https:\/\/kilosorunum.com\/habercim\/wp-content\/uploads\/2026\/04\/1-177-768x432.jpg"},"kucukResim":{"file":"1-177-80x50.jpg","width":80,"height":50,"mime_type":"image\/jpeg","source_url":"https:\/\/kilosorunum.com\/habercim\/wp-content\/uploads\/2026\/04\/1-177-80x50.jpg"},"sliderResim":{"file":"1-177-670x330.jpg","width":670,"height":330,"mime_type":"image\/jpeg","source_url":"https:\/\/kilosorunum.com\/habercim\/wp-content\/uploads\/2026\/04\/1-177-670x330.jpg"},"resim1":{"file":"1-177-184x140.jpg","width":184,"height":140,"mime_type":"image\/jpeg","source_url":"https:\/\/kilosorunum.com\/habercim\/wp-content\/uploads\/2026\/04\/1-177-184x140.jpg"},"resim2":{"file":"1-177-216x103.jpg","width":216,"height":103,"mime_type":"image\/jpeg","source_url":"https:\/\/kilosorunum.com\/habercim\/wp-content\/uploads\/2026\/04\/1-177-216x103.jpg"},"resim3":{"file":"1-177-145x70.jpg","width":145,"height":70,"mime_type":"image\/jpeg","source_url":"https:\/\/kilosorunum.com\/habercim\/wp-content\/uploads\/2026\/04\/1-177-145x70.jpg"},"sagSlider":{"file":"1-177-300x150.jpg","width":300,"height":150,"mime_type":"image\/jpeg","source_url":"https:\/\/kilosorunum.com\/habercim\/wp-content\/uploads\/2026\/04\/1-177-300x150.jpg"},"yeniSlider":{"file":"1-177-500x290.jpg","width":500,"height":290,"mime_type":"image\/jpeg","source_url":"https:\/\/kilosorunum.com\/habercim\/wp-content\/uploads\/2026\/04\/1-177-500x290.jpg"},"full":{"file":"1-177.jpg","width":1200,"height":675,"mime_type":"image\/jpeg","source_url":"https:\/\/kilosorunum.com\/habercim\/wp-content\/uploads\/2026\/04\/1-177.jpg"}},"image_meta":{"aperture":"0","credit":"","camera":"","caption":"","created_timestamp":"0","copyright":"","focal_length":"0","iso":"0","shutter_speed":"0","title":"","orientation":"0","keywords":[]}},"post":46361,"source_url":"https:\/\/kilosorunum.com\/habercim\/wp-content\/uploads\/2026\/04\/1-177.jpg","_links":{"self":[{"href":"https:\/\/kilosorunum.com\/habercim\/wp-json\/wp\/v2\/media\/46363"}],"collection":[{"href":"https:\/\/kilosorunum.com\/habercim\/wp-json\/wp\/v2\/media"}],"about":[{"href":"https:\/\/kilosorunum.com\/habercim\/wp-json\/wp\/v2\/types\/attachment"}],"author":[{"embeddable":true,"href":"https:\/\/kilosorunum.com\/habercim\/wp-json\/wp\/v2\/users\/2"}],"replies":[{"embeddable":true,"href":"https:\/\/kilosorunum.com\/habercim\/wp-json\/wp\/v2\/comments?post=46363"}]}}