{"id":46408,"date":"2026-04-15T17:14:05","date_gmt":"2026-04-15T14:14:05","guid":{"rendered":"https:\/\/kilosorunum.com\/habercim\/wp-content\/uploads\/2026\/04\/1-186.jpg"},"modified":"2026-04-15T17:16:43","modified_gmt":"2026-04-15T14:16:43","slug":"1-5921","status":"inherit","type":"attachment","link":"https:\/\/kilosorunum.com\/habercim\/foto-galeri\/kahramanmarasta-ortaokul\/attachment\/1-5921\/","title":{"rendered":"Kahramanmara\u015f&#8217;ta ortaokul"},"author":2,"comment_status":"open","ping_status":"closed","template":"","meta":[],"description":{"rendered":"<p class=\"attachment\"><a href='https:\/\/kilosorunum.com\/habercim\/wp-content\/uploads\/2026\/04\/1-186.jpg'><img width=\"300\" height=\"169\" src=\"https:\/\/kilosorunum.com\/habercim\/wp-content\/uploads\/2026\/04\/1-186-300x169.jpg\" class=\"attachment-medium size-medium\" alt=\"\" loading=\"lazy\" srcset=\"https:\/\/kilosorunum.com\/habercim\/wp-content\/uploads\/2026\/04\/1-186-300x169.jpg 300w, https:\/\/kilosorunum.com\/habercim\/wp-content\/uploads\/2026\/04\/1-186-1024x576.jpg 1024w, https:\/\/kilosorunum.com\/habercim\/wp-content\/uploads\/2026\/04\/1-186-768x432.jpg 768w, https:\/\/kilosorunum.com\/habercim\/wp-content\/uploads\/2026\/04\/1-186.jpg 1200w\" sizes=\"(max-width: 300px) 100vw, 300px\" \/><\/a><\/p>\n"},"caption":{"rendered":"<p>Olay, \u00f6\u011fle saatlerinde, merkez Oniki\u015fubat il\u00e7esi Haydarbey Mahallesi\u2019ndeki Ayser \u00c7al\u0131k Ortaokulu\u2019nda meydana geldi. \u0130ddiaya g\u00f6re; 8\u2019inci s\u0131n\u0131f \u00f6\u011frencisi olan ki\u015fi, av t\u00fcfe\u011fiyle okula girdi ve rastgele ate\u015f a\u00e7maya ba\u015flad\u0131. \u0130hbar \u00fczerine \u00e7ok say\u0131da polis ekibi sevk edildi.<\/p>\n<p>SALDIRGANIN BABASI G\u00d6ZALTINA ALINDI<\/p>\n<p>Kahramanmara\u015f&#8217;ta okula y\u00f6nelik silahl\u0131 sald\u0131r\u0131y\u0131 ger\u00e7ekle\u015ftiren \u0130sa Aras Mersinli&#8217;nin babas\u0131 U\u011fur Mersinli g\u00f6zalt\u0131na al\u0131nd\u0131.<\/p>\n<p>Oniki\u015fubat il\u00e7esindeki sald\u0131r\u0131n\u0131n ard\u0131ndan Ba\u015fsavc\u0131l\u0131k\u00e7a olaya ili\u015fkin soru\u015fturma ba\u015flat\u0131ld\u0131. Bu kapsamda 3 cumhuriyet ba\u015fsavc\u0131vekili ile 4 cumhuriyet savc\u0131s\u0131 g\u00f6revlendirildi.<\/p>\n<p>Soru\u015fturma kapsam\u0131nda sald\u0131rgan \u0130sa Aras Mersinli&#8217;nin babas\u0131 U\u011fur Mersinli de g\u00f6zalt\u0131na al\u0131nd\u0131. Kahramanmara\u015f Valisi M\u00fckerrem \u00dcnl\u00fcer, kentteki bir okulda ya\u015fanan silahl\u0131 sald\u0131r\u0131da 3&#8217;\u00fc \u00f6\u011frenci, biri \u00f6\u011fretmen 4 ki\u015finin hayat\u0131n\u0131 kaybetti\u011fini, 20 ki\u015finin yaraland\u0131\u011f\u0131n\u0131 bildirdi. \u00dcnl\u00fcer, sald\u0131r\u0131n\u0131n ger\u00e7ekle\u015fti\u011fi Ayser \u00c7al\u0131k Ortaokulu&#8217;nda gazetecilere yapt\u0131\u011f\u0131 a\u00e7\u0131klamada, hen\u00fcz bilinmeyen nedenle silahl\u0131 sald\u0131r\u0131 oldu\u011funu s\u00f6yledi.<br \/>\nBir \u00e7ocu\u011fun s\u0131rt \u00e7antas\u0131nda getirdi\u011fi silahlar\u0131 okula soktu\u011funu belirten \u00dcnl\u00fcer, \u015f\u00f6yle konu\u015ftu:<\/p>\n<p>&#8220;8. s\u0131n\u0131f \u00f6\u011frencisi bir \u00e7ocuk, s\u0131rt \u00e7antas\u0131nda getirdi\u011fi silahlarla hedef g\u00f6zetmeksizin \u00f6\u011frencilerin oldu\u011fu 2 s\u0131n\u0131fa girerek ate\u015f etmek suretiyle \u00f6l\u00fcm ve yaralanmalara neden olmu\u015f. Maalesef 4 vefat\u0131m\u0131z var. Bunlardan biri \u00f6\u011fretmen, 3&#8217;\u00fc \u00f6\u011frenci. 20 de yaral\u0131m\u0131z var. Bunlardan 4&#8217;\u00fc ameliyatta \u015fu an, a\u011f\u0131r yaral\u0131 oldu\u011funu d\u00fc\u015f\u00fcn\u00fcyoruz. \u00c7al\u0131\u015fmalar\u0131m\u0131z devam ediyoruz. \u00dcmit ediyoruz ki yaral\u0131 karde\u015flerimiz bir an \u00f6nce sa\u011fl\u0131\u011f\u0131na kavu\u015fur. Ba\u015fka bir okulda herhangi bir olumsuzluk yok. Sosyal medyada bu y\u00f6nde haberler dola\u015f\u0131yor. Ama do\u011fru de\u011fil.&#8221; Konunun adli olarak da incelendi\u011fini ifade eden \u00dcnl\u00fcer, sald\u0131rgan\u0131n ne durumda oldu\u011fu y\u00f6n\u00fcndeki bir soruya &#8220;O da vefat etti. Karga\u015fa an\u0131nda kendisine ate\u015f etti. \u0130ntihar ama\u00e7l\u0131 m\u0131 yoksa karga\u015fa s\u0131ras\u0131nda m\u0131 kendisine s\u0131kt\u0131 \u015fu an i\u00e7in bilinmiyor. Olaya sebep olan 8. s\u0131n\u0131f \u00f6\u011frencisi, bizim \u00f6\u011frencimiz ve babas\u0131 eski emniyet\u00e7i. Onun silahlar\u0131n\u0131 ald\u0131\u011f\u0131n\u0131 tahmin ediyoruz. 5 silah ve 7 \u015farj\u00f6rle gelmi\u015f, 2 s\u0131n\u0131fa girmi\u015f.&#8221; yan\u0131t\u0131n\u0131 verdi.<br \/>\nKahramanmara\u015f Cumhuriyet Ba\u015fsavc\u0131s\u0131 Ramazan Murat Tiryaki de herkese ba\u015fsa\u011fl\u0131\u011f\u0131 dileyerek, &#8220;Olay\u0131n adli mercilerimize ula\u015fmas\u0131 \u00fczerine ben, 3 ba\u015fsavc\u0131 vekili ve 6 cumhuriyet savc\u0131s\u0131yla soru\u015fturmay\u0131 ba\u015flatt\u0131k. Arkada\u015flar\u0131m\u0131z\u0131n \u015fu an itibar\u0131yla incelemeleri devam ediyor. T\u00fcm boyutlar\u0131yla inceliyoruz. 20 yaral\u0131m\u0131z var. \u015eu anda sadece failin cenazesi okulda. Adli t\u0131p uzmanlar\u0131m\u0131z geliyor. Arkada\u015flar\u0131m\u0131z konuyu y\u00fcr\u00fct\u00fcyor.&#8221; dedi.<br \/>\nAdalet Bakan\u0131 Ak\u0131n G\u00fcrlek &#8220;Kahramanmara\u015f\u2019ta bir okulda meydana gelen silahl\u0131 sald\u0131r\u0131ya ili\u015fkin olarak Kahramanmara\u015f Cumhuriyet Ba\u015fsavc\u0131l\u0131\u011f\u0131nca derh\u00e2l soru\u015fturma ba\u015flat\u0131lm\u0131\u015f; 3 Cumhuriyet Ba\u015fsavc\u0131 Vekili ile 4 Cumhuriyet Savc\u0131s\u0131 g\u00f6revlendirilmi\u015ftir.<br \/>\nBa\u015fsavc\u0131m\u0131z ve g\u00f6revlendirilen Cumhuriyet savc\u0131lar\u0131m\u0131z olay yerinde incelemelerini s\u00fcrd\u00fcrmektedir. Soru\u015fturman\u0131n selameti a\u00e7\u0131s\u0131ndan yay\u0131n yasa\u011f\u0131 karar\u0131 al\u0131nm\u0131\u015f olup, bas\u0131n kurulu\u015flar\u0131m\u0131z\u0131n soru\u015fturman\u0131n gizlili\u011fine hassasiyetle riayet etmesi \u00f6nem arz etmektedir. Soru\u015fturman\u0131n t\u00fcm a\u015famalar\u0131na ili\u015fkin gerekli bilgilendirmeler yetkili makamlarca yap\u0131lacakt\u0131r.&#8221; dedi.<br \/>\nMilli E\u011fitim Bakan\u0131 Yusuf Tekin, \u0130\u00e7i\u015fleri Bakan\u0131 Mustafa \u00c7ift\u00e7i ve Sa\u011fl\u0131k Bakan\u0131 Prof.Dr. Kemal Memi\u015fo\u011flu Kahramanmara\u015f\u2019ta okulda ya\u015fanan olay sonras\u0131 b\u00f6lgeye gitmek \u00fczere yola \u00e7\u0131kt\u0131.<br \/>\nSa\u011fl\u0131k Bakan\u0131 Kemal Memi\u015fo\u011flu, Kahramanmara\u015f&#8217;ta bir okulda meydana gelen silahl\u0131 sald\u0131r\u0131ya ili\u015fkin sanal medya hesab\u0131ndan yapt\u0131\u011f\u0131 a\u00e7\u0131klamada, &#8220;Kahramanmara\u015f\u2019ta bir okulda meydana gelen silahl\u0131 sald\u0131r\u0131da hayat\u0131n\u0131 kaybeden vatanda\u015flar\u0131m\u0131za Allah\u2019tan rahmet, kederli ailelerine sab\u0131r diliyorum. Yaral\u0131lar\u0131m\u0131z\u0131n tedavileri hastanelerimizde devam etmektedir; durumlar\u0131n\u0131 yak\u0131ndan takip ediyoruz. Olaydan etkilenen t\u00fcm vatanda\u015flar\u0131m\u0131za ge\u00e7mi\u015f olsun dileklerimi iletiyorum. Milletimizin ba\u015f\u0131 sa\u011f olsun&#8221; dedi. Bakan G\u00f6kta\u015f sald\u0131r\u0131 sonras\u0131 yapt\u0131\u011f\u0131 a\u00e7\u0131klamada &#8220;Olay\u0131n t\u00fcm y\u00f6nleriyle titizlikle incelendi\u011fini ve s\u00fcrecin ilgili t\u00fcm Bakanl\u0131klar\u0131m\u0131z taraf\u0131ndan yak\u0131ndan takip edildi\u011fini de ifade etmek isterim. Bakanl\u0131k olarak, bu s\u00fcre\u00e7te ihtiya\u00e7 duyulan her t\u00fcrl\u00fc psikososyal destek ve rehberlik hizmeti ile vatanda\u015flar\u0131m\u0131z\u0131n yan\u0131nda olaca\u011f\u0131z.&#8221; ifadelerini kulland\u0131.<\/p>\n<p>Kaynak : hurriyet.com.tr<\/p>\n"},"alt_text":"","media_type":"image","mime_type":"image\/jpeg","media_details":{"width":1200,"height":675,"file":"2026\/04\/1-186.jpg","sizes":{"medium":{"file":"1-186-300x169.jpg","width":300,"height":169,"mime_type":"image\/jpeg","source_url":"https:\/\/kilosorunum.com\/habercim\/wp-content\/uploads\/2026\/04\/1-186-300x169.jpg"},"large":{"file":"1-186-1024x576.jpg","width":1024,"height":576,"mime_type":"image\/jpeg","source_url":"https:\/\/kilosorunum.com\/habercim\/wp-content\/uploads\/2026\/04\/1-186-1024x576.jpg"},"thumbnail":{"file":"1-186-150x150.jpg","width":150,"height":150,"mime_type":"image\/jpeg","source_url":"https:\/\/kilosorunum.com\/habercim\/wp-content\/uploads\/2026\/04\/1-186-150x150.jpg"},"medium_large":{"file":"1-186-768x432.jpg","width":768,"height":432,"mime_type":"image\/jpeg","source_url":"https:\/\/kilosorunum.com\/habercim\/wp-content\/uploads\/2026\/04\/1-186-768x432.jpg"},"kucukResim":{"file":"1-186-80x50.jpg","width":80,"height":50,"mime_type":"image\/jpeg","source_url":"https:\/\/kilosorunum.com\/habercim\/wp-content\/uploads\/2026\/04\/1-186-80x50.jpg"},"sliderResim":{"file":"1-186-670x330.jpg","width":670,"height":330,"mime_type":"image\/jpeg","source_url":"https:\/\/kilosorunum.com\/habercim\/wp-content\/uploads\/2026\/04\/1-186-670x330.jpg"},"resim1":{"file":"1-186-184x140.jpg","width":184,"height":140,"mime_type":"image\/jpeg","source_url":"https:\/\/kilosorunum.com\/habercim\/wp-content\/uploads\/2026\/04\/1-186-184x140.jpg"},"resim2":{"file":"1-186-216x103.jpg","width":216,"height":103,"mime_type":"image\/jpeg","source_url":"https:\/\/kilosorunum.com\/habercim\/wp-content\/uploads\/2026\/04\/1-186-216x103.jpg"},"resim3":{"file":"1-186-145x70.jpg","width":145,"height":70,"mime_type":"image\/jpeg","source_url":"https:\/\/kilosorunum.com\/habercim\/wp-content\/uploads\/2026\/04\/1-186-145x70.jpg"},"sagSlider":{"file":"1-186-300x150.jpg","width":300,"height":150,"mime_type":"image\/jpeg","source_url":"https:\/\/kilosorunum.com\/habercim\/wp-content\/uploads\/2026\/04\/1-186-300x150.jpg"},"yeniSlider":{"file":"1-186-500x290.jpg","width":500,"height":290,"mime_type":"image\/jpeg","source_url":"https:\/\/kilosorunum.com\/habercim\/wp-content\/uploads\/2026\/04\/1-186-500x290.jpg"},"full":{"file":"1-186.jpg","width":1200,"height":675,"mime_type":"image\/jpeg","source_url":"https:\/\/kilosorunum.com\/habercim\/wp-content\/uploads\/2026\/04\/1-186.jpg"}},"image_meta":{"aperture":"0","credit":"","camera":"","caption":"","created_timestamp":"0","copyright":"","focal_length":"0","iso":"0","shutter_speed":"0","title":"","orientation":"0","keywords":[]}},"post":46406,"source_url":"https:\/\/kilosorunum.com\/habercim\/wp-content\/uploads\/2026\/04\/1-186.jpg","_links":{"self":[{"href":"https:\/\/kilosorunum.com\/habercim\/wp-json\/wp\/v2\/media\/46408"}],"collection":[{"href":"https:\/\/kilosorunum.com\/habercim\/wp-json\/wp\/v2\/media"}],"about":[{"href":"https:\/\/kilosorunum.com\/habercim\/wp-json\/wp\/v2\/types\/attachment"}],"author":[{"embeddable":true,"href":"https:\/\/kilosorunum.com\/habercim\/wp-json\/wp\/v2\/users\/2"}],"replies":[{"embeddable":true,"href":"https:\/\/kilosorunum.com\/habercim\/wp-json\/wp\/v2\/comments?post=46408"}]}}