{"id":46418,"date":"2026-04-15T22:56:01","date_gmt":"2026-04-15T19:56:01","guid":{"rendered":"https:\/\/kilosorunum.com\/habercim\/wp-content\/uploads\/2026\/04\/1-15-768x201-165.jpg"},"modified":"2026-04-15T22:58:02","modified_gmt":"2026-04-15T19:58:02","slug":"1-15-768x201-2485","status":"inherit","type":"attachment","link":"https:\/\/kilosorunum.com\/habercim\/foto-galeri\/videoda-yaptiklari\/attachment\/1-15-768x201-2485\/","title":{"rendered":"Videoda yapt\u0131klar\u0131"},"author":2,"comment_status":"open","ping_status":"closed","template":"","meta":[],"description":{"rendered":"<p class=\"attachment\"><a href='https:\/\/kilosorunum.com\/habercim\/wp-content\/uploads\/2026\/04\/1-15-768x201-165.jpg'><img width=\"300\" height=\"79\" src=\"https:\/\/kilosorunum.com\/habercim\/wp-content\/uploads\/2026\/04\/1-15-768x201-165-300x79.jpg\" class=\"attachment-medium size-medium\" alt=\"\" loading=\"lazy\" srcset=\"https:\/\/kilosorunum.com\/habercim\/wp-content\/uploads\/2026\/04\/1-15-768x201-165-300x79.jpg 300w, https:\/\/kilosorunum.com\/habercim\/wp-content\/uploads\/2026\/04\/1-15-768x201-165.jpg 768w\" sizes=\"(max-width: 300px) 100vw, 300px\" \/><\/a><\/p>\n"},"caption":{"rendered":"<p>\u0130\u00e7i\u015fleri Bakan\u0131 Mustafa \u00c7ift\u00e7i, Kahramanmara\u015f Oniki\u015fubat il\u00e7esinde Ayser \u00c7al\u0131k Ortaokulu&#8217;nda meydana gelen silahl\u0131 sald\u0131r\u0131da 9 ki\u015finin hayat\u0131n\u0131 kaybetti\u011fini a\u00e7\u0131klad\u0131. \u00c7ift\u00e7i; &#8220;8 tanesi \u00f6\u011frenci, 1 tanesi \u00f6\u011fretmenimiz. Onun d\u0131\u015f\u0131nda 13 tane de yaral\u0131m\u0131z var. Yaral\u0131lar\u0131m\u0131z\u0131n 6 tanesi yo\u011fun bak\u0131mda, \u00fc\u00e7\u00fcn\u00fcn durumu da kritik.&#8221; dedi.<br \/>\nT\u00fcrkiye \u015eanl\u0131urfa&#8217;n\u0131n Siverek il\u00e7esinde d\u00fcn ger\u00e7ekle\u015fen silahl\u0131 okul bask\u0131n\u0131n \u015fokunu ya\u015farken bug\u00fcn bir sald\u0131r\u0131 haberi de Kahramanmara\u015f&#8217;tan geldi. Olay, Oniki\u015fubat il\u00e7esindeki Ayser \u00c7al\u0131k Ortaokulu&#8217;nda ya\u015fand\u0131.<br \/>\nBAKAN MEM\u0130\u015eO\u011eLU: 11 YARALI TABURCU OLDU<br \/>\nSa\u011fl\u0131k Bakan\u0131 Kemal Memi\u015fo\u011flu: Kahramanmara\u015f\u2019ta bir okulda meydana gelen silahl\u0131 sald\u0131r\u0131da yaralanan vatanda\u015flar\u0131m\u0131zdan 11\u2019i tedavilerinin ard\u0131ndan taburcu edildi; 9 hastam\u0131z\u0131n tedavisi ise hastanelerimizde titizlikle devam ediyor.Bu menfur olayda hayat\u0131n\u0131 kaybeden canlar\u0131m\u0131za bir kez daha Allah\u2019tan rahmet, yaral\u0131lar\u0131m\u0131za acil \u015fifalar diliyorum.<br \/>\n591 SOSYAL MEDYA HESABI HAKKINDA \u0130\u015eLEM BA\u015eLATILDI<br \/>\nEmniyet Genel M\u00fcd\u00fcrl\u00fc\u011f\u00fc, Kahramanmara\u015f ve \u015eanl\u0131urfa&#8217;daki sald\u0131r\u0131larla ilgili dezenformasyon \u00fcretti\u011fi saptanan 591 sosyal medya hesab\u0131 hakk\u0131nda i\u015flem ba\u015flat\u0131ld\u0131\u011f\u0131n\u0131 bildirdi.<br \/>\n\u0130\u00e7i\u015fleri Bakan\u0131 Mustafa \u00c7ift\u00e7i, Milli E\u011fitim Bakan\u0131 Yusuf Tekin, Adalet Bakan\u0131 Ak\u0131n G\u00fcrlek ve Sa\u011fl\u0131k Bakan\u0131 Kemal Memi\u015fo\u011flu, okul sald\u0131r\u0131s\u0131n\u0131n meydana geldi\u011fi Kahramanmara\u015f&#8217;a gitti. Bakanlar incelemelerin ard\u0131ndan ortak a\u00e7\u0131klama yapt\u0131.\u0130\u00e7i\u015fleri Bakan\u0131 Mustafa \u00c7ift\u00e7i&#8217;nin a\u00e7\u0131klamalar\u0131 \u015f\u00f6yle: &#8220;\u00d6ncelikle okulun ikili e\u011fitim verdi\u011fini ifade etmem gerekiyor. Sabah\u00e7\u0131 ve \u00f6\u011flenci \u015feklinde. Sabah\u00e7\u0131 \u00f6\u011frencilerin tam da\u011f\u0131lma vaktinde, kendisi de \u00f6\u011fleden sonra okula devam eden, okulda \u00f6\u011frenci olan 8. s\u0131n\u0131f, 14 ya\u015f\u0131nda bir \u00f6\u011frencimiz, evden getirdi\u011fi silahlarla okulumuzun iki s\u0131n\u0131f\u0131na girmek suretiyle rastgele ate\u015f ederek okulda b\u00fcy\u00fck bir katliam yap\u0131yor.&#8221;9 CAN KAYDI, 13 YARALI, 3&#8217;\u00dcN\u00dcN DURUMU KR\u0130T\u0130K&#8221;Bunun neticesinde 9 tane vefat\u0131m\u0131z var. Bunlardan 8 tanesi \u00f6\u011frenci, 1 tanesi \u00f6\u011fretmenimiz. Onun d\u0131\u015f\u0131nda 13 tane de yaral\u0131m\u0131z var. Yaral\u0131lar\u0131m\u0131z\u0131n 6 tanesi yo\u011fun bak\u0131mda, \u00fc\u00e7\u00fcn\u00fcn durumu da kritik. Ben \u00f6ncelikle bu menfur sald\u0131r\u0131da hayat\u0131n\u0131 kaybeden t\u00fcm \u00f6\u011frencilerimize ve \u00f6\u011fretmenimize Allah\u2019tan rahmet diliyorum. Yak\u0131nlar\u0131na ba\u015fsa\u011fl\u0131\u011f\u0131 diliyorum. Aziz milletimize ba\u015fsa\u011fl\u0131\u011f\u0131 diliyorum.\u015eu anda hastanelerimizde tedavileri devam eden b\u00fct\u00fcn yaral\u0131lar\u0131m\u0131za da Cenab-\u0131 Hak\u2019tan acil \u015fifalar diliyorum.Biz, olay\u0131n duyulmas\u0131yla beraber, haber almam\u0131zla birlikte Say\u0131n Milli E\u011fitim Bakan\u0131m\u0131zla, Sa\u011fl\u0131k Bakan\u0131m\u0131zla ve Adalet Bakan\u0131m\u0131zla hemen olay yerine intikal ettik. Aile Bakan\u0131m\u0131z da yolda, o da gelecek.Say\u0131n milletvekillerimiz burada. Say\u0131n Cumhurba\u015fkan\u0131m\u0131z\u0131 da s\u00fcrecin en ba\u015f\u0131ndan itibaren anbean bilgilendirdik.Bir daha ifade etmek istiyorum: Olay, sadece bir \u00f6\u011frencimizin ger\u00e7ekle\u015ftirdi\u011fi bireysel bir hadise; bir ter\u00f6r hadisesi de\u011fil.Onun i\u00e7in d\u00fcn \u015eanl\u0131urfa\u2019da, bug\u00fcn de Mara\u015f\u2019ta b\u00f6yle bir hadisenin ya\u015fanmas\u0131ndan dolay\u0131 son derece \u00fczg\u00fcn oldu\u011fumuzu bir kez daha ifade etmek istiyorum&#8221;KAHRAMANMARA\u015e&#8217;TA E\u011e\u0130T\u0130ME \u0130K\u0130 G\u00dcN ARA &#8220;D\u00fcn \u015eanl\u0131urfa\u2019daki olaydan dolay\u0131 hafta sonuna kadar \u015eanl\u0131urfa\u2019da e\u011fitime ara vermi\u015ftik. Bug\u00fcn de Mara\u015f\u2019taki olaydan dolay\u0131 yar\u0131n ve bir g\u00fcn sonras\u0131nda e\u011fitime Mara\u015f\u2019ta iki g\u00fcn ara veriyoruz.Benim ilk etapta s\u00f6yleyebileceklerim bunlar.Tekrar b\u00fct\u00fcn milletimize ve vefat edenlerin yak\u0131nlar\u0131na ba\u015fsa\u011fl\u0131\u011f\u0131 diliyorum. T\u00fcm bakanl\u0131klar\u0131m\u0131z \u00fczerine d\u00fc\u015fen g\u00f6revi yerine getiriyor. Herkes kendi g\u00f6rev alan\u0131yla ilgili gerekli m\u00fcdahaleleri yap\u0131yor.\u00d6rne\u011fin biz, \u0130\u00e7i\u015fleri Bakanl\u0131\u011f\u0131 olarak olayla ilgili 4 tane m\u00fclkiye ba\u015fm\u00fcfetti\u015fi, 4 tane de polis ba\u015fm\u00fcfetti\u015fi g\u00f6revlendirdik. Adalet Bakanl\u0131\u011f\u0131m\u0131z 3 tane Cumhuriyet ba\u015fsavc\u0131 vekili, 4 tane Cumhuriyet savc\u0131s\u0131 g\u00f6revlendirdi; olay\u0131 t\u00fcm boyutlar\u0131yla soru\u015fturmak \u00fczere.Yine Milli E\u011fitim Bakanl\u0131\u011f\u0131m\u0131z da bu olayla ilgili gerekli ba\u015fm\u00fcfetti\u015f g\u00f6revlendirmelerini yapt\u0131. B\u00f6ylece olaylar\u0131 t\u00fcm boyutlar\u0131yla incelemi\u015f olaca\u011f\u0131z.Ben tekrar t\u00fcm milletimize, aziz milletimize ba\u015fsa\u011fl\u0131\u011f\u0131 diliyorum. Yaral\u0131lara bir kez daha acil \u015fifalar diliyorum.&#8221; <\/p>\n<p>Kaynak : milliyet.com.tr<\/p>\n"},"alt_text":"","media_type":"image","mime_type":"image\/jpeg","media_details":{"width":768,"height":201,"file":"2026\/04\/1-15-768x201-165.jpg","sizes":{"medium":{"file":"1-15-768x201-165-300x79.jpg","width":300,"height":79,"mime_type":"image\/jpeg","source_url":"https:\/\/kilosorunum.com\/habercim\/wp-content\/uploads\/2026\/04\/1-15-768x201-165-300x79.jpg"},"thumbnail":{"file":"1-15-768x201-165-150x150.jpg","width":150,"height":150,"mime_type":"image\/jpeg","source_url":"https:\/\/kilosorunum.com\/habercim\/wp-content\/uploads\/2026\/04\/1-15-768x201-165-150x150.jpg"},"kucukResim":{"file":"1-15-768x201-165-80x50.jpg","width":80,"height":50,"mime_type":"image\/jpeg","source_url":"https:\/\/kilosorunum.com\/habercim\/wp-content\/uploads\/2026\/04\/1-15-768x201-165-80x50.jpg"},"sliderResim":{"file":"1-15-768x201-165-670x201.jpg","width":670,"height":201,"mime_type":"image\/jpeg","source_url":"https:\/\/kilosorunum.com\/habercim\/wp-content\/uploads\/2026\/04\/1-15-768x201-165-670x201.jpg"},"resim1":{"file":"1-15-768x201-165-184x140.jpg","width":184,"height":140,"mime_type":"image\/jpeg","source_url":"https:\/\/kilosorunum.com\/habercim\/wp-content\/uploads\/2026\/04\/1-15-768x201-165-184x140.jpg"},"resim2":{"file":"1-15-768x201-165-216x103.jpg","width":216,"height":103,"mime_type":"image\/jpeg","source_url":"https:\/\/kilosorunum.com\/habercim\/wp-content\/uploads\/2026\/04\/1-15-768x201-165-216x103.jpg"},"resim3":{"file":"1-15-768x201-165-145x70.jpg","width":145,"height":70,"mime_type":"image\/jpeg","source_url":"https:\/\/kilosorunum.com\/habercim\/wp-content\/uploads\/2026\/04\/1-15-768x201-165-145x70.jpg"},"sagSlider":{"file":"1-15-768x201-165-300x150.jpg","width":300,"height":150,"mime_type":"image\/jpeg","source_url":"https:\/\/kilosorunum.com\/habercim\/wp-content\/uploads\/2026\/04\/1-15-768x201-165-300x150.jpg"},"yeniSlider":{"file":"1-15-768x201-165-500x201.jpg","width":500,"height":201,"mime_type":"image\/jpeg","source_url":"https:\/\/kilosorunum.com\/habercim\/wp-content\/uploads\/2026\/04\/1-15-768x201-165-500x201.jpg"},"full":{"file":"1-15-768x201-165.jpg","width":768,"height":201,"mime_type":"image\/jpeg","source_url":"https:\/\/kilosorunum.com\/habercim\/wp-content\/uploads\/2026\/04\/1-15-768x201-165.jpg"}},"image_meta":{"aperture":"0","credit":"","camera":"","caption":"","created_timestamp":"0","copyright":"","focal_length":"0","iso":"0","shutter_speed":"0","title":"","orientation":"0","keywords":[]}},"post":46416,"source_url":"https:\/\/kilosorunum.com\/habercim\/wp-content\/uploads\/2026\/04\/1-15-768x201-165.jpg","_links":{"self":[{"href":"https:\/\/kilosorunum.com\/habercim\/wp-json\/wp\/v2\/media\/46418"}],"collection":[{"href":"https:\/\/kilosorunum.com\/habercim\/wp-json\/wp\/v2\/media"}],"about":[{"href":"https:\/\/kilosorunum.com\/habercim\/wp-json\/wp\/v2\/types\/attachment"}],"author":[{"embeddable":true,"href":"https:\/\/kilosorunum.com\/habercim\/wp-json\/wp\/v2\/users\/2"}],"replies":[{"embeddable":true,"href":"https:\/\/kilosorunum.com\/habercim\/wp-json\/wp\/v2\/comments?post=46418"}]}}