{"id":46423,"date":"2026-04-16T00:13:16","date_gmt":"2026-04-15T21:13:16","guid":{"rendered":"https:\/\/kilosorunum.com\/habercim\/wp-content\/uploads\/2026\/04\/1-189.jpg"},"modified":"2026-04-16T00:20:27","modified_gmt":"2026-04-15T21:20:27","slug":"1-5924","status":"inherit","type":"attachment","link":"https:\/\/kilosorunum.com\/habercim\/foto-galeri\/2026-yili-kurban-bayrami\/attachment\/1-5924\/","title":{"rendered":"2026 Y\u0131l\u0131 Kurban Bayram\u0131"},"author":2,"comment_status":"open","ping_status":"closed","template":"","meta":[],"description":{"rendered":"<p class=\"attachment\"><a href='https:\/\/kilosorunum.com\/habercim\/wp-content\/uploads\/2026\/04\/1-189.jpg'><img width=\"300\" height=\"169\" src=\"https:\/\/kilosorunum.com\/habercim\/wp-content\/uploads\/2026\/04\/1-189-300x169.jpg\" class=\"attachment-medium size-medium\" alt=\"\" loading=\"lazy\" srcset=\"https:\/\/kilosorunum.com\/habercim\/wp-content\/uploads\/2026\/04\/1-189-300x169.jpg 300w, https:\/\/kilosorunum.com\/habercim\/wp-content\/uploads\/2026\/04\/1-189-1024x576.jpg 1024w, https:\/\/kilosorunum.com\/habercim\/wp-content\/uploads\/2026\/04\/1-189-768x432.jpg 768w, https:\/\/kilosorunum.com\/habercim\/wp-content\/uploads\/2026\/04\/1-189.jpg 1200w\" sizes=\"(max-width: 300px) 100vw, 300px\" \/><\/a><\/p>\n"},"caption":{"rendered":"<p>Kurban Bayram\u0131 2026 y\u0131l\u0131nda a\u015fa\u011f\u0131daki tarihlerde idrak edilecek:<\/p>\n<p>Arife g\u00fcn\u00fc 26 May\u0131s 2026 Sal\u0131 g\u00fcn\u00fcne denk geliyor ve yar\u0131m g\u00fcn tatil olarak de\u011ferlendiriliyor. Bayram\u0131n birinci g\u00fcn\u00fc 27 May\u0131s 2026 \u00c7ar\u015famba, ikinci g\u00fcn\u00fc 28 May\u0131s Per\u015fembe, \u00fc\u00e7\u00fcnc\u00fc g\u00fcn\u00fc 29 May\u0131s Cuma ve d\u00f6rd\u00fcnc\u00fc g\u00fcn\u00fc ise 30 May\u0131s 2026 Cumartesi g\u00fcn\u00fcne denk geliyor. Kurban Bayram\u0131 emekli ikramiyesi 4 bin TL \u00f6denecek.<br \/>\nKurban Bayram\u0131 \u00f6ncesinde emekli ikramiyelerinin \u00f6deme takvimi merak ediliyor. Daha \u00f6nceki bayram \u00f6demelerinde ikramiyelerin bayramdan birka\u00e7 g\u00fcn \u00f6nce hesaplara yat\u0131r\u0131ld\u0131\u011f\u0131 g\u00f6r\u00fclm\u00fc\u015ft\u00fc.<\/p>\n<p>Bu uygulamaya benzer \u015fekilde, 2026 y\u0131l\u0131 i\u00e7in de \u00f6demelerin bayramdan \u00f6nce ba\u015flamas\u0131 bekleniyor. Maa\u015f \u00f6deme g\u00fcnlerine g\u00f6re farkl\u0131l\u0131k g\u00f6stermekle birlikte, s\u00fcrecin May\u0131s ay\u0131n\u0131n ikinci yar\u0131s\u0131nda kademeli olarak ilerleyebilece\u011fi \u00f6ng\u00f6r\u00fcl\u00fcyor. Ayr\u0131ca Kurbanl\u0131k fiyatlar\u0131 a\u00e7\u0131kland\u0131. Maliyetlerin y\u00fcksekli\u011fi sebebiyle hen\u00fcz hayvan al\u0131m\u0131 yapmad\u0131\u011f\u0131n\u0131 belirten Mustafa Sergen, kurbanl\u0131k fiyatlar\u0131na dair \u00f6ng\u00f6r\u00fclerini payla\u015ft\u0131. Sergen, bu sene talebin fiyatlar nedeniyle etkilenebilece\u011fini, &#8220;\u015eu anda kurban sat\u0131\u015flar\u0131 yok. Daha do\u011frusu hayvan almad\u0131k \u00e7\u00fcnk\u00fc fiyatlar \u00e7ok y\u00fcksek. Maliyetler \u00e7ok y\u00fcksek. M\u00fc\u015fterilerimiz ar\u0131yor ama fiyatlar\u0131n y\u00fcksek olmas\u0131ndan dolay\u0131 almad\u0131k. Yem, hayvan ve saman fiyatlar\u0131 haddinden fazla y\u00fcksek. \u015eu anda arayan m\u00fc\u015fterilerimize biz 15-20 g\u00fcn sonra gelin diyoruz. Hayvanlar\u0131 o zaman alaca\u011f\u0131z ama bu sene fiyat y\u00fcksekli\u011finden dolay\u0131 az alaca\u011f\u0131z. Koyunlar 13-16 bin TL, toklu 17-20 bin TL ve ko\u00e7lar da 25-35 bin TL aras\u0131 olacak&#8221; dedi.<br \/>\nBu sene yem fiyatlar\u0131 pahal\u0131. Akaryak\u0131t zamlar\u0131 her \u015feyi etkiledi. Biz de esnaf olarak fiyatlar\u0131 minimum \u015fekilde tutmaya \u00e7al\u0131\u015f\u0131yoruz. Piyasay\u0131 belirleyen esnaflard\u0131r. Fiyatlar\u0131n bu durumda seyretmesinde esnaflar\u0131n katk\u0131s\u0131 b\u00fcy\u00fck. \u00c7\u00fcnk\u00fc vatanda\u015f\u0131n al\u0131m g\u00fcc\u00fc belli onu d\u00fc\u015f\u00fcnerek sirk\u00fclasyon olmas\u0131 laz\u0131m. Herkes bu bayram\u0131 bekliyor. K\u00f6yl\u00fcs\u00fcyle, \u00e7oban\u0131yla, i\u015f\u00e7isiyle\u2026 \u015eu anki fiyatlar olabilecek en makul seviyede bize g\u00f6re. Vatanda\u015f\u0131n al\u0131m g\u00fcc\u00fc ortada ama yapacak bir \u015fey yok. Ge\u00e7en seneye g\u00f6re %20-25 aras\u0131 zam olur bu da yem fiyatlar\u0131na g\u00f6re normal.<\/p>\n"},"alt_text":"","media_type":"image","mime_type":"image\/jpeg","media_details":{"width":1200,"height":675,"file":"2026\/04\/1-189.jpg","sizes":{"medium":{"file":"1-189-300x169.jpg","width":300,"height":169,"mime_type":"image\/jpeg","source_url":"https:\/\/kilosorunum.com\/habercim\/wp-content\/uploads\/2026\/04\/1-189-300x169.jpg"},"large":{"file":"1-189-1024x576.jpg","width":1024,"height":576,"mime_type":"image\/jpeg","source_url":"https:\/\/kilosorunum.com\/habercim\/wp-content\/uploads\/2026\/04\/1-189-1024x576.jpg"},"thumbnail":{"file":"1-189-150x150.jpg","width":150,"height":150,"mime_type":"image\/jpeg","source_url":"https:\/\/kilosorunum.com\/habercim\/wp-content\/uploads\/2026\/04\/1-189-150x150.jpg"},"medium_large":{"file":"1-189-768x432.jpg","width":768,"height":432,"mime_type":"image\/jpeg","source_url":"https:\/\/kilosorunum.com\/habercim\/wp-content\/uploads\/2026\/04\/1-189-768x432.jpg"},"kucukResim":{"file":"1-189-80x50.jpg","width":80,"height":50,"mime_type":"image\/jpeg","source_url":"https:\/\/kilosorunum.com\/habercim\/wp-content\/uploads\/2026\/04\/1-189-80x50.jpg"},"sliderResim":{"file":"1-189-670x330.jpg","width":670,"height":330,"mime_type":"image\/jpeg","source_url":"https:\/\/kilosorunum.com\/habercim\/wp-content\/uploads\/2026\/04\/1-189-670x330.jpg"},"resim1":{"file":"1-189-184x140.jpg","width":184,"height":140,"mime_type":"image\/jpeg","source_url":"https:\/\/kilosorunum.com\/habercim\/wp-content\/uploads\/2026\/04\/1-189-184x140.jpg"},"resim2":{"file":"1-189-216x103.jpg","width":216,"height":103,"mime_type":"image\/jpeg","source_url":"https:\/\/kilosorunum.com\/habercim\/wp-content\/uploads\/2026\/04\/1-189-216x103.jpg"},"resim3":{"file":"1-189-145x70.jpg","width":145,"height":70,"mime_type":"image\/jpeg","source_url":"https:\/\/kilosorunum.com\/habercim\/wp-content\/uploads\/2026\/04\/1-189-145x70.jpg"},"sagSlider":{"file":"1-189-300x150.jpg","width":300,"height":150,"mime_type":"image\/jpeg","source_url":"https:\/\/kilosorunum.com\/habercim\/wp-content\/uploads\/2026\/04\/1-189-300x150.jpg"},"yeniSlider":{"file":"1-189-500x290.jpg","width":500,"height":290,"mime_type":"image\/jpeg","source_url":"https:\/\/kilosorunum.com\/habercim\/wp-content\/uploads\/2026\/04\/1-189-500x290.jpg"},"full":{"file":"1-189.jpg","width":1200,"height":675,"mime_type":"image\/jpeg","source_url":"https:\/\/kilosorunum.com\/habercim\/wp-content\/uploads\/2026\/04\/1-189.jpg"}},"image_meta":{"aperture":"0","credit":"","camera":"","caption":"","created_timestamp":"0","copyright":"","focal_length":"0","iso":"0","shutter_speed":"0","title":"","orientation":"0","keywords":[]}},"post":46421,"source_url":"https:\/\/kilosorunum.com\/habercim\/wp-content\/uploads\/2026\/04\/1-189.jpg","_links":{"self":[{"href":"https:\/\/kilosorunum.com\/habercim\/wp-json\/wp\/v2\/media\/46423"}],"collection":[{"href":"https:\/\/kilosorunum.com\/habercim\/wp-json\/wp\/v2\/media"}],"about":[{"href":"https:\/\/kilosorunum.com\/habercim\/wp-json\/wp\/v2\/types\/attachment"}],"author":[{"embeddable":true,"href":"https:\/\/kilosorunum.com\/habercim\/wp-json\/wp\/v2\/users\/2"}],"replies":[{"embeddable":true,"href":"https:\/\/kilosorunum.com\/habercim\/wp-json\/wp\/v2\/comments?post=46423"}]}}