{"id":46433,"date":"2026-04-16T02:11:33","date_gmt":"2026-04-15T23:11:33","guid":{"rendered":"https:\/\/kilosorunum.com\/habercim\/wp-content\/uploads\/2026\/04\/1-15-768x201-168.jpg"},"modified":"2026-04-16T02:14:26","modified_gmt":"2026-04-15T23:14:26","slug":"1-15-768x201-2488","status":"inherit","type":"attachment","link":"https:\/\/kilosorunum.com\/habercim\/foto-galeri\/elektrik-ve-dogalgaz\/attachment\/1-15-768x201-2488\/","title":{"rendered":"Elektrik ve do\u011falgaz"},"author":2,"comment_status":"open","ping_status":"closed","template":"","meta":[],"description":{"rendered":"<p class=\"attachment\"><a href='https:\/\/kilosorunum.com\/habercim\/wp-content\/uploads\/2026\/04\/1-15-768x201-168.jpg'><img width=\"300\" height=\"79\" src=\"https:\/\/kilosorunum.com\/habercim\/wp-content\/uploads\/2026\/04\/1-15-768x201-168-300x79.jpg\" class=\"attachment-medium size-medium\" alt=\"\" loading=\"lazy\" srcset=\"https:\/\/kilosorunum.com\/habercim\/wp-content\/uploads\/2026\/04\/1-15-768x201-168-300x79.jpg 300w, https:\/\/kilosorunum.com\/habercim\/wp-content\/uploads\/2026\/04\/1-15-768x201-168.jpg 768w\" sizes=\"(max-width: 300px) 100vw, 300px\" \/><\/a><\/p>\n"},"caption":{"rendered":"<p>Enerji Piyasas\u0131 D\u00fczenleme Kurumu\u2019nun 4 Nisan 2026\u2019da y\u00fcr\u00fcrl\u00fc\u011fe giren karar\u0131yla konut elektrik tarifelerine y\u00fczde 25 zam yap\u0131ld\u0131. Elektrik M\u00fchendisleri Odas\u0131\u2019n\u0131n (EMO) hesaplamalar\u0131na g\u00f6re 4 ki\u015filik bir ailenin ayl\u0131k elektrik faturas\u0131 y\u00fckseldi. Fatura kalemlerinde da\u011f\u0131t\u0131m bedelinin pay\u0131 dikkat \u00e7ekti. Enerji Piyasas\u0131 D\u00fczenleme Kurumu\u2019nun (EPDK) karar\u0131yla 4 Nisan 2026 itibar\u0131yla konut elektrik tarifelerine y\u00fczde 25 zam uyguland\u0131. Elektrik M\u00fchendisleri Odas\u0131\u2019n\u0131n (EMO) hesaplamalar\u0131na g\u00f6re, 4 ki\u015filik bir ailenin asgari ya\u015fam standard\u0131 i\u00e7in \u00f6demesi gereken ayl\u0131k elektrik faturas\u0131 595,8 TL\u2019den 744,7 TL\u2019ye \u00e7\u0131kt\u0131. Nisan 2026 itibar\u0131yla faturan\u0131n yaln\u0131zca y\u00fczde 15\u2019i enerji bedelinden olu\u015furken, yakla\u015f\u0131k y\u00fczde 75\u2019i da\u011f\u0131t\u0131m bedelinden olu\u015ftu. Son 5 y\u0131lda enerji bedeli y\u00fczde 24,5 artarken, da\u011f\u0131t\u0131m bedeli y\u00fczde 880 oran\u0131nda y\u00fckseldi.<br \/>\nElektrik M\u00fchendisleri Odas\u0131\u2019n\u0131n (EMO) a\u00e7\u0131klamas\u0131na g\u00f6re, yeni tarife kapsam\u0131nda konutlarda y\u00fczde 25 zam uygulan\u0131rken, y\u0131ll\u0131k t\u00fcketimi belirli s\u0131n\u0131rlar\u0131n alt\u0131nda kalan aboneler do\u011frudan etkilendi. Y\u0131ll\u0131k ortalama t\u00fcketimi 4000 kWh\u2019\u0131 a\u015fan ve Son Kaynak Tedariki Tarifesi kapsam\u0131na giren abonelere ise da\u011f\u0131t\u0131m bedelindeki art\u0131\u015flar yans\u0131t\u0131ld\u0131.<br \/>\nResm\u00ee Gazete\u2019de 4 Nisan 2026\u2019da yay\u0131mlanan tarife de\u011fi\u015fikli\u011fine g\u00f6re, g\u00fcnl\u00fck 8 kWh limitinin alt\u0131nda kalan abonelere uygulanan perakende enerji bedelinde art\u0131\u015f yap\u0131lmad\u0131. Y\u00fcksek kademedeki aboneler i\u00e7in ise 1 kWh ba\u015f\u0131na uygulanan birim fiyat y\u00fczde 17,4 art\u0131\u015fla 1,615460 TL\u2019den 1,895808 TL\u2019ye y\u00fckseltildi. Konut abonelerine uygulanan da\u011f\u0131t\u0131m bedeli ise y\u00fczde 32 artarak 1,836166 TL\u2019den 2,4249 TL\u2019ye \u00e7\u0131kt\u0131. B\u00f6ylece toplam faturaya y\u00fczde 25 zam yans\u0131d\u0131.<br \/>\nElektrik M\u00fchendisleri Odas\u0131\u2019n\u0131n (EMO) hesaplamalar\u0131na g\u00f6re, 4 ki\u015filik bir ailenin asgari ya\u015fam standartlar\u0131n\u0131 koruyabilmesi i\u00e7in ayl\u0131k 230 kWh elektrik t\u00fcketimi esas al\u0131nd\u0131. G\u00fcnl\u00fck ortalama 8 kWh\u2019i a\u015fmayan bu t\u00fcketim d\u00fczeyinde, ailenin \u00f6demesi gereken fatura 595,8 TL\u2019den 744,7 TL\u2019ye y\u00fckseldi.<\/p>\n<p>Nisan 2026 itibar\u0131yla d\u00fc\u015f\u00fck t\u00fcketimli bir konut faturas\u0131n\u0131n y\u00fczde 15,2\u2019si enerji bedelinden olu\u015furken, y\u00fczde 74,8\u2019i da\u011f\u0131t\u0131m bedelinden meydana geldi. Fon ve vergilerin pay\u0131 ise y\u00fczde 9,8 olarak hesapland\u0131. Son d\u00fczenleme ile birlikte da\u011f\u0131t\u0131m bedelinin toplam fatura i\u00e7indeki pay\u0131 y\u00fczde 75\u2019e yakla\u015ft\u0131.<\/p>\n<p>5 YILDA DA\u011eITIM BEDEL\u0130NDE SERT ARTI\u015e<br \/>\n1 Nisan 2021\u2019de 230 kWh elektrik t\u00fcketen 4 ki\u015filik bir ailenin faturas\u0131 183,4 TL seviyesindeydi. 4 Nisan 2026 itibar\u0131yla bu tutar y\u00fczde 306 art\u0131\u015fla 744,7 TL\u2019ye y\u00fckseldi. ayr\u0131nt\u0131lara bak\u0131ld\u0131\u011f\u0131nda, enerji bedeli son 5 y\u0131lda y\u00fczde 24,5 artarken, da\u011f\u0131t\u0131m bedelinde y\u00fczde 880 oran\u0131nda art\u0131\u015f kaydedildi. 2021 y\u0131l\u0131nda enerji bedeli i\u00e7in 91,2 TL \u00f6deyen bir ailenin, 2026 y\u0131l\u0131nda ayn\u0131 t\u00fcketim i\u00e7in 113,6 TL \u00f6deyece\u011fi hesapland\u0131. Buna kar\u015f\u0131l\u0131k da\u011f\u0131t\u0131m bedeli 56,9 TL\u2019den 557,7 TL\u2019ye y\u00fckseldi.<br \/>\nBu hesaplamalara g\u00f6re, da\u011f\u0131t\u0131m bedelindeki art\u0131\u015flar ya\u015fanmasayd\u0131 ve enerji bedeline paralel bir art\u0131\u015f ger\u00e7ekle\u015fseydi, toplam fatura art\u0131\u015f\u0131 y\u00fczde 24,5 ile s\u0131n\u0131rl\u0131 kalacakt\u0131. Bu durumda ayn\u0131 t\u00fcketim i\u00e7in \u00f6denecek tutar\u0131n 744,7 TL yerine 228 TL olaca\u011f\u0131 belirtildi. Aradaki 516 TL\u2019lik fark\u0131n, son 5 y\u0131lda olu\u015fan ek maliyet oldu\u011fu ifade edildi.<\/p>\n<p>ENFLASYON VE P\u0130YASA ETK\u0130S\u0130<br \/>\nDa\u011f\u0131t\u0131m bedelindeki art\u0131\u015f\u0131n t\u00fcm abone gruplar\u0131n\u0131 etkiledi\u011fi ve \u015fehit aileleri d\u0131\u015f\u0131nda y\u00fczde 32 oran\u0131nda zamland\u0131\u011f\u0131 belirtildi. Y\u0131ll\u0131k t\u00fcketimi 4000 kWh\u2019\u0131 a\u015fan abonelere de bu art\u0131\u015f\u0131n yans\u0131t\u0131laca\u011f\u0131 ifade edildi.<\/p>\n<p>EPDK\u2019n\u0131n ayr\u0131ca Piyasa Takas Fiyat\u0131 (PTF) tavan\u0131n\u0131 MWh ba\u015f\u0131na 4.500 TL\u2019ye y\u00fckseltti\u011fi, bu durumun ilerleyen d\u00f6nemde elektrik fiyatlar\u0131 \u00fczerinde etkili olabilece\u011fi de\u011ferlendirildi. Elektrik \u00fcretiminde kullan\u0131lan do\u011fal gaza y\u00fczde 19,42 oran\u0131nda zam yap\u0131lmas\u0131n\u0131n da yeni fiyat art\u0131\u015flar\u0131na i\u015faret etti\u011fi aktar\u0131ld\u0131.<\/p>\n<p>SOSYAL TAR\u0130FE \u00c7A\u011eRISI<br \/>\nElektrik M\u00fchendisleri Odas\u0131 (EMO), artan fatura y\u00fck\u00fcne kar\u015f\u0131 enerji politikalar\u0131n\u0131n &#8220;sosyal tarife&#8221; anlay\u0131\u015f\u0131yla yeniden d\u00fczenlenmesi gerekti\u011fini belirtti. A\u00e7\u0131klamada, enerji alan\u0131nda kamunun daha etkin rol almas\u0131 ve maliyetlerin d\u00fc\u015f\u00fcr\u00fclmesi i\u00e7in do\u011frudan yat\u0131r\u0131m yap\u0131lmas\u0131 gerekti\u011fi ifade edildi. Ayr\u0131ca da\u011f\u0131t\u0131m \u015firketlerine aktar\u0131lan kaynaklar\u0131n s\u0131n\u0131rland\u0131r\u0131lmas\u0131 ve tarifelerin ba\u011f\u0131ms\u0131z bir yap\u0131 taraf\u0131ndan belirlenmesi gerekti\u011fi vurguland\u0131.<\/p>\n<p>Kaynak : cumhuriyet.com.tr<\/p>\n"},"alt_text":"","media_type":"image","mime_type":"image\/jpeg","media_details":{"width":768,"height":201,"file":"2026\/04\/1-15-768x201-168.jpg","sizes":{"medium":{"file":"1-15-768x201-168-300x79.jpg","width":300,"height":79,"mime_type":"image\/jpeg","source_url":"https:\/\/kilosorunum.com\/habercim\/wp-content\/uploads\/2026\/04\/1-15-768x201-168-300x79.jpg"},"thumbnail":{"file":"1-15-768x201-168-150x150.jpg","width":150,"height":150,"mime_type":"image\/jpeg","source_url":"https:\/\/kilosorunum.com\/habercim\/wp-content\/uploads\/2026\/04\/1-15-768x201-168-150x150.jpg"},"kucukResim":{"file":"1-15-768x201-168-80x50.jpg","width":80,"height":50,"mime_type":"image\/jpeg","source_url":"https:\/\/kilosorunum.com\/habercim\/wp-content\/uploads\/2026\/04\/1-15-768x201-168-80x50.jpg"},"sliderResim":{"file":"1-15-768x201-168-670x201.jpg","width":670,"height":201,"mime_type":"image\/jpeg","source_url":"https:\/\/kilosorunum.com\/habercim\/wp-content\/uploads\/2026\/04\/1-15-768x201-168-670x201.jpg"},"resim1":{"file":"1-15-768x201-168-184x140.jpg","width":184,"height":140,"mime_type":"image\/jpeg","source_url":"https:\/\/kilosorunum.com\/habercim\/wp-content\/uploads\/2026\/04\/1-15-768x201-168-184x140.jpg"},"resim2":{"file":"1-15-768x201-168-216x103.jpg","width":216,"height":103,"mime_type":"image\/jpeg","source_url":"https:\/\/kilosorunum.com\/habercim\/wp-content\/uploads\/2026\/04\/1-15-768x201-168-216x103.jpg"},"resim3":{"file":"1-15-768x201-168-145x70.jpg","width":145,"height":70,"mime_type":"image\/jpeg","source_url":"https:\/\/kilosorunum.com\/habercim\/wp-content\/uploads\/2026\/04\/1-15-768x201-168-145x70.jpg"},"sagSlider":{"file":"1-15-768x201-168-300x150.jpg","width":300,"height":150,"mime_type":"image\/jpeg","source_url":"https:\/\/kilosorunum.com\/habercim\/wp-content\/uploads\/2026\/04\/1-15-768x201-168-300x150.jpg"},"yeniSlider":{"file":"1-15-768x201-168-500x201.jpg","width":500,"height":201,"mime_type":"image\/jpeg","source_url":"https:\/\/kilosorunum.com\/habercim\/wp-content\/uploads\/2026\/04\/1-15-768x201-168-500x201.jpg"},"full":{"file":"1-15-768x201-168.jpg","width":768,"height":201,"mime_type":"image\/jpeg","source_url":"https:\/\/kilosorunum.com\/habercim\/wp-content\/uploads\/2026\/04\/1-15-768x201-168.jpg"}},"image_meta":{"aperture":"0","credit":"","camera":"","caption":"","created_timestamp":"0","copyright":"","focal_length":"0","iso":"0","shutter_speed":"0","title":"","orientation":"0","keywords":[]}},"post":46431,"source_url":"https:\/\/kilosorunum.com\/habercim\/wp-content\/uploads\/2026\/04\/1-15-768x201-168.jpg","_links":{"self":[{"href":"https:\/\/kilosorunum.com\/habercim\/wp-json\/wp\/v2\/media\/46433"}],"collection":[{"href":"https:\/\/kilosorunum.com\/habercim\/wp-json\/wp\/v2\/media"}],"about":[{"href":"https:\/\/kilosorunum.com\/habercim\/wp-json\/wp\/v2\/types\/attachment"}],"author":[{"embeddable":true,"href":"https:\/\/kilosorunum.com\/habercim\/wp-json\/wp\/v2\/users\/2"}],"replies":[{"embeddable":true,"href":"https:\/\/kilosorunum.com\/habercim\/wp-json\/wp\/v2\/comments?post=46433"}]}}