{"id":46438,"date":"2026-04-16T02:48:46","date_gmt":"2026-04-15T23:48:46","guid":{"rendered":"https:\/\/kilosorunum.com\/habercim\/wp-content\/uploads\/2026\/04\/1-15-768x201-170.jpg"},"modified":"2026-04-16T02:50:31","modified_gmt":"2026-04-15T23:50:31","slug":"1-15-768x201-2490","status":"inherit","type":"attachment","link":"https:\/\/kilosorunum.com\/habercim\/foto-galeri\/bazi-illerde-tatil\/attachment\/1-15-768x201-2490\/","title":{"rendered":"Baz\u0131 illerde tatil"},"author":2,"comment_status":"open","ping_status":"closed","template":"","meta":[],"description":{"rendered":"<p class=\"attachment\"><a href='https:\/\/kilosorunum.com\/habercim\/wp-content\/uploads\/2026\/04\/1-15-768x201-170.jpg'><img width=\"300\" height=\"79\" src=\"https:\/\/kilosorunum.com\/habercim\/wp-content\/uploads\/2026\/04\/1-15-768x201-170-300x79.jpg\" class=\"attachment-medium size-medium\" alt=\"\" loading=\"lazy\" srcset=\"https:\/\/kilosorunum.com\/habercim\/wp-content\/uploads\/2026\/04\/1-15-768x201-170-300x79.jpg 300w, https:\/\/kilosorunum.com\/habercim\/wp-content\/uploads\/2026\/04\/1-15-768x201-170.jpg 768w\" sizes=\"(max-width: 300px) 100vw, 300px\" \/><\/a><\/p>\n"},"caption":{"rendered":"<p>Mersin, Diyarbak\u0131r, Antalya&#8217;da yar\u0131n okullar tatil mi sorusunun cevab\u0131 \u00f6\u011frenciler ve veliler taraf\u0131ndan ara\u015ft\u0131r\u0131lmaya ba\u015fland\u0131. Kahramanmara\u015f Valili\u011fi taraf\u0131ndan a\u00e7\u0131klanan bilgilere g\u00f6re bug\u00fcn ya\u015fanan silahl\u0131 sald\u0131r\u0131 sonucunda il genelinde 2 g\u00fcn e\u011fitim-\u00f6\u011fretime ara verildi. Kahramanmara\u015f&#8217;ta okullar\u0131n tatil edilmesinin ard\u0131ndan 16 Nisan Mersin, Diyarbak\u0131r, Antalya&#8217;da okul var m\u0131, yok mu sorular\u0131n\u0131n cevaplar\u0131 ara\u015ft\u0131r\u0131lmaya ba\u015fland\u0131.<br \/>\nKahramanmara\u015f Valili\u011fi taraf\u0131ndan yap\u0131lan a\u00e7\u0131klamaya g\u00f6re Ayser \u00c7al\u0131k Ortaokulu&#8217;nda meydana gelen sald\u0131r\u0131 nedeniyle il genelinde 16-17 Nisan 2026 tarihlerinde e\u011fitim-\u00f6\u011fretime 2 g\u00fcn s\u00fcreyle ara verildi. Belirtilen tarihlerde kamu ve \u00f6zel t\u00fcm e\u011fitim kurumlar\u0131 kapal\u0131 olacak. Kahramanmara\u015f&#8217;ta okullar\u0131n tatil edilmesinin ard\u0131ndan Mersin, Diyarbak\u0131r, Antalya&#8217;da okullar tatil mi sorusu g\u00fcndeme geldi.<br \/>\nAntalya Valili\u011fi taraf\u0131ndan 16 Nisan 2026 Per\u015fembe g\u00fcn\u00fc okullar\u0131n tatil edilece\u011fine dair herhangi bir a\u00e7\u0131klama yap\u0131lmad\u0131. Bu kapsamda yeni bir a\u00e7\u0131klama gelmedi\u011fi taktirde 16 Nisan 2026 Per\u015fembe g\u00fcn\u00fc il genelinde e\u011fitim \u00f6\u011fretime devam edilecek. Antalya&#8217;da okullar\u0131n tatil edildi\u011fine dair ilerleyen saatlerde yetkililer taraf\u0131ndan bir a\u00e7\u0131klama yap\u0131l\u0131rsa haberimizi g\u00fcncelleyece\u011fiz.<br \/>\nDiyarbak\u0131r&#8217;da yar\u0131n okullar tatil mi 16 Nisan?<br \/>\nDiyarbak\u0131r Valili\u011fi taraf\u0131ndan da 16 Nisan Per\u015fembe g\u00fcn\u00fc okullar\u0131n tatil edildi\u011fine dair bir a\u00e7\u0131klama yap\u0131lmad\u0131. T\u00fcm kamu ve \u00f6zel e\u011fitim kurumlar\u0131nda 16 Nisan Per\u015fembe g\u00fcn\u00fc e\u011fitime devam edilecek. Konuyla ilgili Diyarbak\u0131r Valili\u011fi taraf\u0131ndan yeni bir a\u00e7\u0131klama yap\u0131l\u0131rsa haberimizde yer alacak.<br \/>\nMersin&#8217;de yar\u0131n okullar\u0131n tatil oldu\u011funa dair de bir a\u00e7\u0131klama yap\u0131lmad\u0131. 16-17 Nisan tarihlerinde a\u00e7\u0131klanan bilgilere g\u00f6re sadece Kahramanmara\u015f genelindeki t\u00fcm kamu ve \u00f6zel e\u011fitim kurumlar\u0131nda e\u011fitim-\u00f6\u011fretime ara verilecek. Mersin genelinde ise okullarda dersler i\u015flenmeye devam edecek.<\/p>\n<p>Kaynak : gzt.com<\/p>\n"},"alt_text":"","media_type":"image","mime_type":"image\/jpeg","media_details":{"width":768,"height":201,"file":"2026\/04\/1-15-768x201-170.jpg","sizes":{"medium":{"file":"1-15-768x201-170-300x79.jpg","width":300,"height":79,"mime_type":"image\/jpeg","source_url":"https:\/\/kilosorunum.com\/habercim\/wp-content\/uploads\/2026\/04\/1-15-768x201-170-300x79.jpg"},"thumbnail":{"file":"1-15-768x201-170-150x150.jpg","width":150,"height":150,"mime_type":"image\/jpeg","source_url":"https:\/\/kilosorunum.com\/habercim\/wp-content\/uploads\/2026\/04\/1-15-768x201-170-150x150.jpg"},"kucukResim":{"file":"1-15-768x201-170-80x50.jpg","width":80,"height":50,"mime_type":"image\/jpeg","source_url":"https:\/\/kilosorunum.com\/habercim\/wp-content\/uploads\/2026\/04\/1-15-768x201-170-80x50.jpg"},"sliderResim":{"file":"1-15-768x201-170-670x201.jpg","width":670,"height":201,"mime_type":"image\/jpeg","source_url":"https:\/\/kilosorunum.com\/habercim\/wp-content\/uploads\/2026\/04\/1-15-768x201-170-670x201.jpg"},"resim1":{"file":"1-15-768x201-170-184x140.jpg","width":184,"height":140,"mime_type":"image\/jpeg","source_url":"https:\/\/kilosorunum.com\/habercim\/wp-content\/uploads\/2026\/04\/1-15-768x201-170-184x140.jpg"},"resim2":{"file":"1-15-768x201-170-216x103.jpg","width":216,"height":103,"mime_type":"image\/jpeg","source_url":"https:\/\/kilosorunum.com\/habercim\/wp-content\/uploads\/2026\/04\/1-15-768x201-170-216x103.jpg"},"resim3":{"file":"1-15-768x201-170-145x70.jpg","width":145,"height":70,"mime_type":"image\/jpeg","source_url":"https:\/\/kilosorunum.com\/habercim\/wp-content\/uploads\/2026\/04\/1-15-768x201-170-145x70.jpg"},"sagSlider":{"file":"1-15-768x201-170-300x150.jpg","width":300,"height":150,"mime_type":"image\/jpeg","source_url":"https:\/\/kilosorunum.com\/habercim\/wp-content\/uploads\/2026\/04\/1-15-768x201-170-300x150.jpg"},"yeniSlider":{"file":"1-15-768x201-170-500x201.jpg","width":500,"height":201,"mime_type":"image\/jpeg","source_url":"https:\/\/kilosorunum.com\/habercim\/wp-content\/uploads\/2026\/04\/1-15-768x201-170-500x201.jpg"},"full":{"file":"1-15-768x201-170.jpg","width":768,"height":201,"mime_type":"image\/jpeg","source_url":"https:\/\/kilosorunum.com\/habercim\/wp-content\/uploads\/2026\/04\/1-15-768x201-170.jpg"}},"image_meta":{"aperture":"0","credit":"","camera":"","caption":"","created_timestamp":"0","copyright":"","focal_length":"0","iso":"0","shutter_speed":"0","title":"","orientation":"0","keywords":[]}},"post":46436,"source_url":"https:\/\/kilosorunum.com\/habercim\/wp-content\/uploads\/2026\/04\/1-15-768x201-170.jpg","_links":{"self":[{"href":"https:\/\/kilosorunum.com\/habercim\/wp-json\/wp\/v2\/media\/46438"}],"collection":[{"href":"https:\/\/kilosorunum.com\/habercim\/wp-json\/wp\/v2\/media"}],"about":[{"href":"https:\/\/kilosorunum.com\/habercim\/wp-json\/wp\/v2\/types\/attachment"}],"author":[{"embeddable":true,"href":"https:\/\/kilosorunum.com\/habercim\/wp-json\/wp\/v2\/users\/2"}],"replies":[{"embeddable":true,"href":"https:\/\/kilosorunum.com\/habercim\/wp-json\/wp\/v2\/comments?post=46438"}]}}