{"id":46459,"date":"2026-04-16T18:25:28","date_gmt":"2026-04-16T15:25:28","guid":{"rendered":"https:\/\/kilosorunum.com\/habercim\/wp-content\/uploads\/2026\/04\/1-15-768x201-177.jpg"},"modified":"2026-04-16T18:28:13","modified_gmt":"2026-04-16T15:28:13","slug":"1-15-768x201-2497","status":"inherit","type":"attachment","link":"https:\/\/kilosorunum.com\/habercim\/foto-galeri\/ifadesi-ve-itirafi\/attachment\/1-15-768x201-2497\/","title":{"rendered":"\u0130fadesi ve \u0130tiraf\u0131"},"author":2,"comment_status":"open","ping_status":"closed","template":"","meta":[],"description":{"rendered":"<p class=\"attachment\"><a href='https:\/\/kilosorunum.com\/habercim\/wp-content\/uploads\/2026\/04\/1-15-768x201-177.jpg'><img width=\"300\" height=\"79\" src=\"https:\/\/kilosorunum.com\/habercim\/wp-content\/uploads\/2026\/04\/1-15-768x201-177-300x79.jpg\" class=\"attachment-medium size-medium\" alt=\"\" loading=\"lazy\" srcset=\"https:\/\/kilosorunum.com\/habercim\/wp-content\/uploads\/2026\/04\/1-15-768x201-177-300x79.jpg 300w, https:\/\/kilosorunum.com\/habercim\/wp-content\/uploads\/2026\/04\/1-15-768x201-177.jpg 768w\" sizes=\"(max-width: 300px) 100vw, 300px\" \/><\/a><\/p>\n"},"caption":{"rendered":"<p>Kahramanmara\u015f\u2019ta okula sald\u0131ran \u00e7ocu\u011fun babas\u0131 U\u011fur Mersinli\u2019nin tutuklanmadan \u00f6nce verdi\u011fi ifade ortaya \u00e7\u0131kt\u0131. Mersinli o\u011flunu silahla ate\u015f ettirmek i\u00e7in emniyet poligonuna g\u00f6t\u00fcrd\u00fc\u011f\u00fcn\u00fc s\u00f6yledi.<br \/>\nD\u00fcn (15 Nisan) \u00f6\u011fle saatlerinde Kahramanmara\u015f\u2019\u0131n Oniki\u015fubat il\u00e7esindeki Ayser \u00c7al\u0131k Ortaokulu\u2019nda silahl\u0131 sald\u0131r\u0131 d\u00fczenlendi. Sekizi \u00f6\u011frenci, biri \u00f6\u011fretmen dokuz ki\u015fi hayat\u0131n\u0131 kaybetti. Sald\u0131rgan intihar etti. 13 yaral\u0131dan alt\u0131s\u0131 yo\u011fun bak\u0131mda.<br \/>\n8\u2019inci s\u0131n\u0131f \u00f6\u011frencisi sald\u0131rgan \u0130sa Aras Mersinli\u2019nin \u2018eski emniyet\u00e7i\u2019 olarak bahsedilen babas\u0131 U\u011fur Mersinli ve annesi Peyman P\u0131nar Mersinli de g\u00f6zalt\u0131na al\u0131nm\u0131\u015ft\u0131.<br \/>\nMersinli\u2019nin tutuklanmadan \u00f6nce verdi\u011fi ifade ortaya \u00e7\u0131kt\u0131:<br \/>\n\u2018Silahlar ve mermiler bana ait\u2019<br \/>\n* O\u011flum \u0130sa Aras\u2019\u0131n olay kapsam\u0131nda kulland\u0131\u011f\u0131 silahlar ve mermiler bana aittir. Benim kendime ait yedi tane ta\u015f\u0131ma ruhsatl\u0131 silah\u0131m vard\u0131r, iki tane de av t\u00fcfe\u011fim vard\u0131r. Bunlar mevzuat kapsam\u0131nda sahipli\u011fi kendi ad\u0131ma olan t\u00fcfeklerdir. O\u011flum \u0130sa Aras olay yerine bana ait silahlardan be\u015f tanesini al\u0131p g\u00f6t\u00fcrm\u00fc\u015f.<\/p>\n<p>* Benim silahlar\u0131m yatak odas\u0131nda muhafaza edilmektedir. Silahlar\u0131n ve mermilerin hepsi kilitli Mara\u015f sand\u0131\u011f\u0131 i\u00e7erisindedir. \u015earj\u00f6rler silahlara tak\u0131l\u0131 vaziyette bulunmaz. Ben silahlar\u0131 alaca\u011f\u0131m zaman silahlar\u0131 ve \u015farj\u00f6rleri farkl\u0131 sand\u0131klar i\u00e7erisinden alarak d\u0131\u015far\u0131 \u00e7\u0131kar\u0131r\u0131m. S\u00f6z konusu Mara\u015f sand\u0131klar\u0131 kendinden kilitli sand\u0131klard\u0131r.<br \/>\n\u2018\u0130sa Aras nas\u0131l a\u00e7\u0131ld\u0131\u011f\u0131n\u0131 \u00f6\u011frenmi\u015f\u2019<br \/>\n* \u0130sa Aras sand\u0131klar\u0131n nas\u0131l a\u00e7\u0131ld\u0131\u011f\u0131n\u0131 \u00f6\u011frenmi\u015f ancak kendisinin yan\u0131nda sand\u0131klar\u0131m\u0131 a\u00e7t\u0131\u011f\u0131m\u0131 hat\u0131rlam\u0131yorum. Sand\u0131klar s\u00fcrekli olarak kilitli vaziyettedir. Olay g\u00fcn\u00fc o\u011flum \u0130sa Aras\u2019\u0131n sand\u0131klar\u0131 nas\u0131l a\u00e7t\u0131\u011f\u0131n\u0131 bilmiyorum. O\u011flum \u0130sa Aras s\u00f6z konusu sand\u0131klar\u0131n nas\u0131l a\u00e7\u0131ld\u0131\u011f\u0131n\u0131 internetten \u00f6\u011frenmi\u015f olabilir.<\/p>\n<p>\u2018Emniyetteki psikolog arkada\u015flar o\u011flumun \u00e7ok zeki oldu\u011funu s\u00f6yledi\u2019<br \/>\n* O\u011flum Aras \u00e7ok iyi bir internet kullan\u0131c\u0131s\u0131yd\u0131 kendisine ait VPN\u2019i bile varm\u0131\u015f, ana dili gibi \u0130ngilizce konu\u015fmaktad\u0131r. \u00c7ok zeki bir \u00e7ocuktur. O\u011flumun tipik ergenlik ve s\u0131nav sorunlar\u0131, stresleri bulunmaktayd\u0131.<\/p>\n<p>* O\u011flumu bu durum nedeniyle emniyetteki psikolog arkada\u015flara g\u00f6t\u00fcrd\u00fcm ancak emniyetteki psikolog arkada\u015flar olumsuz bir durumun olmad\u0131\u011f\u0131n\u0131, o\u011flumun \u00e7ok zeki oldu\u011funu s\u00f6ylediler. * Yakla\u015f\u0131k iki ayd\u0131r da evimizin yak\u0131n\u0131nda bulunan \u00f6zel bir uzman psikolo\u011fa \u0130sa Aras\u2019\u0131 g\u00f6t\u00fcr\u00fcyordum. S\u00f6z konusu psikologsa o\u011flumun toplumla uyumu noktas\u0131nda problem ya\u015fayaca\u011f\u0131n\u0131, biraz takip edilmesi gerekti\u011fini, ilerleyen zamanlarda psikiyatrik tedavi gerekebilir dedi. En son \u00fc\u00e7 hafta \u00f6nce psikolo\u011fa gitmi\u015fti ancak son zamanlarda psikolo\u011fa gitmekten ka\u00e7\u0131nd\u0131.<\/p>\n<p>\u2018Bilgisayarda neyle me\u015fguyl oldu\u011funu takip edemedim\u2019<br \/>\n* O\u011flum bilgisayar ve cep telefonunu \u0130ngilizce modda kulland\u0131\u011f\u0131 i\u00e7in benim de \u0130ngilizce bilmemem nedeniyle o\u011flumun cep telefonu ve bilgisayarda neyle me\u015fgul oldu\u011funu takip edemedim. \u0130smini bilmemekle birlikte o\u011flumun s\u0131k s\u0131k sava\u015f oyunu oynad\u0131\u011f\u0131n\u0131 g\u00f6rd\u00fcm.<\/p>\n<p>* Ben kendisine ne yapt\u0131\u011f\u0131n\u0131 sordu\u011fumdaysa bana \u201c\u00d6f ya\u201d tarz\u0131nda cevap vererek ge\u00e7i\u015ftirirdi, sa\u011fl\u0131kl\u0131 bir cevap alamazd\u0131m. \u2018\u0130yi bir okul okursa ona silah alabilece\u011fimi s\u00f6yledim\u2019<br \/>\n* O\u011flum \u0130sa\u2019n\u0131n \u00f6ncesinde silahlara merak\u0131 yoktu ancak yakla\u015f\u0131k bir ay \u00f6ncesinde bana arkada\u015flar\u0131n\u0131n silahla at\u0131\u015f yapt\u0131\u011f\u0131n\u0131, kendisine ne zaman at\u0131\u015f yapt\u0131raca\u011f\u0131m\u0131 sordu. Yine yakla\u015f\u0131k bir ay \u00f6nce i\u015ften gelip k\u0131sa s\u00fcreli\u011fine silah\u0131 oturma odas\u0131nda \u015fifoniyer \u00fczerine b\u0131rakm\u0131\u015ft\u0131m, o\u011flumun silah\u0131 eline almaya yeltendi\u011fini g\u00f6rd\u00fcm ve kendisine k\u0131zd\u0131m.<\/p>\n<p>* Kendisinin silahlara merak\u0131 oldu\u011funu fark etti\u011fim i\u00e7in ben kendisine ahlaki k\u00fclt\u00fcr\u00fcm\u00fczden bahsettim, silah\u0131n namus olarak adland\u0131r\u0131ld\u0131\u011f\u0131ndan bahsettim. Yine kendisine emekli oldu\u011fumda silahlardan bir tanesini b\u0131rakabilece\u011fimi s\u00f6yledim. Bu s\u00f6ylememin kast\u0131 o\u011flumun silaha kar\u015f\u0131 hevesini \u00f6nlemekti. \u0130leride sicilin temiz olursa ve iyi bir okul okursa sana da silah alabililiriz diyerek kendisine umut satt\u0131m ancak bunun \u00fczerine o\u011flum herkes silah alabiliyor dedi. Ben de kendisine \u00fclkemizde kimlerin silah ta\u015f\u0131yabilece\u011fini s\u00f6yledim.<\/p>\n<p>\u2018O\u011flum arkada\u015flar\u0131m\u0131n silahla ate\u015f etti\u011fini s\u00f6yledi\u2019<br \/>\n* O\u011flum arkada\u015flar\u0131m\u0131n silahla ate\u015f ettiklerini benim de kendisine silah ile ate\u015f ettirece\u011fimi s\u00f6yledi. * Bu konu\u015fma ge\u00e7ti\u011fimiz hafta per\u015fembe ya da cuma (9-10 Nisan) ger\u00e7ekle\u015fmi\u015f olabilir. Ben de kendisine haftaya g\u00fcne\u015fli bir g\u00fcnde poligona at\u0131\u015f yapmaya gidece\u011fimi, kendisini de g\u00f6t\u00fcrebilece\u011fimi s\u00f6yledim.<\/p>\n<p>\u2018O\u011fluma silah\u0131n nas\u0131l kullan\u0131lmayaca\u011f\u0131n\u0131, hedef al\u0131n\u0131p at\u0131\u015f yap\u0131laca\u011f\u0131n\u0131 s\u00f6yledim\u2019<br \/>\n* Daha sonra bu hafta pazartesi (13 Nisan) g\u00fcn\u00fc emniyetin poligonuna giderek kendime ait silahla at\u0131\u015f yapt\u0131m. O\u011fluma da birka\u00e7 el at\u0131\u015f yapt\u0131rd\u0131m. O\u011fluma kar\u015f\u0131daki hedefi g\u00f6sterdim. Silah\u0131n rastgele kullan\u0131lmayaca\u011f\u0131n\u0131, hedef al\u0131narak at\u0131\u015f yap\u0131laca\u011f\u0131n\u0131 s\u00f6yledim.<\/p>\n<p>* Ben de o\u011flum at\u0131\u015f yaparken birka\u00e7 foto\u011fraf ve videosunu \u00e7ektim. Bundaki kast\u0131m hat\u0131ra olarak kalmas\u0131yd\u0131 ve hevesini k\u0131rmakt\u0131. Foto\u011fraflar\u0131 daha sonra WhatsApp \u00fczerinden o\u011flum \u0130sa\u2019ya g\u00f6nderdim. Emniyetten \u00f6\u011frendi\u011fime g\u00f6re o\u011flum s\u00f6z konusu foto\u011fraflar\u0131 arkada\u015flar\u0131na g\u00f6stermi\u015f, arkada\u015flar\u0131 hayretle kar\u015f\u0131lam\u0131\u015f. * Benim s\u00fcrekli silahlar, mermiler, \u015farj\u00f6rler dolu vaziyette bir arada bulunmaz. O\u011flum g\u00f6rd\u00fc\u011f\u00fc bir \u015feyi unutmaz. Silahlar\u0131n ve mermilerin muhafaza edildi\u011fi Mara\u015f sand\u0131klar\u0131n\u0131n i\u00e7 d\u00fc\u011fmesi vard\u0131r. S\u00f6z konusu d\u00fc\u011fmeye temas edildi\u011fi anda sand\u0131klar a\u00e7\u0131l\u0131r.<\/p>\n<p>* \u00c7ocu\u011fum s\u00fcrekli bilgisayar ve cep telefonuyla me\u015fgul oldu\u011fu i\u00e7in merak edip kontrol etmek istedim ancak o\u011flum bana \u015fifreleri vermedi, yani zararl\u0131 i\u00e7eriklerden etkilebilece\u011fini d\u00fc\u015f\u00fcnerek kontrol etmek istemi\u015fti.<\/p>\n<p>* O\u011flum cep telefonu ve bilgisayardan oyun oynarken bir taraftan \u0130ngilizce konu\u015furdu ancak ben kendisinin ne konu\u015ftu\u011funu anlamazd\u0131m. * O\u011flum interaktif (konu\u015fmal\u0131\/\u00e7evrimi\u00e7i) oyunlar oynard\u0131. Odas\u0131na girdi\u011fimde ise her \u015feyi kapat\u0131rd\u0131, bir \u015fey g\u00f6stermek istemezdi. Biz de bu nedenle bu zamana kadar olumsuz bir durumunu tespit edemedik.<\/p>\n<p>\u2018\u00d6\u011fretmenlerine veya \u00f6\u011frencilere kar\u015f\u0131 olumsuz hissiyat\u0131 oldu\u011funu fark etmedim\u2019<br \/>\n* Olay g\u00fcn\u00fc ve olaydan \u00f6nce bir tart\u0131\u015fmam\u0131z olmad\u0131. O\u011flumun dakikas\u0131 dakikas\u0131n\u0131 tutmazd\u0131. O\u011flumun duygu durumu s\u00fcrekli de\u011fi\u015fkenlik g\u00f6sterirdi. O\u011flumun daha \u00f6ncesinde rehber \u00f6\u011fretmeniyle g\u00f6r\u00fc\u015fm\u00fc\u015ft\u00fck.<\/p>\n<p>* O\u011flum s\u0131navlardan d\u00fc\u015f\u00fck not ald\u0131\u011f\u0131 zaman agresif hareketler sergilerdi ancak o\u011flumun \u00f6\u011fretmenlerine veya \u00f6\u011frencilere kar\u015f\u0131 herhangi bir olumsuz hissiyat\u0131 oldu\u011funu fark etmedim. * Hatta zaman zaman okulda sana zorbal\u0131k yapan, sen hor g\u00f6ren arkada\u015f ya da \u00f6\u011fretmeni oldup olmad\u0131\u011f\u0131n\u0131 sorard\u0131m. Ancak kendisi bana \u201cHay\u0131r \u00f6yle bir \u015fey yok\u201d derdi.<\/p>\n<p>* O\u011flumun zaten arkada\u015f \u00e7evresi \u00e7ok k\u0131s\u0131tl\u0131yd\u0131. O\u011flum \u0130sa toplam sekiz senede \u00fc\u00e7 y\u0131l okula gidebildi \u00e7\u00fcnk\u00fc e\u011fitim d\u00f6neminin bir k\u0131sm\u0131 pandemi, bir k\u0131sm\u0131 deprem d\u00f6nemine denk geldi. <\/p>\n<p>Kaynak : diken.com.tr<\/p>\n"},"alt_text":"","media_type":"image","mime_type":"image\/jpeg","media_details":{"width":768,"height":201,"file":"2026\/04\/1-15-768x201-177.jpg","sizes":{"medium":{"file":"1-15-768x201-177-300x79.jpg","width":300,"height":79,"mime_type":"image\/jpeg","source_url":"https:\/\/kilosorunum.com\/habercim\/wp-content\/uploads\/2026\/04\/1-15-768x201-177-300x79.jpg"},"thumbnail":{"file":"1-15-768x201-177-150x150.jpg","width":150,"height":150,"mime_type":"image\/jpeg","source_url":"https:\/\/kilosorunum.com\/habercim\/wp-content\/uploads\/2026\/04\/1-15-768x201-177-150x150.jpg"},"kucukResim":{"file":"1-15-768x201-177-80x50.jpg","width":80,"height":50,"mime_type":"image\/jpeg","source_url":"https:\/\/kilosorunum.com\/habercim\/wp-content\/uploads\/2026\/04\/1-15-768x201-177-80x50.jpg"},"sliderResim":{"file":"1-15-768x201-177-670x201.jpg","width":670,"height":201,"mime_type":"image\/jpeg","source_url":"https:\/\/kilosorunum.com\/habercim\/wp-content\/uploads\/2026\/04\/1-15-768x201-177-670x201.jpg"},"resim1":{"file":"1-15-768x201-177-184x140.jpg","width":184,"height":140,"mime_type":"image\/jpeg","source_url":"https:\/\/kilosorunum.com\/habercim\/wp-content\/uploads\/2026\/04\/1-15-768x201-177-184x140.jpg"},"resim2":{"file":"1-15-768x201-177-216x103.jpg","width":216,"height":103,"mime_type":"image\/jpeg","source_url":"https:\/\/kilosorunum.com\/habercim\/wp-content\/uploads\/2026\/04\/1-15-768x201-177-216x103.jpg"},"resim3":{"file":"1-15-768x201-177-145x70.jpg","width":145,"height":70,"mime_type":"image\/jpeg","source_url":"https:\/\/kilosorunum.com\/habercim\/wp-content\/uploads\/2026\/04\/1-15-768x201-177-145x70.jpg"},"sagSlider":{"file":"1-15-768x201-177-300x150.jpg","width":300,"height":150,"mime_type":"image\/jpeg","source_url":"https:\/\/kilosorunum.com\/habercim\/wp-content\/uploads\/2026\/04\/1-15-768x201-177-300x150.jpg"},"yeniSlider":{"file":"1-15-768x201-177-500x201.jpg","width":500,"height":201,"mime_type":"image\/jpeg","source_url":"https:\/\/kilosorunum.com\/habercim\/wp-content\/uploads\/2026\/04\/1-15-768x201-177-500x201.jpg"},"full":{"file":"1-15-768x201-177.jpg","width":768,"height":201,"mime_type":"image\/jpeg","source_url":"https:\/\/kilosorunum.com\/habercim\/wp-content\/uploads\/2026\/04\/1-15-768x201-177.jpg"}},"image_meta":{"aperture":"0","credit":"","camera":"","caption":"","created_timestamp":"0","copyright":"","focal_length":"0","iso":"0","shutter_speed":"0","title":"","orientation":"0","keywords":[]}},"post":46457,"source_url":"https:\/\/kilosorunum.com\/habercim\/wp-content\/uploads\/2026\/04\/1-15-768x201-177.jpg","_links":{"self":[{"href":"https:\/\/kilosorunum.com\/habercim\/wp-json\/wp\/v2\/media\/46459"}],"collection":[{"href":"https:\/\/kilosorunum.com\/habercim\/wp-json\/wp\/v2\/media"}],"about":[{"href":"https:\/\/kilosorunum.com\/habercim\/wp-json\/wp\/v2\/types\/attachment"}],"author":[{"embeddable":true,"href":"https:\/\/kilosorunum.com\/habercim\/wp-json\/wp\/v2\/users\/2"}],"replies":[{"embeddable":true,"href":"https:\/\/kilosorunum.com\/habercim\/wp-json\/wp\/v2\/comments?post=46459"}]}}