{"id":46464,"date":"2026-04-16T19:17:07","date_gmt":"2026-04-16T16:17:07","guid":{"rendered":"https:\/\/kilosorunum.com\/habercim\/wp-content\/uploads\/2026\/04\/1-15-768x201-179.jpg"},"modified":"2026-04-16T19:18:58","modified_gmt":"2026-04-16T16:18:58","slug":"1-15-768x201-2499","status":"inherit","type":"attachment","link":"https:\/\/kilosorunum.com\/habercim\/foto-galeri\/emeklilik-sistemi\/attachment\/1-15-768x201-2499\/","title":{"rendered":"Emeklilik sistemi"},"author":2,"comment_status":"open","ping_status":"closed","template":"","meta":[],"description":{"rendered":"<p class=\"attachment\"><a href='https:\/\/kilosorunum.com\/habercim\/wp-content\/uploads\/2026\/04\/1-15-768x201-179.jpg'><img width=\"300\" height=\"79\" src=\"https:\/\/kilosorunum.com\/habercim\/wp-content\/uploads\/2026\/04\/1-15-768x201-179-300x79.jpg\" class=\"attachment-medium size-medium\" alt=\"\" loading=\"lazy\" srcset=\"https:\/\/kilosorunum.com\/habercim\/wp-content\/uploads\/2026\/04\/1-15-768x201-179-300x79.jpg 300w, https:\/\/kilosorunum.com\/habercim\/wp-content\/uploads\/2026\/04\/1-15-768x201-179.jpg 768w\" sizes=\"(max-width: 300px) 100vw, 300px\" \/><\/a><\/p>\n"},"caption":{"rendered":"<p>Milyonlarca emekliyi ilgilendiren emeklilik sistemindeki de\u011fi\u015fimin ayak sesleri duyulmaya ba\u015fland\u0131. Sistemde dengesizliklerin olu\u015fmaya ba\u015flamas\u0131 hem uzmanlar\u0131n hem de vatanda\u015flar\u0131n dikkatini \u00e7ekiyor. Daha fazla prim g\u00fcn\u00fc yat\u0131ran\u0131n emeklilikte daha fazla maa\u015f almas\u0131n\u0131n sa\u011flanaca\u011f\u0131 yeni emeklilik sistemi ile ilgili Ekonomist Muhammet Bayram konu\u015ftu. TV100&#8217;e konu\u015fan Bayram, emeklilik sisteminin yeni bir reforma ihtiyac\u0131 oldu\u011funu ifade etti. Bayram, kademeli emeklilikten bahsederek, &#8220;Ayn\u0131 prim g\u00fcn say\u0131s\u0131na sahipsiniz ama daha \u00f6nce veya daha sonra emekli olman\u0131zdan dolay\u0131 prim g\u00fcn say\u0131s\u0131n\u0131n etkisi farkl\u0131 oluyor. Prim g\u00fcn say\u0131s\u0131n\u0131n ayn\u0131 olmas\u0131 laz\u0131m. Ge\u00e7ene sene maa\u015f alanlar bu sene maa\u015f alanlara g\u00f6re \u00e7ok daha fazla maa\u015f alacak. B\u00fct\u00fcn prim sisteminin g\u00f6zden ge\u00e7irilmesi gerekiyor&#8221; dedi. CNNT\u00dcRK&#8217;e de konu\u015fan Bayram, &#8220;Stajyerlik \u015fartlar\u0131n\u0131n durumu, gen\u00e7 emekliler, daha az prim \u00f6deyip daha fazla maa\u015f alamayanlar, daha fazla prim \u00f6deyip de emekli olamayanlar&#8230; Bunlar\u0131n tamam\u0131 asl\u0131nda bir potada eritilecek&#8221; s\u00f6zlerini sarf etti. Emekli olduktan sonra daha az maa\u015f alan Ba\u011f-Kur&#8217;lular\u0131n oldu\u011funu ifade eden Bayram, prim g\u00fcnleri ile ilgili \u015fu s\u00f6zleri kulland\u0131:&#8221;\u00d6zellikle daha fazla prim \u00f6dediyseniz ya da y\u00fcksekten maa\u015f al\u0131p da y\u00fcksekten prim \u00f6dediyseniz, o sizin cebinize girmesi gereken parayd\u0131, ama devlete gitti. Emekli olunca daha az maa\u015f al\u0131yorsan\u0131z, bir sorundu. Art\u0131k daha fazla prim \u00f6deyen daha fazla maa\u015f alacak&#8221; EYT&#8217;yi birka\u00e7 g\u00fcn ile ka\u00e7\u0131ranlar\u0131n kademeli emeklilik talebi oldu\u011funu ifade eden Bayram, &#8220;Maliye\u2019de y\u00fck olarak g\u00f6r\u00fcld\u00fc. Bununla beraber ge\u00e7ti\u011fimiz sene emekli olanlar, sonra emekli olanlara g\u00f6re y\u00fczde 30 fazla maa\u015f alacak&#8221; s\u00f6zlerini sarf etti.<\/p>\n<p>Kaynak : haberzamani.com<\/p>\n"},"alt_text":"","media_type":"image","mime_type":"image\/jpeg","media_details":{"width":768,"height":201,"file":"2026\/04\/1-15-768x201-179.jpg","sizes":{"medium":{"file":"1-15-768x201-179-300x79.jpg","width":300,"height":79,"mime_type":"image\/jpeg","source_url":"https:\/\/kilosorunum.com\/habercim\/wp-content\/uploads\/2026\/04\/1-15-768x201-179-300x79.jpg"},"thumbnail":{"file":"1-15-768x201-179-150x150.jpg","width":150,"height":150,"mime_type":"image\/jpeg","source_url":"https:\/\/kilosorunum.com\/habercim\/wp-content\/uploads\/2026\/04\/1-15-768x201-179-150x150.jpg"},"kucukResim":{"file":"1-15-768x201-179-80x50.jpg","width":80,"height":50,"mime_type":"image\/jpeg","source_url":"https:\/\/kilosorunum.com\/habercim\/wp-content\/uploads\/2026\/04\/1-15-768x201-179-80x50.jpg"},"sliderResim":{"file":"1-15-768x201-179-670x201.jpg","width":670,"height":201,"mime_type":"image\/jpeg","source_url":"https:\/\/kilosorunum.com\/habercim\/wp-content\/uploads\/2026\/04\/1-15-768x201-179-670x201.jpg"},"resim1":{"file":"1-15-768x201-179-184x140.jpg","width":184,"height":140,"mime_type":"image\/jpeg","source_url":"https:\/\/kilosorunum.com\/habercim\/wp-content\/uploads\/2026\/04\/1-15-768x201-179-184x140.jpg"},"resim2":{"file":"1-15-768x201-179-216x103.jpg","width":216,"height":103,"mime_type":"image\/jpeg","source_url":"https:\/\/kilosorunum.com\/habercim\/wp-content\/uploads\/2026\/04\/1-15-768x201-179-216x103.jpg"},"resim3":{"file":"1-15-768x201-179-145x70.jpg","width":145,"height":70,"mime_type":"image\/jpeg","source_url":"https:\/\/kilosorunum.com\/habercim\/wp-content\/uploads\/2026\/04\/1-15-768x201-179-145x70.jpg"},"sagSlider":{"file":"1-15-768x201-179-300x150.jpg","width":300,"height":150,"mime_type":"image\/jpeg","source_url":"https:\/\/kilosorunum.com\/habercim\/wp-content\/uploads\/2026\/04\/1-15-768x201-179-300x150.jpg"},"yeniSlider":{"file":"1-15-768x201-179-500x201.jpg","width":500,"height":201,"mime_type":"image\/jpeg","source_url":"https:\/\/kilosorunum.com\/habercim\/wp-content\/uploads\/2026\/04\/1-15-768x201-179-500x201.jpg"},"full":{"file":"1-15-768x201-179.jpg","width":768,"height":201,"mime_type":"image\/jpeg","source_url":"https:\/\/kilosorunum.com\/habercim\/wp-content\/uploads\/2026\/04\/1-15-768x201-179.jpg"}},"image_meta":{"aperture":"0","credit":"","camera":"","caption":"","created_timestamp":"0","copyright":"","focal_length":"0","iso":"0","shutter_speed":"0","title":"","orientation":"0","keywords":[]}},"post":46462,"source_url":"https:\/\/kilosorunum.com\/habercim\/wp-content\/uploads\/2026\/04\/1-15-768x201-179.jpg","_links":{"self":[{"href":"https:\/\/kilosorunum.com\/habercim\/wp-json\/wp\/v2\/media\/46464"}],"collection":[{"href":"https:\/\/kilosorunum.com\/habercim\/wp-json\/wp\/v2\/media"}],"about":[{"href":"https:\/\/kilosorunum.com\/habercim\/wp-json\/wp\/v2\/types\/attachment"}],"author":[{"embeddable":true,"href":"https:\/\/kilosorunum.com\/habercim\/wp-json\/wp\/v2\/users\/2"}],"replies":[{"embeddable":true,"href":"https:\/\/kilosorunum.com\/habercim\/wp-json\/wp\/v2\/comments?post=46464"}]}}