{"id":46480,"date":"2026-04-16T22:52:33","date_gmt":"2026-04-16T19:52:33","guid":{"rendered":"https:\/\/kilosorunum.com\/habercim\/wp-content\/uploads\/2026\/04\/1-195.jpg"},"modified":"2026-04-16T22:56:02","modified_gmt":"2026-04-16T19:56:02","slug":"1-5930","status":"inherit","type":"attachment","link":"https:\/\/kilosorunum.com\/habercim\/foto-galeri\/ilk-adim-atildi\/attachment\/1-5930\/","title":{"rendered":"\u0130lk ad\u0131m at\u0131ld\u0131"},"author":2,"comment_status":"open","ping_status":"closed","template":"","meta":[],"description":{"rendered":"<p class=\"attachment\"><a href='https:\/\/kilosorunum.com\/habercim\/wp-content\/uploads\/2026\/04\/1-195.jpg'><img width=\"300\" height=\"169\" src=\"https:\/\/kilosorunum.com\/habercim\/wp-content\/uploads\/2026\/04\/1-195-300x169.jpg\" class=\"attachment-medium size-medium\" alt=\"\" loading=\"lazy\" srcset=\"https:\/\/kilosorunum.com\/habercim\/wp-content\/uploads\/2026\/04\/1-195-300x169.jpg 300w, https:\/\/kilosorunum.com\/habercim\/wp-content\/uploads\/2026\/04\/1-195-1024x576.jpg 1024w, https:\/\/kilosorunum.com\/habercim\/wp-content\/uploads\/2026\/04\/1-195-768x432.jpg 768w, https:\/\/kilosorunum.com\/habercim\/wp-content\/uploads\/2026\/04\/1-195.jpg 1200w\" sizes=\"(max-width: 300px) 100vw, 300px\" \/><\/a><\/p>\n"},"caption":{"rendered":"<p>Mart enflasyonunun duyurulmas\u0131n\u0131n ard\u0131ndan T\u00fcrkiye\u2019de milyonlarca emekliyi ilgilendiren emekli maa\u015f\u0131, Temmuz zamm\u0131 ve en d\u00fc\u015f\u00fck emekli ayl\u0131\u011f\u0131 hesaplar\u0131 yeniden h\u0131z kazand\u0131. T\u00fcrkiye \u0130statistik Kurumu\u2019nun a\u00e7\u0131klad\u0131\u011f\u0131 verilere g\u00f6re mart ay\u0131nda ayl\u0131k enflasyon y\u00fczde 1,94, y\u0131ll\u0131k enflasyon ise y\u00fczde 30,87 seviyesinde ger\u00e7ekle\u015fti. B\u00f6ylece y\u0131l\u0131n ilk \u00fc\u00e7 ay\u0131ndaki toplam art\u0131\u015f oran\u0131 y\u00fczde 10,04 oldu.<br \/>\nOcak ay\u0131nda y\u00fczde 4,84, \u015fubat ay\u0131nda y\u00fczde 2,96 ve mart ay\u0131nda y\u00fczde 1,94 olarak a\u00e7\u0131klanan enflasyon rakamlar\u0131, SSK ve Ba\u011f-Kur emeklileri a\u00e7\u0131s\u0131ndan ilk \u00fc\u00e7 ayl\u0131k zam oran\u0131n\u0131 belirledi. Buna g\u00f6re emekliler i\u00e7in \u015fu ana kadar olu\u015fan art\u0131\u015f y\u00fczde 10,04 seviyesine ula\u015ft\u0131. Nihai zam oran\u0131 ise nisan, may\u0131s ve haziran verilerinin eklenmesiyle netle\u015fecek.<br \/>\nOcak 2026 d\u00f6neminde en d\u00fc\u015f\u00fck emekli maa\u015f\u0131 20 bin liraya y\u00fckseltilmi\u015fti. Temmuz ay\u0131nda olu\u015facak alt\u0131 ayl\u0131k enflasyon fark\u0131na g\u00f6re yeni tablonun \u015fekillenmesi bekleniyor. Mevcut tahminlere g\u00f6re y\u00fczde 10 art\u0131\u015f senaryosunda en d\u00fc\u015f\u00fck maa\u015f yakla\u015f\u0131k 22 bin liraya, y\u00fczde 15 art\u0131\u015f senaryosunda ise 23 bin lira seviyesinin \u00fczerine \u00e7\u0131kabilir.<br \/>\nMemur ve emekli maa\u015flar\u0131na yap\u0131lacak Temmuz 2026 zamm\u0131, haziran ay\u0131 enflasyon verisinin a\u00e7\u0131klanaca\u011f\u0131 3 Temmuz tarihinde kesinle\u015fecek. Bu tarihle birlikte SGK kapsam\u0131nda 4A, 4B ve 4C emeklilerinin yeni maa\u015flar\u0131 da netlik kazanacak.<\/p>\n<p>Kaynak : yenisafak.com<\/p>\n"},"alt_text":"","media_type":"image","mime_type":"image\/jpeg","media_details":{"width":1200,"height":675,"file":"2026\/04\/1-195.jpg","sizes":{"medium":{"file":"1-195-300x169.jpg","width":300,"height":169,"mime_type":"image\/jpeg","source_url":"https:\/\/kilosorunum.com\/habercim\/wp-content\/uploads\/2026\/04\/1-195-300x169.jpg"},"large":{"file":"1-195-1024x576.jpg","width":1024,"height":576,"mime_type":"image\/jpeg","source_url":"https:\/\/kilosorunum.com\/habercim\/wp-content\/uploads\/2026\/04\/1-195-1024x576.jpg"},"thumbnail":{"file":"1-195-150x150.jpg","width":150,"height":150,"mime_type":"image\/jpeg","source_url":"https:\/\/kilosorunum.com\/habercim\/wp-content\/uploads\/2026\/04\/1-195-150x150.jpg"},"medium_large":{"file":"1-195-768x432.jpg","width":768,"height":432,"mime_type":"image\/jpeg","source_url":"https:\/\/kilosorunum.com\/habercim\/wp-content\/uploads\/2026\/04\/1-195-768x432.jpg"},"kucukResim":{"file":"1-195-80x50.jpg","width":80,"height":50,"mime_type":"image\/jpeg","source_url":"https:\/\/kilosorunum.com\/habercim\/wp-content\/uploads\/2026\/04\/1-195-80x50.jpg"},"sliderResim":{"file":"1-195-670x330.jpg","width":670,"height":330,"mime_type":"image\/jpeg","source_url":"https:\/\/kilosorunum.com\/habercim\/wp-content\/uploads\/2026\/04\/1-195-670x330.jpg"},"resim1":{"file":"1-195-184x140.jpg","width":184,"height":140,"mime_type":"image\/jpeg","source_url":"https:\/\/kilosorunum.com\/habercim\/wp-content\/uploads\/2026\/04\/1-195-184x140.jpg"},"resim2":{"file":"1-195-216x103.jpg","width":216,"height":103,"mime_type":"image\/jpeg","source_url":"https:\/\/kilosorunum.com\/habercim\/wp-content\/uploads\/2026\/04\/1-195-216x103.jpg"},"resim3":{"file":"1-195-145x70.jpg","width":145,"height":70,"mime_type":"image\/jpeg","source_url":"https:\/\/kilosorunum.com\/habercim\/wp-content\/uploads\/2026\/04\/1-195-145x70.jpg"},"sagSlider":{"file":"1-195-300x150.jpg","width":300,"height":150,"mime_type":"image\/jpeg","source_url":"https:\/\/kilosorunum.com\/habercim\/wp-content\/uploads\/2026\/04\/1-195-300x150.jpg"},"yeniSlider":{"file":"1-195-500x290.jpg","width":500,"height":290,"mime_type":"image\/jpeg","source_url":"https:\/\/kilosorunum.com\/habercim\/wp-content\/uploads\/2026\/04\/1-195-500x290.jpg"},"full":{"file":"1-195.jpg","width":1200,"height":675,"mime_type":"image\/jpeg","source_url":"https:\/\/kilosorunum.com\/habercim\/wp-content\/uploads\/2026\/04\/1-195.jpg"}},"image_meta":{"aperture":"0","credit":"","camera":"","caption":"","created_timestamp":"0","copyright":"","focal_length":"0","iso":"0","shutter_speed":"0","title":"","orientation":"0","keywords":[]}},"post":46478,"source_url":"https:\/\/kilosorunum.com\/habercim\/wp-content\/uploads\/2026\/04\/1-195.jpg","_links":{"self":[{"href":"https:\/\/kilosorunum.com\/habercim\/wp-json\/wp\/v2\/media\/46480"}],"collection":[{"href":"https:\/\/kilosorunum.com\/habercim\/wp-json\/wp\/v2\/media"}],"about":[{"href":"https:\/\/kilosorunum.com\/habercim\/wp-json\/wp\/v2\/types\/attachment"}],"author":[{"embeddable":true,"href":"https:\/\/kilosorunum.com\/habercim\/wp-json\/wp\/v2\/users\/2"}],"replies":[{"embeddable":true,"href":"https:\/\/kilosorunum.com\/habercim\/wp-json\/wp\/v2\/comments?post=46480"}]}}