{"id":46530,"date":"2026-04-17T17:58:08","date_gmt":"2026-04-17T14:58:08","guid":{"rendered":"https:\/\/kilosorunum.com\/habercim\/wp-content\/uploads\/2026\/04\/1-202.jpg"},"modified":"2026-04-17T17:59:56","modified_gmt":"2026-04-17T14:59:56","slug":"1-5937","status":"inherit","type":"attachment","link":"https:\/\/kilosorunum.com\/habercim\/foto-galeri\/aileside-itiraf-etti\/attachment\/1-5937\/","title":{"rendered":"Aileside itiraf etti"},"author":2,"comment_status":"open","ping_status":"closed","template":"","meta":[],"description":{"rendered":"<p class=\"attachment\"><a href='https:\/\/kilosorunum.com\/habercim\/wp-content\/uploads\/2026\/04\/1-202.jpg'><img width=\"300\" height=\"169\" src=\"https:\/\/kilosorunum.com\/habercim\/wp-content\/uploads\/2026\/04\/1-202-300x169.jpg\" class=\"attachment-medium size-medium\" alt=\"\" loading=\"lazy\" srcset=\"https:\/\/kilosorunum.com\/habercim\/wp-content\/uploads\/2026\/04\/1-202-300x169.jpg 300w, https:\/\/kilosorunum.com\/habercim\/wp-content\/uploads\/2026\/04\/1-202-1024x576.jpg 1024w, https:\/\/kilosorunum.com\/habercim\/wp-content\/uploads\/2026\/04\/1-202-768x432.jpg 768w, https:\/\/kilosorunum.com\/habercim\/wp-content\/uploads\/2026\/04\/1-202.jpg 1200w\" sizes=\"(max-width: 300px) 100vw, 300px\" \/><\/a><\/p>\n"},"caption":{"rendered":"<p>Kahramanmara\u015f&#8217;ta bir ortaokula y\u00f6nelik d\u00fczenlenen silahl\u0131 sald\u0131r\u0131da, \u00f6\u011frencilerini korumak i\u00e7in v\u00fccudunu siper eden matematik \u00f6\u011fretmeni Ayla Kara hayat\u0131n\u0131 kaybetti. Alt\u0131 kur\u015fun yaras\u0131yla vefat eden e\u011fitimcinin avukat o\u011flu Furkan Kara, annesinin \u00e7ocuklar\u0131n ka\u00e7mas\u0131na zaman kazand\u0131rd\u0131\u011f\u0131n\u0131 vurgulayarak, onun hem ailenin hem de okulun kahraman\u0131 oldu\u011funu belirtti.<br \/>\nT\u00fcrkiye genelinde e\u011fitim kurumlar\u0131n\u0131n g\u00fcvenli\u011finin g\u00fcndemde oldu\u011fu bir d\u00f6nemde, Kahramanmara\u015f kentinde trajik bir silahl\u0131 \u015fiddet eylemi meydana geldi. Bir ortaokulda ger\u00e7ekle\u015fen olayda, sabah saatlerinde binaya giren bir \u015fahs\u0131n a\u00e7t\u0131\u011f\u0131 ate\u015f sonucu g\u00f6revli matematik \u00f6\u011fretmeni Ayla Kara ya\u015fam\u0131n\u0131 yitirdi. V\u00fccudunun \u00e7e\u015fitli b\u00f6lgelerine alt\u0131 adet mermi isabet eden e\u011fitimci, sa\u011fl\u0131k ekiplerinin t\u00fcm m\u00fcdahalesine ra\u011fmen kurtar\u0131lamayarak d\u00fcn Tekir Mahalle Mezarl\u0131\u011f\u0131&#8217;nda topra\u011fa verildi. Olay, b\u00f6lge halk\u0131 ve e\u011fitim camias\u0131 \u00fczerinde derin bir sars\u0131nt\u0131 yaratt\u0131.<br \/>\nCinayetin ard\u0131ndan a\u00e7\u0131klamalarda bulunan merhumenin 28 ya\u015f\u0131ndaki avukat o\u011flu Furkan Kara, annesinin kriz an\u0131nda g\u00f6sterdi\u011fi cesareti kamuoyuyla payla\u015ft\u0131. Kaos s\u0131ras\u0131nda \u00e7ocuklar\u0131n g\u00fcvenli bir \u015fekilde alan\u0131 terk edebilmesi i\u00e7in \u00e7aba sarf eden \u00f6\u011fretmenin, nihayetinde kendi bedenini namlunun \u00f6n\u00fcne atarak \u00f6\u011frencilerine hayati bir zaman kazand\u0131rd\u0131\u011f\u0131 ortaya \u00e7\u0131kt\u0131. O\u011flu, bu durumun planl\u0131 bir kahramanl\u0131ktan ziyade tamamen koruyucu bir e\u011fitimci i\u00e7g\u00fcd\u00fcs\u00fcyle yap\u0131ld\u0131\u011f\u0131n\u0131 vurgulayarak, hayatta kalan \u00f6\u011frencilerin varl\u0131\u011f\u0131n\u0131n ac\u0131lar\u0131n\u0131 bir nebze olsun hafifletti\u011fini ifade etti.<\/p>\n<p>Husumet detay\u0131 ve okula gitme karars\u0131zl\u0131\u011f\u0131<br \/>\nSoru\u015fturma s\u00fcreci devam ederken, kurban ile sald\u0131rgan aras\u0131nda herhangi bir ki\u015fisel \u00e7at\u0131\u015fma veya ge\u00e7mi\u015fe dayanan bir husumet bulunmad\u0131\u011f\u0131 netlik kazand\u0131. Ailenin beyanlar\u0131na g\u00f6re silahl\u0131 eylemi ger\u00e7ekle\u015ftiren ki\u015fi, \u00f6\u011fretmenin dersine dahi girmedi\u011fi, farkl\u0131 bir vardiyada e\u011fitim g\u00f6ren bir \u00f6\u011frenciydi. \u00d6te yandan trajedinin ya\u015fand\u0131\u011f\u0131 o sabah, hayat\u0131n\u0131 kaybeden \u00f6\u011fretmenin okula gidip gitmeme konusunda aile i\u00e7inde teredd\u00fctler ya\u015fad\u0131\u011f\u0131; ancak mesle\u011fine olan ba\u011fl\u0131l\u0131\u011f\u0131 ve s\u0131n\u0131f ortam\u0131n\u0131n kendisine mental olarak iyi gelmesi sebebiyle son anda g\u00f6revinin ba\u015f\u0131na d\u00f6nmeye karar verdi\u011fi \u00f6\u011frenildi. Haberin duyulmas\u0131 ve karga\u015fan\u0131n ard\u0131ndan h\u0131zla e\u011fitim kurumuna ko\u015fan aile \u00fcyeleri, endi\u015fe i\u00e7erisinde annelerini aramaya ba\u015flad\u0131. Ancak a\u011f\u0131r yaral\u0131 olarak sa\u011fl\u0131k merkezine sevk edildi\u011fi anla\u015f\u0131lan \u00f6\u011fretmenin vefat haberi, yak\u0131nlar\u0131n\u0131 yasa bo\u011fdu. Ya\u015fad\u0131klar\u0131 a\u011f\u0131r travmaya ve b\u00fcy\u00fck kayba ra\u011fmen annesinin \u00f6\u011frencileri i\u00e7in sergiledi\u011fi fedakarl\u0131kla teselli bulan Furkan Kara, onun b\u0131rakt\u0131\u011f\u0131 onurlu miras\u0131n hem kendi aileleri i\u00e7inde hem de hayata tutunmas\u0131n\u0131 sa\u011flad\u0131\u011f\u0131 \u00f6\u011frencilerin belleklerinde daimi bir kahraman olarak ya\u015fayaca\u011f\u0131n\u0131n alt\u0131n\u0131 \u00e7izdi. <\/p>\n<p>Kaynak : gzt.com<\/p>\n"},"alt_text":"","media_type":"image","mime_type":"image\/jpeg","media_details":{"width":1200,"height":675,"file":"2026\/04\/1-202.jpg","sizes":{"medium":{"file":"1-202-300x169.jpg","width":300,"height":169,"mime_type":"image\/jpeg","source_url":"https:\/\/kilosorunum.com\/habercim\/wp-content\/uploads\/2026\/04\/1-202-300x169.jpg"},"large":{"file":"1-202-1024x576.jpg","width":1024,"height":576,"mime_type":"image\/jpeg","source_url":"https:\/\/kilosorunum.com\/habercim\/wp-content\/uploads\/2026\/04\/1-202-1024x576.jpg"},"thumbnail":{"file":"1-202-150x150.jpg","width":150,"height":150,"mime_type":"image\/jpeg","source_url":"https:\/\/kilosorunum.com\/habercim\/wp-content\/uploads\/2026\/04\/1-202-150x150.jpg"},"medium_large":{"file":"1-202-768x432.jpg","width":768,"height":432,"mime_type":"image\/jpeg","source_url":"https:\/\/kilosorunum.com\/habercim\/wp-content\/uploads\/2026\/04\/1-202-768x432.jpg"},"kucukResim":{"file":"1-202-80x50.jpg","width":80,"height":50,"mime_type":"image\/jpeg","source_url":"https:\/\/kilosorunum.com\/habercim\/wp-content\/uploads\/2026\/04\/1-202-80x50.jpg"},"sliderResim":{"file":"1-202-670x330.jpg","width":670,"height":330,"mime_type":"image\/jpeg","source_url":"https:\/\/kilosorunum.com\/habercim\/wp-content\/uploads\/2026\/04\/1-202-670x330.jpg"},"resim1":{"file":"1-202-184x140.jpg","width":184,"height":140,"mime_type":"image\/jpeg","source_url":"https:\/\/kilosorunum.com\/habercim\/wp-content\/uploads\/2026\/04\/1-202-184x140.jpg"},"resim2":{"file":"1-202-216x103.jpg","width":216,"height":103,"mime_type":"image\/jpeg","source_url":"https:\/\/kilosorunum.com\/habercim\/wp-content\/uploads\/2026\/04\/1-202-216x103.jpg"},"resim3":{"file":"1-202-145x70.jpg","width":145,"height":70,"mime_type":"image\/jpeg","source_url":"https:\/\/kilosorunum.com\/habercim\/wp-content\/uploads\/2026\/04\/1-202-145x70.jpg"},"sagSlider":{"file":"1-202-300x150.jpg","width":300,"height":150,"mime_type":"image\/jpeg","source_url":"https:\/\/kilosorunum.com\/habercim\/wp-content\/uploads\/2026\/04\/1-202-300x150.jpg"},"yeniSlider":{"file":"1-202-500x290.jpg","width":500,"height":290,"mime_type":"image\/jpeg","source_url":"https:\/\/kilosorunum.com\/habercim\/wp-content\/uploads\/2026\/04\/1-202-500x290.jpg"},"full":{"file":"1-202.jpg","width":1200,"height":675,"mime_type":"image\/jpeg","source_url":"https:\/\/kilosorunum.com\/habercim\/wp-content\/uploads\/2026\/04\/1-202.jpg"}},"image_meta":{"aperture":"0","credit":"","camera":"","caption":"","created_timestamp":"0","copyright":"","focal_length":"0","iso":"0","shutter_speed":"0","title":"","orientation":"0","keywords":[]}},"post":46528,"source_url":"https:\/\/kilosorunum.com\/habercim\/wp-content\/uploads\/2026\/04\/1-202.jpg","_links":{"self":[{"href":"https:\/\/kilosorunum.com\/habercim\/wp-json\/wp\/v2\/media\/46530"}],"collection":[{"href":"https:\/\/kilosorunum.com\/habercim\/wp-json\/wp\/v2\/media"}],"about":[{"href":"https:\/\/kilosorunum.com\/habercim\/wp-json\/wp\/v2\/types\/attachment"}],"author":[{"embeddable":true,"href":"https:\/\/kilosorunum.com\/habercim\/wp-json\/wp\/v2\/users\/2"}],"replies":[{"embeddable":true,"href":"https:\/\/kilosorunum.com\/habercim\/wp-json\/wp\/v2\/comments?post=46530"}]}}