{"id":46535,"date":"2026-04-17T18:56:18","date_gmt":"2026-04-17T15:56:18","guid":{"rendered":"https:\/\/kilosorunum.com\/habercim\/wp-content\/uploads\/2026\/04\/1-15-768x201-196.jpg"},"modified":"2026-04-17T18:57:40","modified_gmt":"2026-04-17T15:57:40","slug":"1-15-768x201-2516","status":"inherit","type":"attachment","link":"https:\/\/kilosorunum.com\/habercim\/foto-galeri\/isa-aras-mersinlinin\/attachment\/1-15-768x201-2516\/","title":{"rendered":"\u0130sa Aras Mersinli\u2019nin"},"author":2,"comment_status":"open","ping_status":"closed","template":"","meta":[],"description":{"rendered":"<p class=\"attachment\"><a href='https:\/\/kilosorunum.com\/habercim\/wp-content\/uploads\/2026\/04\/1-15-768x201-196.jpg'><img width=\"300\" height=\"79\" src=\"https:\/\/kilosorunum.com\/habercim\/wp-content\/uploads\/2026\/04\/1-15-768x201-196-300x79.jpg\" class=\"attachment-medium size-medium\" alt=\"\" loading=\"lazy\" srcset=\"https:\/\/kilosorunum.com\/habercim\/wp-content\/uploads\/2026\/04\/1-15-768x201-196-300x79.jpg 300w, https:\/\/kilosorunum.com\/habercim\/wp-content\/uploads\/2026\/04\/1-15-768x201-196.jpg 768w\" sizes=\"(max-width: 300px) 100vw, 300px\" \/><\/a><\/p>\n"},"caption":{"rendered":"<p>Kahramanmara\u015f&#8217;taki okul sald\u0131r\u0131s\u0131 T\u00fcrkiye&#8217;nin g\u00fcndeminde ilk s\u0131rada yer ald\u0131. 13 ya\u015f\u0131ndaki \u0130sa Aras Mersinli, babas\u0131 U\u011fur Mersinli&#8217;ye ait 5 silah ve 7 \u015farj\u00f6rle \u00f6\u011frenim g\u00f6rd\u00fc\u011f\u00fc Ayser \u00c7al\u0131k Ortaokulu&#8217;nda katliam yapt\u0131.<br \/>\n\u0130sa Aras Mersinli&#8217;nin d\u00fczenledi\u011fi sald\u0131r\u0131da, 9 ki\u015fi hayat\u0131n\u0131 kaybetti 20 ki\u015fi de yaraland\u0131. Kan donduran sald\u0131r\u0131n\u0131n ard\u0131ndan Kahramanmara\u015f&#8217;taki okullarda e\u011fitim- \u00f6\u011fretime 2 g\u00fcn ara verildi\u011fi a\u00e7\u0131kland\u0131. E\u011fitimin pazartesi g\u00fcn\u00fc ba\u015flayaca\u011f\u0131 kentte Ayser \u00c7al\u0131k Ortaokulu, \u00e7ocuklar\u0131n i\u00e7inde bulunduklar\u0131 psikolojik durum ve velilerin talepleri do\u011frultusunda Kahramanmara\u015f Valili\u011fi taraf\u0131ndan ge\u00e7ici s\u00fcreyle e\u011fitim-\u00f6\u011fretime kapat\u0131ld\u0131.<br \/>\nGe\u00e7ici kapatma karar\u0131 kapsam\u0131nda Ayser \u00c7al\u0131k Ortaokulu&#8217;nda e\u011fitim g\u00f6ren \u00f6\u011frencilerin, \u00e7evredeki okullara nakledilece\u011fi bildirildi. A\u00e7\u0131klamada \u015fu ifadelere yer verildi; &#8220;20 Nisan Pazartesi g\u00fcn\u00fcnden itibaren Ayser \u00c7al\u0131k Ortaokulu&#8217;nun t\u00fcm \u00f6\u011frenci ve personelinin e\u011fitim-\u00f6\u011fretim faaliyetlerine \u015eehit Tebernu\u015f \u00d6zler Ortaokulu \u00f6\u011frencilerinin sabah\u00e7\u0131, Ayser \u00c7al\u0131k Ortaokulu \u00f6\u011frencilerinin ise \u00f6\u011flenci olaca\u011f\u0131 \u015fekilde ikili e\u011fitim modeliyle s\u00fcrd\u00fcr\u00fclecek olup ders s\u00fcreleri 35 dakika olarak uygulanacakt\u0131r. Ayr\u0131ca Ayser \u00c7al\u0131k Ortaokulu b\u00fcnyesinde bulunana anas\u0131n\u0131f\u0131n\u0131n \u015eirinler Anaokulu&#8217;na ta\u015f\u0131nmas\u0131na karar verilmi\u015ftir&#8221; <\/p>\n<p>Kaynak : sabah.com.tr<\/p>\n"},"alt_text":"","media_type":"image","mime_type":"image\/jpeg","media_details":{"width":768,"height":201,"file":"2026\/04\/1-15-768x201-196.jpg","sizes":{"medium":{"file":"1-15-768x201-196-300x79.jpg","width":300,"height":79,"mime_type":"image\/jpeg","source_url":"https:\/\/kilosorunum.com\/habercim\/wp-content\/uploads\/2026\/04\/1-15-768x201-196-300x79.jpg"},"thumbnail":{"file":"1-15-768x201-196-150x150.jpg","width":150,"height":150,"mime_type":"image\/jpeg","source_url":"https:\/\/kilosorunum.com\/habercim\/wp-content\/uploads\/2026\/04\/1-15-768x201-196-150x150.jpg"},"kucukResim":{"file":"1-15-768x201-196-80x50.jpg","width":80,"height":50,"mime_type":"image\/jpeg","source_url":"https:\/\/kilosorunum.com\/habercim\/wp-content\/uploads\/2026\/04\/1-15-768x201-196-80x50.jpg"},"sliderResim":{"file":"1-15-768x201-196-670x201.jpg","width":670,"height":201,"mime_type":"image\/jpeg","source_url":"https:\/\/kilosorunum.com\/habercim\/wp-content\/uploads\/2026\/04\/1-15-768x201-196-670x201.jpg"},"resim1":{"file":"1-15-768x201-196-184x140.jpg","width":184,"height":140,"mime_type":"image\/jpeg","source_url":"https:\/\/kilosorunum.com\/habercim\/wp-content\/uploads\/2026\/04\/1-15-768x201-196-184x140.jpg"},"resim2":{"file":"1-15-768x201-196-216x103.jpg","width":216,"height":103,"mime_type":"image\/jpeg","source_url":"https:\/\/kilosorunum.com\/habercim\/wp-content\/uploads\/2026\/04\/1-15-768x201-196-216x103.jpg"},"resim3":{"file":"1-15-768x201-196-145x70.jpg","width":145,"height":70,"mime_type":"image\/jpeg","source_url":"https:\/\/kilosorunum.com\/habercim\/wp-content\/uploads\/2026\/04\/1-15-768x201-196-145x70.jpg"},"sagSlider":{"file":"1-15-768x201-196-300x150.jpg","width":300,"height":150,"mime_type":"image\/jpeg","source_url":"https:\/\/kilosorunum.com\/habercim\/wp-content\/uploads\/2026\/04\/1-15-768x201-196-300x150.jpg"},"yeniSlider":{"file":"1-15-768x201-196-500x201.jpg","width":500,"height":201,"mime_type":"image\/jpeg","source_url":"https:\/\/kilosorunum.com\/habercim\/wp-content\/uploads\/2026\/04\/1-15-768x201-196-500x201.jpg"},"full":{"file":"1-15-768x201-196.jpg","width":768,"height":201,"mime_type":"image\/jpeg","source_url":"https:\/\/kilosorunum.com\/habercim\/wp-content\/uploads\/2026\/04\/1-15-768x201-196.jpg"}},"image_meta":{"aperture":"0","credit":"","camera":"","caption":"","created_timestamp":"0","copyright":"","focal_length":"0","iso":"0","shutter_speed":"0","title":"","orientation":"0","keywords":[]}},"post":46533,"source_url":"https:\/\/kilosorunum.com\/habercim\/wp-content\/uploads\/2026\/04\/1-15-768x201-196.jpg","_links":{"self":[{"href":"https:\/\/kilosorunum.com\/habercim\/wp-json\/wp\/v2\/media\/46535"}],"collection":[{"href":"https:\/\/kilosorunum.com\/habercim\/wp-json\/wp\/v2\/media"}],"about":[{"href":"https:\/\/kilosorunum.com\/habercim\/wp-json\/wp\/v2\/types\/attachment"}],"author":[{"embeddable":true,"href":"https:\/\/kilosorunum.com\/habercim\/wp-json\/wp\/v2\/users\/2"}],"replies":[{"embeddable":true,"href":"https:\/\/kilosorunum.com\/habercim\/wp-json\/wp\/v2\/comments?post=46535"}]}}