{"id":46550,"date":"2026-04-18T02:24:08","date_gmt":"2026-04-17T23:24:08","guid":{"rendered":"https:\/\/kilosorunum.com\/habercim\/wp-content\/uploads\/2026\/04\/1-206.jpg"},"modified":"2026-04-18T02:25:10","modified_gmt":"2026-04-17T23:25:10","slug":"1-5941","status":"inherit","type":"attachment","link":"https:\/\/kilosorunum.com\/habercim\/foto-galeri\/dunyada-gundem-olan\/attachment\/1-5941\/","title":{"rendered":"D\u00fcnyada g\u00fcndem olan"},"author":2,"comment_status":"open","ping_status":"closed","template":"","meta":[],"description":{"rendered":"<p class=\"attachment\"><a href='https:\/\/kilosorunum.com\/habercim\/wp-content\/uploads\/2026\/04\/1-206.jpg'><img width=\"300\" height=\"169\" src=\"https:\/\/kilosorunum.com\/habercim\/wp-content\/uploads\/2026\/04\/1-206-300x169.jpg\" class=\"attachment-medium size-medium\" alt=\"\" loading=\"lazy\" srcset=\"https:\/\/kilosorunum.com\/habercim\/wp-content\/uploads\/2026\/04\/1-206-300x169.jpg 300w, https:\/\/kilosorunum.com\/habercim\/wp-content\/uploads\/2026\/04\/1-206-1024x576.jpg 1024w, https:\/\/kilosorunum.com\/habercim\/wp-content\/uploads\/2026\/04\/1-206-768x432.jpg 768w, https:\/\/kilosorunum.com\/habercim\/wp-content\/uploads\/2026\/04\/1-206.jpg 1200w\" sizes=\"(max-width: 300px) 100vw, 300px\" \/><\/a><\/p>\n"},"caption":{"rendered":"<p>Platformlar kabul etti, sosyal medyada TC kimlik numaral\u0131 d\u00f6nem ba\u015fl\u0131yor. Sosyal medyada yeni d\u00f6nem ba\u015fl\u0131yor. Sosyal medya platformlar\u0131 ile gerekli g\u00f6r\u00fc\u015fmelerin tamamland\u0131\u011f\u0131n\u0131 s\u00f6yleyen Adalet Bakan\u0131 Ak\u0131n G\u00fcrlek, \u201c\u00dc\u00e7 ayl\u0131k s\u00fcrede herkes sosyal medya ger\u00e7ek kimli\u011fi ile girmi\u015f olacak.\u201d dedi.<br \/>\nSosyal medyada anonim hesap devri kapan\u0131yor. Art\u0131k kullan\u0131c\u0131lar, sosyal medya uygulamalar\u0131na kimlikleriyle \u00fcye olabilecek.<\/p>\n<p>Konuyla ilgili Diyarbak\u0131r\u2019da kat\u0131ld\u0131\u011f\u0131 T\u00dcGVA \u0130htisas Akademisi 26 Lansman\u0131\u2019nda konu\u015fan Adalet Bakan\u0131 Ak\u0131n G\u00fcrlek, \u201cSosyal medyada bir ki\u015fi e\u011fer bir hesap a\u00e7\u0131yorsa, bir su\u00e7 i\u015fliyorsa bunun mutlaka bir kar\u015f\u0131l\u0131\u011f\u0131 olmas\u0131 laz\u0131m.\u201d dedi. Sosyal medyan\u0131n da bir hukuku ve kural\u0131 olmas\u0131 gerekti\u011fini belirten Bakan G\u00fcrlek, \u201cSahte hesap a\u00e7\u0131yorlar. Olaylar\u0131 farkl\u0131 anlat\u0131yorlar. Bizim burada bir\u00e7ok meslekta\u015f\u0131m\u0131z var. Hakim savc\u0131, arkada\u015flar\u0131m\u0131z var. Yani sosyal medyada yarg\u0131lamalar yap\u0131l\u0131yor, kararlar veriliyor, h\u00fck\u00fcmler veriliyor.\u201d ifadelerini kulland\u0131.<\/p>\n<p>\u00dcYE OLMAK \u0130STEYENLER K\u0130ML\u0130K B\u0130LG\u0130LER\u0130YLE \u00dcYE OLACAK<\/p>\n<p>Sosyal medya sitelerine \u00fcye olmak isteyenlerin kimlik bilgileriyle \u00fcye olabilece\u011fini belirten Bakan G\u00fcrlek, ilgili \u015firketlerle de g\u00f6r\u00fc\u015ft\u00fcklerini ve bu ad\u0131m\u0131 \u015firketlerin de kabul etti\u011fini anlatt\u0131.<\/p>\n<p>G\u00fcrlek \u015funlar\u0131 kaydetti:<\/p>\n<p>\u201c- Ge\u00e7i\u015f s\u00fcreci olacak. Yani bu sahte hesaplar\u0131n kapat\u0131lmas\u0131 i\u00e7in bir ge\u00e7i\u015f s\u00fcreci olacak. Yani burada sosyal medya hesab\u0131n\u0131 ger\u00e7ek kimli\u011fiyle kullanmayan sahte hesaplar ya da bot hesaplar dedi\u011fimiz hesaplar\u0131n da kapat\u0131lmas\u0131 i\u00e7in bir ge\u00e7i\u015f s\u00fcreci olacak.<\/p>\n<p>\u2013 Onlar da bu kurallara uymuyorsa uyumad\u0131klar\u0131 takdirde sosyal medya platformlar\u0131nda bunlar\u0131 kapatacaklar. Biz haz\u0131rl\u0131yoruz paketi meclise sunuyoruz. \u0130n\u015fallah mecliste milletvekillerimiz de bu konuya \u00e7ok \u00f6nem veriyor.<\/p>\n<p>\u2013 Bunun k\u0131sa s\u00fcrede yasala\u015fmas\u0131 gerekiyor. Yasala\u015ft\u0131ktan sonra da bir ge\u00e7i\u015f s\u00fcreci var. \u00c7\u00fcnk\u00fc bunun altyap\u0131s\u0131n\u0131n sa\u011flanmas\u0131 gerekiyor. \u00dc\u00e7 ayl\u0131k s\u00fcrede herkes sosyal medya ger\u00e7ek kimli\u011fi ile girmi\u015f olacak.\u201d<\/p>\n<p>Kaynak : ntv.com.tr<\/p>\n"},"alt_text":"","media_type":"image","mime_type":"image\/jpeg","media_details":{"width":1200,"height":675,"file":"2026\/04\/1-206.jpg","sizes":{"medium":{"file":"1-206-300x169.jpg","width":300,"height":169,"mime_type":"image\/jpeg","source_url":"https:\/\/kilosorunum.com\/habercim\/wp-content\/uploads\/2026\/04\/1-206-300x169.jpg"},"large":{"file":"1-206-1024x576.jpg","width":1024,"height":576,"mime_type":"image\/jpeg","source_url":"https:\/\/kilosorunum.com\/habercim\/wp-content\/uploads\/2026\/04\/1-206-1024x576.jpg"},"thumbnail":{"file":"1-206-150x150.jpg","width":150,"height":150,"mime_type":"image\/jpeg","source_url":"https:\/\/kilosorunum.com\/habercim\/wp-content\/uploads\/2026\/04\/1-206-150x150.jpg"},"medium_large":{"file":"1-206-768x432.jpg","width":768,"height":432,"mime_type":"image\/jpeg","source_url":"https:\/\/kilosorunum.com\/habercim\/wp-content\/uploads\/2026\/04\/1-206-768x432.jpg"},"kucukResim":{"file":"1-206-80x50.jpg","width":80,"height":50,"mime_type":"image\/jpeg","source_url":"https:\/\/kilosorunum.com\/habercim\/wp-content\/uploads\/2026\/04\/1-206-80x50.jpg"},"sliderResim":{"file":"1-206-670x330.jpg","width":670,"height":330,"mime_type":"image\/jpeg","source_url":"https:\/\/kilosorunum.com\/habercim\/wp-content\/uploads\/2026\/04\/1-206-670x330.jpg"},"resim1":{"file":"1-206-184x140.jpg","width":184,"height":140,"mime_type":"image\/jpeg","source_url":"https:\/\/kilosorunum.com\/habercim\/wp-content\/uploads\/2026\/04\/1-206-184x140.jpg"},"resim2":{"file":"1-206-216x103.jpg","width":216,"height":103,"mime_type":"image\/jpeg","source_url":"https:\/\/kilosorunum.com\/habercim\/wp-content\/uploads\/2026\/04\/1-206-216x103.jpg"},"resim3":{"file":"1-206-145x70.jpg","width":145,"height":70,"mime_type":"image\/jpeg","source_url":"https:\/\/kilosorunum.com\/habercim\/wp-content\/uploads\/2026\/04\/1-206-145x70.jpg"},"sagSlider":{"file":"1-206-300x150.jpg","width":300,"height":150,"mime_type":"image\/jpeg","source_url":"https:\/\/kilosorunum.com\/habercim\/wp-content\/uploads\/2026\/04\/1-206-300x150.jpg"},"yeniSlider":{"file":"1-206-500x290.jpg","width":500,"height":290,"mime_type":"image\/jpeg","source_url":"https:\/\/kilosorunum.com\/habercim\/wp-content\/uploads\/2026\/04\/1-206-500x290.jpg"},"full":{"file":"1-206.jpg","width":1200,"height":675,"mime_type":"image\/jpeg","source_url":"https:\/\/kilosorunum.com\/habercim\/wp-content\/uploads\/2026\/04\/1-206.jpg"}},"image_meta":{"aperture":"0","credit":"","camera":"","caption":"","created_timestamp":"0","copyright":"","focal_length":"0","iso":"0","shutter_speed":"0","title":"","orientation":"0","keywords":[]}},"post":46548,"source_url":"https:\/\/kilosorunum.com\/habercim\/wp-content\/uploads\/2026\/04\/1-206.jpg","_links":{"self":[{"href":"https:\/\/kilosorunum.com\/habercim\/wp-json\/wp\/v2\/media\/46550"}],"collection":[{"href":"https:\/\/kilosorunum.com\/habercim\/wp-json\/wp\/v2\/media"}],"about":[{"href":"https:\/\/kilosorunum.com\/habercim\/wp-json\/wp\/v2\/types\/attachment"}],"author":[{"embeddable":true,"href":"https:\/\/kilosorunum.com\/habercim\/wp-json\/wp\/v2\/users\/2"}],"replies":[{"embeddable":true,"href":"https:\/\/kilosorunum.com\/habercim\/wp-json\/wp\/v2\/comments?post=46550"}]}}