{"id":46555,"date":"2026-04-18T02:32:43","date_gmt":"2026-04-17T23:32:43","guid":{"rendered":"https:\/\/kilosorunum.com\/habercim\/wp-content\/uploads\/2026\/04\/1-15-768x201-200.jpg"},"modified":"2026-04-18T02:33:12","modified_gmt":"2026-04-17T23:33:12","slug":"1-15-768x201-2520","status":"inherit","type":"attachment","link":"https:\/\/kilosorunum.com\/habercim\/foto-galeri\/arife-gokcenin-gizemleri\/attachment\/1-15-768x201-2520\/","title":{"rendered":"Arife G\u00f6k\u00e7e\u2019nin gizemleri"},"author":2,"comment_status":"open","ping_status":"closed","template":"","meta":[],"description":{"rendered":"<p class=\"attachment\"><a href='https:\/\/kilosorunum.com\/habercim\/wp-content\/uploads\/2026\/04\/1-15-768x201-200.jpg'><img width=\"300\" height=\"79\" src=\"https:\/\/kilosorunum.com\/habercim\/wp-content\/uploads\/2026\/04\/1-15-768x201-200-300x79.jpg\" class=\"attachment-medium size-medium\" alt=\"\" loading=\"lazy\" srcset=\"https:\/\/kilosorunum.com\/habercim\/wp-content\/uploads\/2026\/04\/1-15-768x201-200-300x79.jpg 300w, https:\/\/kilosorunum.com\/habercim\/wp-content\/uploads\/2026\/04\/1-15-768x201-200.jpg 768w\" sizes=\"(max-width: 300px) 100vw, 300px\" \/><\/a><\/p>\n"},"caption":{"rendered":"<p>M\u00fcge Anl\u0131 ile Tatl\u0131 Sert program\u0131nda aranan 64 ya\u015f\u0131ndaki Arife G\u00f6k\u00e7e\u2019nin kaybolmas\u0131, T\u00fcrkiye g\u00fcndeminde uzun s\u00fcre yer alm\u0131\u015ft\u0131.<br \/>\nOlay\u0131n ard\u0131ndan \u015f\u00fcphelerin yo\u011funla\u015ft\u0131\u011f\u0131 isimlerden biri olan Sinan Sardo\u011fan, ya\u015fl\u0131 kad\u0131nlara g\u00f6nderdi\u011fi m\u00fcstehcen mesajlar ve olay sonras\u0131 sergiledi\u011fi davran\u0131\u015flar nedeniyle dikkat \u00e7ekmi\u015fti.<br \/>\nSardo\u011fan\u2019\u0131n, Arife G\u00f6k\u00e7e\u2019nin kaybolmas\u0131nda do\u011frudan rol\u00fc oldu\u011funa dair iddialar ispatlanamam\u0131\u015f ancak olaydan sonra k\u0131yafetlerini yakarak yok etmesi kamuoyunda \u015f\u00fcpheli bulunmu\u015ftu. Yay\u0131na ba\u011flanan bir\u00e7ok kad\u0131n, Sardo\u011fan hakk\u0131nda benzer ma\u011fduriyet iddialar\u0131n\u0131 dile getirmi\u015fti.<br \/>\nSinan Sardo\u011fan, 2018 y\u0131l\u0131nda \u0130stanbul Avc\u0131lar\u2019da ya\u015fanan bir olayda \u00e7ocu\u011fa cinsel istismar su\u00e7lamas\u0131yla 2023\u2019te tutuklanarak cezaevine g\u00f6nderilmi\u015fti. \u0130ddiaya g\u00f6re ma\u011fdur \u00e7ocuk, Sardo\u011fan\u2019\u0131 televizyonda g\u00f6rd\u00fckten sonra te\u015fhis etmi\u015f, bunun \u00fczerine hakk\u0131nda i\u015flem ba\u015flat\u0131lm\u0131\u015ft\u0131. Bu geli\u015fmeyi M\u00fcge Anl\u0131 da canl\u0131 yay\u0131nda duyurmu\u015f, Arife G\u00f6k\u00e7e dosyas\u0131yla ilgili yay\u0131nlar s\u00fcrerken Sardo\u011fan\u2019\u0131n ba\u015fka bir dosyadan cezaevine girdi\u011fini a\u00e7\u0131klam\u0131\u015ft\u0131. Bir s\u00fcredir cezaevinde bulunan Sinan Sardo\u011fan\u2019la ilgili yeni geli\u015fme, Tokat\u2019ta bir erkek kuaf\u00f6r\u00fcnde \u00e7ekilen g\u00f6r\u00fcnt\u00fclerle ortaya \u00e7\u0131kt\u0131. Sosyal medyaya d\u00fc\u015fen video ve foto\u011fraflar sonras\u0131, \u201cSinan Sardo\u011fan tahliye mi edildi?\u201d sorusu g\u00fcndeme geldi. G\u00f6r\u00fcnt\u00fclerde Sardo\u011fan\u2019\u0131n ki\u015fisel bak\u0131m yapt\u0131rd\u0131\u011f\u0131 ve g\u00fcnl\u00fck hayat\u0131na d\u00f6nd\u00fc\u011f\u00fc g\u00f6r\u00fcl\u00fcrken, payla\u015f\u0131mlar k\u0131sa s\u00fcrede sosyal medyada geni\u015f tart\u0131\u015fmalara yol a\u00e7t\u0131.<br \/>\nTahliyenin ard\u0131ndan payla\u015f\u0131lan g\u00f6r\u00fcnt\u00fclerde Sinan Sardo\u011fan\u2019\u0131n kilo ald\u0131\u011f\u0131 dikkat \u00e7ekti. T\u0131ra\u015f olduktan sonra video \u00e7ekerek payla\u015fmas\u0131, sosyal medya kullan\u0131c\u0131lar\u0131 aras\u0131nda farkl\u0131 yorumlara neden oldu. Sinan Sardo\u011fan\u2019\u0131n cezaevinden \u00e7\u0131kt\u0131ktan sonraki g\u00f6r\u00fcnt\u00fcleri, Arife G\u00f6k\u00e7e dosyas\u0131n\u0131 hat\u0131rlayan bir\u00e7ok ki\u015fi taraf\u0131ndan yeniden g\u00fcndeme ta\u015f\u0131nd\u0131.<\/p>\n<p>Kaynak : atv.com.tr<\/p>\n"},"alt_text":"","media_type":"image","mime_type":"image\/jpeg","media_details":{"width":768,"height":201,"file":"2026\/04\/1-15-768x201-200.jpg","sizes":{"medium":{"file":"1-15-768x201-200-300x79.jpg","width":300,"height":79,"mime_type":"image\/jpeg","source_url":"https:\/\/kilosorunum.com\/habercim\/wp-content\/uploads\/2026\/04\/1-15-768x201-200-300x79.jpg"},"thumbnail":{"file":"1-15-768x201-200-150x150.jpg","width":150,"height":150,"mime_type":"image\/jpeg","source_url":"https:\/\/kilosorunum.com\/habercim\/wp-content\/uploads\/2026\/04\/1-15-768x201-200-150x150.jpg"},"kucukResim":{"file":"1-15-768x201-200-80x50.jpg","width":80,"height":50,"mime_type":"image\/jpeg","source_url":"https:\/\/kilosorunum.com\/habercim\/wp-content\/uploads\/2026\/04\/1-15-768x201-200-80x50.jpg"},"sliderResim":{"file":"1-15-768x201-200-670x201.jpg","width":670,"height":201,"mime_type":"image\/jpeg","source_url":"https:\/\/kilosorunum.com\/habercim\/wp-content\/uploads\/2026\/04\/1-15-768x201-200-670x201.jpg"},"resim1":{"file":"1-15-768x201-200-184x140.jpg","width":184,"height":140,"mime_type":"image\/jpeg","source_url":"https:\/\/kilosorunum.com\/habercim\/wp-content\/uploads\/2026\/04\/1-15-768x201-200-184x140.jpg"},"resim2":{"file":"1-15-768x201-200-216x103.jpg","width":216,"height":103,"mime_type":"image\/jpeg","source_url":"https:\/\/kilosorunum.com\/habercim\/wp-content\/uploads\/2026\/04\/1-15-768x201-200-216x103.jpg"},"resim3":{"file":"1-15-768x201-200-145x70.jpg","width":145,"height":70,"mime_type":"image\/jpeg","source_url":"https:\/\/kilosorunum.com\/habercim\/wp-content\/uploads\/2026\/04\/1-15-768x201-200-145x70.jpg"},"sagSlider":{"file":"1-15-768x201-200-300x150.jpg","width":300,"height":150,"mime_type":"image\/jpeg","source_url":"https:\/\/kilosorunum.com\/habercim\/wp-content\/uploads\/2026\/04\/1-15-768x201-200-300x150.jpg"},"yeniSlider":{"file":"1-15-768x201-200-500x201.jpg","width":500,"height":201,"mime_type":"image\/jpeg","source_url":"https:\/\/kilosorunum.com\/habercim\/wp-content\/uploads\/2026\/04\/1-15-768x201-200-500x201.jpg"},"full":{"file":"1-15-768x201-200.jpg","width":768,"height":201,"mime_type":"image\/jpeg","source_url":"https:\/\/kilosorunum.com\/habercim\/wp-content\/uploads\/2026\/04\/1-15-768x201-200.jpg"}},"image_meta":{"aperture":"0","credit":"","camera":"","caption":"","created_timestamp":"0","copyright":"","focal_length":"0","iso":"0","shutter_speed":"0","title":"","orientation":"0","keywords":[]}},"post":46553,"source_url":"https:\/\/kilosorunum.com\/habercim\/wp-content\/uploads\/2026\/04\/1-15-768x201-200.jpg","_links":{"self":[{"href":"https:\/\/kilosorunum.com\/habercim\/wp-json\/wp\/v2\/media\/46555"}],"collection":[{"href":"https:\/\/kilosorunum.com\/habercim\/wp-json\/wp\/v2\/media"}],"about":[{"href":"https:\/\/kilosorunum.com\/habercim\/wp-json\/wp\/v2\/types\/attachment"}],"author":[{"embeddable":true,"href":"https:\/\/kilosorunum.com\/habercim\/wp-json\/wp\/v2\/users\/2"}],"replies":[{"embeddable":true,"href":"https:\/\/kilosorunum.com\/habercim\/wp-json\/wp\/v2\/comments?post=46555"}]}}