{"id":46570,"date":"2026-04-18T14:48:49","date_gmt":"2026-04-18T11:48:49","guid":{"rendered":"https:\/\/kilosorunum.com\/habercim\/wp-content\/uploads\/2026\/04\/1-15-768x201-203.jpg"},"modified":"2026-04-18T14:51:32","modified_gmt":"2026-04-18T11:51:32","slug":"1-15-768x201-2523","status":"inherit","type":"attachment","link":"https:\/\/kilosorunum.com\/habercim\/foto-galeri\/arjantinden-ifsaladi\/attachment\/1-15-768x201-2523\/","title":{"rendered":"Arjantin&#8217;den if\u015falad\u0131"},"author":2,"comment_status":"open","ping_status":"closed","template":"","meta":[],"description":{"rendered":"<p class=\"attachment\"><a href='https:\/\/kilosorunum.com\/habercim\/wp-content\/uploads\/2026\/04\/1-15-768x201-203.jpg'><img width=\"300\" height=\"79\" src=\"https:\/\/kilosorunum.com\/habercim\/wp-content\/uploads\/2026\/04\/1-15-768x201-203-300x79.jpg\" class=\"attachment-medium size-medium\" alt=\"\" loading=\"lazy\" srcset=\"https:\/\/kilosorunum.com\/habercim\/wp-content\/uploads\/2026\/04\/1-15-768x201-203-300x79.jpg 300w, https:\/\/kilosorunum.com\/habercim\/wp-content\/uploads\/2026\/04\/1-15-768x201-203.jpg 768w\" sizes=\"(max-width: 300px) 100vw, 300px\" \/><\/a><\/p>\n"},"caption":{"rendered":"<p>Kahramanmara\u015f&#8217;ta silahla okul bas\u0131p 9 ki\u015fiyi katleden 20 ki\u015fiyi de yaralayan \u0130sa Aras Mersinli\u2019ye ait yeni bilgiler ortaya \u00e7\u0131kt\u0131. Discord ve Reddit gibi sosyal medya uygulamalar\u0131 \u00fczerinden arkada\u015f olduklar\u0131n\u0131 belirten Arjantinli bir \u015fah\u0131s taraf\u0131ndan payla\u015f\u0131lan g\u00f6r\u00fcnt\u00fclerde, 14 ya\u015f\u0131ndaki caninin kendini kad\u0131n (she\/her\/herself) olarak adland\u0131rd\u0131\u011f\u0131, etek giydi\u011fi anlar\u0131 videoya al\u0131p payla\u015ft\u0131\u011f\u0131, profil foto\u011fraf\u0131nda ise &#8216;ailesini katleten ensest oyun karakterlerine&#8217; yer verdi\u011fi g\u00f6r\u00fcld\u00fc.<br \/>\nT\u00fcrkiye, \u015eanl\u0131urfa\u2019n\u0131n Siverek il\u00e7esindeki lisede ya\u015fanan silahl\u0131 sald\u0131r\u0131n\u0131n \u015fokunu atlatamadan, d\u00fcn Kahramanmara\u015f\u2019ta bir ortaokuldaki katliam ile sars\u0131ld\u0131.<\/p>\n<p>8&#8217;inci s\u0131n\u0131f \u00f6\u011frencisi \u0130sa Aras Mersinli, be\u015f silah, yedi \u015farj\u00f6rle gitti\u011fi okulda iki s\u0131n\u0131fa girerek rastgele ate\u015f a\u00e7t\u0131.<\/p>\n<p>Sald\u0131r\u0131da dokuz ki\u015fi hayat\u0131n\u0131 kaybetti, 20 ki\u015fi yaraland\u0131.<\/p>\n<p>Katliama dair soru\u015fturma devam ederken dikkat \u00e7eken bilgiler de gelmeye devam ediyor.<\/p>\n<p>\u015earj\u00f6r\u00fc canl\u0131 yay\u0131nda doldurmu\u015f<br \/>\nDiscord ve Reddit gibi sosyal medya uygulamalar\u0131 \u00fczerinden arkada\u015f\u0131 oldu\u011funu belirten Arjantinli bir \u015fah\u0131s taraf\u0131ndan payla\u015f\u0131lan g\u00f6r\u00fcnt\u00fclerde, 14 ya\u015f\u0131ndaki caninin sald\u0131r\u0131 \u00f6ncesinde babas\u0131na ait silahlarla yay\u0131n a\u00e7t\u0131\u011f\u0131 ve \u015farj\u00f6rleri doldurdu\u011fu ortaya \u00e7\u0131kt\u0131. Aras&#8217;\u0131n kendisine &#8216;Konata&#8217; takma ad\u0131n\u0131 se\u00e7ti\u011fini belirten; kendisi de &#8216;Victor&#8217; rumuzunu kullanan Arjantinli, &#8220;En az\u0131ndan hepiniz, ba\u015ftan beri ona elimden geldi\u011fince yard\u0131m etmeye \u00e7al\u0131\u015ft\u0131\u011f\u0131m\u0131n kan\u0131t\u0131n\u0131 g\u00f6rd\u00fcn\u00fcz ama ba\u015faramad\u0131m. L\u00fctfen beni yaln\u0131z b\u0131rak\u0131n. &#8216;Aras&#8217;tan &#8216;Konata&#8217; olarak bahsediyorum ve &#8220;she\/her&#8221; (o\/k\u0131z) zamirlerini kullan\u0131yorum \u00e7\u00fcnk\u00fc non-binary idi ama &#8220;she\/they\/it&#8221; zamirlerini tercih ediyordu.&#8221; ifadelerini kulland\u0131.<br \/>\n&#8220;Babamla e\u011fitime gittim, art\u0131k \u015farj\u00f6r\u00fc 2 dakikada dolduruyorum&#8221;<br \/>\nKatil, payla\u015ft\u0131\u011f\u0131 bir ba\u015fka mesajda ise babas\u0131yla at\u0131\u015f e\u011fitimine gitti\u011fini ve 2 dakikada \u015farj\u00f6r doldurmay\u0131 \u00f6\u011frendi\u011fini ifade edip \u015fu s\u00f6zleri payla\u015f\u0131yor:<br \/>\n&#8220;E\u011fitimden d\u00f6nd\u00fcm. Art\u0131k bir \u015farj\u00f6r\u00fc nas\u0131l dolduraca\u011f\u0131m\u0131 biliyorum.<\/p>\n<p>Bir tam \u015farj\u00f6r\u00fc doldurmam yakla\u015f\u0131k 2 dakika s\u00fcr\u00fcyor. Ama giderek daha iyi oluyorum. Eskiden ilk mermiyi bile takam\u0131yordum. \u015eimdi \u00e7ok kolay.<br \/>\nAyr\u0131ca bug\u00fcn 15 dakika ni\u015fan alma antrenman\u0131 yapt\u0131m. Yar\u0131n veya \u00f6b\u00fcr g\u00fcn da\u011flara gidece\u011fim ve ger\u00e7ek bir silahla ate\u015f edece\u011fim&#8221; Hesaplar\u0131na se\u00e7ti\u011fi foto\u011fraflar da sapk\u0131n ak\u0131mlardan!<br \/>\nMersinli&#8217;nin Discord ve Reddit sohbet odalar\u0131nda kulland\u0131\u011f\u0131 profil foto\u011fraflar\u0131 da dikkat \u00e7ekti.<\/p>\n<p>Foto\u011fraflarda ailesini katleten ensest oyun karakterlerine yer verdi\u011fi g\u00f6r\u00fcld\u00fc. Katilin 11 Nisan&#8217;da yazd\u0131\u011f\u0131 not da ortaya \u00e7\u0131kt\u0131. \u201cManifesto ya da bir \u015fey\u201d s\u00f6zleriyle ba\u015flayan \u0130ngilizce yaz\u0131da, \u201cKonbanwa, ben Kontaa ve Konata\u2019y\u0131m. Onu \u00e7ok ama \u00e7ok seviyorum. Bunu yazarken tarih 11 Nisan 2026. Sen bunu okudu\u011funda ya bir \u015fey planl\u0131yor olaca\u011f\u0131m, yapm\u0131\u015f olaca\u011f\u0131m ya da yapmak \u00fczere olaca\u011f\u0131m. Hayat\u0131m boyunca hep yaln\u0131z kald\u0131m. Nedenini bilmiyorum, asl\u0131nda \u00e7ok fazla \u015feyim vard\u0131. Hep insanlarla kayna\u015fmaya \u00e7al\u0131\u015ft\u0131m ama yaln\u0131z kald\u0131m. \u0130nsanlar\u0131n beni tan\u0131mas\u0131, fark etmesi ho\u015fuma gidiyor. Bu d\u00fcnyadaki varl\u0131\u011f\u0131m\u0131 ve verdi\u011fim zarar\u0131 hissetsinler istiyorum ki sonunda beni fark etsinler. Bunun nas\u0131l olaca\u011f\u0131n\u0131 bilmiyorum ama yapaca\u011f\u0131m. Ancak yaln\u0131zl\u0131k yapt\u0131\u011f\u0131m \u015feyin sebebi de\u011fil. Yapmak istesem de yaln\u0131zl\u0131k y\u00fcz\u00fcnden su\u00e7layamam. \u0130nsanlar bunu yap\u0131yor ama bu do\u011fru de\u011fil. Yaln\u0131zl\u0131k bir sebep de\u011fildir.\u201d ifadeleri yer al\u0131yor.<br \/>\nPayla\u015f\u0131m\u0131n\u0131n devam\u0131nda &#8216;ailesinin kendisini sevmedi\u011fini&#8217; de belirten Mersinli, &#8220;Ailem benden nefret ediyor, benden korkuyor ve hayal k\u0131r\u0131kl\u0131\u011f\u0131na u\u011fram\u0131\u015f durumda. Hep yaln\u0131z\u0131m. Ama \u015funu d\u00fc\u015f\u00fcnmek yaln\u0131zl\u0131\u011f\u0131n bir sebep oldu\u011fu anlam\u0131na gelmez. Yaln\u0131zl\u0131k bir sebep de\u011fildir. Bu sadece bir durumdur.&#8221; ifadelerini kullanm\u0131\u015f.<br \/>\nKendisinin 130 IQ&#8217;ya sahip zeki birisi oldu\u011funu belirten okul katili, &#8220;Ben bir dahiyim. Herkesten daha iyiyim. En \u00fcst\u00fcn insan\u0131m. Kendime sad\u0131\u011f\u0131m. Ben daha iyiyim. Ortalama zek\u00e2n\u0131n \u00e7ok \u00fcst\u00fcndeyim. 130 IQ testim vard\u0131. Okulda hi\u00e7 \u00e7al\u0131\u015fmadan hep y\u00fcksek notlar ald\u0131m. \u0130nsanlar hep ya\u015f\u0131ma g\u00f6re olgun oldu\u011fumu s\u00f6yledi. \u0130ngilizceyi okuldan \u00f6\u011frenmedim&#8221; \u015feklinde de kendisinden bahsetmi\u015f.<\/p>\n<p>Kaynak : yenisafak.com<\/p>\n"},"alt_text":"","media_type":"image","mime_type":"image\/jpeg","media_details":{"width":768,"height":201,"file":"2026\/04\/1-15-768x201-203.jpg","sizes":{"medium":{"file":"1-15-768x201-203-300x79.jpg","width":300,"height":79,"mime_type":"image\/jpeg","source_url":"https:\/\/kilosorunum.com\/habercim\/wp-content\/uploads\/2026\/04\/1-15-768x201-203-300x79.jpg"},"thumbnail":{"file":"1-15-768x201-203-150x150.jpg","width":150,"height":150,"mime_type":"image\/jpeg","source_url":"https:\/\/kilosorunum.com\/habercim\/wp-content\/uploads\/2026\/04\/1-15-768x201-203-150x150.jpg"},"kucukResim":{"file":"1-15-768x201-203-80x50.jpg","width":80,"height":50,"mime_type":"image\/jpeg","source_url":"https:\/\/kilosorunum.com\/habercim\/wp-content\/uploads\/2026\/04\/1-15-768x201-203-80x50.jpg"},"sliderResim":{"file":"1-15-768x201-203-670x201.jpg","width":670,"height":201,"mime_type":"image\/jpeg","source_url":"https:\/\/kilosorunum.com\/habercim\/wp-content\/uploads\/2026\/04\/1-15-768x201-203-670x201.jpg"},"resim1":{"file":"1-15-768x201-203-184x140.jpg","width":184,"height":140,"mime_type":"image\/jpeg","source_url":"https:\/\/kilosorunum.com\/habercim\/wp-content\/uploads\/2026\/04\/1-15-768x201-203-184x140.jpg"},"resim2":{"file":"1-15-768x201-203-216x103.jpg","width":216,"height":103,"mime_type":"image\/jpeg","source_url":"https:\/\/kilosorunum.com\/habercim\/wp-content\/uploads\/2026\/04\/1-15-768x201-203-216x103.jpg"},"resim3":{"file":"1-15-768x201-203-145x70.jpg","width":145,"height":70,"mime_type":"image\/jpeg","source_url":"https:\/\/kilosorunum.com\/habercim\/wp-content\/uploads\/2026\/04\/1-15-768x201-203-145x70.jpg"},"sagSlider":{"file":"1-15-768x201-203-300x150.jpg","width":300,"height":150,"mime_type":"image\/jpeg","source_url":"https:\/\/kilosorunum.com\/habercim\/wp-content\/uploads\/2026\/04\/1-15-768x201-203-300x150.jpg"},"yeniSlider":{"file":"1-15-768x201-203-500x201.jpg","width":500,"height":201,"mime_type":"image\/jpeg","source_url":"https:\/\/kilosorunum.com\/habercim\/wp-content\/uploads\/2026\/04\/1-15-768x201-203-500x201.jpg"},"full":{"file":"1-15-768x201-203.jpg","width":768,"height":201,"mime_type":"image\/jpeg","source_url":"https:\/\/kilosorunum.com\/habercim\/wp-content\/uploads\/2026\/04\/1-15-768x201-203.jpg"}},"image_meta":{"aperture":"0","credit":"","camera":"","caption":"","created_timestamp":"0","copyright":"","focal_length":"0","iso":"0","shutter_speed":"0","title":"","orientation":"0","keywords":[]}},"post":46568,"source_url":"https:\/\/kilosorunum.com\/habercim\/wp-content\/uploads\/2026\/04\/1-15-768x201-203.jpg","_links":{"self":[{"href":"https:\/\/kilosorunum.com\/habercim\/wp-json\/wp\/v2\/media\/46570"}],"collection":[{"href":"https:\/\/kilosorunum.com\/habercim\/wp-json\/wp\/v2\/media"}],"about":[{"href":"https:\/\/kilosorunum.com\/habercim\/wp-json\/wp\/v2\/types\/attachment"}],"author":[{"embeddable":true,"href":"https:\/\/kilosorunum.com\/habercim\/wp-json\/wp\/v2\/users\/2"}],"replies":[{"embeddable":true,"href":"https:\/\/kilosorunum.com\/habercim\/wp-json\/wp\/v2\/comments?post=46570"}]}}