{"id":46585,"date":"2026-04-18T23:34:36","date_gmt":"2026-04-18T20:34:36","guid":{"rendered":"https:\/\/kilosorunum.com\/habercim\/wp-content\/uploads\/2026\/04\/1-15-768x201-207.jpg"},"modified":"2026-04-18T23:36:20","modified_gmt":"2026-04-18T20:36:20","slug":"1-15-768x201-2527","status":"inherit","type":"attachment","link":"https:\/\/kilosorunum.com\/habercim\/foto-galeri\/babasi-ile-beraber-ayni-gun\/attachment\/1-15-768x201-2527\/","title":{"rendered":"Babas\u0131 ile beraber ayn\u0131 g\u00fcn"},"author":2,"comment_status":"open","ping_status":"closed","template":"","meta":[],"description":{"rendered":"<p class=\"attachment\"><a href='https:\/\/kilosorunum.com\/habercim\/wp-content\/uploads\/2026\/04\/1-15-768x201-207.jpg'><img width=\"300\" height=\"79\" src=\"https:\/\/kilosorunum.com\/habercim\/wp-content\/uploads\/2026\/04\/1-15-768x201-207-300x79.jpg\" class=\"attachment-medium size-medium\" alt=\"\" loading=\"lazy\" srcset=\"https:\/\/kilosorunum.com\/habercim\/wp-content\/uploads\/2026\/04\/1-15-768x201-207-300x79.jpg 300w, https:\/\/kilosorunum.com\/habercim\/wp-content\/uploads\/2026\/04\/1-15-768x201-207.jpg 768w\" sizes=\"(max-width: 300px) 100vw, 300px\" \/><\/a><\/p>\n"},"caption":{"rendered":"<p>Kahramanmara\u015f\u2019taki okul sald\u0131r\u0131s\u0131na ili\u015fkin soru\u015fturma s\u00fcrerken, sald\u0131rgan \u0130sa Aras Mersinli\u2019nin babas\u0131 U\u011fur Mersinli\u2019nin ge\u00e7mi\u015fte doland\u0131r\u0131c\u0131l\u0131k davas\u0131nda yarg\u0131land\u0131\u011f\u0131 ortaya \u00e7\u0131kt\u0131.<br \/>\nKahramanmara\u015f\u2019ta ya\u015fanan ve kamuoyunda geni\u015f yank\u0131 uyand\u0131ran okul sald\u0131r\u0131s\u0131na ili\u015fkin soru\u015fturman\u0131n ard\u0131ndan yeni ayr\u0131nt\u0131lar ortaya \u00e7\u0131kmaya devam ediyor. Olayda 8\u2019i \u00f6\u011frenci, 1\u2019i \u00f6\u011fretmen olmak \u00fczere 9 ki\u015finin hayat\u0131n\u0131 kaybetti\u011fi, sald\u0131r\u0131y\u0131 ger\u00e7ekle\u015ftiren \u0130sa Aras Mersinli\u2019nin daha sonra ya\u015fam\u0131na son verdi\u011fi bilgisi hat\u0131rlat\u0131ld\u0131.<\/p>\n<p>Soru\u015fturma kapsam\u0131nda sald\u0131rgan\u0131n ailesi de g\u00fcndeme gelirken, babas\u0131 U\u011fur Mersinli ve annesinin g\u00f6zalt\u0131na al\u0131nd\u0131\u011f\u0131 belirtildi.<\/p>\n<p>Poligon g\u00f6r\u00fcnt\u00fcleri tart\u0131\u015fmaya neden oldu<br \/>\nOlay sonras\u0131 en \u00e7ok tart\u0131\u015f\u0131lan konulardan biri, baba Mersinli\u2019nin o\u011flunu poligona g\u00f6t\u00fcrerek at\u0131\u015f yapt\u0131rmas\u0131 oldu. Sald\u0131r\u0131dan iki g\u00fcn \u00f6nce \u0130sa Aras Mersinli\u2019nin poligonda \u00e7ekilen g\u00f6r\u00fcnt\u00fclerinin ortaya \u00e7\u0131kmas\u0131 kamuoyunda geni\u015f yank\u0131 uyand\u0131rd\u0131. U\u011fur Mersinli\u2019nin ifadesinde, o\u011flunun interaktif oyunlar oynad\u0131\u011f\u0131, odas\u0131na girildi\u011finde ise oyunlar\u0131 kapatt\u0131\u011f\u0131 y\u00f6n\u00fcnde beyanda bulundu\u011fu aktar\u0131ld\u0131. Mersinli\u2019nin ayr\u0131ca yakla\u015f\u0131k bir ay \u00f6nce o\u011flunun arkada\u015flar\u0131n\u0131n silahla at\u0131\u015f yapt\u0131\u011f\u0131n\u0131 s\u00f6yledi\u011fini ve kendisine ne zaman at\u0131\u015f yapt\u0131raca\u011f\u0131n\u0131 sordu\u011funu belirtti\u011fi ifade edildi.<\/p>\n<p>Mersinli\u2019nin, emniyet poligonuna giderek kendi silah\u0131yla at\u0131\u015f yapt\u0131\u011f\u0131 ve o\u011fluna da birka\u00e7 el at\u0131\u015f yapt\u0131rd\u0131\u011f\u0131n\u0131 s\u00f6yledi\u011fi aktar\u0131ld\u0131. Ayr\u0131ca psikolo\u011fun o\u011flunun topluma uyum konusunda takip edilmesi gerekti\u011fini belirtti\u011fi y\u00f6n\u00fcnde ifade verdi\u011fi kaydedildi.<\/p>\n<p>Mersinli\u2019nin, 7 adet ta\u015f\u0131ma ruhsatl\u0131 silah\u0131 ve 2 adet av t\u00fcfe\u011fi bulundu\u011funu s\u00f6yledi\u011fi de ifadesinde yer ald\u0131.<\/p>\n<p>Ge\u00e7mi\u015fteki dava ortaya \u00e7\u0131kt\u0131<br \/>\nSoru\u015fturma s\u00fcrerken U\u011fur Mersinli\u2019nin ge\u00e7mi\u015fine ili\u015fkin yeni bir bilgi g\u00fcndeme geldi. 1996 y\u0131l\u0131nda Adana 1. A\u011f\u0131r Ceza Mahkemesi\u2019nde a\u00e7\u0131lan davada, A.B. (54) taraf\u0131ndan kurulan \u015firket \u00fczerinden 100 Alman ve 300 T\u00fcrk i\u015f insan\u0131n\u0131n yakla\u015f\u0131k 1 milyon TL doland\u0131r\u0131ld\u0131\u011f\u0131 iddias\u0131yla yarg\u0131lama yap\u0131ld\u0131\u011f\u0131 belirtildi.<\/p>\n<p>Uluslararas\u0131 doland\u0131r\u0131c\u0131l\u0131k dosyas\u0131nda, d\u00f6nemin emniyet amiri olan U\u011fur Mersinli\u2019nin de aralar\u0131nda bulundu\u011fu 9 ki\u015finin yarg\u0131land\u0131\u011f\u0131 ifade edildi.<\/p>\n<p>Kaynak : gzt.com<\/p>\n"},"alt_text":"","media_type":"image","mime_type":"image\/jpeg","media_details":{"width":768,"height":201,"file":"2026\/04\/1-15-768x201-207.jpg","sizes":{"medium":{"file":"1-15-768x201-207-300x79.jpg","width":300,"height":79,"mime_type":"image\/jpeg","source_url":"https:\/\/kilosorunum.com\/habercim\/wp-content\/uploads\/2026\/04\/1-15-768x201-207-300x79.jpg"},"thumbnail":{"file":"1-15-768x201-207-150x150.jpg","width":150,"height":150,"mime_type":"image\/jpeg","source_url":"https:\/\/kilosorunum.com\/habercim\/wp-content\/uploads\/2026\/04\/1-15-768x201-207-150x150.jpg"},"kucukResim":{"file":"1-15-768x201-207-80x50.jpg","width":80,"height":50,"mime_type":"image\/jpeg","source_url":"https:\/\/kilosorunum.com\/habercim\/wp-content\/uploads\/2026\/04\/1-15-768x201-207-80x50.jpg"},"sliderResim":{"file":"1-15-768x201-207-670x201.jpg","width":670,"height":201,"mime_type":"image\/jpeg","source_url":"https:\/\/kilosorunum.com\/habercim\/wp-content\/uploads\/2026\/04\/1-15-768x201-207-670x201.jpg"},"resim1":{"file":"1-15-768x201-207-184x140.jpg","width":184,"height":140,"mime_type":"image\/jpeg","source_url":"https:\/\/kilosorunum.com\/habercim\/wp-content\/uploads\/2026\/04\/1-15-768x201-207-184x140.jpg"},"resim2":{"file":"1-15-768x201-207-216x103.jpg","width":216,"height":103,"mime_type":"image\/jpeg","source_url":"https:\/\/kilosorunum.com\/habercim\/wp-content\/uploads\/2026\/04\/1-15-768x201-207-216x103.jpg"},"resim3":{"file":"1-15-768x201-207-145x70.jpg","width":145,"height":70,"mime_type":"image\/jpeg","source_url":"https:\/\/kilosorunum.com\/habercim\/wp-content\/uploads\/2026\/04\/1-15-768x201-207-145x70.jpg"},"sagSlider":{"file":"1-15-768x201-207-300x150.jpg","width":300,"height":150,"mime_type":"image\/jpeg","source_url":"https:\/\/kilosorunum.com\/habercim\/wp-content\/uploads\/2026\/04\/1-15-768x201-207-300x150.jpg"},"yeniSlider":{"file":"1-15-768x201-207-500x201.jpg","width":500,"height":201,"mime_type":"image\/jpeg","source_url":"https:\/\/kilosorunum.com\/habercim\/wp-content\/uploads\/2026\/04\/1-15-768x201-207-500x201.jpg"},"full":{"file":"1-15-768x201-207.jpg","width":768,"height":201,"mime_type":"image\/jpeg","source_url":"https:\/\/kilosorunum.com\/habercim\/wp-content\/uploads\/2026\/04\/1-15-768x201-207.jpg"}},"image_meta":{"aperture":"0","credit":"","camera":"","caption":"","created_timestamp":"0","copyright":"","focal_length":"0","iso":"0","shutter_speed":"0","title":"","orientation":"0","keywords":[]}},"post":46583,"source_url":"https:\/\/kilosorunum.com\/habercim\/wp-content\/uploads\/2026\/04\/1-15-768x201-207.jpg","_links":{"self":[{"href":"https:\/\/kilosorunum.com\/habercim\/wp-json\/wp\/v2\/media\/46585"}],"collection":[{"href":"https:\/\/kilosorunum.com\/habercim\/wp-json\/wp\/v2\/media"}],"about":[{"href":"https:\/\/kilosorunum.com\/habercim\/wp-json\/wp\/v2\/types\/attachment"}],"author":[{"embeddable":true,"href":"https:\/\/kilosorunum.com\/habercim\/wp-json\/wp\/v2\/users\/2"}],"replies":[{"embeddable":true,"href":"https:\/\/kilosorunum.com\/habercim\/wp-json\/wp\/v2\/comments?post=46585"}]}}