{"id":46641,"date":"2026-04-19T22:37:04","date_gmt":"2026-04-19T19:37:04","guid":{"rendered":"https:\/\/kilosorunum.com\/habercim\/wp-content\/uploads\/2026\/04\/1-15-768x201-225.jpg"},"modified":"2026-04-19T22:37:40","modified_gmt":"2026-04-19T19:37:40","slug":"1-15-768x201-2545","status":"inherit","type":"attachment","link":"https:\/\/kilosorunum.com\/habercim\/foto-galeri\/abd-ile-cin-arasi\/attachment\/1-15-768x201-2545\/","title":{"rendered":"ABD ile \u00c7in Aras\u0131"},"author":2,"comment_status":"open","ping_status":"closed","template":"","meta":[],"description":{"rendered":"<p class=\"attachment\"><a href='https:\/\/kilosorunum.com\/habercim\/wp-content\/uploads\/2026\/04\/1-15-768x201-225.jpg'><img width=\"300\" height=\"79\" src=\"https:\/\/kilosorunum.com\/habercim\/wp-content\/uploads\/2026\/04\/1-15-768x201-225-300x79.jpg\" class=\"attachment-medium size-medium\" alt=\"\" loading=\"lazy\" srcset=\"https:\/\/kilosorunum.com\/habercim\/wp-content\/uploads\/2026\/04\/1-15-768x201-225-300x79.jpg 300w, https:\/\/kilosorunum.com\/habercim\/wp-content\/uploads\/2026\/04\/1-15-768x201-225.jpg 768w\" sizes=\"(max-width: 300px) 100vw, 300px\" \/><\/a><\/p>\n"},"caption":{"rendered":"<p>ABD ile \u00c7in, ticaret m\u00fczakerelerinin yeni turuna Paris\u2019te ba\u015flad\u0131! ABD ve \u00c7in\u2019in, kar\u015f\u0131l\u0131kl\u0131 tarife art\u0131\u015flar\u0131yla t\u0131rmanan ticaret geriliminin \u00e7\u00f6z\u00fcm\u00fc i\u00e7in y\u00fcr\u00fctt\u00fc\u011f\u00fc m\u00fczakerelerin yeni turunun Fransa\u2019n\u0131n ba\u015fkenti Paris\u2019te ba\u015flad\u0131\u011f\u0131 bildirildi.<br \/>\n\u00c7in Ticaret Bakanl\u0131\u011f\u0131\u2019ndan yap\u0131lan a\u00e7\u0131klamada, taraflar\u0131n iki \u00fclke liderlerinin ge\u00e7en y\u0131l Busan \u015fehrinde yapt\u0131klar\u0131 g\u00f6r\u00fc\u015fme ve \u00f6nceki temaslar\u0131nda vard\u0131klar\u0131 mutabakat do\u011frultusunda, kar\u015f\u0131l\u0131kl\u0131 kayg\u0131 duyulan ekonomik ve ticari konularda isti\u015farelerde bulunaca\u011f\u0131 belirtildi.<\/p>\n<p>M\u00fczakerelerde \u00c7in heyetine ekonomik ili\u015fkilerden sorumlu Ba\u015fbakan Yard\u0131mc\u0131s\u0131 H\u0131 Lif\u0131ng, ABD heyetine Hazine Bakan\u0131 Scott Bessent ba\u015fkanl\u0131k ediyor.<\/p>\n<p>Taraflar, bu y\u0131l ekonomi ve ticaret g\u00f6r\u00fc\u015fmeleri i\u00e7in ilk kez bir araya geliyor.<\/p>\n<p>ABD Hazine Bakanl\u0131\u011f\u0131ndan daha \u00f6nce yap\u0131lan a\u00e7\u0131klamada, Bakan Bessent\u2019in, 15-16 Mart\u2019ta \u00c7in Ba\u015fbakan Yard\u0131mc\u0131s\u0131 H\u0131 ile Fransa\u2019n\u0131n ba\u015fkenti Paris\u2019te g\u00f6r\u00fc\u015fece\u011fi bildirilmi\u015fti.<\/p>\n<p>Trump, mart sonunda \u00c7in\u2019i ziyaret edecek<br \/>\nABD ile \u00c7in aras\u0131ndaki ili\u015fkiler, ge\u00e7en y\u0131l bir yandan Washington y\u00f6netiminin tarifeleri ve teknoloji alan\u0131ndaki k\u0131s\u0131tlamalar\u0131, di\u011fer yandan \u00c7in\u2019in k\u00fcresel tedarikte kritik rol oynayan nadir toprak elementlerinin kontrol\u00fcne y\u00f6nelik ad\u0131mlar\u0131yla artan bir dizi anla\u015fmazl\u0131kla g\u00fcndemdeydi.<\/p>\n<p>\u0130ki \u00fclke heyetleri, m\u00fczakereler y\u00fcr\u00fctmek \u00fczere ge\u00e7en y\u0131l may\u0131sta \u0130svi\u00e7re\u2019nin Cenevre kentinde, haziranda \u0130ngiltere\u2019nin ba\u015fkenti Londra\u2019da, temmuzda \u0130sve\u00e7\u2019in ba\u015fkenti Stockholm\u2019de, eyl\u00fclde \u0130spanya\u2019n\u0131n ba\u015fkenti Madrid\u2019de ve ekimde Malezya\u2019n\u0131n ba\u015fkenti Kuala Lumpur\u2019da bir araya gelmi\u015fti.<\/p>\n<p>ABD Ba\u015fkan\u0131 Donald Trump ile \u00c7in Devlet Ba\u015fkan\u0131 \u015ei Cinping de 30 Ekim 2025\u2019te G\u00fcney Kore\u2019nin Busan \u015fehrinde g\u00f6r\u00fc\u015fm\u00fc\u015ft\u00fc.<\/p>\n<p>Beyaz Saray, ABD Ba\u015fkan\u0131 Trump\u2019\u0131n 31 Mart-2 Nisan\u2019da \u00c7in\u2019i ziyaret edece\u011fini a\u00e7\u0131klam\u0131\u015ft\u0131.<\/p>\n<p>Kaynak : bloomberght.com<\/p>\n"},"alt_text":"","media_type":"image","mime_type":"image\/jpeg","media_details":{"width":768,"height":201,"file":"2026\/04\/1-15-768x201-225.jpg","sizes":{"medium":{"file":"1-15-768x201-225-300x79.jpg","width":300,"height":79,"mime_type":"image\/jpeg","source_url":"https:\/\/kilosorunum.com\/habercim\/wp-content\/uploads\/2026\/04\/1-15-768x201-225-300x79.jpg"},"thumbnail":{"file":"1-15-768x201-225-150x150.jpg","width":150,"height":150,"mime_type":"image\/jpeg","source_url":"https:\/\/kilosorunum.com\/habercim\/wp-content\/uploads\/2026\/04\/1-15-768x201-225-150x150.jpg"},"kucukResim":{"file":"1-15-768x201-225-80x50.jpg","width":80,"height":50,"mime_type":"image\/jpeg","source_url":"https:\/\/kilosorunum.com\/habercim\/wp-content\/uploads\/2026\/04\/1-15-768x201-225-80x50.jpg"},"sliderResim":{"file":"1-15-768x201-225-670x201.jpg","width":670,"height":201,"mime_type":"image\/jpeg","source_url":"https:\/\/kilosorunum.com\/habercim\/wp-content\/uploads\/2026\/04\/1-15-768x201-225-670x201.jpg"},"resim1":{"file":"1-15-768x201-225-184x140.jpg","width":184,"height":140,"mime_type":"image\/jpeg","source_url":"https:\/\/kilosorunum.com\/habercim\/wp-content\/uploads\/2026\/04\/1-15-768x201-225-184x140.jpg"},"resim2":{"file":"1-15-768x201-225-216x103.jpg","width":216,"height":103,"mime_type":"image\/jpeg","source_url":"https:\/\/kilosorunum.com\/habercim\/wp-content\/uploads\/2026\/04\/1-15-768x201-225-216x103.jpg"},"resim3":{"file":"1-15-768x201-225-145x70.jpg","width":145,"height":70,"mime_type":"image\/jpeg","source_url":"https:\/\/kilosorunum.com\/habercim\/wp-content\/uploads\/2026\/04\/1-15-768x201-225-145x70.jpg"},"sagSlider":{"file":"1-15-768x201-225-300x150.jpg","width":300,"height":150,"mime_type":"image\/jpeg","source_url":"https:\/\/kilosorunum.com\/habercim\/wp-content\/uploads\/2026\/04\/1-15-768x201-225-300x150.jpg"},"yeniSlider":{"file":"1-15-768x201-225-500x201.jpg","width":500,"height":201,"mime_type":"image\/jpeg","source_url":"https:\/\/kilosorunum.com\/habercim\/wp-content\/uploads\/2026\/04\/1-15-768x201-225-500x201.jpg"},"full":{"file":"1-15-768x201-225.jpg","width":768,"height":201,"mime_type":"image\/jpeg","source_url":"https:\/\/kilosorunum.com\/habercim\/wp-content\/uploads\/2026\/04\/1-15-768x201-225.jpg"}},"image_meta":{"aperture":"0","credit":"","camera":"","caption":"","created_timestamp":"0","copyright":"","focal_length":"0","iso":"0","shutter_speed":"0","title":"","orientation":"0","keywords":[]}},"post":46639,"source_url":"https:\/\/kilosorunum.com\/habercim\/wp-content\/uploads\/2026\/04\/1-15-768x201-225.jpg","_links":{"self":[{"href":"https:\/\/kilosorunum.com\/habercim\/wp-json\/wp\/v2\/media\/46641"}],"collection":[{"href":"https:\/\/kilosorunum.com\/habercim\/wp-json\/wp\/v2\/media"}],"about":[{"href":"https:\/\/kilosorunum.com\/habercim\/wp-json\/wp\/v2\/types\/attachment"}],"author":[{"embeddable":true,"href":"https:\/\/kilosorunum.com\/habercim\/wp-json\/wp\/v2\/users\/2"}],"replies":[{"embeddable":true,"href":"https:\/\/kilosorunum.com\/habercim\/wp-json\/wp\/v2\/comments?post=46641"}]}}