{"id":46666,"date":"2026-04-20T16:04:26","date_gmt":"2026-04-20T13:04:26","guid":{"rendered":"https:\/\/kilosorunum.com\/habercim\/wp-content\/uploads\/2026\/04\/1-15-768x201-235.jpg"},"modified":"2026-04-20T16:05:00","modified_gmt":"2026-04-20T13:05:00","slug":"1-15-768x201-2555","status":"inherit","type":"attachment","link":"https:\/\/kilosorunum.com\/habercim\/foto-galeri\/trumptan\/attachment\/1-15-768x201-2555\/","title":{"rendered":"Trump\u2019tan"},"author":2,"comment_status":"open","ping_status":"closed","template":"","meta":[],"description":{"rendered":"<p class=\"attachment\"><a href='https:\/\/kilosorunum.com\/habercim\/wp-content\/uploads\/2026\/04\/1-15-768x201-235.jpg'><img width=\"300\" height=\"79\" src=\"https:\/\/kilosorunum.com\/habercim\/wp-content\/uploads\/2026\/04\/1-15-768x201-235-300x79.jpg\" class=\"attachment-medium size-medium\" alt=\"\" loading=\"lazy\" srcset=\"https:\/\/kilosorunum.com\/habercim\/wp-content\/uploads\/2026\/04\/1-15-768x201-235-300x79.jpg 300w, https:\/\/kilosorunum.com\/habercim\/wp-content\/uploads\/2026\/04\/1-15-768x201-235.jpg 768w\" sizes=\"(max-width: 300px) 100vw, 300px\" \/><\/a><\/p>\n"},"caption":{"rendered":"<p>Trump\u2019tan T\u00fcrkiye\u2019ye \u0130ran te\u015fekk\u00fcr\u00fc: \u015eahaneydiler, girmemelerini istedi\u011fimiz \u015feylerin d\u0131\u015f\u0131nda kald\u0131lar; Erdo\u011fan harika bir lider! ABD Ba\u015fkan\u0131 Donald Trump, \u0130ran\u2019a y\u00f6nelik sava\u015f tam bir ay\u0131 doldurmu\u015fken T\u00fcrkiye\u2019yle ilgili dikkat \u00e7ekici bir a\u00e7\u0131klama yaparak \u201cBence T\u00fcrkiye \u015fahaneydi. Asl\u0131nda harikayd\u0131 ve girmemelerini istedi\u011fimiz \u015feylerin d\u0131\u015f\u0131nda kald\u0131lar\u201d dedi. Trump ayr\u0131ca Cumhurba\u015fkan\u0131 Recep Tayyip Erdo\u011fan\u2019\u0131 \u201charika bir lider\u201d olarak nitelendirdi.<\/p>\n<p>ABD Ba\u015fkan\u0131 Trump, Miami\u2019de ger\u00e7ekle\u015ftirilen \u201cGelecek Yat\u0131r\u0131m Giri\u015fimi\u201d (FII) zirvesinde \u0130ran g\u00fcndemine ili\u015fkin a\u00e7\u0131klamalarda bulundu.<\/p>\n<p>Trump, \u201cBiz m\u00fcttefiklerimize yard\u0131m ettik, biz di\u011fer m\u00fcttefiklerimizi de g\u00f6rd\u00fck. Di\u011fer m\u00fcttefiklerin orada olmad\u0131\u011f\u0131n\u0131 g\u00f6rd\u00fck. Onlara ihtiyac\u0131m\u0131z yok fakat bizim ihtiyac\u0131m\u0131z olan zamanda bize yard\u0131m etmediler. Ve bunun onlar i\u00e7in bedeli \u00e7ok b\u00fcy\u00fck olacak\u201d dedi. T\u00fcrkiye ile birlikte Suudi Arabistan, Katar, Birle\u015fik Arap Emirlikleri, Bahreyn, Kuveyt ve Endonezya\u2019ya te\u015fekk\u00fcr eden Trump, \u201cBence T\u00fcrkiye \u015fahaneydi. Asl\u0131nda harikayd\u0131 ve girmemelerini istedi\u011fimiz \u015feylerin d\u0131\u015f\u0131nda kald\u0131lar\u201d dedi.<\/p>\n<p>ABD Ba\u015fkan\u0131 Trump, \u201cb\u00f6lgede olmayan \u00fclkelerden muazzam bir destek geldi\u011fini\u201d vurgulayarak T\u00fcrkiye\u2019ye i\u015faret etti ve \u201cOnlar son derece destekleyiciydi\u201d dedi.<\/p>\n<p>Trump ayr\u0131ca Cumhurba\u015fkan\u0131 Recep Tayyip Erdo\u011fan\u2019\u0131 \u201charika bir lider\u201d olarak nitelendirdi. Trump ayr\u0131ca konu\u015fman\u0131n devam\u0131nda \u201cOrta Do\u011fu\u2019nun d\u00f6n\u00fc\u015ft\u00fcr\u00fclece\u011fini\u201d ve b\u00f6lgenin gelece\u011finin hi\u00e7 bu kadar \u201cparlak g\u00f6r\u00fcnmedi\u011fini\u201d iddia etti.<\/p>\n<p>Kaynak : t24.com.tr<\/p>\n"},"alt_text":"","media_type":"image","mime_type":"image\/jpeg","media_details":{"width":768,"height":201,"file":"2026\/04\/1-15-768x201-235.jpg","sizes":{"medium":{"file":"1-15-768x201-235-300x79.jpg","width":300,"height":79,"mime_type":"image\/jpeg","source_url":"https:\/\/kilosorunum.com\/habercim\/wp-content\/uploads\/2026\/04\/1-15-768x201-235-300x79.jpg"},"thumbnail":{"file":"1-15-768x201-235-150x150.jpg","width":150,"height":150,"mime_type":"image\/jpeg","source_url":"https:\/\/kilosorunum.com\/habercim\/wp-content\/uploads\/2026\/04\/1-15-768x201-235-150x150.jpg"},"kucukResim":{"file":"1-15-768x201-235-80x50.jpg","width":80,"height":50,"mime_type":"image\/jpeg","source_url":"https:\/\/kilosorunum.com\/habercim\/wp-content\/uploads\/2026\/04\/1-15-768x201-235-80x50.jpg"},"sliderResim":{"file":"1-15-768x201-235-670x201.jpg","width":670,"height":201,"mime_type":"image\/jpeg","source_url":"https:\/\/kilosorunum.com\/habercim\/wp-content\/uploads\/2026\/04\/1-15-768x201-235-670x201.jpg"},"resim1":{"file":"1-15-768x201-235-184x140.jpg","width":184,"height":140,"mime_type":"image\/jpeg","source_url":"https:\/\/kilosorunum.com\/habercim\/wp-content\/uploads\/2026\/04\/1-15-768x201-235-184x140.jpg"},"resim2":{"file":"1-15-768x201-235-216x103.jpg","width":216,"height":103,"mime_type":"image\/jpeg","source_url":"https:\/\/kilosorunum.com\/habercim\/wp-content\/uploads\/2026\/04\/1-15-768x201-235-216x103.jpg"},"resim3":{"file":"1-15-768x201-235-145x70.jpg","width":145,"height":70,"mime_type":"image\/jpeg","source_url":"https:\/\/kilosorunum.com\/habercim\/wp-content\/uploads\/2026\/04\/1-15-768x201-235-145x70.jpg"},"sagSlider":{"file":"1-15-768x201-235-300x150.jpg","width":300,"height":150,"mime_type":"image\/jpeg","source_url":"https:\/\/kilosorunum.com\/habercim\/wp-content\/uploads\/2026\/04\/1-15-768x201-235-300x150.jpg"},"yeniSlider":{"file":"1-15-768x201-235-500x201.jpg","width":500,"height":201,"mime_type":"image\/jpeg","source_url":"https:\/\/kilosorunum.com\/habercim\/wp-content\/uploads\/2026\/04\/1-15-768x201-235-500x201.jpg"},"full":{"file":"1-15-768x201-235.jpg","width":768,"height":201,"mime_type":"image\/jpeg","source_url":"https:\/\/kilosorunum.com\/habercim\/wp-content\/uploads\/2026\/04\/1-15-768x201-235.jpg"}},"image_meta":{"aperture":"0","credit":"","camera":"","caption":"","created_timestamp":"0","copyright":"","focal_length":"0","iso":"0","shutter_speed":"0","title":"","orientation":"0","keywords":[]}},"post":46664,"source_url":"https:\/\/kilosorunum.com\/habercim\/wp-content\/uploads\/2026\/04\/1-15-768x201-235.jpg","_links":{"self":[{"href":"https:\/\/kilosorunum.com\/habercim\/wp-json\/wp\/v2\/media\/46666"}],"collection":[{"href":"https:\/\/kilosorunum.com\/habercim\/wp-json\/wp\/v2\/media"}],"about":[{"href":"https:\/\/kilosorunum.com\/habercim\/wp-json\/wp\/v2\/types\/attachment"}],"author":[{"embeddable":true,"href":"https:\/\/kilosorunum.com\/habercim\/wp-json\/wp\/v2\/users\/2"}],"replies":[{"embeddable":true,"href":"https:\/\/kilosorunum.com\/habercim\/wp-json\/wp\/v2\/comments?post=46666"}]}}