{"id":46686,"date":"2026-04-20T18:55:48","date_gmt":"2026-04-20T15:55:48","guid":{"rendered":"https:\/\/kilosorunum.com\/habercim\/wp-content\/uploads\/2026\/04\/1-221.jpg"},"modified":"2026-04-20T18:57:57","modified_gmt":"2026-04-20T15:57:57","slug":"1-5956","status":"inherit","type":"attachment","link":"https:\/\/kilosorunum.com\/habercim\/foto-galeri\/gozaltilar-devam-ediyor\/attachment\/1-5956\/","title":{"rendered":"G\u00f6zalt\u0131lar devam ediyor"},"author":2,"comment_status":"open","ping_status":"closed","template":"","meta":[],"description":{"rendered":"<p class=\"attachment\"><a href='https:\/\/kilosorunum.com\/habercim\/wp-content\/uploads\/2026\/04\/1-221.jpg'><img width=\"300\" height=\"169\" src=\"https:\/\/kilosorunum.com\/habercim\/wp-content\/uploads\/2026\/04\/1-221-300x169.jpg\" class=\"attachment-medium size-medium\" alt=\"\" loading=\"lazy\" srcset=\"https:\/\/kilosorunum.com\/habercim\/wp-content\/uploads\/2026\/04\/1-221-300x169.jpg 300w, https:\/\/kilosorunum.com\/habercim\/wp-content\/uploads\/2026\/04\/1-221-1024x576.jpg 1024w, https:\/\/kilosorunum.com\/habercim\/wp-content\/uploads\/2026\/04\/1-221-768x432.jpg 768w, https:\/\/kilosorunum.com\/habercim\/wp-content\/uploads\/2026\/04\/1-221.jpg 1200w\" sizes=\"(max-width: 300px) 100vw, 300px\" \/><\/a><\/p>\n"},"caption":{"rendered":"<p>Yarg\u0131 ve emniyet g\u00fc\u00e7leri, Kahramanmara\u015f ve \u015eanl\u0131urfa&#8217;daki okul sald\u0131r\u0131lar\u0131 sonras\u0131 &#8220;sald\u0131r\u0131 tehdidi&#8221; yapt\u0131\u011f\u0131 iddia edilen \u00e7ocuklar\u0131 g\u00f6zalt\u0131na ald\u0131. Yetkililer \u00f6zellikle Telegram&#8217;daki payla\u015f\u0131mlar\u0131 inceliyor.<\/p>\n<p>T\u00fcrkiye son \u00fc\u00e7 g\u00fcnd\u00fcr \u00f6\u011frencilerin okullara d\u00fczenledi\u011fi silahl\u0131 sald\u0131r\u0131lar\u0131 konu\u015furken h\u00fck\u00fcmet ve g\u00fcvenlik g\u00fc\u00e7lerinin ilk m\u00fcdahale etti\u011fi alanlardan biri sosyal medya oldu.<\/p>\n<p>Adalet Bakan\u0131 Ak\u0131n G\u00fcrlek, \u015eanl\u0131urfa ve Kahramanmara\u015f&#8217;taki okul sald\u0131r\u0131lar\u0131na ili\u015fkin \u00fclke \u00e7ap\u0131nda 55 Cumhuriyet Ba\u015fsavc\u0131l\u0131\u011f\u0131 taraf\u0131ndan 130 hesap sahibi hakk\u0131nda soru\u015fturma ba\u015flat\u0131ld\u0131\u011f\u0131n\u0131 a\u00e7\u0131klad\u0131.<\/p>\n<p>G\u00fcrlek sosyal medya hesab\u0131ndan yapt\u0131\u011f\u0131 a\u00e7\u0131klamada, 95 ki\u015finin g\u00f6zalt\u0131na al\u0131nd\u0131\u011f\u0131n\u0131, 35 ki\u015finin arand\u0131\u011f\u0131n\u0131, bin 104 sosyal medya hesab\u0131na ise eri\u015fim engeli getirildi\u011fini kaydetti. Bakan G\u00fcrlek, soru\u015fturma gerek\u00e7elerini, &#8220;yay\u0131n yasa\u011f\u0131na ra\u011fmen g\u00f6r\u00fcnt\u00fc payla\u015fmak, halk aras\u0131nda korku, kayg\u0131 ve panik olu\u015fturabilecek i\u00e7erikleri yaymak, resmi a\u00e7\u0131klamalar\u0131 itibars\u0131zla\u015ft\u0131rmaya y\u00f6nelik yan\u0131lt\u0131c\u0131 bilgiyi alenen dola\u015f\u0131ma sokmak ve su\u00e7u ve su\u00e7luyu \u00f6v\u00fcp su\u00e7 i\u015flemeye te\u015fvik etmek&#8221; olarak s\u0131ralad\u0131.<\/p>\n<p>G\u00fcrlek ayr\u0131ca, &#8220;54 okulu i\u015faret ederek sald\u0131r\u0131 yap\u0131laca\u011f\u0131n\u0131 s\u00f6yleyen 67 sosyal medya kullan\u0131c\u0131s\u0131n\u0131n&#8221; da g\u00f6zalt\u0131na al\u0131nd\u0131\u011f\u0131n\u0131 s\u00f6yledi.<\/p>\n<p>Adalet Bakanl\u0131\u011f\u0131 taraf\u0131ndan daha \u00f6nce yap\u0131lan a\u00e7\u0131klamada sald\u0131r\u0131lar sonras\u0131 sosyal medyan\u0131n, \u00f6zellikle de Telegram&#8217;\u0131n mercek alt\u0131na al\u0131nd\u0131\u011f\u0131 belirtilmi\u015fti. Telegram, WhatsApp gibi mobil bir mesajla\u015fma uygulamas\u0131 olarak \u00f6zellikle cep telefonlar\u0131nda kullan\u0131l\u0131yor.<\/p>\n<p>EGM: 93 Telegram grubu kapat\u0131ld\u0131<br \/>\nBakan G\u00fcrlek&#8217;in a\u00e7\u0131klamas\u0131 \u00f6ncesinde Emniyet Genel M\u00fcd\u00fcrl\u00fc\u011f\u00fc (EGM), \u015eanl\u0131urfa ve Kahramanmara\u015f&#8217;taki okul sald\u0131r\u0131lar\u0131na ili\u015fkin &#8220;su\u00e7u ve su\u00e7luyu \u00f6v\u00fcc\u00fc nitelik ta\u015f\u0131yan, kamu d\u00fczenini olumsuz etkilemeye y\u00f6nelik payla\u015f\u0131m ve faaliyetlerde bulunan&#8221; 83 ki\u015fi hakk\u0131nda g\u00f6zalt\u0131 karar\u0131 verildi\u011fini, 93 Telegram grubunun ise kapat\u0131ld\u0131\u011f\u0131n\u0131 duyurdu. <\/p>\n<p>Emniyet Genel M\u00fcd\u00fcrl\u00fc\u011f\u00fc&#8217;n\u00fcn a\u00e7\u0131klamas\u0131nda 940 sosyal medya hesab\u0131na eri\u015fim engeli getirildi\u011fi, 591 hesap hakk\u0131nda i\u015flem ba\u015flat\u0131ld\u0131\u011f\u0131n\u0131 a\u00e7\u0131klad\u0131.<\/p>\n<p>\u015eanl\u0131urfa&#8217;n\u0131n Siverek il\u00e7esindeki Ahmet Koyuncu Mesleki ve Teknik Anadolu Lisesinin eski \u00f6\u011frencilerinden 19 ya\u015f\u0131ndaki \u00d6.K., 14 Nisan&#8217;da okulda pompal\u0131 t\u00fcfekle ate\u015f a\u00e7arak 16 ki\u015fiyi yaralam\u0131\u015ft\u0131.<\/p>\n<p>Siverek&#8217;teki sald\u0131r\u0131yla ilgili 16 ki\u015fi g\u00f6zalt\u0131na al\u0131n\u0131rken, d\u00fcn de 10 ki\u015finin ya\u015fam\u0131n\u0131 yitirdi\u011fi Kahramanmara\u015f&#8217;taki sald\u0131r\u0131yla ilgili sald\u0131rgan \u0130.A.M&#8217;nin babas\u0131 g\u00f6zalt\u0131na al\u0131n\u0131p tutukland\u0131.<\/p>\n<p>Kahramanmara\u015f&#8217;ta Ayser \u00c7al\u0131k Ortaokulu&#8217;nda bir 8&#8217;inci s\u0131n\u0131f \u00f6\u011frencisi \u0130.A.M., bir \u00f6\u011fretmen ve 9 \u00f6\u011frenciyi \u00f6ld\u00fcrm\u00fc\u015f, ard\u0131ndan kendisi \u00f6l\u00fc olarak bulunmu\u015ftu. <\/p>\n<p>Sivas Valili\u011fi: Sald\u0131r\u0131 olabilece\u011fine dair payla\u015f\u0131mlar tespit edildi<br \/>\nSivas Valili\u011fi de yay\u0131nlad\u0131\u011f\u0131 a\u00e7\u0131klamada &#8220;baz\u0131 sosyal medya hesaplar\u0131nda kentteki okullara sald\u0131r\u0131 olabilece\u011fine dair payla\u015f\u0131mlar tespit edildi\u011fini&#8221; yazd\u0131.<\/p>\n<p>Ba\u015fsavc\u0131l\u0131k ve polisin konuyla ilgili \u00e7al\u0131\u015ft\u0131\u011f\u0131n\u0131 belirten Valilik, payla\u015f\u0131mlar\u0131 yapt\u0131\u011f\u0131 belirlenen 2009 do\u011fumlu 10. s\u0131n\u0131f \u00f6\u011frencisi E.A.&#8217;n\u0131n g\u00f6zalt\u0131na al\u0131nd\u0131\u011f\u0131n\u0131 a\u00e7\u0131klad\u0131.<\/p>\n<p>Valilik a\u00e7\u0131klamada &#8220;payla\u015f\u0131mlar\u0131n as\u0131ls\u0131z oldu\u011funu&#8221; yazd\u0131.<\/p>\n<p>\u0130stanbul: &#8220;Sald\u0131r\u0131 yaz\u0131\u015fmas\u0131&#8221; idddias\u0131yla alt\u0131 \u00e7ocuk g\u00f6zalt\u0131na al\u0131nd\u0131<br \/>\n\u0130stanbul&#8217;da, &#8220;sosyal medyada \u00dcsk\u00fcdar&#8217;da bir okul ismi vererek sald\u0131r\u0131 ger\u00e7ekle\u015ftirilece\u011fi y\u00f6n\u00fcnde yaz\u0131\u015ft\u0131\u011f\u0131&#8221; iddia edilen alt\u0131 \u00e7ocuk g\u00f6zalt\u0131na al\u0131nd\u0131.<\/p>\n<p>\u0130stanbul Anadolu Cumhuriyet Ba\u015fsavc\u0131l\u0131\u011f\u0131 taraf\u0131ndan ba\u015flat\u0131lan soru\u015fturmaya g\u00f6re s\u00f6z konusu payla\u015f\u0131mlar Telegram \u00fczerinden yap\u0131ld\u0131.<\/p>\n<p>Alt\u0131 \u00e7ocuk, &#8220;halk aras\u0131nda korku ve panik olu\u015fturmak amac\u0131yla tehdit&#8221; iddias\u0131yla g\u00f6zalt\u0131na al\u0131nd\u0131.<br \/>\n\u0130stanbul Valisi Davut G\u00fcl de konuyla ilgili a\u00e7\u0131klamas\u0131nda &#8220;Farkl\u0131 yerlerdeki okul isimleri verilerek vatanda\u015flar\u0131m\u0131z\u0131 korku ve pani\u011fe sevk etmeyi ama\u00e7layan payla\u015f\u0131mlar yak\u0131ndan takip edilmektedir&#8221; diye yazd\u0131.<\/p>\n<p>G\u00fcl, &#8220;sorumsuzca yorumlar, alayc\u0131 ifadeler ve s\u00f6zde &#8216;e\u011flence&#8217; i\u00e7eriklerinin kabul edilemeyece\u011fini&#8221; belirtti.<\/p>\n<p>Vali, s\u00f6z konusu payla\u015f\u0131mlar\u0131n polis taraf\u0131ndan anl\u0131k takip edildi\u011fini s\u00f6yledi.<\/p>\n<p>Gaziantep&#8217;te liseye ate\u015f a\u00e7\u0131ld\u0131\u011f\u0131 bildirildi<br \/>\n\u0130hlas Haber Ajans\u0131&#8217;n\u0131n aktard\u0131\u011f\u0131na g\u00f6re Gaziantep&#8217;te bir liseye gelen d\u00f6rt \u015f\u00fcpheli, okuldan d\u0131\u015far\u0131 \u00e7a\u011f\u0131rd\u0131klar\u0131 \u00f6\u011frenciye kurus\u0131k\u0131 tabancayla ate\u015f a\u00e7t\u0131.<\/p>\n<p>Olayda kimse yaralanmazken bir \u015f\u00fcpheli g\u00f6zalt\u0131na al\u0131nd\u0131, \u00fc\u00e7 ki\u015fi ise aran\u0131yor.<\/p>\n<p>Zonguldak: &#8220;Okuluna sald\u0131r\u0131ca\u011f\u0131n\u0131&#8221; s\u00f6yledi\u011fi iddia edilen lise \u00f6\u011frencisi adliyede<br \/>\nZonguldak&#8217;ta s\u0131n\u0131f arkada\u015flar\u0131n\u0131n bulundu\u011fu WhatsApp grubuna &#8220;okulda sald\u0131r\u0131 yapaca\u011f\u0131na dair mesajlar att\u0131\u011f\u0131&#8221; iddias\u0131yla g\u00f6zalt\u0131na al\u0131nan 17 ya\u015f\u0131ndaki lise \u00f6\u011frencisi B.T.A., polisteki i\u015flemlerinin ard\u0131ndan adliyeye sevk edildi.<\/p>\n<p>Velilerin ihbar\u0131na g\u00f6re Fener Anadolu Lisesi\u2019nde e\u011fitim g\u00f6ren B.T.A., s\u0131n\u0131f arkada\u015flar\u0131n\u0131n bulundu\u011fu WhatsApp grubunda &#8220;\u015eanl\u0131urfa Siverek ve Kahramanmara\u015f\u2019takine benzer \u015fekilde okulda sald\u0131r\u0131 yapaca\u011f\u0131 y\u00f6n\u00fcnde mesajlar at\u0131p tehdit i\u00e7erikli foto\u011fraflar payla\u015ft\u0131.&#8221;<\/p>\n<p>\u0130hbar \u00fczerine Zonguldak Cumhuriyet Ba\u015fsavc\u0131l\u0131\u011f\u0131\u2019n\u0131n talimat\u0131yla polis ekipleri, B.T.A.\u2019n\u0131n evine operasyon d\u00fczenledi. Evdeki aramada, B.T.A.\u2019n\u0131n odas\u0131nda alt\u0131 kurus\u0131k\u0131 tabanca mermisi ele ge\u00e7irildi. B.T.A., \u00c7ocuk \u015eube M\u00fcd\u00fcrl\u00fc\u011f\u00fc ekipleri taraf\u0131ndan g\u00f6zalt\u0131na al\u0131nd\u0131.<\/p>\n<p>DHA&#8217;n\u0131n aktard\u0131\u011f\u0131na g\u00f6re B.T.A., evine gelen polislere, &#8220;arkada\u015flar\u0131na \u015faka yapmak amac\u0131yla bu tip mesajlar att\u0131\u011f\u0131n\u0131, kurus\u0131k\u0131 tabanca mermilerini ise k\u00f6yden hat\u0131ra ama\u00e7l\u0131 getirdi\u011fini&#8221; s\u00f6yledi.<\/p>\n<p>Habere g\u00f6re 17 ya\u015f\u0131ndaki gen\u00e7, \u00f6nceki okulundan &#8220;s\u0131n\u0131fta torpil patlatt\u0131\u011f\u0131 i\u00e7in&#8221; at\u0131ld\u0131.<\/p>\n<p>B.T.A\u2019n\u0131n adliyedeki i\u015flemleri s\u00fcr\u00fcyor. <\/p>\n<p>DW,ANKA,DHA \/ S\u00c7,TY,JD<\/p>\n<p>Kaynak : dw.com<\/p>\n"},"alt_text":"","media_type":"image","mime_type":"image\/jpeg","media_details":{"width":1200,"height":675,"file":"2026\/04\/1-221.jpg","sizes":{"medium":{"file":"1-221-300x169.jpg","width":300,"height":169,"mime_type":"image\/jpeg","source_url":"https:\/\/kilosorunum.com\/habercim\/wp-content\/uploads\/2026\/04\/1-221-300x169.jpg"},"large":{"file":"1-221-1024x576.jpg","width":1024,"height":576,"mime_type":"image\/jpeg","source_url":"https:\/\/kilosorunum.com\/habercim\/wp-content\/uploads\/2026\/04\/1-221-1024x576.jpg"},"thumbnail":{"file":"1-221-150x150.jpg","width":150,"height":150,"mime_type":"image\/jpeg","source_url":"https:\/\/kilosorunum.com\/habercim\/wp-content\/uploads\/2026\/04\/1-221-150x150.jpg"},"medium_large":{"file":"1-221-768x432.jpg","width":768,"height":432,"mime_type":"image\/jpeg","source_url":"https:\/\/kilosorunum.com\/habercim\/wp-content\/uploads\/2026\/04\/1-221-768x432.jpg"},"kucukResim":{"file":"1-221-80x50.jpg","width":80,"height":50,"mime_type":"image\/jpeg","source_url":"https:\/\/kilosorunum.com\/habercim\/wp-content\/uploads\/2026\/04\/1-221-80x50.jpg"},"sliderResim":{"file":"1-221-670x330.jpg","width":670,"height":330,"mime_type":"image\/jpeg","source_url":"https:\/\/kilosorunum.com\/habercim\/wp-content\/uploads\/2026\/04\/1-221-670x330.jpg"},"resim1":{"file":"1-221-184x140.jpg","width":184,"height":140,"mime_type":"image\/jpeg","source_url":"https:\/\/kilosorunum.com\/habercim\/wp-content\/uploads\/2026\/04\/1-221-184x140.jpg"},"resim2":{"file":"1-221-216x103.jpg","width":216,"height":103,"mime_type":"image\/jpeg","source_url":"https:\/\/kilosorunum.com\/habercim\/wp-content\/uploads\/2026\/04\/1-221-216x103.jpg"},"resim3":{"file":"1-221-145x70.jpg","width":145,"height":70,"mime_type":"image\/jpeg","source_url":"https:\/\/kilosorunum.com\/habercim\/wp-content\/uploads\/2026\/04\/1-221-145x70.jpg"},"sagSlider":{"file":"1-221-300x150.jpg","width":300,"height":150,"mime_type":"image\/jpeg","source_url":"https:\/\/kilosorunum.com\/habercim\/wp-content\/uploads\/2026\/04\/1-221-300x150.jpg"},"yeniSlider":{"file":"1-221-500x290.jpg","width":500,"height":290,"mime_type":"image\/jpeg","source_url":"https:\/\/kilosorunum.com\/habercim\/wp-content\/uploads\/2026\/04\/1-221-500x290.jpg"},"full":{"file":"1-221.jpg","width":1200,"height":675,"mime_type":"image\/jpeg","source_url":"https:\/\/kilosorunum.com\/habercim\/wp-content\/uploads\/2026\/04\/1-221.jpg"}},"image_meta":{"aperture":"0","credit":"","camera":"","caption":"","created_timestamp":"0","copyright":"","focal_length":"0","iso":"0","shutter_speed":"0","title":"","orientation":"0","keywords":[]}},"post":46684,"source_url":"https:\/\/kilosorunum.com\/habercim\/wp-content\/uploads\/2026\/04\/1-221.jpg","_links":{"self":[{"href":"https:\/\/kilosorunum.com\/habercim\/wp-json\/wp\/v2\/media\/46686"}],"collection":[{"href":"https:\/\/kilosorunum.com\/habercim\/wp-json\/wp\/v2\/media"}],"about":[{"href":"https:\/\/kilosorunum.com\/habercim\/wp-json\/wp\/v2\/types\/attachment"}],"author":[{"embeddable":true,"href":"https:\/\/kilosorunum.com\/habercim\/wp-json\/wp\/v2\/users\/2"}],"replies":[{"embeddable":true,"href":"https:\/\/kilosorunum.com\/habercim\/wp-json\/wp\/v2\/comments?post=46686"}]}}