{"id":46706,"date":"2026-04-20T23:49:17","date_gmt":"2026-04-20T20:49:17","guid":{"rendered":"https:\/\/kilosorunum.com\/habercim\/wp-content\/uploads\/2026\/04\/1-15-768x201-240.jpg"},"modified":"2026-04-20T23:50:34","modified_gmt":"2026-04-20T20:50:34","slug":"1-15-768x201-2560","status":"inherit","type":"attachment","link":"https:\/\/kilosorunum.com\/habercim\/foto-galeri\/okullar-tatil-edildi\/attachment\/1-15-768x201-2560\/","title":{"rendered":"Okullar Tatil Edildi"},"author":2,"comment_status":"open","ping_status":"closed","template":"","meta":[],"description":{"rendered":"<p class=\"attachment\"><a href='https:\/\/kilosorunum.com\/habercim\/wp-content\/uploads\/2026\/04\/1-15-768x201-240.jpg'><img width=\"300\" height=\"79\" src=\"https:\/\/kilosorunum.com\/habercim\/wp-content\/uploads\/2026\/04\/1-15-768x201-240-300x79.jpg\" class=\"attachment-medium size-medium\" alt=\"\" loading=\"lazy\" srcset=\"https:\/\/kilosorunum.com\/habercim\/wp-content\/uploads\/2026\/04\/1-15-768x201-240-300x79.jpg 300w, https:\/\/kilosorunum.com\/habercim\/wp-content\/uploads\/2026\/04\/1-15-768x201-240.jpg 768w\" sizes=\"(max-width: 300px) 100vw, 300px\" \/><\/a><\/p>\n"},"caption":{"rendered":"<p>Bu y\u0131l per\u015fembe g\u00fcn\u00fcne rastlayan 23 Nisan, resmi tatil kapsam\u0131nda kutlanacak ve bu nedenle okullar ile t\u00fcm resmi kurumlar hizmet vermeyecek. Resmi tatil uygulamas\u0131 \u00f6zel sekt\u00f6rde de ge\u00e7erli olurken, zorunlu olarak \u00e7al\u0131\u015fan personele mevzuat gere\u011fi ilave mesai \u00fccreti \u00f6denecek. Ulusal Egemenlik ve \u00c7ocuk Bayram\u0131 dolay\u0131s\u0131yla \u00fcniversiteler ve liseler de e\u011fitime ara verecek ve g\u00fcn boyunca kamu genelinde tatil d\u00fczeni uygulanacak.<br \/>\n24 Nisan, T\u00fcrkiye\u2019de resmi tatil g\u00fcnleri aras\u0131nda yer almad\u0131\u011f\u0131 i\u00e7in mevzuata g\u00f6re tatil olarak kabul edilmez; bu nedenle 23 Nisan Ulusal Egemenlik ve \u00c7ocuk Bayram\u0131\u2019n\u0131n per\u015fembe g\u00fcn\u00fcne denk geldi\u011fi y\u0131llarda, 24 Nisan cuma g\u00fcn\u00fc normal \u00e7al\u0131\u015fma ve e\u011fitim d\u00fczeni devam eder. Okullar, \u00fcniversiteler, kamu kurumlar\u0131 ve bankalar a\u00e7\u0131k olurken, \u00f6zel sekt\u00f6rde de standart mesai uygulan\u0131r. Ancak zaman zaman kamu \u00e7al\u0131\u015fanlar\u0131 i\u00e7in idari izin karar\u0131 al\u0131nabilse de bu durum genel bir kural de\u011fildir ve resmi tatil anlam\u0131 ta\u015f\u0131maz; dolay\u0131s\u0131yla aksi y\u00f6nde \u00f6zel bir karar a\u00e7\u0131klanmad\u0131\u011f\u0131 s\u00fcrece 24 Nisan \u00e7al\u0131\u015fma g\u00fcn\u00fcd\u00fcr.<br \/>\n22 N\u0130SAN YARIM G\u00dcN M\u00dc?<\/p>\n<p>Ulusal Bayram ve Genel Tatilleri Kanununda yer alan bilgilere g\u00f6re 22 Nisan yar\u0131m g\u00fcn ve resmi tatil de\u011fildir.<\/p>\n<p>RESM\u0130 TAT\u0130LLER 2026 L\u0130STES\u0130<\/p>\n<p>Resmi ve dini bayram g\u00fcnleri ile y\u0131lba\u015f\u0131 g\u00fcn\u00fc ve 1 May\u0131s g\u00fcn\u00fc genel tatil g\u00fcnleridir.<\/p>\n<p>1 Ocak: Y\u0131lba\u015f\u0131<br \/>\n19 Mart: Ramazan Bayram\u0131 Arifesi (Yar\u0131m g\u00fcn)<br \/>\n20\u201322 Mart: Ramazan Bayram\u0131<br \/>\n23 Nisan: Ulusal Egemenlik ve \u00c7ocuk Bayram\u0131<br \/>\n1 May\u0131s: Emek ve Dayan\u0131\u015fma G\u00fcn\u00fc<br \/>\n19 May\u0131s: Atat\u00fcrk\u2019\u00fc Anma, Gen\u00e7lik ve Spor Bayram\u0131<br \/>\n26 May\u0131s: Kurban Bayram\u0131 Arifesi (Yar\u0131m g\u00fcn)<br \/>\n27\u201330 May\u0131s: Kurban Bayram\u0131<br \/>\n15 Temmuz: Demokrasi ve Milli Birlik G\u00fcn\u00fc<br \/>\n30 A\u011fustos: Zafer Bayram\u0131<br \/>\n28 Ekim: Cumhuriyet Bayram\u0131 Arifesi (Yar\u0131m g\u00fcn)<br \/>\n29 Ekim: Cumhuriyet Bayram\u0131<\/p>\n<p>Kaynak : cnnturk.com<\/p>\n"},"alt_text":"","media_type":"image","mime_type":"image\/jpeg","media_details":{"width":768,"height":201,"file":"2026\/04\/1-15-768x201-240.jpg","sizes":{"medium":{"file":"1-15-768x201-240-300x79.jpg","width":300,"height":79,"mime_type":"image\/jpeg","source_url":"https:\/\/kilosorunum.com\/habercim\/wp-content\/uploads\/2026\/04\/1-15-768x201-240-300x79.jpg"},"thumbnail":{"file":"1-15-768x201-240-150x150.jpg","width":150,"height":150,"mime_type":"image\/jpeg","source_url":"https:\/\/kilosorunum.com\/habercim\/wp-content\/uploads\/2026\/04\/1-15-768x201-240-150x150.jpg"},"kucukResim":{"file":"1-15-768x201-240-80x50.jpg","width":80,"height":50,"mime_type":"image\/jpeg","source_url":"https:\/\/kilosorunum.com\/habercim\/wp-content\/uploads\/2026\/04\/1-15-768x201-240-80x50.jpg"},"sliderResim":{"file":"1-15-768x201-240-670x201.jpg","width":670,"height":201,"mime_type":"image\/jpeg","source_url":"https:\/\/kilosorunum.com\/habercim\/wp-content\/uploads\/2026\/04\/1-15-768x201-240-670x201.jpg"},"resim1":{"file":"1-15-768x201-240-184x140.jpg","width":184,"height":140,"mime_type":"image\/jpeg","source_url":"https:\/\/kilosorunum.com\/habercim\/wp-content\/uploads\/2026\/04\/1-15-768x201-240-184x140.jpg"},"resim2":{"file":"1-15-768x201-240-216x103.jpg","width":216,"height":103,"mime_type":"image\/jpeg","source_url":"https:\/\/kilosorunum.com\/habercim\/wp-content\/uploads\/2026\/04\/1-15-768x201-240-216x103.jpg"},"resim3":{"file":"1-15-768x201-240-145x70.jpg","width":145,"height":70,"mime_type":"image\/jpeg","source_url":"https:\/\/kilosorunum.com\/habercim\/wp-content\/uploads\/2026\/04\/1-15-768x201-240-145x70.jpg"},"sagSlider":{"file":"1-15-768x201-240-300x150.jpg","width":300,"height":150,"mime_type":"image\/jpeg","source_url":"https:\/\/kilosorunum.com\/habercim\/wp-content\/uploads\/2026\/04\/1-15-768x201-240-300x150.jpg"},"yeniSlider":{"file":"1-15-768x201-240-500x201.jpg","width":500,"height":201,"mime_type":"image\/jpeg","source_url":"https:\/\/kilosorunum.com\/habercim\/wp-content\/uploads\/2026\/04\/1-15-768x201-240-500x201.jpg"},"full":{"file":"1-15-768x201-240.jpg","width":768,"height":201,"mime_type":"image\/jpeg","source_url":"https:\/\/kilosorunum.com\/habercim\/wp-content\/uploads\/2026\/04\/1-15-768x201-240.jpg"}},"image_meta":{"aperture":"0","credit":"","camera":"","caption":"","created_timestamp":"0","copyright":"","focal_length":"0","iso":"0","shutter_speed":"0","title":"","orientation":"0","keywords":[]}},"post":46704,"source_url":"https:\/\/kilosorunum.com\/habercim\/wp-content\/uploads\/2026\/04\/1-15-768x201-240.jpg","_links":{"self":[{"href":"https:\/\/kilosorunum.com\/habercim\/wp-json\/wp\/v2\/media\/46706"}],"collection":[{"href":"https:\/\/kilosorunum.com\/habercim\/wp-json\/wp\/v2\/media"}],"about":[{"href":"https:\/\/kilosorunum.com\/habercim\/wp-json\/wp\/v2\/types\/attachment"}],"author":[{"embeddable":true,"href":"https:\/\/kilosorunum.com\/habercim\/wp-json\/wp\/v2\/users\/2"}],"replies":[{"embeddable":true,"href":"https:\/\/kilosorunum.com\/habercim\/wp-json\/wp\/v2\/comments?post=46706"}]}}