{"id":46711,"date":"2026-04-21T13:01:58","date_gmt":"2026-04-21T10:01:58","guid":{"rendered":"https:\/\/kilosorunum.com\/habercim\/wp-content\/uploads\/2026\/04\/1-15-768x201-242.jpg"},"modified":"2026-04-21T13:03:20","modified_gmt":"2026-04-21T10:03:20","slug":"1-15-768x201-2562","status":"inherit","type":"attachment","link":"https:\/\/kilosorunum.com\/habercim\/foto-galeri\/plani-yapanlar\/attachment\/1-15-768x201-2562\/","title":{"rendered":"Plan\u0131 yapanlar"},"author":2,"comment_status":"open","ping_status":"closed","template":"","meta":[],"description":{"rendered":"<p class=\"attachment\"><a href='https:\/\/kilosorunum.com\/habercim\/wp-content\/uploads\/2026\/04\/1-15-768x201-242.jpg'><img width=\"300\" height=\"79\" src=\"https:\/\/kilosorunum.com\/habercim\/wp-content\/uploads\/2026\/04\/1-15-768x201-242-300x79.jpg\" class=\"attachment-medium size-medium\" alt=\"\" loading=\"lazy\" srcset=\"https:\/\/kilosorunum.com\/habercim\/wp-content\/uploads\/2026\/04\/1-15-768x201-242-300x79.jpg 300w, https:\/\/kilosorunum.com\/habercim\/wp-content\/uploads\/2026\/04\/1-15-768x201-242.jpg 768w\" sizes=\"(max-width: 300px) 100vw, 300px\" \/><\/a><\/p>\n"},"caption":{"rendered":"<p>Kahramanmara\u015f\u2019ta 9 ki\u015fiyi katleden \u0130sa Aras Mersinli\u2019nin ailesi okuldan gelen uyar\u0131lar\u0131 dikkate almam\u0131\u015f. Anne P\u0131nar Peyman Mersinli, \u00e7ocu\u011fun psikolojik sorunlar\u0131n\u0131 g\u00f6r\u00fc\u015fmek i\u00e7in arayan okulun rehber \u00f6\u011fretmeni Ejder \u0130.\u2019nin y\u00fcz\u00fcne telefonu kapatt\u0131. Aile, \u201c\u00c7ocu\u011fumuz a\u015f\u0131r\u0131 zeki bu nedenle uyum sorunu ya\u015f\u0131yor\u201d diyerek durumu normalle\u015ftirmeye \u00e7al\u0131\u015ft\u0131.<br \/>\nKahramanmara\u015f\u2019ta 1 \u00f6\u011fretmen ve 8 \u00f6\u011frencinin sald\u0131rgan \u0130sa Aras Mersinli taraf\u0131ndan vah\u015fice \u00f6ld\u00fcr\u00fcld\u00fc\u011f\u00fc Ayser \u00c7al\u0131k Ortaokulu\u2019ndaki sald\u0131r\u0131ya ili\u015fkin y\u00fcr\u00fct\u00fclen soru\u015fturma derinle\u015ftiriliyor. 14 ya\u015f\u0131ndaki sald\u0131rgan\u0131n ailesine, okul y\u00f6netiminin tutumuna ve olay an\u0131ndaki g\u00fcvenlik s\u00fcre\u00e7lerine dair dikkat \u00e7ekici bilgiler ortaya \u00e7\u0131kt\u0131.<br \/>\nOkulun rehber \u00f6\u011fretmeni Ejder \u0130\u2019nin, \u00e7ocu\u011fun psikolojik durumunu g\u00f6r\u00fc\u015fmek amac\u0131yla anneye ula\u015fmaya \u00e7al\u0131\u015ft\u0131\u011f\u0131 ancak anne P\u0131nar Peyman Mersinli\u2019nin telefonu y\u00fcz\u00fcne kapatt\u0131\u011f\u0131 \u00f6ne s\u00fcr\u00fcl\u00fcyor. Ailenin, \u00e7ocuklar\u0131n\u0131n \u201ca\u015f\u0131r\u0131 zeki\u201d oldu\u011fu ve bu nedenle uyum sorunu ya\u015fad\u0131\u011f\u0131 y\u00f6n\u00fcndeki de\u011ferlendirmesinin hem baban\u0131n savc\u0131l\u0131k ifadelerine hem de sald\u0131rgan\u0131n yazd\u0131\u011f\u0131 manifestoya yans\u0131d\u0131\u011f\u0131 ifade ediliyor. Annenin ifadesi bas\u0131na yans\u0131mazken, bir gece g\u00f6zalt\u0131nda tutulduktan sonra serbest b\u0131rak\u0131ld\u0131\u011f\u0131 biliniyor. Bu durum, kamuoyunda annenin profilinin de detayl\u0131 \u015fekilde incelenmesi gerekti\u011fi y\u00f6n\u00fcnde de\u011ferlendirmelere neden oluyor.<br \/>\nOlay\u0131n teknik boyutuna ili\u015fkin ayr\u0131nt\u0131lar da netlik kazanm\u0131\u015f de\u011fil. Rehber \u00d6\u011fretmen Ejder \u0130\u2019nin bas\u0131na yans\u0131yan ifadelerine g\u00f6re, silah sesleri ilk etapta trafoda ar\u0131za olarak de\u011ferlendirildi ve elektrik \u015falteri kapat\u0131ld\u0131. Bu durum, g\u00fcvenlik kameralar\u0131n\u0131n olay s\u0131ras\u0131nda ne kadar s\u00fcre \u00e7al\u0131\u015ft\u0131\u011f\u0131 ve hangi noktada devre d\u0131\u015f\u0131 kald\u0131\u011f\u0131 sorular\u0131n\u0131 beraberinde getiriyor.<br \/>\nSald\u0131r\u0131n\u0131n ger\u00e7ekle\u015fti\u011fi g\u00fcn baz\u0131 \u00f6\u011fretmenlerin okulda bulunmamas\u0131 da tart\u0131\u015fma konusu oldu. \u015eanl\u0131urfa\u2019da ya\u015fanan ilk sald\u0131r\u0131n\u0131n ard\u0131ndan yap\u0131lan eylem \u00e7a\u011fr\u0131lar\u0131 nedeniyle baz\u0131 \u00f6\u011fretmenlerin okula gitmedi\u011fi, buna kar\u015f\u0131l\u0131k baz\u0131 \u00f6\u011fretmenlerin ise \u201cOkullar bo\u015f b\u0131rak\u0131lamaz\u201d diyerek g\u00f6revlerinin ba\u015f\u0131nda oldu\u011fu ifade ediliyor. Fedak\u00e2r e\u011fitimci Ayla Kara\u2019n\u0131n da bu isimler aras\u0131nda yer ald\u0131\u011f\u0131 belirtiliyor.<\/p>\n<p>Kaynak : yenisafak.com<\/p>\n"},"alt_text":"","media_type":"image","mime_type":"image\/jpeg","media_details":{"width":768,"height":201,"file":"2026\/04\/1-15-768x201-242.jpg","sizes":{"medium":{"file":"1-15-768x201-242-300x79.jpg","width":300,"height":79,"mime_type":"image\/jpeg","source_url":"https:\/\/kilosorunum.com\/habercim\/wp-content\/uploads\/2026\/04\/1-15-768x201-242-300x79.jpg"},"thumbnail":{"file":"1-15-768x201-242-150x150.jpg","width":150,"height":150,"mime_type":"image\/jpeg","source_url":"https:\/\/kilosorunum.com\/habercim\/wp-content\/uploads\/2026\/04\/1-15-768x201-242-150x150.jpg"},"kucukResim":{"file":"1-15-768x201-242-80x50.jpg","width":80,"height":50,"mime_type":"image\/jpeg","source_url":"https:\/\/kilosorunum.com\/habercim\/wp-content\/uploads\/2026\/04\/1-15-768x201-242-80x50.jpg"},"sliderResim":{"file":"1-15-768x201-242-670x201.jpg","width":670,"height":201,"mime_type":"image\/jpeg","source_url":"https:\/\/kilosorunum.com\/habercim\/wp-content\/uploads\/2026\/04\/1-15-768x201-242-670x201.jpg"},"resim1":{"file":"1-15-768x201-242-184x140.jpg","width":184,"height":140,"mime_type":"image\/jpeg","source_url":"https:\/\/kilosorunum.com\/habercim\/wp-content\/uploads\/2026\/04\/1-15-768x201-242-184x140.jpg"},"resim2":{"file":"1-15-768x201-242-216x103.jpg","width":216,"height":103,"mime_type":"image\/jpeg","source_url":"https:\/\/kilosorunum.com\/habercim\/wp-content\/uploads\/2026\/04\/1-15-768x201-242-216x103.jpg"},"resim3":{"file":"1-15-768x201-242-145x70.jpg","width":145,"height":70,"mime_type":"image\/jpeg","source_url":"https:\/\/kilosorunum.com\/habercim\/wp-content\/uploads\/2026\/04\/1-15-768x201-242-145x70.jpg"},"sagSlider":{"file":"1-15-768x201-242-300x150.jpg","width":300,"height":150,"mime_type":"image\/jpeg","source_url":"https:\/\/kilosorunum.com\/habercim\/wp-content\/uploads\/2026\/04\/1-15-768x201-242-300x150.jpg"},"yeniSlider":{"file":"1-15-768x201-242-500x201.jpg","width":500,"height":201,"mime_type":"image\/jpeg","source_url":"https:\/\/kilosorunum.com\/habercim\/wp-content\/uploads\/2026\/04\/1-15-768x201-242-500x201.jpg"},"full":{"file":"1-15-768x201-242.jpg","width":768,"height":201,"mime_type":"image\/jpeg","source_url":"https:\/\/kilosorunum.com\/habercim\/wp-content\/uploads\/2026\/04\/1-15-768x201-242.jpg"}},"image_meta":{"aperture":"0","credit":"","camera":"","caption":"","created_timestamp":"0","copyright":"","focal_length":"0","iso":"0","shutter_speed":"0","title":"","orientation":"0","keywords":[]}},"post":46709,"source_url":"https:\/\/kilosorunum.com\/habercim\/wp-content\/uploads\/2026\/04\/1-15-768x201-242.jpg","_links":{"self":[{"href":"https:\/\/kilosorunum.com\/habercim\/wp-json\/wp\/v2\/media\/46711"}],"collection":[{"href":"https:\/\/kilosorunum.com\/habercim\/wp-json\/wp\/v2\/media"}],"about":[{"href":"https:\/\/kilosorunum.com\/habercim\/wp-json\/wp\/v2\/types\/attachment"}],"author":[{"embeddable":true,"href":"https:\/\/kilosorunum.com\/habercim\/wp-json\/wp\/v2\/users\/2"}],"replies":[{"embeddable":true,"href":"https:\/\/kilosorunum.com\/habercim\/wp-json\/wp\/v2\/comments?post=46711"}]}}