{"id":46752,"date":"2026-04-21T19:34:57","date_gmt":"2026-04-21T16:34:57","guid":{"rendered":"https:\/\/kilosorunum.com\/habercim\/wp-content\/uploads\/2026\/04\/1-15-768x201-253.jpg"},"modified":"2026-04-21T19:36:31","modified_gmt":"2026-04-21T16:36:31","slug":"1-15-768x201-2573","status":"inherit","type":"attachment","link":"https:\/\/kilosorunum.com\/habercim\/foto-galeri\/rojin-kabaisin-babasi\/attachment\/1-15-768x201-2573\/","title":{"rendered":"Rojin Kabai\u015f&#8217;in babas\u0131"},"author":2,"comment_status":"open","ping_status":"closed","template":"","meta":[],"description":{"rendered":"<p class=\"attachment\"><a href='https:\/\/kilosorunum.com\/habercim\/wp-content\/uploads\/2026\/04\/1-15-768x201-253.jpg'><img width=\"300\" height=\"79\" src=\"https:\/\/kilosorunum.com\/habercim\/wp-content\/uploads\/2026\/04\/1-15-768x201-253-300x79.jpg\" class=\"attachment-medium size-medium\" alt=\"\" loading=\"lazy\" srcset=\"https:\/\/kilosorunum.com\/habercim\/wp-content\/uploads\/2026\/04\/1-15-768x201-253-300x79.jpg 300w, https:\/\/kilosorunum.com\/habercim\/wp-content\/uploads\/2026\/04\/1-15-768x201-253.jpg 768w\" sizes=\"(max-width: 300px) 100vw, 300px\" \/><\/a><\/p>\n"},"caption":{"rendered":"<p>Rojin Kabai\u015f\u2019in babas\u0131 Nizamettin Kabai\u015f yeni a\u00e7\u0131klamalar yapt\u0131. K\u0131z\u0131 Rojin Kabai\u015f i\u00e7in adalet isteyen Kabai\u015f, gazeteci Ru\u015fen Takva&#8217;ya konu\u015ftu. Kabai\u015f, &#8220;Biz d\u00fcn Diyarbak\u0131r&#8217;dan Tunceli&#8217;ye gittik. G\u00fclistan Doku&#8217;nun ailesini ziyaret etmeye gittik. Adalet Bakan\u0131m\u0131z&#8217;a te\u015fekk\u00fcrlerimi sunuyorum. Adalet Bakan\u0131 devreye girdi. G\u00fclistan Doku&#8217;nun dosyas\u0131 \u00e7\u00f6z\u00fcld\u00fc. Tunceli Ba\u015fsavc\u0131m\u0131za da te\u015fekk\u00fcr ediyorum. O da tarihi bir ad\u0131m att\u0131&#8221; dedi.<br \/>\nKabai\u015f, &#8220;6 sene o aileye ac\u0131 \u00e7ektirdiler. 6 seneden sonra valinin o\u011flu \u00e7\u0131kt\u0131. Sen kenti y\u00f6netiyorsun. Bu gen\u00e7 k\u0131za nas\u0131l zarar verdin? Devletin g\u00fcc\u00fcyle devletin mal\u0131n\u0131 zarara u\u011fratt\u0131n. Gittin baraj\u0131 bo\u015faltt\u0131n. Bildi\u011fin halde&#8230; &#8221; diye konu\u015ftu.<br \/>\n&#8220;Rojin Kabai\u015f&#8217;in ki de ayn\u0131 benziyor. Ama bizde vali ile ilgili herhangi bir \u015fey yok. Bizde rekt\u00f6rde b\u00fcy\u00fck s\u0131k\u0131nt\u0131lar var \u00e7\u00fcnk\u00fc rekt\u00f6r\u00fcn hal hareketi \u00e7ok \u015f\u00fcphelidir. Otopsiye de girdi. Delilleri karart\u0131ld\u0131. Rojin&#8217;in v\u00fccudunda kesik yerler de var. Otopsiye girdi. Biz ona davetiye g\u00f6ndermedik. Yasak olmas\u0131 laz\u0131md\u0131. Kap\u0131ya bile gelmemeliydi. E\u011fer o g\u00f6revini yapsayd\u0131 &#8220;Ben Rojin Kabai\u015f&#8217;in ambulans\u0131n \u00f6n\u00fcne d\u00fc\u015fece\u011fim. Onu Diyarbak\u0131r&#8217;a g\u00f6t\u00fcrece\u011fim. Benim \u00e7ocu\u011fum say\u0131l\u0131r. O g\u00f6revi de yapmad\u0131. 3 ay sonra taziyeye geldi. Rekt\u00f6rde s\u0131k\u0131nt\u0131lar var d\u00fc\u015f\u00fcn\u00fcn \u00fcniversiteyi babas\u0131n\u0131n mal\u0131 gibi kullan\u0131yor. B\u00fct\u00fcn akrabalar\u0131 i\u015fe alm\u0131\u015f. G\u00fcvenlik\u00e7ilerin b\u00fcy\u00fck k\u0131sm\u0131 onun akrabalar\u0131d\u0131r. Gen\u00e7 k\u0131zlar\u0131 rahats\u0131z ediyorlar. Rojin intihar etti diyorlar. Ben \u00e7ocu\u011fumu bilirim. Benim k\u0131z\u0131m intihar etmedi. Kim bilir k\u0131z\u0131m\u0131 ba\u015fka suda bo\u011fup getirip oraya b\u0131rakt\u0131lar ve intihar s\u00fcs\u00fc verdiler. Ben bu i\u015fin pe\u015fini ayd\u0131nlanana kadar b\u0131rakmayaca\u011f\u0131m ve sonuna kadar m\u00fccadele edece\u011fim. Rojin\u2019in \u00f6l\u00fcm\u00fc de G\u00fclistan Doku gibi ayd\u0131nlans\u0131n ve kimin parma\u011f\u0131 varsa cezas\u0131n\u0131 \u00e7eksin. \u00fc\u00e7l\u00fcs\u00fcn\u00fcz diye gidip fakir fukaran\u0131n \u00e7ocuklar\u0131na zarar verip bunu \u00f6rtbas m\u0131 edeceksiniz?.&#8221;<\/p>\n<p>Kaynak : yenicaggazetesi.com<\/p>\n"},"alt_text":"","media_type":"image","mime_type":"image\/jpeg","media_details":{"width":768,"height":201,"file":"2026\/04\/1-15-768x201-253.jpg","sizes":{"medium":{"file":"1-15-768x201-253-300x79.jpg","width":300,"height":79,"mime_type":"image\/jpeg","source_url":"https:\/\/kilosorunum.com\/habercim\/wp-content\/uploads\/2026\/04\/1-15-768x201-253-300x79.jpg"},"thumbnail":{"file":"1-15-768x201-253-150x150.jpg","width":150,"height":150,"mime_type":"image\/jpeg","source_url":"https:\/\/kilosorunum.com\/habercim\/wp-content\/uploads\/2026\/04\/1-15-768x201-253-150x150.jpg"},"kucukResim":{"file":"1-15-768x201-253-80x50.jpg","width":80,"height":50,"mime_type":"image\/jpeg","source_url":"https:\/\/kilosorunum.com\/habercim\/wp-content\/uploads\/2026\/04\/1-15-768x201-253-80x50.jpg"},"sliderResim":{"file":"1-15-768x201-253-670x201.jpg","width":670,"height":201,"mime_type":"image\/jpeg","source_url":"https:\/\/kilosorunum.com\/habercim\/wp-content\/uploads\/2026\/04\/1-15-768x201-253-670x201.jpg"},"resim1":{"file":"1-15-768x201-253-184x140.jpg","width":184,"height":140,"mime_type":"image\/jpeg","source_url":"https:\/\/kilosorunum.com\/habercim\/wp-content\/uploads\/2026\/04\/1-15-768x201-253-184x140.jpg"},"resim2":{"file":"1-15-768x201-253-216x103.jpg","width":216,"height":103,"mime_type":"image\/jpeg","source_url":"https:\/\/kilosorunum.com\/habercim\/wp-content\/uploads\/2026\/04\/1-15-768x201-253-216x103.jpg"},"resim3":{"file":"1-15-768x201-253-145x70.jpg","width":145,"height":70,"mime_type":"image\/jpeg","source_url":"https:\/\/kilosorunum.com\/habercim\/wp-content\/uploads\/2026\/04\/1-15-768x201-253-145x70.jpg"},"sagSlider":{"file":"1-15-768x201-253-300x150.jpg","width":300,"height":150,"mime_type":"image\/jpeg","source_url":"https:\/\/kilosorunum.com\/habercim\/wp-content\/uploads\/2026\/04\/1-15-768x201-253-300x150.jpg"},"yeniSlider":{"file":"1-15-768x201-253-500x201.jpg","width":500,"height":201,"mime_type":"image\/jpeg","source_url":"https:\/\/kilosorunum.com\/habercim\/wp-content\/uploads\/2026\/04\/1-15-768x201-253-500x201.jpg"},"full":{"file":"1-15-768x201-253.jpg","width":768,"height":201,"mime_type":"image\/jpeg","source_url":"https:\/\/kilosorunum.com\/habercim\/wp-content\/uploads\/2026\/04\/1-15-768x201-253.jpg"}},"image_meta":{"aperture":"0","credit":"","camera":"","caption":"","created_timestamp":"0","copyright":"","focal_length":"0","iso":"0","shutter_speed":"0","title":"","orientation":"0","keywords":[]}},"post":46750,"source_url":"https:\/\/kilosorunum.com\/habercim\/wp-content\/uploads\/2026\/04\/1-15-768x201-253.jpg","_links":{"self":[{"href":"https:\/\/kilosorunum.com\/habercim\/wp-json\/wp\/v2\/media\/46752"}],"collection":[{"href":"https:\/\/kilosorunum.com\/habercim\/wp-json\/wp\/v2\/media"}],"about":[{"href":"https:\/\/kilosorunum.com\/habercim\/wp-json\/wp\/v2\/types\/attachment"}],"author":[{"embeddable":true,"href":"https:\/\/kilosorunum.com\/habercim\/wp-json\/wp\/v2\/users\/2"}],"replies":[{"embeddable":true,"href":"https:\/\/kilosorunum.com\/habercim\/wp-json\/wp\/v2\/comments?post=46752"}]}}