{"id":46757,"date":"2026-04-21T22:19:25","date_gmt":"2026-04-21T19:19:25","guid":{"rendered":"https:\/\/kilosorunum.com\/habercim\/wp-content\/uploads\/2026\/04\/1-15-768x201-255.jpg"},"modified":"2026-04-21T22:21:04","modified_gmt":"2026-04-21T19:21:04","slug":"1-15-768x201-2575","status":"inherit","type":"attachment","link":"https:\/\/kilosorunum.com\/habercim\/foto-galeri\/emekliye-seyyanen\/attachment\/1-15-768x201-2575\/","title":{"rendered":"Emekliye seyyanen"},"author":2,"comment_status":"open","ping_status":"closed","template":"","meta":[],"description":{"rendered":"<p class=\"attachment\"><a href='https:\/\/kilosorunum.com\/habercim\/wp-content\/uploads\/2026\/04\/1-15-768x201-255.jpg'><img width=\"300\" height=\"79\" src=\"https:\/\/kilosorunum.com\/habercim\/wp-content\/uploads\/2026\/04\/1-15-768x201-255-300x79.jpg\" class=\"attachment-medium size-medium\" alt=\"\" loading=\"lazy\" srcset=\"https:\/\/kilosorunum.com\/habercim\/wp-content\/uploads\/2026\/04\/1-15-768x201-255-300x79.jpg 300w, https:\/\/kilosorunum.com\/habercim\/wp-content\/uploads\/2026\/04\/1-15-768x201-255.jpg 768w\" sizes=\"(max-width: 300px) 100vw, 300px\" \/><\/a><\/p>\n"},"caption":{"rendered":"<p>AKP\u2019nin 2023 se\u00e7imlerinden \u00f6nce en \u00f6nemli vaatlerinden biri memur emeklileri i\u00e7in seyyanen zam verilmesiydi.<\/p>\n<p>Erdo\u011fan &#8220;Memura verilen seyyanen zam, emeklisine de aynen yans\u0131t\u0131lacak\u201d demi\u015fti. Ancak aradan ge\u00e7en yakla\u015f\u0131k 3 y\u0131la kar\u015f\u0131n bu konuda bir ad\u0131m at\u0131lmad\u0131. 2,5 M\u0130LYON MA\u011eDUR<br \/>\nBu arada memur emeklilerinin ya\u015fad\u0131\u011f\u0131 bu ma\u011fduriyetin giderilmesine y\u00f6nelik yasa teklifi T\u00fcrkiye B\u00fcy\u00fck Millet Meclisi Ba\u015fkanl\u0131\u011f\u0131\u2019na sunuldu. Kanun teklifinin gerek\u00e7esinde, emekli memurlar\u0131n ekonomik ko\u015fullar nedeniyle onurlu bir ya\u015fam s\u00fcrmelerinin zorla\u015ft\u0131\u011f\u0131 savunuldu. Gerek\u00e7ede, \u00f6zellikle 2023 Temmuz ay\u0131nda yap\u0131lan seyyanen zamm\u0131n emeklilere yans\u0131t\u0131lmamas\u0131 nedeniyle yakla\u015f\u0131k 2 milyon 540 bin memur emeklisinin ma\u011fdur oldu\u011fu belirtildi.<\/p>\n<p>\u00c7al\u0131\u015fan memurlar ile emekliler aras\u0131ndaki gelir fark\u0131n\u0131n derinle\u015fti\u011fi vurgulanan gerek\u00e7ede, bu durumun sosyal devlet ve Anayasa\u2019n\u0131n g\u00fcvence alt\u0131na ald\u0131\u011f\u0131 sosyal g\u00fcvenlik hakk\u0131 ilkelerine ayk\u0131r\u0131 oldu\u011fu belirtildi.<\/p>\n<p>&#8220;SEYYANEN ZAM HAKTIR&#8221;<br \/>\nCHP Milletvekili Engin Altay\u2019\u0131n verdi\u011fi kanun teklifinde &#8220;Teklifimizle; memurlara halihaz\u0131rda \u00f6denen 22 bin 157 TL\u2019lik seyyanen art\u0131\u015f\u0131n memur emeklilerine de aynen yans\u0131t\u0131lmas\u0131n\u0131 \u00f6ng\u00f6r\u00fcyoruz. Memur emeklisine 22 bin 157 lira seyyanen zam hakt\u0131r. Bug\u00fcn bir memur aktif g\u00f6revdeyken ald\u0131\u011f\u0131 ilave art\u0131\u015f\u0131, emekli oldu\u011funda kaybetmektedir\u201d denildi.<\/p>\n<p>Altay, kanun teklifiyle \u201cmemurlar ve emekli memurlar aras\u0131ndaki adaletsizliklerin giderilmesini ve ekonomik durumlar\u0131n\u0131n iyile\u015ftirilmesini\u201d ama\u00e7lad\u0131klar\u0131n\u0131 kaydetti.<\/p>\n<p>Kaynak : birgun.net<\/p>\n"},"alt_text":"","media_type":"image","mime_type":"image\/jpeg","media_details":{"width":768,"height":201,"file":"2026\/04\/1-15-768x201-255.jpg","sizes":{"medium":{"file":"1-15-768x201-255-300x79.jpg","width":300,"height":79,"mime_type":"image\/jpeg","source_url":"https:\/\/kilosorunum.com\/habercim\/wp-content\/uploads\/2026\/04\/1-15-768x201-255-300x79.jpg"},"thumbnail":{"file":"1-15-768x201-255-150x150.jpg","width":150,"height":150,"mime_type":"image\/jpeg","source_url":"https:\/\/kilosorunum.com\/habercim\/wp-content\/uploads\/2026\/04\/1-15-768x201-255-150x150.jpg"},"kucukResim":{"file":"1-15-768x201-255-80x50.jpg","width":80,"height":50,"mime_type":"image\/jpeg","source_url":"https:\/\/kilosorunum.com\/habercim\/wp-content\/uploads\/2026\/04\/1-15-768x201-255-80x50.jpg"},"sliderResim":{"file":"1-15-768x201-255-670x201.jpg","width":670,"height":201,"mime_type":"image\/jpeg","source_url":"https:\/\/kilosorunum.com\/habercim\/wp-content\/uploads\/2026\/04\/1-15-768x201-255-670x201.jpg"},"resim1":{"file":"1-15-768x201-255-184x140.jpg","width":184,"height":140,"mime_type":"image\/jpeg","source_url":"https:\/\/kilosorunum.com\/habercim\/wp-content\/uploads\/2026\/04\/1-15-768x201-255-184x140.jpg"},"resim2":{"file":"1-15-768x201-255-216x103.jpg","width":216,"height":103,"mime_type":"image\/jpeg","source_url":"https:\/\/kilosorunum.com\/habercim\/wp-content\/uploads\/2026\/04\/1-15-768x201-255-216x103.jpg"},"resim3":{"file":"1-15-768x201-255-145x70.jpg","width":145,"height":70,"mime_type":"image\/jpeg","source_url":"https:\/\/kilosorunum.com\/habercim\/wp-content\/uploads\/2026\/04\/1-15-768x201-255-145x70.jpg"},"sagSlider":{"file":"1-15-768x201-255-300x150.jpg","width":300,"height":150,"mime_type":"image\/jpeg","source_url":"https:\/\/kilosorunum.com\/habercim\/wp-content\/uploads\/2026\/04\/1-15-768x201-255-300x150.jpg"},"yeniSlider":{"file":"1-15-768x201-255-500x201.jpg","width":500,"height":201,"mime_type":"image\/jpeg","source_url":"https:\/\/kilosorunum.com\/habercim\/wp-content\/uploads\/2026\/04\/1-15-768x201-255-500x201.jpg"},"full":{"file":"1-15-768x201-255.jpg","width":768,"height":201,"mime_type":"image\/jpeg","source_url":"https:\/\/kilosorunum.com\/habercim\/wp-content\/uploads\/2026\/04\/1-15-768x201-255.jpg"}},"image_meta":{"aperture":"0","credit":"","camera":"","caption":"","created_timestamp":"0","copyright":"","focal_length":"0","iso":"0","shutter_speed":"0","title":"","orientation":"0","keywords":[]}},"post":46755,"source_url":"https:\/\/kilosorunum.com\/habercim\/wp-content\/uploads\/2026\/04\/1-15-768x201-255.jpg","_links":{"self":[{"href":"https:\/\/kilosorunum.com\/habercim\/wp-json\/wp\/v2\/media\/46757"}],"collection":[{"href":"https:\/\/kilosorunum.com\/habercim\/wp-json\/wp\/v2\/media"}],"about":[{"href":"https:\/\/kilosorunum.com\/habercim\/wp-json\/wp\/v2\/types\/attachment"}],"author":[{"embeddable":true,"href":"https:\/\/kilosorunum.com\/habercim\/wp-json\/wp\/v2\/users\/2"}],"replies":[{"embeddable":true,"href":"https:\/\/kilosorunum.com\/habercim\/wp-json\/wp\/v2\/comments?post=46757"}]}}