{"id":46762,"date":"2026-04-21T23:32:11","date_gmt":"2026-04-21T20:32:11","guid":{"rendered":"https:\/\/kilosorunum.com\/habercim\/wp-content\/uploads\/2026\/04\/1-233.jpg"},"modified":"2026-04-21T23:35:34","modified_gmt":"2026-04-21T20:35:34","slug":"1-5968","status":"inherit","type":"attachment","link":"https:\/\/kilosorunum.com\/habercim\/foto-galeri\/eski-tunceli-valisi\/attachment\/1-5968\/","title":{"rendered":"Eski Tunceli Valisi"},"author":2,"comment_status":"open","ping_status":"closed","template":"","meta":[],"description":{"rendered":"<p class=\"attachment\"><a href='https:\/\/kilosorunum.com\/habercim\/wp-content\/uploads\/2026\/04\/1-233.jpg'><img width=\"300\" height=\"169\" src=\"https:\/\/kilosorunum.com\/habercim\/wp-content\/uploads\/2026\/04\/1-233-300x169.jpg\" class=\"attachment-medium size-medium\" alt=\"\" loading=\"lazy\" srcset=\"https:\/\/kilosorunum.com\/habercim\/wp-content\/uploads\/2026\/04\/1-233-300x169.jpg 300w, https:\/\/kilosorunum.com\/habercim\/wp-content\/uploads\/2026\/04\/1-233-1024x576.jpg 1024w, https:\/\/kilosorunum.com\/habercim\/wp-content\/uploads\/2026\/04\/1-233-768x432.jpg 768w, https:\/\/kilosorunum.com\/habercim\/wp-content\/uploads\/2026\/04\/1-233.jpg 1200w\" sizes=\"(max-width: 300px) 100vw, 300px\" \/><\/a><\/p>\n"},"caption":{"rendered":"<p>G\u00fclistan Doku soru\u015fturmas\u0131 kapsam\u0131nda eski Tunceli Valisi Tuncay Sonel, tutukland\u0131. Soru\u015fturma kapsam\u0131nda tutuklanan d\u00f6nemin ba\u015fhekimi Dr. \u00c7a\u011fda\u015f \u00d6zdemir\u2019in ise ifadesi ortaya \u00e7\u0131kt\u0131. \u00d6zdemir &#8220;Kay\u0131t silmeyi Y\u00fccel bey yapar, polisler POLNET \u00fczerinden verileri hastaneden al\u0131r, kay\u0131tlar\u0131n tahminen silindi\u011fi y\u00f6n\u00fcnde g\u00f6r\u00fc\u015f\u00fcm vard\u0131r.&#8221; ifadelerini kulland\u0131. \u00d6te yandan soru\u015fturma kapsam\u0131nda firari \u015f\u00fcpheli Umut Alta\u015f i\u00e7in k\u0131rm\u0131z\u0131 b\u00fclten \u00e7\u0131kar\u0131ld\u0131. Tunceli&#8217;de 5 Ocak 2020&#8217;den itibaren kendisinden haber al\u0131namayan \u00fcniversite \u00f6\u011frencisi G\u00fclistan Doku ile ilgili y\u00fcr\u00fct\u00fclen soru\u015fturma kapsam\u0131nda g\u00f6zalt\u0131na al\u0131nan d\u00f6nemin Tunceli Valisi Tuncay Sonel&#8217;in emniyetteki i\u015flemleri tamamland\u0131.<\/p>\n<p>Erzurum \u015eehir Hastanesi&#8217;nde sa\u011fl\u0131k kontrol\u00fcnden ge\u00e7irilen Sonel, yo\u011fun g\u00fcvenlik \u00f6nlemi alt\u0131nda adliyeye getirildi.<\/p>\n<p>Savc\u0131l\u0131k sorgusu tamamlanan Sonel, tutuklama talebiyle n\u00f6bet\u00e7i sulh ceza hakimli\u011fine sevk edildi.<\/p>\n<p>Tunceli Valisi Tuncay Sonel, \u00e7\u0131kar\u0131ld\u0131\u011f\u0131 mahkemece tutukland\u0131. Eski Tunceli Valisi Tuncay Sonel\u2019in savc\u0131l\u0131k taraf\u0131ndan 5 madde ile tutuklanmas\u0131 istendi\u011fi \u00f6\u011frenildi. Savc\u0131l\u0131k, Sonel\u2019in \u2018Su\u00e7 delillerini yok etme, gizleme veya de\u011fi\u015ftirme (TCK 281\/1), Sistemi engelleme, bozma, verileri yok etme (TCK 244\/2), \u00d6zel hayat\u0131n gizli\u011fini ihlal (TCK 134\/1), Ki\u015fisel verileri hukuka ayk\u0131r\u0131 ele ge\u00e7irme (TCK 136) ve resmi belgeyi bozmak, yok etmek veya gizlemek (TCK 205)\u2019 su\u00e7lar\u0131ndan tutuklanmas\u0131n\u0131 istemi\u015fti.<br \/>\nTunceli Cumhuriyet Ba\u015fsavc\u0131l\u0131\u011f\u0131ndan Erzurum Cumhuriyet Ba\u015fsavc\u0131l\u0131\u011f\u0131na g\u00f6nderilen yaz\u0131da, Sonel hakk\u0131nda &#8220;su\u00e7 delillerini yok etme, gizleme veya de\u011fi\u015ftirme su\u00e7unu i\u015fledi\u011fine ili\u015fkin yeterli \u015f\u00fcphe bulundu\u011fu&#8221; belirtilmi\u015fti.<\/p>\n<p>G\u00fclistan Doku&#8217;nun kaybolmas\u0131na ili\u015fkin, hakk\u0131nda \u0130\u00e7i\u015fleri Bakan\u0131 Mustafa \u00c7ift\u00e7i&#8217;nin talimat\u0131yla soru\u015fturma ba\u015flat\u0131lan Sonel, a\u00e7\u0131\u011fa al\u0131nm\u0131\u015ft\u0131.<\/p>\n<p>Sonel, 2017-2020 y\u0131llar\u0131 aras\u0131nda Tunceli&#8217;de g\u00f6rev yapm\u0131\u015f ve 17 Nisan&#8217;da Elaz\u0131\u011f&#8217;da g\u00f6zalt\u0131na al\u0131nm\u0131\u015ft\u0131. <\/p>\n<p>ESK\u0130 BA\u015eHEK\u0130M \u00c7A\u011eDA\u015e \u00d6ZDEM\u0130R&#8217;\u0130N \u0130FADES\u0130 ORTAYA \u00c7IKTI<\/p>\n<p>G\u00fclistan Doku ile ilgili y\u00fcr\u00fct\u00fclen soru\u015fturmada cinayet \u015f\u00fcphesiyle 11 \u015f\u00fcpheli tutuklan\u0131rken, son tutuklanan isim ise d\u00f6nemin Tunceli Devlet Hastanesi Ba\u015fhekimi Dr. \u00c7a\u011fda\u015f \u00d6zdemir olmu\u015ftu. \u2018Resmi belgeyi bozmak, yok etmek veya gizlemek\u2019 su\u00e7undan tutuklanan \u00d6zdemir\u2019in jandarmadaki ifadesi ortaya \u00e7\u0131kt\u0131. \u00d6zdemir, 2019 ve 2020 y\u0131llar\u0131nda kendisinin Tunceli Devlet Hastanesi Ba\u015f Hekimlik g\u00f6revini, e\u015finin de Tunceli \u0130l Sa\u011fl\u0131k M\u00fcd\u00fcrl\u00fc\u011f\u00fcnde ba\u015fkan olarak yani il m\u00fcd\u00fcr yard\u0131mc\u0131s\u0131 olarak g\u00f6rev yapt\u0131\u011f\u0131n\u0131 ifade etti.<\/p>\n<p>3 y\u0131l boyunca hem Tunceli Devlet Hastanesinde Ba\u015fhekim ve hem de il sa\u011fl\u0131k m\u00fcd\u00fcr\u00fc olarak g\u00f6rev yapma sebebi sorulunca, &#8220;Ben bu g\u00f6revi kendim istemedim, hatta o d\u00f6nemin valisi olan Tuncay Sonel\u2019e atamam\u0131n yap\u0131ld\u0131\u011f\u0131 ilk aylar\u0131nda kendi makam\u0131na gidip, say\u0131n valim ben bu 2 g\u00f6revi yapmakta zorlan\u0131yorum diye 2-3 kez ifade ettim ancak pandemi sebebi ile oldu\u011funu d\u00fc\u015f\u00fcn\u00fcyorum, herhangi bir de\u011fi\u015fim olmad\u0131&#8221; dedi. G\u00fclistan Doku\u2019yu tan\u0131mad\u0131\u011f\u0131n\u0131, hi\u00e7 g\u00f6rmedi\u011fini s\u00f6yleyen \u00d6zdemir\u2019e G\u00fclistan Doku\u2019nun 07.01.2020 tarihli POLNET sorgusu \u00e7\u0131kt\u0131s\u0131 do\u011frultusunda 31.12.2019 saat 09.09\u2019da Tunceli Devlet Hastanesine giri\u015f kayd\u0131n\u0131n bulundu\u011fu tespit edildi\u011fi halde, m\u00fcteakip yap\u0131lan ara\u015ft\u0131rmalar neticesinde bu kay\u0131tlara ula\u015f\u0131lamam\u0131\u015f olup bahse konu kayd\u0131n silinmesi de soruldu.<\/p>\n<p>Bahse konu &#8220;POLNET&#8221; \u00e7\u0131kt\u0131s\u0131 ve tutanak g\u00f6sterilince \u00d6zdemir, &#8220;Bahse konu POLNET sisteminin Polislerin kullanm\u0131\u015f oldu\u011fu sorgu sistemi olarak biliyorum. POLNET\u2019 in de verileri Hastaneden ald\u0131\u011f\u0131n\u0131 biliyorum. 7 Ocak\u2019 ta b\u00f6yle bir POLNET sorgusu yap\u0131l\u0131p Tutanak tutulduysa herhalde b\u00f6yle bir \u015fey vard\u0131r. Sonras\u0131nda bu kay\u0131tlara ula\u015f\u0131lam\u0131yorsa silinmi\u015ftir. Ba\u015fkaca bir a\u00e7\u0131klamas\u0131 olup, olmad\u0131\u011f\u0131 konusunda bir bilgim yok, bu konuyu bili\u015fim uzmanlar\u0131n\u0131n \u00e7\u00f6zmesi gerekli. Tahminen silindi\u011fi y\u00f6n\u00fcnde g\u00f6r\u00fc\u015f\u00fcm vard\u0131r&#8221; ifadelerini kulland\u0131. F\u0130RAR\u0130 \u015e\u00dcPHEL\u0130 UMUR ALTA\u015e \u0130\u00c7\u0130N KIRMIZI B\u00dcLTEN \u00c7IKARILDI<\/p>\n<p>\u00d6te yandan soru\u015fturmada, \u015f\u00fcphelilerden Umut Alta\u015f&#8217;\u0131n yurt d\u0131\u015f\u0131nda oldu\u011fu tespit edilmi\u015fti. Adalet Bakanl\u0131\u011f\u0131, Alta\u015f&#8217;\u0131n ge\u00e7ici tutuklanmas\u0131 ve k\u0131rm\u0131z\u0131 b\u00fcltenle aranmas\u0131 i\u00e7in resmi s\u00fcreci ba\u015flatm\u0131\u015ft\u0131.<\/p>\n<p>AA muhabirinin \u0130\u00e7i\u015fleri Bakanl\u0131\u011f\u0131 kaynaklar\u0131ndan edindi\u011fi bilgiye g\u00f6re, Emniyet Genel M\u00fcd\u00fcrl\u00fc\u011f\u00fc (EGM) Interpol-Europol Daire Ba\u015fkanl\u0131\u011f\u0131nca, ba\u015fta ABD ve Meksika olmak \u00fczere b\u00f6lgedeki Interpol birimlerine Alta\u015f&#8217;\u0131n &#8220;kasten \u00f6ld\u00fcrme&#8221; su\u00e7undan arand\u0131\u011f\u0131 bildirildi.<\/p>\n<p>Bunun \u00fczerine Interpol nezdinde i\u015flemler ba\u015flat\u0131larak Alta\u015f hakk\u0131nda k\u0131rm\u0131z\u0131 b\u00fclten \u00e7\u0131kar\u0131ld\u0131.<\/p>\n<p>Alta\u015f&#8217;\u0131n 2022 y\u0131l\u0131nda Meksika&#8217;ya gitti\u011fi, oradan da yasa d\u0131\u015f\u0131 yollarla ABD&#8217;ye ge\u00e7ti\u011fi de\u011ferlendiriliyor.<\/p>\n<p>G\u00dcL\u0130STAN DOKU&#8217;NUN A\u0130LES\u0130N\u0130N AVUKATINDAN SORU\u015eTURMAYA \u0130L\u0130\u015eK\u0130N A\u00c7IKLAMA<\/p>\n<p>Doku ailesinin avukat\u0131 Ali \u00c7imen, Erzurum Barosu \u00f6n\u00fcnde gazetecilere yapt\u0131\u011f\u0131 a\u00e7\u0131klamada, soru\u015fturma kapsam\u0131nda 12 zanl\u0131n\u0131n tutukland\u0131\u011f\u0131n\u0131 hat\u0131rlatt\u0131. Soru\u015fturmada 1 firarinin bulundu\u011funu ve 3 zanl\u0131n\u0131n da adli kontrol \u015fart\u0131yla serbest b\u0131rak\u0131ld\u0131\u011f\u0131n\u0131 an\u0131msatan \u00c7imen, &#8220;Bu dosyada ger\u00e7ekten de kamuoyunda ve toplumda adalet duygusunu inciten pratikler ger\u00e7ekle\u015fmi\u015fti. Tunceli Cumhuriyet Ba\u015fsavc\u0131l\u0131\u011f\u0131n\u0131n ger\u00e7ekle\u015ftirdi\u011fi bu operasyonla birlikte adalete olan inan\u00e7 da peki\u015fti.&#8221; diye konu\u015ftu.<\/p>\n<p>\u00c7imen, bir gazetecinin &#8220;Yeni g\u00f6zalt\u0131lar olabilir mi?&#8221; sorusu \u00fczerine, \u015funlar\u0131 s\u00f6yledi: &#8220;\u015e\u00fcphelilerin, yani faillerin verdi\u011fi beyanlar, baz\u0131 ki\u015fileri i\u015faret ediyor. Orada g\u00f6rev alan d\u00f6nemin kolluk amirlerinin, onlar\u0131n sorumlu oldu\u011fu s\u00f6yleniyor. Bu y\u00f6n\u00fcyle tabii onlar\u0131n da dosyaya dahil olmas\u0131 laz\u0131m. Durumlar\u0131n\u0131 belirten dilek\u00e7e vermeleri gerekir. \u0130kinci dalga operasyonu bekliyoruz \u00e7\u00fcnk\u00fc dosyada ger\u00e7ekten de tutulan tutanaklar\u0131n tamam\u0131 d\u00fczmeceydi. Bu y\u00f6n\u00fcyle dosyada g\u00f6rev alm\u0131\u015f Tunceli Cumhuriyet Ba\u015fsavc\u0131s\u0131 Ebru Han\u0131m&#8217;\u0131n d\u00f6nemi hari\u00e7, di\u011fer d\u00f6nemde g\u00f6rev yapm\u0131\u015f t\u00fcm soru\u015fturmac\u0131lar \u015fu an \u015f\u00fcphe alt\u0131ndad\u0131rlar. Yarg\u0131lan\u0131p aklanmalar\u0131 gerekir.&#8221;<\/p>\n<p>&#8220;Doku&#8217;nun cenazesinin nerede oldu\u011funa&#8221; ili\u015fkin soruya \u00c7imen, &#8220;Tunceli Cumhuriyet Ba\u015fsavc\u0131l\u0131\u011f\u0131n\u0131n, y\u00fcr\u00fctt\u00fc\u011f\u00fc soru\u015fturma sonucunda, Doku ailesine k\u0131zlar\u0131n\u0131n ak\u0131betiyle ilgili tatmin edici bir bilgi verece\u011fine inan\u0131yorum. Sab\u0131rl\u0131 olal\u0131m, soru\u015fturmam\u0131z s\u00fcr\u00fcyor, sonucunu bekleyelim.&#8221; yan\u0131t\u0131n\u0131 verdi.<\/p>\n<p>\u00c7imen, d\u00f6nemin Valisi Tuncay Sonel&#8217;in tutuklanma gerek\u00e7esiyle ilgili \u015funlar\u0131 kaydetti:<\/p>\n<p>&#8220;Tutuklama gerek\u00e7esiyle ilgili 4 madde var. Bu maddelerin s\u00fcrekli bir ihlali var. Ger\u00e7ek i\u00e7tima burada uygulanmas\u0131 laz\u0131m. Tabii daha hen\u00fcz eklenmeyen maddeler de var. Mesela \u015funun \u00e7ok iyi bilinmesi gerekiyor. Maktul G\u00fclistan Doku, \u00f6ncesinde \u015fiddete u\u011fruyor, cinsel sald\u0131r\u0131ya u\u011fruyor, cinsel sald\u0131r\u0131 te\u015febb\u00fcs\u00fcnde bulunuluyor, direndi\u011fi i\u00e7in sald\u0131r\u0131ya u\u011fruyor. Sald\u0131r\u0131ya u\u011frad\u0131\u011f\u0131 i\u00e7in yaralan\u0131yor, hastaneye kald\u0131r\u0131l\u0131yor ve hastanede yasa gere\u011fi d\u00f6nemin valisinin onu koruma y\u00fck\u00fcml\u00fcl\u00fc\u011f\u00fc var. Bu y\u00fck\u00fcml\u00fcl\u00fc\u011f\u00fc yerine getirmedi\u011fi gibi failleri serbest b\u0131rak\u0131yor. G\u00fclistan hakk\u0131nda herhangi bir tedbir, koruma tedbiri vermiyor. Dolay\u0131s\u0131yla sonras\u0131nda fail eksik kalan eylemini tamamlamak suretiyle G\u00fclistan Doku&#8217;nun ya\u015fam\u0131n\u0131 yitirmesine neden oluyorlar. \u015eimdi burada art\u0131k m\u00fc\u015fterek faillik yani garant\u00f6rl\u00fck kapsam\u0131nda Tuncay Sonel&#8217;in de insan \u00f6ld\u00fcr\u00fclmeye i\u015ftirak etti\u011fi a\u00e7\u0131k ve net bir \u015fekilde ortadad\u0131r. Bu y\u00f6n\u00fcyle biz insan \u00f6ld\u00fcr\u00fclme y\u00f6n\u00fcnden de onun tutuklanmas\u0131 i\u00e7in m\u00fccadelemizi s\u00fcrd\u00fcrece\u011fiz.&#8221;<\/p>\n<p>Kaynak : hurriyet.com.tr<\/p>\n"},"alt_text":"","media_type":"image","mime_type":"image\/jpeg","media_details":{"width":1200,"height":675,"file":"2026\/04\/1-233.jpg","sizes":{"medium":{"file":"1-233-300x169.jpg","width":300,"height":169,"mime_type":"image\/jpeg","source_url":"https:\/\/kilosorunum.com\/habercim\/wp-content\/uploads\/2026\/04\/1-233-300x169.jpg"},"large":{"file":"1-233-1024x576.jpg","width":1024,"height":576,"mime_type":"image\/jpeg","source_url":"https:\/\/kilosorunum.com\/habercim\/wp-content\/uploads\/2026\/04\/1-233-1024x576.jpg"},"thumbnail":{"file":"1-233-150x150.jpg","width":150,"height":150,"mime_type":"image\/jpeg","source_url":"https:\/\/kilosorunum.com\/habercim\/wp-content\/uploads\/2026\/04\/1-233-150x150.jpg"},"medium_large":{"file":"1-233-768x432.jpg","width":768,"height":432,"mime_type":"image\/jpeg","source_url":"https:\/\/kilosorunum.com\/habercim\/wp-content\/uploads\/2026\/04\/1-233-768x432.jpg"},"kucukResim":{"file":"1-233-80x50.jpg","width":80,"height":50,"mime_type":"image\/jpeg","source_url":"https:\/\/kilosorunum.com\/habercim\/wp-content\/uploads\/2026\/04\/1-233-80x50.jpg"},"sliderResim":{"file":"1-233-670x330.jpg","width":670,"height":330,"mime_type":"image\/jpeg","source_url":"https:\/\/kilosorunum.com\/habercim\/wp-content\/uploads\/2026\/04\/1-233-670x330.jpg"},"resim1":{"file":"1-233-184x140.jpg","width":184,"height":140,"mime_type":"image\/jpeg","source_url":"https:\/\/kilosorunum.com\/habercim\/wp-content\/uploads\/2026\/04\/1-233-184x140.jpg"},"resim2":{"file":"1-233-216x103.jpg","width":216,"height":103,"mime_type":"image\/jpeg","source_url":"https:\/\/kilosorunum.com\/habercim\/wp-content\/uploads\/2026\/04\/1-233-216x103.jpg"},"resim3":{"file":"1-233-145x70.jpg","width":145,"height":70,"mime_type":"image\/jpeg","source_url":"https:\/\/kilosorunum.com\/habercim\/wp-content\/uploads\/2026\/04\/1-233-145x70.jpg"},"sagSlider":{"file":"1-233-300x150.jpg","width":300,"height":150,"mime_type":"image\/jpeg","source_url":"https:\/\/kilosorunum.com\/habercim\/wp-content\/uploads\/2026\/04\/1-233-300x150.jpg"},"yeniSlider":{"file":"1-233-500x290.jpg","width":500,"height":290,"mime_type":"image\/jpeg","source_url":"https:\/\/kilosorunum.com\/habercim\/wp-content\/uploads\/2026\/04\/1-233-500x290.jpg"},"full":{"file":"1-233.jpg","width":1200,"height":675,"mime_type":"image\/jpeg","source_url":"https:\/\/kilosorunum.com\/habercim\/wp-content\/uploads\/2026\/04\/1-233.jpg"}},"image_meta":{"aperture":"0","credit":"","camera":"","caption":"","created_timestamp":"0","copyright":"","focal_length":"0","iso":"0","shutter_speed":"0","title":"","orientation":"0","keywords":[]}},"post":46760,"source_url":"https:\/\/kilosorunum.com\/habercim\/wp-content\/uploads\/2026\/04\/1-233.jpg","_links":{"self":[{"href":"https:\/\/kilosorunum.com\/habercim\/wp-json\/wp\/v2\/media\/46762"}],"collection":[{"href":"https:\/\/kilosorunum.com\/habercim\/wp-json\/wp\/v2\/media"}],"about":[{"href":"https:\/\/kilosorunum.com\/habercim\/wp-json\/wp\/v2\/types\/attachment"}],"author":[{"embeddable":true,"href":"https:\/\/kilosorunum.com\/habercim\/wp-json\/wp\/v2\/users\/2"}],"replies":[{"embeddable":true,"href":"https:\/\/kilosorunum.com\/habercim\/wp-json\/wp\/v2\/comments?post=46762"}]}}