{"id":46782,"date":"2026-04-22T12:04:28","date_gmt":"2026-04-22T09:04:28","guid":{"rendered":"https:\/\/kilosorunum.com\/habercim\/wp-content\/uploads\/2026\/04\/1-15-768x201-261.jpg"},"modified":"2026-04-22T12:06:06","modified_gmt":"2026-04-22T09:06:06","slug":"1-15-768x201-2581","status":"inherit","type":"attachment","link":"https:\/\/kilosorunum.com\/habercim\/foto-galeri\/saldirganin-ailesi\/attachment\/1-15-768x201-2581\/","title":{"rendered":"Sald\u0131rgan\u0131n ailesi"},"author":2,"comment_status":"open","ping_status":"closed","template":"","meta":[],"description":{"rendered":"<p class=\"attachment\"><a href='https:\/\/kilosorunum.com\/habercim\/wp-content\/uploads\/2026\/04\/1-15-768x201-261.jpg'><img width=\"300\" height=\"79\" src=\"https:\/\/kilosorunum.com\/habercim\/wp-content\/uploads\/2026\/04\/1-15-768x201-261-300x79.jpg\" class=\"attachment-medium size-medium\" alt=\"\" loading=\"lazy\" srcset=\"https:\/\/kilosorunum.com\/habercim\/wp-content\/uploads\/2026\/04\/1-15-768x201-261-300x79.jpg 300w, https:\/\/kilosorunum.com\/habercim\/wp-content\/uploads\/2026\/04\/1-15-768x201-261.jpg 768w\" sizes=\"(max-width: 300px) 100vw, 300px\" \/><\/a><\/p>\n"},"caption":{"rendered":"<p>Kahramanmara\u015f&#8217;ta Ayser \u00c7al\u0131k Ortaokulu&#8217;nda meydana gelen silahl\u0131 sald\u0131r\u0131ya ili\u015fkin y\u00fcr\u00fct\u00fclen soru\u015fturma s\u00fcr\u00fcyor. Olay\u0131n faili \u0130. A. M&#8217;nin babas\u0131n\u0131n ard\u0131ndan annesi Peyman P\u0131nar Mersinli, Malatya-Elaz\u0131\u011f Karayolu \u00fczerindeki polis uygulama noktas\u0131nda ara\u00e7la seyir halindeyken durdurularak g\u00f6zalt\u0131na al\u0131nd\u0131.<br \/>\nEmniyetteki i\u015flemlerinin tamamlanmas\u0131n\u0131n ard\u0131ndan Malatya Adliyesi&#8217;ne sevk edilen \u015f\u00fcpheli ifadesinin al\u0131nmas\u0131n\u0131n ard\u0131ndan &#8220;taksirle adam \u00f6ld\u00fcrme&#8221; su\u00e7lamas\u0131yla tutuklama talebiyle n\u00f6bet\u00e7i sulh ceza hakimli\u011fine \u00e7\u0131kar\u0131ld\u0131. Mahkemece tutuklanan Peyman P\u0131nar Mersinli, Ak\u00e7ada\u011f T Tipi Kapal\u0131 Cezaevi&#8217;ne g\u00f6nderildi.<\/p>\n<p>Kahramanmara\u015f Cumhuriyet Ba\u015fsavc\u0131l\u0131\u011f\u0131 taraf\u0131ndan yap\u0131lan yaz\u0131l\u0131 a\u00e7\u0131klamada, olay\u0131n failinin sa\u011fl\u0131k durumuna ili\u015fkin t\u00fcm bilgi ve belgelerin ilgili sa\u011fl\u0131k kurulu\u015flar\u0131ndan temin edildi\u011fi belirtildi.<\/p>\n<p>Yap\u0131lan incelemelerde, iki farkl\u0131 kurumda g\u00f6revli psikologlar\u0131n olaydan \u00f6nce failin \u00e7ocuk psikiyatrisi deste\u011fine ihtiya\u00e7 duydu\u011funu belirtti\u011fi ancak anne P\u0131nar Peyman Mersinli&#8217;nin bu \u00f6nerileri dikkate almad\u0131\u011f\u0131 kaydedilerek, \u015f\u00f6yle denildi: &#8220;Olay\u0131n faili \u0130sa Aras Mersinli&#8217;nin, dosyaya yans\u0131yan sa\u011fl\u0131k sorunlar\u0131n\u0131n tespitine y\u00f6nelik t\u00fcm bilgi ve belgeler ilgili sa\u011fl\u0131k kurulu\u015flardan temin edilmi\u015ftir. Bu evraklar\u0131n yap\u0131lan incelenmesi neticesinde, resmi ve \u00f6zel iki farkl\u0131 kurumda g\u00f6revli iki psikolo\u011fun olay tarihinden \u00f6nceki tarihlerde \u0130sa Aras Mersinli&#8217;nin \u00e7ocuk psikiyatri poliklini\u011finde tedaviye ihtiya\u00e7 duydu\u011fu y\u00f6n\u00fcnde te\u015fhis ve \u00f6neride bulunmalar\u0131na ra\u011fmen anne P.P.M.&#8217;nin doktor \u00f6nerilerini dikkate almayarak s\u00f6z konusu t\u0131bbi deste\u011fe y\u00f6nelik psikiyatri polikliniklerine m\u00fcracaatta bulunmad\u0131\u011f\u0131 ve bu \u015fekilde failin \u00f6l\u00fcm ve yaralama eylemlerini ger\u00e7ekle\u015ftirmesine sebebiyet verdi\u011fi de\u011ferlendirilen psikolojik rahats\u0131zl\u0131klar\u0131n\u0131n tedavisindeki sorumluluklar\u0131nda ihmal g\u00f6sterdi\u011fi tespit olunmu\u015ftur. Bu do\u011frultuda Kahramanmara\u015f Cumhuriyet Ba\u015fsavc\u0131l\u0131\u011f\u0131m\u0131zca, \u015f\u00fcpheli P.P.M.&#8217;nin somut olaydaki ihmali eylemi ve bu ihmal neticesi olu\u015fan neticenin vehameti hususlar\u0131 dikkate al\u0131narak tutuklamas\u0131 talebiyle N\u00f6bet\u00e7i Sulh Ceza Hakimli\u011fine sevki yap\u0131lm\u0131\u015ft\u0131r. Kahramanmara\u015f N\u00f6bet\u00e7i Sulh Ceza Hakimli\u011fince yap\u0131lan sorgu neticesi, P.P.M.&#8217;nin CMK 100 maddesi gere\u011fince tutuklanmas\u0131na karar verilerek \u015f\u00fcphelinin Ceza \u0130nfaz Kurumlar\u0131na teslimi sa\u011flanm\u0131\u015ft\u0131r&#8221;<\/p>\n<p>Kaynak : odatv.com<\/p>\n"},"alt_text":"","media_type":"image","mime_type":"image\/jpeg","media_details":{"width":768,"height":201,"file":"2026\/04\/1-15-768x201-261.jpg","sizes":{"medium":{"file":"1-15-768x201-261-300x79.jpg","width":300,"height":79,"mime_type":"image\/jpeg","source_url":"https:\/\/kilosorunum.com\/habercim\/wp-content\/uploads\/2026\/04\/1-15-768x201-261-300x79.jpg"},"thumbnail":{"file":"1-15-768x201-261-150x150.jpg","width":150,"height":150,"mime_type":"image\/jpeg","source_url":"https:\/\/kilosorunum.com\/habercim\/wp-content\/uploads\/2026\/04\/1-15-768x201-261-150x150.jpg"},"kucukResim":{"file":"1-15-768x201-261-80x50.jpg","width":80,"height":50,"mime_type":"image\/jpeg","source_url":"https:\/\/kilosorunum.com\/habercim\/wp-content\/uploads\/2026\/04\/1-15-768x201-261-80x50.jpg"},"sliderResim":{"file":"1-15-768x201-261-670x201.jpg","width":670,"height":201,"mime_type":"image\/jpeg","source_url":"https:\/\/kilosorunum.com\/habercim\/wp-content\/uploads\/2026\/04\/1-15-768x201-261-670x201.jpg"},"resim1":{"file":"1-15-768x201-261-184x140.jpg","width":184,"height":140,"mime_type":"image\/jpeg","source_url":"https:\/\/kilosorunum.com\/habercim\/wp-content\/uploads\/2026\/04\/1-15-768x201-261-184x140.jpg"},"resim2":{"file":"1-15-768x201-261-216x103.jpg","width":216,"height":103,"mime_type":"image\/jpeg","source_url":"https:\/\/kilosorunum.com\/habercim\/wp-content\/uploads\/2026\/04\/1-15-768x201-261-216x103.jpg"},"resim3":{"file":"1-15-768x201-261-145x70.jpg","width":145,"height":70,"mime_type":"image\/jpeg","source_url":"https:\/\/kilosorunum.com\/habercim\/wp-content\/uploads\/2026\/04\/1-15-768x201-261-145x70.jpg"},"sagSlider":{"file":"1-15-768x201-261-300x150.jpg","width":300,"height":150,"mime_type":"image\/jpeg","source_url":"https:\/\/kilosorunum.com\/habercim\/wp-content\/uploads\/2026\/04\/1-15-768x201-261-300x150.jpg"},"yeniSlider":{"file":"1-15-768x201-261-500x201.jpg","width":500,"height":201,"mime_type":"image\/jpeg","source_url":"https:\/\/kilosorunum.com\/habercim\/wp-content\/uploads\/2026\/04\/1-15-768x201-261-500x201.jpg"},"full":{"file":"1-15-768x201-261.jpg","width":768,"height":201,"mime_type":"image\/jpeg","source_url":"https:\/\/kilosorunum.com\/habercim\/wp-content\/uploads\/2026\/04\/1-15-768x201-261.jpg"}},"image_meta":{"aperture":"0","credit":"","camera":"","caption":"","created_timestamp":"0","copyright":"","focal_length":"0","iso":"0","shutter_speed":"0","title":"","orientation":"0","keywords":[]}},"post":46780,"source_url":"https:\/\/kilosorunum.com\/habercim\/wp-content\/uploads\/2026\/04\/1-15-768x201-261.jpg","_links":{"self":[{"href":"https:\/\/kilosorunum.com\/habercim\/wp-json\/wp\/v2\/media\/46782"}],"collection":[{"href":"https:\/\/kilosorunum.com\/habercim\/wp-json\/wp\/v2\/media"}],"about":[{"href":"https:\/\/kilosorunum.com\/habercim\/wp-json\/wp\/v2\/types\/attachment"}],"author":[{"embeddable":true,"href":"https:\/\/kilosorunum.com\/habercim\/wp-json\/wp\/v2\/users\/2"}],"replies":[{"embeddable":true,"href":"https:\/\/kilosorunum.com\/habercim\/wp-json\/wp\/v2\/comments?post=46782"}]}}