{"id":46787,"date":"2026-04-22T14:40:06","date_gmt":"2026-04-22T11:40:06","guid":{"rendered":"https:\/\/kilosorunum.com\/habercim\/wp-content\/uploads\/2026\/04\/1-15-768x201-262.jpg"},"modified":"2026-04-22T14:40:50","modified_gmt":"2026-04-22T11:40:50","slug":"1-15-768x201-2582","status":"inherit","type":"attachment","link":"https:\/\/kilosorunum.com\/habercim\/foto-galeri\/otvsiz-araclarin-durumu\/attachment\/1-15-768x201-2582\/","title":{"rendered":"\u00d6tv&#8217;siz ara\u00e7lar\u0131n durumu"},"author":2,"comment_status":"open","ping_status":"closed","template":"","meta":[],"description":{"rendered":"<p class=\"attachment\"><a href='https:\/\/kilosorunum.com\/habercim\/wp-content\/uploads\/2026\/04\/1-15-768x201-262.jpg'><img width=\"300\" height=\"79\" src=\"https:\/\/kilosorunum.com\/habercim\/wp-content\/uploads\/2026\/04\/1-15-768x201-262-300x79.jpg\" class=\"attachment-medium size-medium\" alt=\"\" loading=\"lazy\" srcset=\"https:\/\/kilosorunum.com\/habercim\/wp-content\/uploads\/2026\/04\/1-15-768x201-262-300x79.jpg 300w, https:\/\/kilosorunum.com\/habercim\/wp-content\/uploads\/2026\/04\/1-15-768x201-262.jpg 768w\" sizes=\"(max-width: 300px) 100vw, 300px\" \/><\/a><\/p>\n"},"caption":{"rendered":"<p>Milyonlarca emekliyi ilgilendiren \u00d6TV\u2019siz ara\u00e7 d\u00fczenlemesi yeniden g\u00fcndeme geldi. T\u00fcrkiye B\u00fcy\u00fck Millet Meclisi\u2019ne sunulan teklif, belirli \u015fartlar\u0131 sa\u011flayan emeklilere ara\u00e7 al\u0131m\u0131nda vergi muafiyeti getirilmesini \u00f6ng\u00f6r\u00fcyor.<br \/>\nEmeklilere \u00d6TV muafiyeti getirilmesine y\u00f6nelik teklif Meclis\u2019e sunuldu. Kadim Durmaz taraf\u0131ndan haz\u0131rlanan d\u00fczenleme, T\u00fcrkiye B\u00fcy\u00fck Millet Meclisi\u2019nde g\u00f6r\u00fc\u015f\u00fclmeyi beklerken, teklifin detaylar\u0131 ve \u015fartlar\u0131 g\u00fcndeme geldi.<\/p>\n<p>Emekliye \u00d6TV\u2019siz ara\u00e7 yasas\u0131 \u00e7\u0131kt\u0131 m\u0131?<\/p>\n<p>2026 y\u0131l\u0131 itibar\u0131yla emeklilere \u00f6zel \u00d6TV\u2019siz ara\u00e7 al\u0131m hakk\u0131 tan\u0131yan bir yasa hen\u00fcz y\u00fcr\u00fcrl\u00fc\u011fe girmedi. T\u00fcrkiye B\u00fcy\u00fck Millet Meclisi\u2019ne baz\u0131 milletvekilleri taraf\u0131ndan \u00d6TV muafiyeti kapsam\u0131n\u0131n geni\u015fletilmesine y\u00f6nelik kanun teklifleri sunulmu\u015f olsa da bu teklifler hen\u00fcz yasala\u015fmad\u0131. Dolay\u0131s\u0131yla Resmi Gazete\u2019de yay\u0131mlanan ve y\u00fcr\u00fcrl\u00fc\u011fe giren bir d\u00fczenleme bulunmuyor. Sosyal medyada s\u0131k\u00e7a payla\u015f\u0131lan \u201cemeklilere \u00d6TV\u2019siz ara\u00e7 verilecek\u201d iddialar\u0131 ise \u015fu an i\u00e7in resmi bir karar niteli\u011fi ta\u015f\u0131m\u0131yor.<\/p>\n<p>2026 y\u0131l\u0131 itibar\u0131yla emeklilere \u00f6zel \u00d6TV\u2019siz ara\u00e7 al\u0131m hakk\u0131 tan\u0131yan bir yasa hen\u00fcz y\u00fcr\u00fcrl\u00fc\u011fe girmedi. T\u00fcrkiye B\u00fcy\u00fck Millet Meclisi\u2019ne baz\u0131 milletvekilleri taraf\u0131ndan \u00d6TV muafiyeti kapsam\u0131n\u0131n geni\u015fletilmesine y\u00f6nelik kanun teklifleri sunulmu\u015f olsa da bu teklifler hen\u00fcz yasala\u015fmad\u0131. Dolay\u0131s\u0131yla Resmi Gazete\u2019de yay\u0131mlanan ve y\u00fcr\u00fcrl\u00fc\u011fe giren bir d\u00fczenleme bulunmuyor. Sosyal medyada s\u0131k\u00e7a payla\u015f\u0131lan \u201cemeklilere \u00d6TV\u2019siz ara\u00e7 verilecek\u201d iddialar\u0131 ise \u015fu an i\u00e7in resmi bir karar niteli\u011fi ta\u015f\u0131m\u0131yor. Emekliler \u00d6TV\u2019siz ara\u00e7 alabiliyor mu?<\/p>\n<p>Mevcut mevzuata g\u00f6re sadece emekli olmak, \u00d6TV muafiyetli ara\u00e7 al\u0131m\u0131 i\u00e7in yeterli bir kriter de\u011fil. \u00d6TV muafiyetinden yararlanabilmek i\u00e7in belirli \u015fartlar\u0131n sa\u011flanmas\u0131 gerekiyor. Bu nedenle emekliler, ancak engellilik kriterlerini kar\u015f\u0131lamalar\u0131 durumunda \u00d6TV istisnas\u0131ndan faydalanabiliyor.<\/p>\n<p>Mevcut mevzuata g\u00f6re sadece emekli olmak, \u00d6TV muafiyetli ara\u00e7 al\u0131m\u0131 i\u00e7in yeterli bir kriter de\u011fil. \u00d6TV muafiyetinden yararlanabilmek i\u00e7in belirli \u015fartlar\u0131n sa\u011flanmas\u0131 gerekiyor. Bu nedenle emekliler, ancak engellilik kriterlerini kar\u015f\u0131lamalar\u0131 durumunda \u00d6TV istisnas\u0131ndan faydalanabiliyor. \u00d6TV\u2019siz ara\u00e7 alabilecek ki\u015filer kimler?<\/p>\n<p>T\u00fcrkiye\u2019de y\u00fcr\u00fcrl\u00fckte olan d\u00fczenlemeye g\u00f6re \u00d6TV muafiyetinden \u015fu ki\u015filer yararlanabiliyor:<\/p>\n<p>Engellilik oran\u0131 y\u00fczde 90 ve \u00fczeri olan vatanda\u015flar<\/p>\n<p>Sa\u011fl\u0131k kurulu raporunda \u00f6zel tertibatl\u0131 ara\u00e7 kullanmas\u0131 gerekti\u011fi belirtilen engelli bireyler<\/p>\n<p>Bu ki\u015filer, gerekli \u015fartlar\u0131 sa\u011flamalar\u0131 halinde \u00d6TV \u00f6demeden s\u0131f\u0131r ara\u00e7 sat\u0131n alabiliyor.<\/p>\n<p>T\u00fcrkiye\u2019de y\u00fcr\u00fcrl\u00fckte olan d\u00fczenlemeye g\u00f6re \u00d6TV muafiyetinden \u015fu ki\u015filer yararlanabiliyor: Engellilik oran\u0131 y\u00fczde 90 ve \u00fczeri olan vatanda\u015flar Sa\u011fl\u0131k kurulu raporunda \u00f6zel tertibatl\u0131 ara\u00e7 kullanmas\u0131 gerekti\u011fi belirtilen engelli bireyler Bu ki\u015filer, gerekli \u015fartlar\u0131 sa\u011flamalar\u0131 halinde \u00d6TV \u00f6demeden s\u0131f\u0131r ara\u00e7 sat\u0131n alabiliyor. 2026 \u00d6TV muafiyeti ara\u00e7 fiyat limiti<\/p>\n<p>Hazine ve Maliye Bakanl\u0131\u011f\u0131 taraf\u0131ndan yay\u0131mlanan d\u00fczenlemeye g\u00f6re \u00d6TV muafiyetli ara\u00e7 al\u0131m\u0131nda \u00fcst fiyat limiti art\u0131r\u0131ld\u0131.<\/p>\n<p>2026 y\u0131l\u0131 i\u00e7in belirlenen yeni limit:<\/p>\n<p>2 milyon 873 bin TL<\/p>\n<p>Bu tutar vergiler dahil sat\u0131\u015f fiyat\u0131 \u00fczerinden uygulan\u0131yor. Limitin \u00fczerindeki ara\u00e7lar i\u00e7in \u00d6TV muafiyeti uygulanm\u0131yor.<\/p>\n<p>Hazine ve Maliye Bakanl\u0131\u011f\u0131 taraf\u0131ndan yay\u0131mlanan d\u00fczenlemeye g\u00f6re \u00d6TV muafiyetli ara\u00e7 al\u0131m\u0131nda \u00fcst fiyat limiti art\u0131r\u0131ld\u0131.2026 y\u0131l\u0131 i\u00e7in belirlenen yeni limit:2 milyon 873 bin TL Bu tutar vergiler dahil sat\u0131\u015f fiyat\u0131 \u00fczerinden uygulan\u0131yor. Limitin \u00fczerindeki ara\u00e7lar i\u00e7in \u00d6TV muafiyeti uygulanm\u0131yor.<\/p>\n<p>\u00d6TV\u2019siz ara\u00e7 al\u0131m\u0131nda di\u011fer \u015fartlar<\/p>\n<p>\u00d6TV muafiyetli ara\u00e7 al\u0131m\u0131nda sadece engellilik \u015fart\u0131 yeterli olmuyor. Ayn\u0131 zamanda baz\u0131 teknik kriterlerin de sa\u011flanmas\u0131 gerekiyor.<\/p>\n<p>\u00d6TV\u2019siz ara\u00e7 al\u0131m\u0131nda aranan ba\u015fl\u0131ca \u015fartlar \u015funlar:<\/p>\n<p>Ara\u00e7ta en az y\u00fczde 40 yerli \u00fcretim katk\u0131s\u0131 bulunmas\u0131<\/p>\n<p>Ara\u00e7 al\u0131nd\u0131ktan sonra 10 y\u0131l boyunca sat\u0131lamamas\u0131<\/p>\n<p>Engelli bireyin kullan\u0131m\u0131na uygun \u00f6zel tertibat bulunmas\u0131<\/p>\n<p>Ara\u00e7 10 y\u0131l dolmadan sat\u0131l\u0131rsa, sat\u0131\u015f s\u0131ras\u0131nda \u00f6denmeyen \u00d6TV tutar\u0131n\u0131n devlete \u00f6denmesi gerekiyor.<\/p>\n<p>\u00d6te yandan 27 Aral\u0131k 2024 tarihinden \u00f6nce al\u0131nan ara\u00e7lar i\u00e7in eski d\u00fczenleme ge\u00e7erli ve bu ara\u00e7lar 5 y\u0131l sonunda sat\u0131labiliyor.<\/p>\n<p>\u00d6TV muafiyetli ara\u00e7 al\u0131m\u0131nda sadece engellilik \u015fart\u0131 yeterli olmuyor. Ayn\u0131 zamanda baz\u0131 teknik kriterlerin de sa\u011flanmas\u0131 gerekiyor. \u00d6TV\u2019siz ara\u00e7 al\u0131m\u0131nda aranan ba\u015fl\u0131ca \u015fartlar \u015funlar: Ara\u00e7ta en az y\u00fczde 40 yerli \u00fcretim katk\u0131s\u0131 bulunmas\u0131 Ara\u00e7 al\u0131nd\u0131ktan sonra 10 y\u0131l boyunca sat\u0131lamamas\u0131 Engelli bireyin kullan\u0131m\u0131na uygun \u00f6zel tertibat bulunmas\u0131 Ara\u00e7 10 y\u0131l dolmadan sat\u0131l\u0131rsa, sat\u0131\u015f s\u0131ras\u0131nda \u00f6denmeyen \u00d6TV tutar\u0131n\u0131n devlete \u00f6denmesi gerekiyor. \u00d6te yandan 27 Aral\u0131k 2024 tarihinden \u00f6nce al\u0131nan ara\u00e7lar i\u00e7in eski d\u00fczenleme ge\u00e7erli ve bu ara\u00e7lar 5 y\u0131l sonunda sat\u0131labiliyor.<br \/>\n\u00d6TV\u2019siz ara\u00e7 yasas\u0131 \u00e7\u0131kacak m\u0131?<\/p>\n<p>TBMM\u2019ye sunulan baz\u0131 tekliflerde \u00f6zellikle \u00e7ift\u00e7i emeklilerine y\u00f6nelik \u00d6TV muafiyeti \u00f6nerileri yer al\u0131yor. Ancak bu teklifler hen\u00fcz komisyonda g\u00f6r\u00fc\u015f\u00fclmedi\u011fi veya Meclis\u2019ten ge\u00e7medi\u011fi i\u00e7in y\u00fcr\u00fcrl\u00fc\u011fe girmi\u015f bir d\u00fczenleme bulunmuyor.<\/p>\n<p>Kaynak : yenisafak.com<\/p>\n"},"alt_text":"","media_type":"image","mime_type":"image\/jpeg","media_details":{"width":768,"height":201,"file":"2026\/04\/1-15-768x201-262.jpg","sizes":{"medium":{"file":"1-15-768x201-262-300x79.jpg","width":300,"height":79,"mime_type":"image\/jpeg","source_url":"https:\/\/kilosorunum.com\/habercim\/wp-content\/uploads\/2026\/04\/1-15-768x201-262-300x79.jpg"},"thumbnail":{"file":"1-15-768x201-262-150x150.jpg","width":150,"height":150,"mime_type":"image\/jpeg","source_url":"https:\/\/kilosorunum.com\/habercim\/wp-content\/uploads\/2026\/04\/1-15-768x201-262-150x150.jpg"},"kucukResim":{"file":"1-15-768x201-262-80x50.jpg","width":80,"height":50,"mime_type":"image\/jpeg","source_url":"https:\/\/kilosorunum.com\/habercim\/wp-content\/uploads\/2026\/04\/1-15-768x201-262-80x50.jpg"},"sliderResim":{"file":"1-15-768x201-262-670x201.jpg","width":670,"height":201,"mime_type":"image\/jpeg","source_url":"https:\/\/kilosorunum.com\/habercim\/wp-content\/uploads\/2026\/04\/1-15-768x201-262-670x201.jpg"},"resim1":{"file":"1-15-768x201-262-184x140.jpg","width":184,"height":140,"mime_type":"image\/jpeg","source_url":"https:\/\/kilosorunum.com\/habercim\/wp-content\/uploads\/2026\/04\/1-15-768x201-262-184x140.jpg"},"resim2":{"file":"1-15-768x201-262-216x103.jpg","width":216,"height":103,"mime_type":"image\/jpeg","source_url":"https:\/\/kilosorunum.com\/habercim\/wp-content\/uploads\/2026\/04\/1-15-768x201-262-216x103.jpg"},"resim3":{"file":"1-15-768x201-262-145x70.jpg","width":145,"height":70,"mime_type":"image\/jpeg","source_url":"https:\/\/kilosorunum.com\/habercim\/wp-content\/uploads\/2026\/04\/1-15-768x201-262-145x70.jpg"},"sagSlider":{"file":"1-15-768x201-262-300x150.jpg","width":300,"height":150,"mime_type":"image\/jpeg","source_url":"https:\/\/kilosorunum.com\/habercim\/wp-content\/uploads\/2026\/04\/1-15-768x201-262-300x150.jpg"},"yeniSlider":{"file":"1-15-768x201-262-500x201.jpg","width":500,"height":201,"mime_type":"image\/jpeg","source_url":"https:\/\/kilosorunum.com\/habercim\/wp-content\/uploads\/2026\/04\/1-15-768x201-262-500x201.jpg"},"full":{"file":"1-15-768x201-262.jpg","width":768,"height":201,"mime_type":"image\/jpeg","source_url":"https:\/\/kilosorunum.com\/habercim\/wp-content\/uploads\/2026\/04\/1-15-768x201-262.jpg"}},"image_meta":{"aperture":"0","credit":"","camera":"","caption":"","created_timestamp":"0","copyright":"","focal_length":"0","iso":"0","shutter_speed":"0","title":"","orientation":"0","keywords":[]}},"post":46785,"source_url":"https:\/\/kilosorunum.com\/habercim\/wp-content\/uploads\/2026\/04\/1-15-768x201-262.jpg","_links":{"self":[{"href":"https:\/\/kilosorunum.com\/habercim\/wp-json\/wp\/v2\/media\/46787"}],"collection":[{"href":"https:\/\/kilosorunum.com\/habercim\/wp-json\/wp\/v2\/media"}],"about":[{"href":"https:\/\/kilosorunum.com\/habercim\/wp-json\/wp\/v2\/types\/attachment"}],"author":[{"embeddable":true,"href":"https:\/\/kilosorunum.com\/habercim\/wp-json\/wp\/v2\/users\/2"}],"replies":[{"embeddable":true,"href":"https:\/\/kilosorunum.com\/habercim\/wp-json\/wp\/v2\/comments?post=46787"}]}}