{"id":46807,"date":"2026-04-22T18:20:13","date_gmt":"2026-04-22T15:20:13","guid":{"rendered":"https:\/\/kilosorunum.com\/habercim\/wp-content\/uploads\/2026\/04\/1-15-768x201-270.jpg"},"modified":"2026-04-22T18:22:04","modified_gmt":"2026-04-22T15:22:04","slug":"1-15-768x201-2590","status":"inherit","type":"attachment","link":"https:\/\/kilosorunum.com\/habercim\/foto-galeri\/sanatcimiz-hakkinda\/attachment\/1-15-768x201-2590\/","title":{"rendered":"Sanat\u00e7\u0131m\u0131z Hakk\u0131nda"},"author":2,"comment_status":"open","ping_status":"closed","template":"","meta":[],"description":{"rendered":"<p class=\"attachment\"><a href='https:\/\/kilosorunum.com\/habercim\/wp-content\/uploads\/2026\/04\/1-15-768x201-270.jpg'><img width=\"300\" height=\"79\" src=\"https:\/\/kilosorunum.com\/habercim\/wp-content\/uploads\/2026\/04\/1-15-768x201-270-300x79.jpg\" class=\"attachment-medium size-medium\" alt=\"\" loading=\"lazy\" srcset=\"https:\/\/kilosorunum.com\/habercim\/wp-content\/uploads\/2026\/04\/1-15-768x201-270-300x79.jpg 300w, https:\/\/kilosorunum.com\/habercim\/wp-content\/uploads\/2026\/04\/1-15-768x201-270.jpg 768w\" sizes=\"(max-width: 300px) 100vw, 300px\" \/><\/a><\/p>\n"},"caption":{"rendered":"<p>Pek \u00e7ok dizi ve filmde rol alan, ayn\u0131 zamanda \u0130stanbul Devlet Opera ve Balesi sanat\u00e7\u0131s\u0131 olan Ferdi Atuner, 82 ya\u015f\u0131nda vefat etti. Ac\u0131 haber, oyuncunun yak\u0131nlar\u0131 taraf\u0131ndan sosyal medya \u00fczerinden duyuruldu.<br \/>\n&#8216;\u00c7ocuklar Duymas\u0131n&#8217;, &#8216;Reyting Hamdi&#8217;, &#8216;En Son Babalar Duyar&#8217;, &#8216;Ayr\u0131lsak da Beraberiz&#8217; ve &#8216;\u00c7\u0131lg\u0131n Bedi\u015f&#8217; gibi dizilerle de izleyici kar\u015f\u0131s\u0131na \u00e7\u0131kan \u00fcnl\u00fc oyuncu Ferdi Atuner&#8217;den ac\u0131 haber geldi.<br \/>\n82 ya\u015f\u0131ndaki sanat\u00e7\u0131, uzun s\u00fcredir m\u00fccadele etti\u011fi sa\u011fl\u0131k sorunlar\u0131na yenik d\u00fc\u015ferek vefat etti. Sanat\u00e7\u0131n\u0131n kalp krizi nedeniyle vefat etti\u011fini bildirdi.<br \/>\n\u00dcnl\u00fc oyuncunun sosyal medya hesab\u0131ndaki son payla\u015f\u0131m\u0131n\u0131 2022 y\u0131l\u0131nda &#8220;B\u0130R\u0130C\u0130K KIZIM. HER ZAMAN YANINDAYIM&#8221; notuyla yapt\u0131\u011f\u0131 g\u00f6r\u00fcld\u00fc.<br \/>\n1 Ocak 1944 y\u0131l\u0131nda Erzincan&#8217;da d\u00fcnyaya gelen Ferdi Atuner, bir\u00e7ok \u00f6nemli yap\u0131mda rol ald\u0131.. Kariyerine G\u00fclriz Sururi-Engin Cezzar Tiyatrosu&#8217;nda att\u0131\u011f\u0131 ad\u0131mlarla ba\u015flayan usta isim, \u00e7ok ge\u00e7meden \u0130stanbul Devlet Opera ve Balesi&#8217;nin vazge\u00e7ilmez sanat\u00e7\u0131lar\u0131ndan biri oldu. Sanat hayat\u0131 boyunca bir\u00e7ok \u00f6nemli projede yer alan Atuner, \u00f6zellikle Levent K\u0131rca ile birlikte rol ald\u0131\u011f\u0131 &#8216;Olacak O Kadar&#8217; ske\u00e7leriyle geni\u015f kitleler taraf\u0131ndan tan\u0131nd\u0131. \u00c7ocuklar Duymas\u0131n, Reyting Hamdi, En Son Babalar Duyar, Ayr\u0131lsak da Beraberiz ve \u00c7\u0131lg\u0131n Bedi\u015f gibi yap\u0131mlarda rol alan usta isim, seslendirme \u00e7al\u0131\u015fmalar\u0131yla da haf\u0131zalarda yer etti.<br \/>\n1 Ocak 1944 do\u011fumlu olan usta oyuncu, vefat etti\u011finde 82 ya\u015f\u0131ndayd\u0131.<br \/>\n\u00d6L\u00dcM NEDEN\u0130 BELL\u0130 OLDU<\/p>\n<p>Uzun s\u00fcredir sa\u011fl\u0131k sorunlar\u0131 ya\u015fad\u0131\u011f\u0131 \u00f6\u011frenilen Atuner&#8217;in, kalp krizi nedeniyle hayat\u0131n\u0131 kaybetti\u011fi bildirildi. Usta oyuncunun vefat haberi sonras\u0131 sanat d\u00fcnyas\u0131ndan ve sevenlerinden \u00e7ok say\u0131da taziye mesaj\u0131 payla\u015f\u0131ld\u0131.<br \/>\n&#8220;OLACAK O KADAR&#8221; \u0130LE HAFIZALARA KAZINDI<\/p>\n<p>Usta sanat\u00e7\u0131, \u00f6zellikle Olacak O Kadar program\u0131nda, Levent K\u0131rca ile birlikte rol ald\u0131\u011f\u0131 ske\u00e7lerle geni\u015f kitleler taraf\u0131ndan tan\u0131nd\u0131.<\/p>\n<p>Oyunculu\u011funun yan\u0131 s\u0131ra seslendirme \u00e7al\u0131\u015fmalar\u0131yla da bilinen Atuner, televizyon izleyicisinin haf\u0131zas\u0131nda yer eden bir\u00e7ok yap\u0131mda rol ald\u0131. 1944 y\u0131l\u0131nda d\u00fcnyaya gelen Ferdi Atuner, tiyatrodan televizyona uzanan kariyeriyle T\u00fcrk sanat d\u00fcnyas\u0131nda iz b\u0131rakan isimlerden biri oldu. \u00d6zellikle komedi ve karakter oyunculu\u011fundaki ba\u015far\u0131s\u0131yla milyonlar\u0131n sevgisini kazand\u0131.<\/p>\n"},"alt_text":"","media_type":"image","mime_type":"image\/jpeg","media_details":{"width":768,"height":201,"file":"2026\/04\/1-15-768x201-270.jpg","sizes":{"medium":{"file":"1-15-768x201-270-300x79.jpg","width":300,"height":79,"mime_type":"image\/jpeg","source_url":"https:\/\/kilosorunum.com\/habercim\/wp-content\/uploads\/2026\/04\/1-15-768x201-270-300x79.jpg"},"thumbnail":{"file":"1-15-768x201-270-150x150.jpg","width":150,"height":150,"mime_type":"image\/jpeg","source_url":"https:\/\/kilosorunum.com\/habercim\/wp-content\/uploads\/2026\/04\/1-15-768x201-270-150x150.jpg"},"kucukResim":{"file":"1-15-768x201-270-80x50.jpg","width":80,"height":50,"mime_type":"image\/jpeg","source_url":"https:\/\/kilosorunum.com\/habercim\/wp-content\/uploads\/2026\/04\/1-15-768x201-270-80x50.jpg"},"sliderResim":{"file":"1-15-768x201-270-670x201.jpg","width":670,"height":201,"mime_type":"image\/jpeg","source_url":"https:\/\/kilosorunum.com\/habercim\/wp-content\/uploads\/2026\/04\/1-15-768x201-270-670x201.jpg"},"resim1":{"file":"1-15-768x201-270-184x140.jpg","width":184,"height":140,"mime_type":"image\/jpeg","source_url":"https:\/\/kilosorunum.com\/habercim\/wp-content\/uploads\/2026\/04\/1-15-768x201-270-184x140.jpg"},"resim2":{"file":"1-15-768x201-270-216x103.jpg","width":216,"height":103,"mime_type":"image\/jpeg","source_url":"https:\/\/kilosorunum.com\/habercim\/wp-content\/uploads\/2026\/04\/1-15-768x201-270-216x103.jpg"},"resim3":{"file":"1-15-768x201-270-145x70.jpg","width":145,"height":70,"mime_type":"image\/jpeg","source_url":"https:\/\/kilosorunum.com\/habercim\/wp-content\/uploads\/2026\/04\/1-15-768x201-270-145x70.jpg"},"sagSlider":{"file":"1-15-768x201-270-300x150.jpg","width":300,"height":150,"mime_type":"image\/jpeg","source_url":"https:\/\/kilosorunum.com\/habercim\/wp-content\/uploads\/2026\/04\/1-15-768x201-270-300x150.jpg"},"yeniSlider":{"file":"1-15-768x201-270-500x201.jpg","width":500,"height":201,"mime_type":"image\/jpeg","source_url":"https:\/\/kilosorunum.com\/habercim\/wp-content\/uploads\/2026\/04\/1-15-768x201-270-500x201.jpg"},"full":{"file":"1-15-768x201-270.jpg","width":768,"height":201,"mime_type":"image\/jpeg","source_url":"https:\/\/kilosorunum.com\/habercim\/wp-content\/uploads\/2026\/04\/1-15-768x201-270.jpg"}},"image_meta":{"aperture":"0","credit":"","camera":"","caption":"","created_timestamp":"0","copyright":"","focal_length":"0","iso":"0","shutter_speed":"0","title":"","orientation":"0","keywords":[]}},"post":46805,"source_url":"https:\/\/kilosorunum.com\/habercim\/wp-content\/uploads\/2026\/04\/1-15-768x201-270.jpg","_links":{"self":[{"href":"https:\/\/kilosorunum.com\/habercim\/wp-json\/wp\/v2\/media\/46807"}],"collection":[{"href":"https:\/\/kilosorunum.com\/habercim\/wp-json\/wp\/v2\/media"}],"about":[{"href":"https:\/\/kilosorunum.com\/habercim\/wp-json\/wp\/v2\/types\/attachment"}],"author":[{"embeddable":true,"href":"https:\/\/kilosorunum.com\/habercim\/wp-json\/wp\/v2\/users\/2"}],"replies":[{"embeddable":true,"href":"https:\/\/kilosorunum.com\/habercim\/wp-json\/wp\/v2\/comments?post=46807"}]}}