{"id":46863,"date":"2026-04-23T12:38:04","date_gmt":"2026-04-23T09:38:04","guid":{"rendered":"https:\/\/kilosorunum.com\/habercim\/wp-content\/uploads\/2026\/04\/1-15-768x201-283.jpg"},"modified":"2026-04-23T12:40:38","modified_gmt":"2026-04-23T09:40:38","slug":"1-15-768x201-2603","status":"inherit","type":"attachment","link":"https:\/\/kilosorunum.com\/habercim\/foto-galeri\/diri-fay-hatlari\/attachment\/1-15-768x201-2603\/","title":{"rendered":"D\u0130R\u0130 FAY HATLARI"},"author":2,"comment_status":"open","ping_status":"closed","template":"","meta":[],"description":{"rendered":"<p class=\"attachment\"><a href='https:\/\/kilosorunum.com\/habercim\/wp-content\/uploads\/2026\/04\/1-15-768x201-283.jpg'><img width=\"300\" height=\"79\" src=\"https:\/\/kilosorunum.com\/habercim\/wp-content\/uploads\/2026\/04\/1-15-768x201-283-300x79.jpg\" class=\"attachment-medium size-medium\" alt=\"\" loading=\"lazy\" srcset=\"https:\/\/kilosorunum.com\/habercim\/wp-content\/uploads\/2026\/04\/1-15-768x201-283-300x79.jpg 300w, https:\/\/kilosorunum.com\/habercim\/wp-content\/uploads\/2026\/04\/1-15-768x201-283.jpg 768w\" sizes=\"(max-width: 300px) 100vw, 300px\" \/><\/a><\/p>\n"},"caption":{"rendered":"<p>T\u00fcrkiye&#8217;nin deprem ku\u015fa\u011f\u0131nda yer almas\u0131 nedeniyle ya\u015fanan her sars\u0131nt\u0131, fay hatlar\u0131na ili\u015fkin ara\u015ft\u0131rmalar\u0131 yeniden g\u00fcndeme ta\u015f\u0131yor. Van&#8217;da ger\u00e7ekle\u015fen 5.1 b\u00fcy\u00fckl\u00fc\u011f\u00fcndeki deprem de bu tabloyu bir kez daha g\u00f6zler \u00f6n\u00fcne serdi. Uzmanlar\u0131n s\u0131k s\u0131k uyard\u0131\u011f\u0131 diri fay hatlar\u0131 ve riskli b\u00f6lgeler, \u00f6zellikle son geli\u015fmelerin ard\u0131ndan vatanda\u015flar taraf\u0131ndan yak\u0131ndan takip ediliyor. AFAD ve MTA&#8217;n\u0131n yay\u0131mlad\u0131\u011f\u0131 T\u00fcrkiye diri fay hatt\u0131 haritas\u0131, deprem riski ta\u015f\u0131yan illeri ortaya koyuyor.<br \/>\nDiri fay veya aktif fay, tarihsel d\u00f6nemde deprem olu\u015fturmu\u015f olan t\u00fcm faylara verilen isim. Yer kabu\u011fundaki \u00e7e\u015fitli \u00f6l\u00e7ekteki kayma y\u00fczeyleri, fay olarak adland\u0131r\u0131l\u0131r. Faylar\u0131n dirilikleri sadece yaz\u0131l\u0131 tarihsel kataloglardan de\u011fil ayn\u0131 zamanda tarihi yap\u0131lar\u0131 etkileyen faylanma i\u015faretlerinden de anla\u015f\u0131labilir.<br \/>\nT\u00fcrkiye&#8217;de \u00f6zellikle Kuzey Anadolu Fay Hatt\u0131, Do\u011fu Anadolu Fay Hatt\u0131 ve Bat\u0131 Anadolu&#8217;daki graben sistemleri y\u00fcksek riskli alanlar aras\u0131nda g\u00f6steriliyor. Bu fay zonlar\u0131 \u00fczerinde yer alan \u00e7ok say\u0131da il ve il\u00e7e, deprem a\u00e7\u0131s\u0131ndan dikkatle takip ediliyor. Uzmanlar, bu b\u00f6lgelerde yap\u0131 stokunun g\u00fc\u00e7lendirilmesi ve deprem bilincinin art\u0131r\u0131lmas\u0131 gerekti\u011fine dikkat \u00e7ekiyor.<br \/>\nMaden Tetkik Arama Genel M\u00fcd\u00fcrl\u00fc\u011f\u00fc (MTA) taraf\u0131ndan payla\u015f\u0131lan harita \u00fczerinde diri faylar i\u015faretlendi. Yenilenmi\u015f harita \u00fczerinde 485 diri fay belirlendi.<\/p>\n<p>Bu faylar 45 ilde 110 il\u00e7eyi kaps\u0131yor. &#8220;Evimin alt\u0131ndan fay hatt\u0131 ge\u00e7iyor mu&#8221; sorusu haritadaki i\u015faretler ile belirleniyor.<\/p>\n<p>\u0130\u015fte, deprem riski ta\u015f\u0131yan o iller:<br \/>\nD\u0130R\u0130 FAY HATTI \u00dcZER\u0130NDE YER ALAN \u0130LLER<\/p>\n<p>AKSARAY,<\/p>\n<p>AYDIN,<\/p>\n<p>BALIKESIR,<\/p>\n<p>BOLU,<\/p>\n<p>BURDUR,<\/p>\n<p>BURSA,<\/p>\n<p>BING\u00d6L,<\/p>\n<p>DENIZLI,<\/p>\n<p>ESKI\u015eEHIR,<\/p>\n<p>ERZINCAN,<\/p>\n<p>ERZURUM,<\/p>\n<p>HAKKARI,<\/p>\n<p>HATAY,<\/p>\n<p>\u0130ZMIR,<\/p>\n<p>KAHRAMANMARA\u015e<\/p>\n<p>MANISA,<\/p>\n<p>MU\u011eLA,<\/p>\n<p>KOCAELI<\/p>\n<p>KONYA,<\/p>\n<p>OSMANIYE,<\/p>\n<p>SAKARYA<\/p>\n<p>TOKAT&#8217;IN yan\u0131 s\u0131ra 110 il\u00e7e de diri fay \u00fczerinde. Payla\u015f\u0131lan haritaya g\u00f6re ise T\u00fcrkiye&#8217;de do\u011frudan diri fay \u00fczerine oturan, 45 il alan\u0131 \u00fczerinde 110 il\u00e7e bulunuyor.<br \/>\nB\u0130R\u0130NC\u0130 DERECE DEPREM R\u0130SK\u0130 TA\u015eIYAN \u0130LLER<\/p>\n<p>\u0130zmir, Bal\u0131kesir, Manisa, Mu\u011fla, Ayd\u0131n, Denizli, Isparta, U\u015fak, Bursa, Bilecik Yalova, Sakarya, D\u00fczce, Kocaeli, K\u0131r\u015fehir, Bolu, Karab\u00fck, Hatay, Bart\u0131n, \u00c7ank\u0131r\u0131, Tokat, Amasya, \u00c7anakkale, Erzincan, Tunceli, Bing\u00f6l ve Mu\u015f, Hakkari, Osmaniye, K\u0131r\u0131kkale ve Siirt.<br \/>\n\u0130K\u0130NC\u0130 DERECE DEPREM R\u0130SK\u0130 TA\u015eIYAN \u0130LLER<\/p>\n<p>Tekirda\u011f, \u0130stanbul (1 ve 2. B\u00f6lge), Bitlis, Kahramanmara\u015f, Van, Ad\u0131yaman, \u015e\u0131rnak ba\u015fta olmak \u00fczere, Zonguldak, Tekirda\u011f, Afyon, Samsun, Antalya, Erzurum, Kars, Ardahan, Batman, I\u011fd\u0131r, Elaz\u0131\u011f, Diyarbak\u0131r, Adana, Eski\u015fehir, Malatya, K\u00fctahya, \u00c7ank\u0131r\u0131, U\u015fak, A\u011fr\u0131 ve \u00c7orum.<br \/>\n\u00dc\u00c7\u00dcNC\u00dc DERECE DEPREM R\u0130SK\u0130 TA\u015eIYAN \u0130LLER<\/p>\n<p>Eski\u015fehir, Antalya, Tekirda\u011f, Edirne, Sinop, \u0130stanbul, Kastamonu, Ordu, Samsun, Giresun, Artvin, \u015eanl\u0131urfa, Mardin, Kilis, Adana, Gaziantep&#8217;in de baz\u0131 b\u00f6lgeleri ve Kahramanmara\u015f, Sivas, G\u00fcm\u00fc\u015fhane, Bayburt, Kayseri, Yozgat, \u00c7orum, Ankara, Konya, Mersin ve Nev\u015fehir.<\/p>\n<p>Kaynak : sabah.com.tr<\/p>\n"},"alt_text":"","media_type":"image","mime_type":"image\/jpeg","media_details":{"width":768,"height":201,"file":"2026\/04\/1-15-768x201-283.jpg","sizes":{"medium":{"file":"1-15-768x201-283-300x79.jpg","width":300,"height":79,"mime_type":"image\/jpeg","source_url":"https:\/\/kilosorunum.com\/habercim\/wp-content\/uploads\/2026\/04\/1-15-768x201-283-300x79.jpg"},"thumbnail":{"file":"1-15-768x201-283-150x150.jpg","width":150,"height":150,"mime_type":"image\/jpeg","source_url":"https:\/\/kilosorunum.com\/habercim\/wp-content\/uploads\/2026\/04\/1-15-768x201-283-150x150.jpg"},"kucukResim":{"file":"1-15-768x201-283-80x50.jpg","width":80,"height":50,"mime_type":"image\/jpeg","source_url":"https:\/\/kilosorunum.com\/habercim\/wp-content\/uploads\/2026\/04\/1-15-768x201-283-80x50.jpg"},"sliderResim":{"file":"1-15-768x201-283-670x201.jpg","width":670,"height":201,"mime_type":"image\/jpeg","source_url":"https:\/\/kilosorunum.com\/habercim\/wp-content\/uploads\/2026\/04\/1-15-768x201-283-670x201.jpg"},"resim1":{"file":"1-15-768x201-283-184x140.jpg","width":184,"height":140,"mime_type":"image\/jpeg","source_url":"https:\/\/kilosorunum.com\/habercim\/wp-content\/uploads\/2026\/04\/1-15-768x201-283-184x140.jpg"},"resim2":{"file":"1-15-768x201-283-216x103.jpg","width":216,"height":103,"mime_type":"image\/jpeg","source_url":"https:\/\/kilosorunum.com\/habercim\/wp-content\/uploads\/2026\/04\/1-15-768x201-283-216x103.jpg"},"resim3":{"file":"1-15-768x201-283-145x70.jpg","width":145,"height":70,"mime_type":"image\/jpeg","source_url":"https:\/\/kilosorunum.com\/habercim\/wp-content\/uploads\/2026\/04\/1-15-768x201-283-145x70.jpg"},"sagSlider":{"file":"1-15-768x201-283-300x150.jpg","width":300,"height":150,"mime_type":"image\/jpeg","source_url":"https:\/\/kilosorunum.com\/habercim\/wp-content\/uploads\/2026\/04\/1-15-768x201-283-300x150.jpg"},"yeniSlider":{"file":"1-15-768x201-283-500x201.jpg","width":500,"height":201,"mime_type":"image\/jpeg","source_url":"https:\/\/kilosorunum.com\/habercim\/wp-content\/uploads\/2026\/04\/1-15-768x201-283-500x201.jpg"},"full":{"file":"1-15-768x201-283.jpg","width":768,"height":201,"mime_type":"image\/jpeg","source_url":"https:\/\/kilosorunum.com\/habercim\/wp-content\/uploads\/2026\/04\/1-15-768x201-283.jpg"}},"image_meta":{"aperture":"0","credit":"","camera":"","caption":"","created_timestamp":"0","copyright":"","focal_length":"0","iso":"0","shutter_speed":"0","title":"","orientation":"0","keywords":[]}},"post":46861,"source_url":"https:\/\/kilosorunum.com\/habercim\/wp-content\/uploads\/2026\/04\/1-15-768x201-283.jpg","_links":{"self":[{"href":"https:\/\/kilosorunum.com\/habercim\/wp-json\/wp\/v2\/media\/46863"}],"collection":[{"href":"https:\/\/kilosorunum.com\/habercim\/wp-json\/wp\/v2\/media"}],"about":[{"href":"https:\/\/kilosorunum.com\/habercim\/wp-json\/wp\/v2\/types\/attachment"}],"author":[{"embeddable":true,"href":"https:\/\/kilosorunum.com\/habercim\/wp-json\/wp\/v2\/users\/2"}],"replies":[{"embeddable":true,"href":"https:\/\/kilosorunum.com\/habercim\/wp-json\/wp\/v2\/comments?post=46863"}]}}