{"id":46909,"date":"2026-04-23T23:03:19","date_gmt":"2026-04-23T20:03:19","guid":{"rendered":"https:\/\/kilosorunum.com\/habercim\/wp-content\/uploads\/2026\/04\/1-15-768x201-292.jpg"},"modified":"2026-04-23T23:06:16","modified_gmt":"2026-04-23T20:06:16","slug":"1-15-768x201-2612","status":"inherit","type":"attachment","link":"https:\/\/kilosorunum.com\/habercim\/foto-galeri\/2-modelli-artis\/attachment\/1-15-768x201-2612\/","title":{"rendered":"2 modelli art\u0131\u015f"},"author":2,"comment_status":"open","ping_status":"closed","template":"","meta":[],"description":{"rendered":"<p class=\"attachment\"><a href='https:\/\/kilosorunum.com\/habercim\/wp-content\/uploads\/2026\/04\/1-15-768x201-292.jpg'><img width=\"300\" height=\"79\" src=\"https:\/\/kilosorunum.com\/habercim\/wp-content\/uploads\/2026\/04\/1-15-768x201-292-300x79.jpg\" class=\"attachment-medium size-medium\" alt=\"\" loading=\"lazy\" srcset=\"https:\/\/kilosorunum.com\/habercim\/wp-content\/uploads\/2026\/04\/1-15-768x201-292-300x79.jpg 300w, https:\/\/kilosorunum.com\/habercim\/wp-content\/uploads\/2026\/04\/1-15-768x201-292.jpg 768w\" sizes=\"(max-width: 300px) 100vw, 300px\" \/><\/a><\/p>\n"},"caption":{"rendered":"<p>20.000 TL taban ayl\u0131k alan emekliler dahil olmak \u00fczere yakla\u015f\u0131k 17 milyon emekli zam i\u00e7in yap\u0131lan hesaplamalara ve refah pay\u0131 form\u00fcl\u00fcne odakland\u0131.<br \/>\nT\u00fcrkiye \u0130statistik Kurumu, mart ay\u0131na ili\u015fkin enflasyon verilerini a\u00e7\u0131klad\u0131. Ocak ay\u0131nda ayl\u0131k enflasyon y\u00fczde 4,84, \u015fubat ay\u0131nda y\u00fczde 2,96 olarak hesapland\u0131. Mart ay\u0131nda ise ayl\u0131k enflasyon y\u00fczde 1,94 y\u0131ll\u0131k 30,87 oldu. 3 ayl\u0131k toplam enflasyon ise y\u00fczde 10.04&#8217;e ula\u015ft\u0131.<br \/>\nMerkez Bankas\u0131&#8217;n\u0131n Nisan ay\u0131 Piyasa Kat\u0131l\u0131mc\u0131lar\u0131 Anketi&#8217;nin sonu\u00e7lar\u0131na g\u00f6re 6 ayl\u0131k toplam enflasyon y\u00fczde 17.08 olacak. Piyasa kat\u0131l\u0131mc\u0131lar\u0131 anketine g\u00f6re enflasyon Nisan&#8217;da y\u00fczde 2,93, May\u0131s&#8217;ta y\u00fczde 1,82, Haziran&#8217;da ise y\u00fczde 1,52 olacak. Buna g\u00f6re SSK ve Ba\u011f-Kur emeklileri en az y\u00fczde 17.08 zamm\u0131 cebe koyacak.<br \/>\nOcak ay\u0131nda en d\u00fc\u015f\u00fck emekli ayl\u0131\u011f\u0131 \u00f6demesi y\u00fczde 18.48 art\u0131\u015fla 16 bin 88 liradan 20 bin liraya y\u00fckseltilmi\u015fti. O tarihten bu yana k\u00f6k maa\u015f\u0131 az olsa da emeklilere hazineden destek ile en az 20 bin lira ayl\u0131k \u00f6demesi yap\u0131l\u0131yor. Taban ayl\u0131k, temmuz ay\u0131nda e\u011fer 17.08 art\u0131\u015f yans\u0131t\u0131l\u0131rsa 23 bin 416 liraya y\u00fckselecek.<br \/>\n25 bin TL ayl\u0131k alan bir SSK ve BA\u011e-KUR emeklisinin maa\u015f\u0131 Temmuz ay\u0131nda 28 bin 47 TL&#8217;ye, 30 bin TL alan bir emeklinin ise 33.657 TL&#8217;ye \u00e7\u0131kacak.<br \/>\nEMEKL\u0130YE REFAH PAYI GELECEK M\u0130?<\/p>\n<p>Sabah Gazetesi Yazar\u0131 Faruk Erdem, Temmuz ay\u0131nda SSK ve Ba\u011f-Kur emeklisi i\u00e7in refah pay\u0131 uygulanabilece\u011fini belirtti.<\/p>\n<p>Son d\u00f6nemde zaman zaman SSK Ba\u011f-Kur emeklisinin lehine, zaman zaman da memur emeklisi lehine bu farklar olu\u015fuyor. H\u00fck\u00fcmet bu konuda bir \u00e7al\u0131\u015fma da ba\u015flatt\u0131. Her kesimin yani t\u00fcm emeklilerin ayn\u0131 oranda zam almalar\u0131n\u0131 sa\u011flayacak bu \u00e7al\u0131\u015fma devam ediyor. Burada birka\u00e7 model de ortaya \u00e7\u0131k\u0131yor.<br \/>\nBirincisi t\u00fcm emeklilerin enflasyon ya da toplu s\u00f6zle\u015fme art\u0131\u015f\u0131ndan e\u015fit \u015fekilde yararlanmalar\u0131n\u0131 sa\u011flamak. Bu durumda SSK ve Ba\u011f-Kur emeklileri de memur emeklileri gibi toplu s\u00f6zle\u015fme art\u0131\u015flar\u0131ndan faydalanabilecek. Ya da t\u00fcm emekliler 6 ayl\u0131k enflasyona g\u00f6re art\u0131\u015f alacak.<br \/>\n\u0130kinci modelde ise emeklilerin zam oranlar\u0131yla ilgili sistemi de\u011fi\u015ftirmeden d\u00fc\u015f\u00fck kalan oran\u0131n refah pay\u0131 ile y\u00fcksek orana e\u015fitlenmesi s\u00f6z konusu. Bu durumda art\u0131\u015f oran\u0131 d\u00fc\u015f\u00fck kalan kesime refah pay\u0131 verilmesi g\u00fcndeme gelecek. Daha \u00f6nceki y\u0131llarda bu uygulama yap\u0131lm\u0131\u015f ve art\u0131\u015f oranlar\u0131 e\u015fitlenmi\u015fti.<br \/>\nHaziran enflasyonunun a\u00e7\u0131klanmas\u0131yla birlikte 6 ayl\u0131k enflasyon ortaya \u00e7\u0131kt\u0131ktan sonra art\u0131\u015f oranlar\u0131 da kesinle\u015fecek. Bu durumda art\u0131\u015f oranlar\u0131nda de\u011fi\u015fiklik yap\u0131l\u0131p yap\u0131lmayaca\u011f\u0131na da karar verilmi\u015f olacak. Bunun i\u00e7in \u00f6zellikle Haziran enflasyonunun beklenmesi de s\u00f6z konusu olabilir.<br \/>\nSSK VE BA\u011e-KUR EMEKL\u0130LER\u0130 NE ALACAK?<\/p>\n<p>\u0130\u015fte SSK ve Ba\u011f-Kur emeklileri i\u00e7in kuru\u015f kuru\u015f yeni maa\u015flar&#8230;<\/p>\n<p>MEVCUT: 20.000<br \/>\n% 17.08 ZAMLI: 23.416<\/p>\n<p>MEVCUT: 21.000<br \/>\n% 17.08 ZAMLI: 24.587<\/p>\n<p>MEVCUT: 22.000<br \/>\n% 17.08 ZAMLI: 25.758<\/p>\n<p>MEVCUT: 23.000<br \/>\n% 17.08 ZAMLI: 26.928<\/p>\n<p>MEVCUT: 24.000<br \/>\n% 17.08 ZAMLI: 28.099<\/p>\n<p>MEVCUT: 25.000<br \/>\n% 17.08 ZAMLI: 29.270<\/p>\n<p>MEVCUT: 26.000<br \/>\n% 17.08 ZAMLI: 30.441<\/p>\n<p>MEVCUT: 27.000<br \/>\n% 17.08 ZAMLI: 31.612<br \/>\nMEVCUT: 28.000<br \/>\n% 17.08 ZAMLI: 32.782<\/p>\n<p>MEVCUT: 29.000<br \/>\n% 17.08 ZAMLI: 33.953<\/p>\n<p>MEVCUT: 30.000<br \/>\n% 17.08 ZAMLI: 35.124<\/p>\n<p>MEVCUT: 31.000<br \/>\n% 17.08 ZAMLI: 36.295<\/p>\n<p>MEVCUT: 32.000<br \/>\n% 17.08 ZAMLI: 37.466<\/p>\n<p>MEVCUT: 33.000<br \/>\n% 17.08 ZAMLI: 38.636<\/p>\n<p>MEVCUT: 34.000<br \/>\n% 17.08 ZAMLI: 39.807<br \/>\nMEVCUT: 35.000<br \/>\n% 17.08 ZAMLI: 40.978<\/p>\n<p>MEVCUT: 36.000<br \/>\n% 17.08 ZAMLI: 42.149<\/p>\n<p>MEVCUT: 37.000<br \/>\n% 17.08 ZAMLI: 43.320<\/p>\n<p>MEVCUT: 38.000<br \/>\n% 17.08 ZAMLI: 44.490<\/p>\n<p>MEVCUT: 39.000<br \/>\n% 17.08 ZAMLI: 45.661<\/p>\n<p>MEVCUT: 40.000<br \/>\n% 17.08 ZAMLI: 46.832<\/p>\n<p>MEVCUT: 41.000<br \/>\n% 17.08 ZAMLI: 48.003<br \/>\nMEVCUT: 42.000<br \/>\n% 17.08 ZAMLI: 49.174<\/p>\n<p>MEVCUT: 43.000<br \/>\n% 17.08 ZAMLI: 50.344<\/p>\n<p>MEVCUT: 44.000<br \/>\n% 17.08 ZAMLI: 51.515<\/p>\n<p>MEVCUT: 45.000<br \/>\n% 17.08 ZAMLI: 52.686<\/p>\n<p>MEVCUT: 46.000<br \/>\n% 17.08 ZAMLI: 53.857<\/p>\n<p>MEVCUT: 47.000<br \/>\n% 17.08 ZAMLI: 55.028<br \/>\nMEVCUT: 48.000<br \/>\n% 17.08 ZAMLI: 56.198<\/p>\n<p>MEVCUT: 49.000<br \/>\n% 17.08 ZAMLI: 57.369<\/p>\n<p>MEVCUT: 50.000<br \/>\n% 17.08 ZAMLI: 58.540<\/p>\n<p>MEVCUT: 51.000<br \/>\n% 17.08 ZAMLI: 59.711<\/p>\n<p>MEVCUT: 52.000<br \/>\n% 17.08 ZAMLI: 60.882<\/p>\n<p>MEVCUT: 53.000<br \/>\n% 17.08 ZAMLI: 62.052<\/p>\n<p>Kaynak : sabah.com.tr<\/p>\n"},"alt_text":"","media_type":"image","mime_type":"image\/jpeg","media_details":{"width":768,"height":201,"file":"2026\/04\/1-15-768x201-292.jpg","sizes":{"medium":{"file":"1-15-768x201-292-300x79.jpg","width":300,"height":79,"mime_type":"image\/jpeg","source_url":"https:\/\/kilosorunum.com\/habercim\/wp-content\/uploads\/2026\/04\/1-15-768x201-292-300x79.jpg"},"thumbnail":{"file":"1-15-768x201-292-150x150.jpg","width":150,"height":150,"mime_type":"image\/jpeg","source_url":"https:\/\/kilosorunum.com\/habercim\/wp-content\/uploads\/2026\/04\/1-15-768x201-292-150x150.jpg"},"kucukResim":{"file":"1-15-768x201-292-80x50.jpg","width":80,"height":50,"mime_type":"image\/jpeg","source_url":"https:\/\/kilosorunum.com\/habercim\/wp-content\/uploads\/2026\/04\/1-15-768x201-292-80x50.jpg"},"sliderResim":{"file":"1-15-768x201-292-670x201.jpg","width":670,"height":201,"mime_type":"image\/jpeg","source_url":"https:\/\/kilosorunum.com\/habercim\/wp-content\/uploads\/2026\/04\/1-15-768x201-292-670x201.jpg"},"resim1":{"file":"1-15-768x201-292-184x140.jpg","width":184,"height":140,"mime_type":"image\/jpeg","source_url":"https:\/\/kilosorunum.com\/habercim\/wp-content\/uploads\/2026\/04\/1-15-768x201-292-184x140.jpg"},"resim2":{"file":"1-15-768x201-292-216x103.jpg","width":216,"height":103,"mime_type":"image\/jpeg","source_url":"https:\/\/kilosorunum.com\/habercim\/wp-content\/uploads\/2026\/04\/1-15-768x201-292-216x103.jpg"},"resim3":{"file":"1-15-768x201-292-145x70.jpg","width":145,"height":70,"mime_type":"image\/jpeg","source_url":"https:\/\/kilosorunum.com\/habercim\/wp-content\/uploads\/2026\/04\/1-15-768x201-292-145x70.jpg"},"sagSlider":{"file":"1-15-768x201-292-300x150.jpg","width":300,"height":150,"mime_type":"image\/jpeg","source_url":"https:\/\/kilosorunum.com\/habercim\/wp-content\/uploads\/2026\/04\/1-15-768x201-292-300x150.jpg"},"yeniSlider":{"file":"1-15-768x201-292-500x201.jpg","width":500,"height":201,"mime_type":"image\/jpeg","source_url":"https:\/\/kilosorunum.com\/habercim\/wp-content\/uploads\/2026\/04\/1-15-768x201-292-500x201.jpg"},"full":{"file":"1-15-768x201-292.jpg","width":768,"height":201,"mime_type":"image\/jpeg","source_url":"https:\/\/kilosorunum.com\/habercim\/wp-content\/uploads\/2026\/04\/1-15-768x201-292.jpg"}},"image_meta":{"aperture":"0","credit":"","camera":"","caption":"","created_timestamp":"0","copyright":"","focal_length":"0","iso":"0","shutter_speed":"0","title":"","orientation":"0","keywords":[]}},"post":46907,"source_url":"https:\/\/kilosorunum.com\/habercim\/wp-content\/uploads\/2026\/04\/1-15-768x201-292.jpg","_links":{"self":[{"href":"https:\/\/kilosorunum.com\/habercim\/wp-json\/wp\/v2\/media\/46909"}],"collection":[{"href":"https:\/\/kilosorunum.com\/habercim\/wp-json\/wp\/v2\/media"}],"about":[{"href":"https:\/\/kilosorunum.com\/habercim\/wp-json\/wp\/v2\/types\/attachment"}],"author":[{"embeddable":true,"href":"https:\/\/kilosorunum.com\/habercim\/wp-json\/wp\/v2\/users\/2"}],"replies":[{"embeddable":true,"href":"https:\/\/kilosorunum.com\/habercim\/wp-json\/wp\/v2\/comments?post=46909"}]}}