{"id":46956,"date":"2026-04-24T19:33:52","date_gmt":"2026-04-24T16:33:52","guid":{"rendered":"https:\/\/kilosorunum.com\/habercim\/wp-content\/uploads\/2026\/04\/1-270.jpg"},"modified":"2026-04-24T19:35:24","modified_gmt":"2026-04-24T16:35:24","slug":"1-6005","status":"inherit","type":"attachment","link":"https:\/\/kilosorunum.com\/habercim\/foto-galeri\/adli-tip-kurumu\/attachment\/1-6005\/","title":{"rendered":"Adli T\u0131p Kurumu"},"author":2,"comment_status":"open","ping_status":"closed","template":"","meta":[],"description":{"rendered":"<p class=\"attachment\"><a href='https:\/\/kilosorunum.com\/habercim\/wp-content\/uploads\/2026\/04\/1-270.jpg'><img width=\"300\" height=\"169\" src=\"https:\/\/kilosorunum.com\/habercim\/wp-content\/uploads\/2026\/04\/1-270-300x169.jpg\" class=\"attachment-medium size-medium\" alt=\"\" loading=\"lazy\" srcset=\"https:\/\/kilosorunum.com\/habercim\/wp-content\/uploads\/2026\/04\/1-270-300x169.jpg 300w, https:\/\/kilosorunum.com\/habercim\/wp-content\/uploads\/2026\/04\/1-270-1024x576.jpg 1024w, https:\/\/kilosorunum.com\/habercim\/wp-content\/uploads\/2026\/04\/1-270-768x432.jpg 768w, https:\/\/kilosorunum.com\/habercim\/wp-content\/uploads\/2026\/04\/1-270.jpg 1200w\" sizes=\"(max-width: 300px) 100vw, 300px\" \/><\/a><\/p>\n"},"caption":{"rendered":"<p>Silivri Cumhuriyet Ba\u015fsavc\u0131l\u0131\u011f\u0131n\u0131n &#8220;fethi kabir&#8221; karar\u0131 do\u011frultusunda, \u0130stanbul Adli T\u0131p Kurumu ekibi, cumhuriyet savc\u0131s\u0131 ve olay yeri inceleme uzmanlar\u0131, sabah saatlerinde Garipo\u011flu&#8217;nun Karacaahmet Mezarl\u0131\u011f\u0131&#8217;ndaki kabrine geldi.<br \/>\nMezarl\u0131kta M\u00fcnevver Karabulut&#8217;un ailesinin avukat\u0131 Rezan Ep\u00f6zdemir ve Garipo\u011flu ailesinin avukat\u0131 Orhan \u015eahin haz\u0131r bulundu. Karabulut ve Garipo\u011flu ailesi ise mezarl\u0131\u011fa gelmedi.<\/p>\n<p>Polis ekipleri, mezar \u00e7evresini bariyerlerle \u00e7evirdi ve yo\u011fun g\u00fcvenlik \u00f6nlemi ald\u0131. Mezar\u0131n bulundu\u011fu ada giri\u015finde iki ayr\u0131 kontrol noktas\u0131 kurulurken, giri\u015flerde kimlik kontrol\u00fc yap\u0131ld\u0131.<\/p>\n<p>Belediye g\u00f6revlilerinin Garipo\u011flu&#8217;nun mezar\u0131n\u0131 kazd\u0131\u011f\u0131 s\u0131rada polis ekipleri mezar\u0131n ba\u015f\u0131nda bulunanlara g\u00f6r\u00fcnt\u00fc al\u0131nmamas\u0131 i\u00e7in uyar\u0131da bulundu. Mezar\u0131n kaz\u0131lmas\u0131n\u0131n ard\u0131ndan Garipo\u011flu&#8217;nun \u00e7\u0131kar\u0131lan cesedi tabuta yerle\u015ftirildi. Ayr\u0131ca, t\u00fcm bu i\u015flemler g\u00f6r\u00fcnt\u00fc ve foto\u011fraf \u00e7ekilerek kay\u0131t alt\u0131na al\u0131nd\u0131.<\/p>\n<p>Garipo\u011flu&#8217;nun mezardan al\u0131nan cenazesi, nakil arac\u0131na bindirilirken, g\u00f6revliler taraf\u0131ndan yap\u0131lan i\u015flemler i\u00e7in tutanak tutuldu. Cenaze incelenmek \u00fczere nakil arac\u0131\u011f\u0131yla Adli T\u0131p Kurumu&#8217;na g\u00f6t\u00fcr\u00fcld\u00fc.<\/p>\n<p>Yakla\u015f\u0131k bir saat s\u00fcren &#8220;fethi kabir&#8221; i\u015flemlerinin tamamlanmas\u0131n\u0131n ard\u0131ndan ekipler mezarl\u0131ktan ayr\u0131ld\u0131.<\/p>\n<p>Cem Garipo\u011flu&#8217;nu cesedi, daha sonra Adli T\u0131p Kurumu&#8217;na getirildi.<\/p>\n<p>Adli T\u0131p Kurumu&#8217;nda Cem Garipo\u011flu&#8217;ndan al\u0131nacak \u00f6rnekler, ailesinden al\u0131nacak \u00f6rneklerle kar\u015f\u0131la\u015ft\u0131r\u0131larak rapor haz\u0131rlanacak. \u0130ncelemelerin ard\u0131ndan Garipo\u011flu&#8217;nun cenazesi, geri getirilerek mezara defnedilecek.<\/p>\n<p>&#8220;Kemikler, kafatas\u0131 var, kefen yok&#8221;<br \/>\nKarabulut ailesinin avukat\u0131 Rezan Ep\u00f6zdemir, &#8220;fethi kabir&#8221; i\u015fleminin tamamlanmas\u0131n\u0131n ard\u0131ndan gazetecilere, Cem Garipo\u011flu&#8217;nun cesedi oldu\u011fu iddia edilen kemiklere ve kafatas\u0131na ula\u015f\u0131ld\u0131\u011f\u0131n\u0131 s\u00f6yledi.<\/p>\n<p>Mezar\u0131n iki par\u00e7a halinde oldu\u011funu aktaran Ep\u00f6zdemir, &#8220;\u00dcst k\u0131s\u0131m bo\u015f, alt k\u0131s\u0131mda ceset b\u00fct\u00fcnl\u00fck arz etmiyor. Kemikler, kafatas\u0131 var, kefen yok. Steril bir bez yok. Da\u011f\u0131n\u0131k bir \u015fekilde toprak \u00fcst\u00fcnde sadece kemikler ve kafatas\u0131n\u0131 g\u00f6rebildik.&#8221; dedi.<\/p>\n<p>Bir gazetecinin &#8220;Kefensiz bir \u015fekilde mi defnedilmi\u015f?&#8221; sorusu \u00fczerine Ep\u00f6zdemir, &#8220;Onu bilemiyorum. O konuda bir \u015fey s\u00f6ylemeyeyim. An itibar\u0131yla tutana\u011fa da ge\u00e7ti. Kefen ve bezin olmad\u0131\u011f\u0131n\u0131 hem adli t\u0131p uzman\u0131 3 arkada\u015f\u0131m\u0131z yazd\u0131lar hem de biz tutana\u011fa ge\u00e7irdik. Ba\u015fsavc\u0131l\u0131k da keza onu yazm\u0131\u015f oldu.&#8221; \u015feklinde konu\u015ftu.<\/p>\n<p>Garipo\u011flu ailesinin herhangi bir ferdinin te\u015fhis i\u00e7in orada bulunmad\u0131\u011f\u0131n\u0131 aktaran Ep\u00f6zdemir, avukatlar\u0131 Orhan \u015eahin&#8217;in huzurunda bu i\u015flemlerin yap\u0131ld\u0131\u011f\u0131n\u0131, cesedin b\u00fct\u00fcnl\u00fck arz etmedi\u011fi i\u00e7in de kimlik te\u015fhisinin yap\u0131lmas\u0131n\u0131n olanaks\u0131z oldu\u011funu s\u00f6yledi.<\/p>\n<p>Ep\u00f6zdemir, m\u00fcvekkillerinin de psikolojik olarak yeni bir travma ya\u015famamak i\u00e7in gelmemeyi uygun bulduklar\u0131n\u0131 dile getirdi.<\/p>\n<p>&#8220;Garipo\u011flu ailesi ne kadar h\u0131zl\u0131 DNA \u00f6rneklerini verirse rapor o kadar h\u0131zl\u0131 \u00e7\u0131kacak&#8221;<br \/>\nAdli T\u0131p Kurumu Morg \u0130htisas Dairesine g\u00f6t\u00fcr\u00fclen par\u00e7alar\u0131n tek tek incelenece\u011fini kaydeden Ep\u00f6zdemir, &#8220;\u00d6zellikle varsa di\u015fler incelenecek. Fakat bizim orada da bir itiraz\u0131m\u0131z oldu. Biz bu incelemenin adli t\u0131p tekni\u011fi bak\u0131m\u0131ndan Garipo\u011flu ailesindeki erkek bireylerin Y-STR DNA&#8217;lar\u0131yla, g\u00fcncel biyolojik verileriyle, DNA \u00f6rneklemeleriyle yap\u0131lmas\u0131n\u0131 istiyoruz. Onu \u00f6zellikle talep ettik.&#8221; dedi.<\/p>\n<p>Ep\u00f6zdemir, ge\u00e7mi\u015f y\u0131llarda yap\u0131lan DNA incelemeleri ve oradaki biyolojik verilerle bunun yap\u0131lmas\u0131n\u0131 sak\u0131ncal\u0131 bulduklar\u0131n\u0131 kaydederek, &#8220;Ger\u00e7ekten amac\u0131m\u0131z adaletin tecellisi, maddi ger\u00e7e\u011fin ortaya \u00e7\u0131kmas\u0131ysa yeniden bu DNA \u00f6rneklerinin aileden al\u0131nmas\u0131 gerekti\u011fini d\u00fc\u015f\u00fcn\u00fcyoruz.&#8221; diye konu\u015ftu.<\/p>\n<p>Kimliklendirme yap\u0131labilmesi ve raporun tanzim edilebilmesi i\u00e7in Garipo\u011flu ailesinin bireylerinin DNA \u00f6rneklerinin beklenece\u011fini kaydeden Ep\u00f6zdemir, &#8220;Daha sonra kimliklendirme i\u015flemi yap\u0131lacak. Kimya ihtisas dairesi, biyoloji ihtisas dairesi, morg ihtisas dairesi raporlar\u0131n\u0131 e\u015f zamanl\u0131 tanzim edecek. Bu ceset tekrardan Garipo\u011flu ailesinin avukat\u0131na teslim edecek. \u00c7\u00fcnk\u00fc avukat\u0131, ailenin gelip teslim alamayaca\u011f\u0131n\u0131 s\u00f6yledi.&#8221; ifadelerini kulland\u0131.<\/p>\n<p>Ep\u00f6zdemir, Garipo\u011flu ailesi Adli T\u0131p Kurumu&#8217;na ne kadar h\u0131zl\u0131 DNA \u00f6rneklerini verirse raporun o kadar h\u0131zl\u0131 \u00e7\u0131kaca\u011f\u0131n\u0131, 4-5 g\u00fcn ya da bir hafta i\u00e7erisinde raporun tanzim edilece\u011fini d\u00fc\u015f\u00fcnd\u00fc\u011f\u00fcn\u00fc s\u00f6yledi.<\/p>\n<p>Olay\u0131n ge\u00e7mi\u015fi<br \/>\nBah\u00e7e\u015fehir&#8217;de bir villada \u00f6ld\u00fcr\u00fclen M\u00fcnevver Karabulut&#8217;un par\u00e7alanm\u0131\u015f cesedi, 3 Mart 2009&#8217;da Etiler&#8217;de bir \u00e7\u00f6p konteynerinde bulunmu\u015ftu.<\/p>\n<p>Bak\u0131rk\u00f6y 4. A\u011f\u0131r Ceza Mahkemesi, 18 Kas\u0131m 2011&#8217;de M\u00fcnevver Karabulut&#8217;u \u00f6ld\u00fcrd\u00fc\u011f\u00fc gerek\u00e7esiyle Cem Garipo\u011flu&#8217;nu 24 y\u0131l hapis cezas\u0131na \u00e7arpt\u0131rm\u0131\u015ft\u0131. Garipo\u011flu, 10 Ekim 2014&#8217;te kald\u0131\u011f\u0131 Silivri 5 No&#8217;lu Cezaevi&#8217;nde intihar etmi\u015fti.<\/p>\n<p>Yap\u0131lan otopsinin ard\u0131ndan Garipo\u011flu topra\u011fa verilirken, aileden al\u0131nan DNA \u00f6rnekleri de bu ki\u015fiyle uyu\u015fmu\u015ftu.<\/p>\n<p>Daha sonra Karabulut&#8217;un babas\u0131 S\u00fcreyya Karabulut, Garipo\u011flu&#8217;nun mezar\u0131n\u0131n a\u00e7\u0131lmas\u0131 i\u00e7in Silivri Cumhuriyet Ba\u015fsavc\u0131l\u0131\u011f\u0131&#8217;na talepte bulunmu\u015ftu.<\/p>\n<p>Talebi kabul eden savc\u0131l\u0131k, &#8220;fethi kabir&#8221; i\u015flemlerinin yap\u0131lmas\u0131 i\u00e7in Anadolu Cumhuriyet Ba\u015fsavc\u0131l\u0131\u011f\u0131na talimat yaz\u0131s\u0131 g\u00f6ndermi\u015fti.<\/p>\n<p>Kaynak : aa.com.tr<\/p>\n"},"alt_text":"","media_type":"image","mime_type":"image\/jpeg","media_details":{"width":1200,"height":675,"file":"2026\/04\/1-270.jpg","sizes":{"medium":{"file":"1-270-300x169.jpg","width":300,"height":169,"mime_type":"image\/jpeg","source_url":"https:\/\/kilosorunum.com\/habercim\/wp-content\/uploads\/2026\/04\/1-270-300x169.jpg"},"large":{"file":"1-270-1024x576.jpg","width":1024,"height":576,"mime_type":"image\/jpeg","source_url":"https:\/\/kilosorunum.com\/habercim\/wp-content\/uploads\/2026\/04\/1-270-1024x576.jpg"},"thumbnail":{"file":"1-270-150x150.jpg","width":150,"height":150,"mime_type":"image\/jpeg","source_url":"https:\/\/kilosorunum.com\/habercim\/wp-content\/uploads\/2026\/04\/1-270-150x150.jpg"},"medium_large":{"file":"1-270-768x432.jpg","width":768,"height":432,"mime_type":"image\/jpeg","source_url":"https:\/\/kilosorunum.com\/habercim\/wp-content\/uploads\/2026\/04\/1-270-768x432.jpg"},"kucukResim":{"file":"1-270-80x50.jpg","width":80,"height":50,"mime_type":"image\/jpeg","source_url":"https:\/\/kilosorunum.com\/habercim\/wp-content\/uploads\/2026\/04\/1-270-80x50.jpg"},"sliderResim":{"file":"1-270-670x330.jpg","width":670,"height":330,"mime_type":"image\/jpeg","source_url":"https:\/\/kilosorunum.com\/habercim\/wp-content\/uploads\/2026\/04\/1-270-670x330.jpg"},"resim1":{"file":"1-270-184x140.jpg","width":184,"height":140,"mime_type":"image\/jpeg","source_url":"https:\/\/kilosorunum.com\/habercim\/wp-content\/uploads\/2026\/04\/1-270-184x140.jpg"},"resim2":{"file":"1-270-216x103.jpg","width":216,"height":103,"mime_type":"image\/jpeg","source_url":"https:\/\/kilosorunum.com\/habercim\/wp-content\/uploads\/2026\/04\/1-270-216x103.jpg"},"resim3":{"file":"1-270-145x70.jpg","width":145,"height":70,"mime_type":"image\/jpeg","source_url":"https:\/\/kilosorunum.com\/habercim\/wp-content\/uploads\/2026\/04\/1-270-145x70.jpg"},"sagSlider":{"file":"1-270-300x150.jpg","width":300,"height":150,"mime_type":"image\/jpeg","source_url":"https:\/\/kilosorunum.com\/habercim\/wp-content\/uploads\/2026\/04\/1-270-300x150.jpg"},"yeniSlider":{"file":"1-270-500x290.jpg","width":500,"height":290,"mime_type":"image\/jpeg","source_url":"https:\/\/kilosorunum.com\/habercim\/wp-content\/uploads\/2026\/04\/1-270-500x290.jpg"},"full":{"file":"1-270.jpg","width":1200,"height":675,"mime_type":"image\/jpeg","source_url":"https:\/\/kilosorunum.com\/habercim\/wp-content\/uploads\/2026\/04\/1-270.jpg"}},"image_meta":{"aperture":"0","credit":"","camera":"","caption":"","created_timestamp":"0","copyright":"","focal_length":"0","iso":"0","shutter_speed":"0","title":"","orientation":"0","keywords":[]}},"post":46954,"source_url":"https:\/\/kilosorunum.com\/habercim\/wp-content\/uploads\/2026\/04\/1-270.jpg","_links":{"self":[{"href":"https:\/\/kilosorunum.com\/habercim\/wp-json\/wp\/v2\/media\/46956"}],"collection":[{"href":"https:\/\/kilosorunum.com\/habercim\/wp-json\/wp\/v2\/media"}],"about":[{"href":"https:\/\/kilosorunum.com\/habercim\/wp-json\/wp\/v2\/types\/attachment"}],"author":[{"embeddable":true,"href":"https:\/\/kilosorunum.com\/habercim\/wp-json\/wp\/v2\/users\/2"}],"replies":[{"embeddable":true,"href":"https:\/\/kilosorunum.com\/habercim\/wp-json\/wp\/v2\/comments?post=46956"}]}}