{"id":46961,"date":"2026-04-24T19:40:20","date_gmt":"2026-04-24T16:40:20","guid":{"rendered":"https:\/\/kilosorunum.com\/habercim\/wp-content\/uploads\/2026\/04\/1-271.jpg"},"modified":"2026-04-24T19:42:31","modified_gmt":"2026-04-24T16:42:31","slug":"1-6006","status":"inherit","type":"attachment","link":"https:\/\/kilosorunum.com\/habercim\/foto-galeri\/tuncelide-6-yil-once\/attachment\/1-6006\/","title":{"rendered":"Tunceli&#8217;de 6 y\u0131l \u00f6nce"},"author":2,"comment_status":"open","ping_status":"closed","template":"","meta":[],"description":{"rendered":"<p class=\"attachment\"><a href='https:\/\/kilosorunum.com\/habercim\/wp-content\/uploads\/2026\/04\/1-271.jpg'><img width=\"300\" height=\"169\" src=\"https:\/\/kilosorunum.com\/habercim\/wp-content\/uploads\/2026\/04\/1-271-300x169.jpg\" class=\"attachment-medium size-medium\" alt=\"\" loading=\"lazy\" srcset=\"https:\/\/kilosorunum.com\/habercim\/wp-content\/uploads\/2026\/04\/1-271-300x169.jpg 300w, https:\/\/kilosorunum.com\/habercim\/wp-content\/uploads\/2026\/04\/1-271-1024x576.jpg 1024w, https:\/\/kilosorunum.com\/habercim\/wp-content\/uploads\/2026\/04\/1-271-768x432.jpg 768w, https:\/\/kilosorunum.com\/habercim\/wp-content\/uploads\/2026\/04\/1-271.jpg 1200w\" sizes=\"(max-width: 300px) 100vw, 300px\" \/><\/a><\/p>\n"},"caption":{"rendered":"<p>G\u00fclistan Doku&#8217;nun kaybolmas\u0131na ili\u015fkin ge\u00e7en hafta &#8216;cinayet&#8217; \u015f\u00fcphesiyle yeni bir boyut kazanan soru\u015fturma iki taraftan ilerlemeye devam ediyor. Tunceli Cumhuriyet Ba\u015fsavc\u0131l\u0131\u011f\u0131&#8217;n\u0131n ba\u015flatt\u0131\u011f\u0131 soru\u015fturman\u0131n tutuklanan Vali Tuncay Sonel&#8217;e ili\u015fkin b\u00f6l\u00fcm\u00fc Erzurum&#8217;da devam ediyor.<br \/>\nErzurum Cumhuriyet Ba\u015fsavc\u0131l\u0131\u011f\u0131 \u00f6nceki g\u00fcn yeni bir detay\u0131 daha soru\u015fturmaya katmak istedi. Soru\u015fturma dosyas\u0131ndaki tespitlere g\u00f6re eski Tunceli Valisi Tuncel Sonel&#8217;in tutuklanan o\u011flu Mustafa T\u00fcrkay Sonel&#8217;in o d\u00f6nemde BMW marka bir arac\u0131 vard\u0131.<br \/>\nPlaka Tan\u0131ma Sistemi (PTS) kay\u0131tlar\u0131na g\u00f6re Mustafa T\u00fcrkay Sonel ve yak\u0131n arkada\u015f\u0131 Umut Alta\u015f, G\u00fclistan&#8217;\u0131n kayboldu\u011fu g\u00fcn bu arac\u0131 kullan\u0131yorlard\u0131.<br \/>\nGece saatlerinde de bu ara\u00e7la hem Tunceli \u015fehir i\u00e7inde hem \u015fehir d\u0131\u015f\u0131nda dola\u015ft\u0131lar. Gizli tan\u0131k da G\u00fclistan Doku&#8217;nun cesedinin bu ara\u00e7la &#8216;ta\u015f\u0131nm\u0131\u015f olabilece\u011fini&#8217; iddia ediyordu.<br \/>\nErzurum Cumhuriyet Ba\u015fsavc\u0131l\u0131\u011f\u0131 dosyadaki ifade ve di\u011fer verileri de dikkate alarak ara\u00e7ta DNA incelemesi yap\u0131lmas\u0131na karar verdi. Bu s\u00fcre\u00e7te Mustafa T\u00fcrkay Sonel&#8217;in o d\u00f6nemde kulland\u0131\u011f\u0131 BMW marka arac\u0131 birka\u00e7 yil \u00f6nce satt\u0131\u011f\u0131 ve yerine de yine ayn\u0131 marka, ayn\u0131 model ve ayn\u0131 renk bir ara\u00e7 ald\u0131\u011f\u0131, \u00f6nceki arac\u0131n plakas\u0131n\u0131n da bu yeni ara\u00e7ta kullan\u0131lmaya devam etti\u011fi belirlendi.<br \/>\nSonel&#8217;in bu arac\u0131 satt\u0131\u011f\u0131 ki\u015fi de tespit edildi ve ara\u00e7 \u015fimdiki sahibinin de muvafakatiyle incelenmek \u00fczere \u00e7ekiciyle \u0130stanbul Emniyet M\u00fcd\u00fcrl\u00fc\u011f\u00fc&#8217;ne g\u00f6t\u00fcr\u00fcld\u00fc.<br \/>\n\u0130stanbul Emniyet M\u00fcd\u00fcrl\u00fc\u011f\u00fc Olay Yeri \u0130nceleme M\u00fcd\u00fcrl\u00fc\u011f\u00fc kriminal uzmanlar\u0131, G\u00fclistan Doku e\u011fer 6 y\u0131l \u00f6nce ger\u00e7ekten bu araca binmi\u015f veya bindirilmi\u015fse ve o g\u00fcnden herhangi bir iz kalm\u0131\u015fsa o izleri ara\u015ft\u0131rd\u0131. Ancak bir veri elde edilemedi\u011fi \u00f6\u011frenildi.<br \/>\nBunun \u00fczerine ara\u00e7 daha da detayl\u0131 incelenmek \u00fczere Ankara&#8217;da bulunan Kriminal Daire Ba\u015fkanl\u0131\u011f\u0131&#8217;na g\u00f6nderildi. Ara\u00e7ta yap\u0131lan incelemelerde G\u00fclistan Doku&#8217;ya dair bir ize rastlan\u0131lacak m\u0131 yap\u0131lan detayl\u0131 ara\u015ft\u0131rma sonras\u0131 netlik kazanacak.<br \/>\nSoru\u015fturma dosyas\u0131nda otomobili kullanan Mustafa T\u00fcrkay Sonel ve yan\u0131ndaki Umut Alta\u015f&#8217;\u0131n o gece PTS kay\u0131tlar\u0131na girmi\u015f g\u00f6r\u00fcnt\u00fcleri de var.<\/p>\n<p>Kaynak : sabah.com.tr<\/p>\n"},"alt_text":"","media_type":"image","mime_type":"image\/jpeg","media_details":{"width":1200,"height":675,"file":"2026\/04\/1-271.jpg","sizes":{"medium":{"file":"1-271-300x169.jpg","width":300,"height":169,"mime_type":"image\/jpeg","source_url":"https:\/\/kilosorunum.com\/habercim\/wp-content\/uploads\/2026\/04\/1-271-300x169.jpg"},"large":{"file":"1-271-1024x576.jpg","width":1024,"height":576,"mime_type":"image\/jpeg","source_url":"https:\/\/kilosorunum.com\/habercim\/wp-content\/uploads\/2026\/04\/1-271-1024x576.jpg"},"thumbnail":{"file":"1-271-150x150.jpg","width":150,"height":150,"mime_type":"image\/jpeg","source_url":"https:\/\/kilosorunum.com\/habercim\/wp-content\/uploads\/2026\/04\/1-271-150x150.jpg"},"medium_large":{"file":"1-271-768x432.jpg","width":768,"height":432,"mime_type":"image\/jpeg","source_url":"https:\/\/kilosorunum.com\/habercim\/wp-content\/uploads\/2026\/04\/1-271-768x432.jpg"},"kucukResim":{"file":"1-271-80x50.jpg","width":80,"height":50,"mime_type":"image\/jpeg","source_url":"https:\/\/kilosorunum.com\/habercim\/wp-content\/uploads\/2026\/04\/1-271-80x50.jpg"},"sliderResim":{"file":"1-271-670x330.jpg","width":670,"height":330,"mime_type":"image\/jpeg","source_url":"https:\/\/kilosorunum.com\/habercim\/wp-content\/uploads\/2026\/04\/1-271-670x330.jpg"},"resim1":{"file":"1-271-184x140.jpg","width":184,"height":140,"mime_type":"image\/jpeg","source_url":"https:\/\/kilosorunum.com\/habercim\/wp-content\/uploads\/2026\/04\/1-271-184x140.jpg"},"resim2":{"file":"1-271-216x103.jpg","width":216,"height":103,"mime_type":"image\/jpeg","source_url":"https:\/\/kilosorunum.com\/habercim\/wp-content\/uploads\/2026\/04\/1-271-216x103.jpg"},"resim3":{"file":"1-271-145x70.jpg","width":145,"height":70,"mime_type":"image\/jpeg","source_url":"https:\/\/kilosorunum.com\/habercim\/wp-content\/uploads\/2026\/04\/1-271-145x70.jpg"},"sagSlider":{"file":"1-271-300x150.jpg","width":300,"height":150,"mime_type":"image\/jpeg","source_url":"https:\/\/kilosorunum.com\/habercim\/wp-content\/uploads\/2026\/04\/1-271-300x150.jpg"},"yeniSlider":{"file":"1-271-500x290.jpg","width":500,"height":290,"mime_type":"image\/jpeg","source_url":"https:\/\/kilosorunum.com\/habercim\/wp-content\/uploads\/2026\/04\/1-271-500x290.jpg"},"full":{"file":"1-271.jpg","width":1200,"height":675,"mime_type":"image\/jpeg","source_url":"https:\/\/kilosorunum.com\/habercim\/wp-content\/uploads\/2026\/04\/1-271.jpg"}},"image_meta":{"aperture":"0","credit":"","camera":"","caption":"","created_timestamp":"0","copyright":"","focal_length":"0","iso":"0","shutter_speed":"0","title":"","orientation":"0","keywords":[]}},"post":46959,"source_url":"https:\/\/kilosorunum.com\/habercim\/wp-content\/uploads\/2026\/04\/1-271.jpg","_links":{"self":[{"href":"https:\/\/kilosorunum.com\/habercim\/wp-json\/wp\/v2\/media\/46961"}],"collection":[{"href":"https:\/\/kilosorunum.com\/habercim\/wp-json\/wp\/v2\/media"}],"about":[{"href":"https:\/\/kilosorunum.com\/habercim\/wp-json\/wp\/v2\/types\/attachment"}],"author":[{"embeddable":true,"href":"https:\/\/kilosorunum.com\/habercim\/wp-json\/wp\/v2\/users\/2"}],"replies":[{"embeddable":true,"href":"https:\/\/kilosorunum.com\/habercim\/wp-json\/wp\/v2\/comments?post=46961"}]}}