{"id":47006,"date":"2026-04-25T15:11:54","date_gmt":"2026-04-25T12:11:54","guid":{"rendered":"https:\/\/kilosorunum.com\/habercim\/wp-content\/uploads\/2026\/04\/1-285.jpg"},"modified":"2026-04-25T15:13:27","modified_gmt":"2026-04-25T12:13:27","slug":"1-6020","status":"inherit","type":"attachment","link":"https:\/\/kilosorunum.com\/habercim\/foto-galeri\/14-yasindaki-kizi-tarafindan\/attachment\/1-6020\/","title":{"rendered":"14 ya\u015f\u0131ndaki k\u0131z\u0131 taraf\u0131ndan"},"author":2,"comment_status":"open","ping_status":"closed","template":"","meta":[],"description":{"rendered":"<p class=\"attachment\"><a href='https:\/\/kilosorunum.com\/habercim\/wp-content\/uploads\/2026\/04\/1-285.jpg'><img width=\"300\" height=\"169\" src=\"https:\/\/kilosorunum.com\/habercim\/wp-content\/uploads\/2026\/04\/1-285-300x169.jpg\" class=\"attachment-medium size-medium\" alt=\"\" loading=\"lazy\" srcset=\"https:\/\/kilosorunum.com\/habercim\/wp-content\/uploads\/2026\/04\/1-285-300x169.jpg 300w, https:\/\/kilosorunum.com\/habercim\/wp-content\/uploads\/2026\/04\/1-285-1024x576.jpg 1024w, https:\/\/kilosorunum.com\/habercim\/wp-content\/uploads\/2026\/04\/1-285-768x432.jpg 768w, https:\/\/kilosorunum.com\/habercim\/wp-content\/uploads\/2026\/04\/1-285.jpg 1200w\" sizes=\"(max-width: 300px) 100vw, 300px\" \/><\/a><\/p>\n"},"caption":{"rendered":"<p>Gaziantep&#8217;te, sosyal medyada &#8220;Cin Ali&#8221; olarak bilinen Ali Bal isimli \u015fah\u0131s, taciz edildi\u011fini iddia eden 14 ya\u015f\u0131ndaki k\u0131z\u0131 taraf\u0131ndan b\u0131\u00e7aklanarak \u00f6ld\u00fcr\u00fcld\u00fc. Olayla ilgili geni\u015f \u00e7apl\u0131 soru\u015fturma ba\u015flat\u0131l\u0131rken Ali Bal&#8217;\u0131n M\u00fcge Anl\u0131&#8217;n\u0131n program\u0131na kat\u0131ld\u0131\u011f\u0131 da \u00f6\u011frenildi.<\/p>\n<p>Olay, \u015eahinbey il\u00e7esi G\u00fczelvadi Mahallesi&#8217;nde meydana geldi. \u0130ddiaya g\u00f6re, sosyal medyada &#8220;Cin Ali&#8221; olarak bilinen Ali Bal (42) isimli \u015fah\u0131s ile 14 ya\u015f\u0131ndaki k\u0131z\u0131 E.B. aras\u0131nda tart\u0131\u015fma \u00e7\u0131kt\u0131. Tart\u0131\u015fma s\u0131ras\u0131nda E.B. isimli k\u0131z, sosyal medya fenomeni babas\u0131n\u0131 b\u0131\u00e7aklad\u0131ktan sonra polis merkezine giderek teslim oldu.<\/p>\n<p>Adrese sevk edilen sa\u011fl\u0131k g\u00f6revlileri Ali Bal&#8217;n\u0131n ya\u015fam\u0131n\u0131 yitirdi\u011fini belirledi. Ali Bal&#8217;n\u0131n cenazesi, otopsi i\u015flemleri i\u00e7in Gaziantep Adli T\u0131p Kurumu morguna kald\u0131r\u0131ld\u0131. Babas\u0131n\u0131 kendisine tacizde bulundu\u011funu i\u00e7in \u00f6ld\u00fcrd\u00fc\u011f\u00fcn\u00fc \u00f6ne s\u00fcren E.B.&#8217;nin emniyetteki i\u015flemleri s\u00fcr\u00fcyor.<\/p>\n<p>M\u00fcge Anl\u0131&#8217;n\u0131n program\u0131na kat\u0131lm\u0131\u015ft\u0131<br \/>\n\u00d6ld\u00fcr\u00fclen Ali Bal&#8217;\u0131n, kay\u0131p Ali Yan\u0131\u00e7&#8217;\u0131n ara\u015ft\u0131r\u0131ld\u0131\u011f\u0131 M\u00fcge Anl\u0131 ile Tatl\u0131 Sert program\u0131na da kat\u0131lm\u0131\u015ft\u0131. Bal&#8217;\u0131n, programda 27 ya\u015f\u0131ndaki Ali Yan\u0131\u00e7&#8217;\u0131n 15 A\u011fustos 2024 tarihinde Gaziantep&#8217;in \u015eehitkamil il\u00e7esindeki evinden \u00e7\u0131kmas\u0131ndan sonra bir daha haber al\u0131namamas\u0131yla ilgili konu\u015furken h\u0131rs\u0131zl\u0131k yapt\u0131klar\u0131n\u0131 ve yasakl\u0131 madde kulland\u0131klar\u0131n\u0131 itiraf etmi\u015fti. Daha sonra olay\u0131 ara\u015ft\u0131rmay\u0131 b\u0131rakan M\u00fcge Anl\u0131 &#8220;Olay \u00e7ok pis noktalara gidiyor. Burada konu\u015famayaca\u011f\u0131m\u0131z \u015feyler ya\u015fanm\u0131\u015f ve bu y\u00fczden cinayet i\u015flenir. \u015eu anda konu\u015fam\u0131yorum. Dilim varm\u0131yor, b\u00f6yle \u015feyler aktarmak istemiyorum&#8221; ifadelerini kullanm\u0131\u015ft\u0131.<\/p>\n<p>Konuklardan birisi ise &#8220;Cin Ali&#8221; lakapl\u0131 Ali Bal&#8217;\u0131 istismarla su\u00e7lam\u0131\u015ft\u0131.<\/p>\n<p>Kaynak : t24.com.tr<\/p>\n"},"alt_text":"","media_type":"image","mime_type":"image\/jpeg","media_details":{"width":1200,"height":675,"file":"2026\/04\/1-285.jpg","sizes":{"medium":{"file":"1-285-300x169.jpg","width":300,"height":169,"mime_type":"image\/jpeg","source_url":"https:\/\/kilosorunum.com\/habercim\/wp-content\/uploads\/2026\/04\/1-285-300x169.jpg"},"large":{"file":"1-285-1024x576.jpg","width":1024,"height":576,"mime_type":"image\/jpeg","source_url":"https:\/\/kilosorunum.com\/habercim\/wp-content\/uploads\/2026\/04\/1-285-1024x576.jpg"},"thumbnail":{"file":"1-285-150x150.jpg","width":150,"height":150,"mime_type":"image\/jpeg","source_url":"https:\/\/kilosorunum.com\/habercim\/wp-content\/uploads\/2026\/04\/1-285-150x150.jpg"},"medium_large":{"file":"1-285-768x432.jpg","width":768,"height":432,"mime_type":"image\/jpeg","source_url":"https:\/\/kilosorunum.com\/habercim\/wp-content\/uploads\/2026\/04\/1-285-768x432.jpg"},"kucukResim":{"file":"1-285-80x50.jpg","width":80,"height":50,"mime_type":"image\/jpeg","source_url":"https:\/\/kilosorunum.com\/habercim\/wp-content\/uploads\/2026\/04\/1-285-80x50.jpg"},"sliderResim":{"file":"1-285-670x330.jpg","width":670,"height":330,"mime_type":"image\/jpeg","source_url":"https:\/\/kilosorunum.com\/habercim\/wp-content\/uploads\/2026\/04\/1-285-670x330.jpg"},"resim1":{"file":"1-285-184x140.jpg","width":184,"height":140,"mime_type":"image\/jpeg","source_url":"https:\/\/kilosorunum.com\/habercim\/wp-content\/uploads\/2026\/04\/1-285-184x140.jpg"},"resim2":{"file":"1-285-216x103.jpg","width":216,"height":103,"mime_type":"image\/jpeg","source_url":"https:\/\/kilosorunum.com\/habercim\/wp-content\/uploads\/2026\/04\/1-285-216x103.jpg"},"resim3":{"file":"1-285-145x70.jpg","width":145,"height":70,"mime_type":"image\/jpeg","source_url":"https:\/\/kilosorunum.com\/habercim\/wp-content\/uploads\/2026\/04\/1-285-145x70.jpg"},"sagSlider":{"file":"1-285-300x150.jpg","width":300,"height":150,"mime_type":"image\/jpeg","source_url":"https:\/\/kilosorunum.com\/habercim\/wp-content\/uploads\/2026\/04\/1-285-300x150.jpg"},"yeniSlider":{"file":"1-285-500x290.jpg","width":500,"height":290,"mime_type":"image\/jpeg","source_url":"https:\/\/kilosorunum.com\/habercim\/wp-content\/uploads\/2026\/04\/1-285-500x290.jpg"},"full":{"file":"1-285.jpg","width":1200,"height":675,"mime_type":"image\/jpeg","source_url":"https:\/\/kilosorunum.com\/habercim\/wp-content\/uploads\/2026\/04\/1-285.jpg"}},"image_meta":{"aperture":"0","credit":"","camera":"","caption":"","created_timestamp":"0","copyright":"","focal_length":"0","iso":"0","shutter_speed":"0","title":"","orientation":"0","keywords":[]}},"post":47004,"source_url":"https:\/\/kilosorunum.com\/habercim\/wp-content\/uploads\/2026\/04\/1-285.jpg","_links":{"self":[{"href":"https:\/\/kilosorunum.com\/habercim\/wp-json\/wp\/v2\/media\/47006"}],"collection":[{"href":"https:\/\/kilosorunum.com\/habercim\/wp-json\/wp\/v2\/media"}],"about":[{"href":"https:\/\/kilosorunum.com\/habercim\/wp-json\/wp\/v2\/types\/attachment"}],"author":[{"embeddable":true,"href":"https:\/\/kilosorunum.com\/habercim\/wp-json\/wp\/v2\/users\/2"}],"replies":[{"embeddable":true,"href":"https:\/\/kilosorunum.com\/habercim\/wp-json\/wp\/v2\/comments?post=47006"}]}}